{"id":2599,"date":"2023-05-16T14:23:31","date_gmt":"2023-05-16T14:23:31","guid":{"rendered":"https:\/\/www.aracalma.com\/producto\/detox-draining-treatment\/"},"modified":"2026-03-03T17:21:50","modified_gmt":"2026-03-03T17:21:50","slug":"tractament-drenant-2","status":"publish","type":"product","link":"https:\/\/www.aracalma.com\/ca\/producto\/tractament-drenant-2\/","title":{"rendered":"Tractament Drenant"},"content":{"rendered":"","protected":false},"excerpt":{"rendered":"<p>Tractament corporal especialment dissenyat per drenar, detoxificar i reduir la silueta. Recolzat per olis i la t\u00e8cnica de Fusta ter\u00e0pia, aquest efectiu tractament permet, gr\u00e0cies als seus actius i embolcalls, remodelar la silueta, evitar la retenci\u00f3 de l\u00edquids acumulats i oferir grans resultats.<\/p>\n<p>Detoxificant i drenant.<\/p>\n<p><span class=\"daurat\">Durada: 60 min.<\/span><\/p>\n<p>L&#8217;informem que els tractaments es realitzen exclusivament amb cita pr\u00e8via, en el seg\u00fcent horari:<\/p>\n<p>Dilluns a Dijous | 09:30 &#8211; 14:00 i | 16:00 &#8211; 20:00<\/p>\n<p>Divendres | 09:30 &#8211; 13:30 i divendres alterns de 16:00 a 20:00<\/p>\n<p>Gr\u00e0cies per la seva comprensi\u00f3 i confian\u00e7a.<\/p>\n<p>&nbsp;<\/p>\n","protected":false},"featured_media":3406,"comment_status":"closed","ping_status":"closed","template":"","meta":{"site-sidebar-layout":"default","site-content-layout":"default","ast-site-content-layout":"default","site-content-style":"default","site-sidebar-style":"default","ast-global-header-display":"","ast-banner-title-visibility":"","ast-main-header-display":"","ast-hfb-above-header-display":"","ast-hfb-below-header-display":"","ast-hfb-mobile-header-display":"","site-post-title":"","ast-breadcrumbs-content":"","ast-featured-img":"","footer-sml-layout":"","theme-transparent-header-meta":"default","adv-header-id-meta":"","stick-header-meta":"","header-above-stick-meta":"","header-main-stick-meta":"","header-below-stick-meta":"","astra-migrate-meta-layouts":"set","ast-page-background-enabled":"default","ast-page-background-meta":{"desktop":{"background-color":"","background-image":"","background-repeat":"repeat","background-position":"center center","background-size":"auto","background-attachment":"scroll","background-type":"","background-media":"","overlay-type":"","overlay-color":"","overlay-opacity":"","overlay-gradient":""},"tablet":{"background-color":"","background-image":"","background-repeat":"repeat","background-position":"center center","background-size":"auto","background-attachment":"scroll","background-type":"","background-media":"","overlay-type":"","overlay-color":"","overlay-opacity":"","overlay-gradient":""},"mobile":{"background-color":"","background-image":"","background-repeat":"repeat","background-position":"center center","background-size":"auto","background-attachment":"scroll","background-type":"","background-media":"","overlay-type":"","overlay-color":"","overlay-opacity":"","overlay-gradient":""}},"ast-content-background-meta":{"desktop":{"background-color":"var(--ast-global-color-5)","background-image":"","background-repeat":"repeat","background-position":"center center","background-size":"auto","background-attachment":"scroll","background-type":"","background-media":"","overlay-type":"","overlay-color":"","overlay-opacity":"","overlay-gradient":""},"tablet":{"background-color":"var(--ast-global-color-5)","background-image":"","background-repeat":"repeat","background-position":"center center","background-size":"auto","background-attachment":"scroll","background-type":"","background-media":"","overlay-type":"","overlay-color":"","overlay-opacity":"","overlay-gradient":""},"mobile":{"background-color":"var(--ast-global-color-5)","background-image":"","background-repeat":"repeat","background-position":"center center","background-size":"auto","background-attachment":"scroll","background-type":"","background-media":"","overlay-type":"","overlay-color":"","overlay-opacity":"","overlay-gradient":""}}},"product_brand":[],"product_cat":[70,76],"product_tag":[],"class_list":{"0":"post-2599","1":"product","2":"type-product","3":"status-publish","4":"has-post-thumbnail","6":"product_cat-experiencies","7":"product_cat-tractaments-corporals","8":"desktop-align-left","9":"tablet-align-left","10":"mobile-align-left","11":"ast-product-gallery-layout-horizontal-slider","12":"ast-product-gallery-with-no-image","13":"ast-magnify-disabled","14":"ast-product-single-variable","15":"ast-product-tabs-layout-horizontal","17":"first","18":"instock","19":"shipping-taxable","20":"purchasable","21":"product-type-variable"},"yoast_head":"<!-- This site is optimized with the Yoast SEO plugin v25.5 - https:\/\/yoast.com\/wordpress\/plugins\/seo\/ -->\n<title>Tractament Drenant - AraCalma Vilanova i la Geltr\u00fa<\/title>\n<meta name=\"robots\" content=\"index, follow, max-snippet:-1, max-image-preview:large, max-video-preview:-1\" \/>\n<link rel=\"canonical\" href=\"https:\/\/www.aracalma.com\/ca\/producto\/tractament-drenant-2\/\" \/>\n<meta property=\"og:locale\" content=\"ca_ES\" \/>\n<meta property=\"og:type\" content=\"article\" \/>\n<meta property=\"og:title\" content=\"Tractament Drenant - AraCalma Vilanova i la Geltr\u00fa\" \/>\n<meta property=\"og:description\" content=\"Tractament corporal especialment dissenyat per drenar, detoxificar i reduir la silueta. Recolzat per olis i la t\u00e8cnica de Fusta ter\u00e0pia, aquest efectiu tractament permet, gr\u00e0cies als seus actius i embolcalls, remodelar la silueta, evitar la retenci\u00f3 de l\u00edquids acumulats i oferir grans resultats.  Detoxificant i drenant.  Durada: 60 min.  L&#039;informem que els tractaments es realitzen exclusivament amb cita pr\u00e8via, en el seg\u00fcent horari:  Dilluns a Dijous | 09:30 - 14:00 i | 16:00 - 20:00  Divendres | 09:30 - 13:30 i divendres alterns de 16:00 a 20:00  Gr\u00e0cies per la seva comprensi\u00f3 i confian\u00e7a.  &nbsp;\" \/>\n<meta property=\"og:url\" content=\"https:\/\/www.aracalma.com\/ca\/producto\/tractament-drenant-2\/\" \/>\n<meta property=\"og:site_name\" content=\"AraCalma Vilanova i la Geltr\u00fa\" \/>\n<meta property=\"article:publisher\" content=\"https:\/\/www.facebook.com\/profile.php?id=100094464087030\" \/>\n<meta property=\"article:modified_time\" content=\"2026-03-03T17:21:50+00:00\" \/>\n<meta property=\"og:image\" content=\"https:\/\/www.aracalma.com\/wp-content\/uploads\/2023\/09\/definitiva.jpg\" \/>\n\t<meta property=\"og:image:width\" content=\"1000\" \/>\n\t<meta property=\"og:image:height\" content=\"800\" \/>\n\t<meta property=\"og:image:type\" content=\"image\/jpeg\" \/>\n<meta name=\"twitter:card\" content=\"summary_large_image\" \/>\n<meta name=\"twitter:label1\" content=\"Temps estimat de lectura\" \/>\n\t<meta name=\"twitter:data1\" content=\"1 minut\" \/>\n<script type=\"application\/ld+json\" class=\"yoast-schema-graph\">{\"@context\":\"https:\/\/schema.org\",\"@graph\":[{\"@type\":\"WebPage\",\"@id\":\"https:\/\/www.aracalma.com\/ca\/producto\/tractament-drenant-2\/\",\"url\":\"https:\/\/www.aracalma.com\/ca\/producto\/tractament-drenant-2\/\",\"name\":\"Tractament Drenant - AraCalma Vilanova i la Geltr\u00fa\",\"isPartOf\":{\"@id\":\"https:\/\/www.aracalma.com\/ca\/#website\"},\"primaryImageOfPage\":{\"@id\":\"https:\/\/www.aracalma.com\/ca\/producto\/tractament-drenant-2\/#primaryimage\"},\"image\":{\"@id\":\"https:\/\/www.aracalma.com\/ca\/producto\/tractament-drenant-2\/#primaryimage\"},\"thumbnailUrl\":\"https:\/\/www.aracalma.com\/wp-content\/uploads\/2023\/09\/definitiva.jpg\",\"datePublished\":\"2023-05-16T14:23:31+00:00\",\"dateModified\":\"2026-03-03T17:21:50+00:00\",\"breadcrumb\":{\"@id\":\"https:\/\/www.aracalma.com\/ca\/producto\/tractament-drenant-2\/#breadcrumb\"},\"inLanguage\":\"ca\",\"potentialAction\":[{\"@type\":\"ReadAction\",\"target\":[\"https:\/\/www.aracalma.com\/ca\/producto\/tractament-drenant-2\/\"]}]},{\"@type\":\"ImageObject\",\"inLanguage\":\"ca\",\"@id\":\"https:\/\/www.aracalma.com\/ca\/producto\/tractament-drenant-2\/#primaryimage\",\"url\":\"https:\/\/www.aracalma.com\/wp-content\/uploads\/2023\/09\/definitiva.jpg\",\"contentUrl\":\"https:\/\/www.aracalma.com\/wp-content\/uploads\/2023\/09\/definitiva.jpg\",\"width\":1000,\"height\":800,\"caption\":\"Tratamiento drenante a Vilanova y la Geltr\u00fa, Ara Calma\"},{\"@type\":\"BreadcrumbList\",\"@id\":\"https:\/\/www.aracalma.com\/ca\/producto\/tractament-drenant-2\/#breadcrumb\",\"itemListElement\":[{\"@type\":\"ListItem\",\"position\":1,\"name\":\"Portada\",\"item\":\"https:\/\/www.aracalma.com\/ca\/\"},{\"@type\":\"ListItem\",\"position\":2,\"name\":\"Tienda\",\"item\":\"https:\/\/www.aracalma.com\/ca\/tienda\/\"},{\"@type\":\"ListItem\",\"position\":3,\"name\":\"Tractament Drenant\"}]},{\"@type\":\"WebSite\",\"@id\":\"https:\/\/www.aracalma.com\/ca\/#website\",\"url\":\"https:\/\/www.aracalma.com\/ca\/\",\"name\":\"AraCalma Vilanova\",\"description\":\"Espai de Benestar\",\"publisher\":{\"@id\":\"https:\/\/www.aracalma.com\/ca\/#organization\"},\"potentialAction\":[{\"@type\":\"SearchAction\",\"target\":{\"@type\":\"EntryPoint\",\"urlTemplate\":\"https:\/\/www.aracalma.com\/ca\/?s={search_term_string}\"},\"query-input\":{\"@type\":\"PropertyValueSpecification\",\"valueRequired\":true,\"valueName\":\"search_term_string\"}}],\"inLanguage\":\"ca\"},{\"@type\":\"Organization\",\"@id\":\"https:\/\/www.aracalma.com\/ca\/#organization\",\"name\":\"AraCalma Vilanova\",\"url\":\"https:\/\/www.aracalma.com\/ca\/\",\"logo\":{\"@type\":\"ImageObject\",\"inLanguage\":\"ca\",\"@id\":\"https:\/\/www.aracalma.com\/ca\/#\/schema\/logo\/image\/\",\"url\":\"https:\/\/www.aracalma.com\/wp-content\/uploads\/2023\/05\/logo_AraCalma_b_p.png\",\"contentUrl\":\"https:\/\/www.aracalma.com\/wp-content\/uploads\/2023\/05\/logo_AraCalma_b_p.png\",\"width\":250,\"height\":94,\"caption\":\"AraCalma Vilanova\"},\"image\":{\"@id\":\"https:\/\/www.aracalma.com\/ca\/#\/schema\/logo\/image\/\"},\"sameAs\":[\"https:\/\/www.facebook.com\/profile.php?id=100094464087030\",\"https:\/\/www.instagram.com\/aracalmawellness\/\"]}]}<\/script>\n<!-- \/ Yoast SEO plugin. -->","yoast_head_json":{"title":"Tractament Drenant - AraCalma Vilanova i la Geltr\u00fa","robots":{"index":"index","follow":"follow","max-snippet":"max-snippet:-1","max-image-preview":"max-image-preview:large","max-video-preview":"max-video-preview:-1"},"canonical":"https:\/\/www.aracalma.com\/ca\/producto\/tractament-drenant-2\/","og_locale":"ca_ES","og_type":"article","og_title":"Tractament Drenant - AraCalma Vilanova i la Geltr\u00fa","og_description":"Tractament corporal especialment dissenyat per drenar, detoxificar i reduir la silueta. Recolzat per olis i la t\u00e8cnica de Fusta ter\u00e0pia, aquest efectiu tractament permet, gr\u00e0cies als seus actius i embolcalls, remodelar la silueta, evitar la retenci\u00f3 de l\u00edquids acumulats i oferir grans resultats.  Detoxificant i drenant.  Durada: 60 min.  L'informem que els tractaments es realitzen exclusivament amb cita pr\u00e8via, en el seg\u00fcent horari:  Dilluns a Dijous | 09:30 - 14:00 i | 16:00 - 20:00  Divendres | 09:30 - 13:30 i divendres alterns de 16:00 a 20:00  Gr\u00e0cies per la seva comprensi\u00f3 i confian\u00e7a.  &nbsp;","og_url":"https:\/\/www.aracalma.com\/ca\/producto\/tractament-drenant-2\/","og_site_name":"AraCalma Vilanova i la Geltr\u00fa","article_publisher":"https:\/\/www.facebook.com\/profile.php?id=100094464087030","article_modified_time":"2026-03-03T17:21:50+00:00","og_image":[{"width":1000,"height":800,"url":"https:\/\/www.aracalma.com\/wp-content\/uploads\/2023\/09\/definitiva.jpg","type":"image\/jpeg"}],"twitter_card":"summary_large_image","twitter_misc":{"Temps estimat de lectura":"1 minut"},"schema":{"@context":"https:\/\/schema.org","@graph":[{"@type":"WebPage","@id":"https:\/\/www.aracalma.com\/ca\/producto\/tractament-drenant-2\/","url":"https:\/\/www.aracalma.com\/ca\/producto\/tractament-drenant-2\/","name":"Tractament Drenant - AraCalma Vilanova i la Geltr\u00fa","isPartOf":{"@id":"https:\/\/www.aracalma.com\/ca\/#website"},"primaryImageOfPage":{"@id":"https:\/\/www.aracalma.com\/ca\/producto\/tractament-drenant-2\/#primaryimage"},"image":{"@id":"https:\/\/www.aracalma.com\/ca\/producto\/tractament-drenant-2\/#primaryimage"},"thumbnailUrl":"https:\/\/www.aracalma.com\/wp-content\/uploads\/2023\/09\/definitiva.jpg","datePublished":"2023-05-16T14:23:31+00:00","dateModified":"2026-03-03T17:21:50+00:00","breadcrumb":{"@id":"https:\/\/www.aracalma.com\/ca\/producto\/tractament-drenant-2\/#breadcrumb"},"inLanguage":"ca","potentialAction":[{"@type":"ReadAction","target":["https:\/\/www.aracalma.com\/ca\/producto\/tractament-drenant-2\/"]}]},{"@type":"ImageObject","inLanguage":"ca","@id":"https:\/\/www.aracalma.com\/ca\/producto\/tractament-drenant-2\/#primaryimage","url":"https:\/\/www.aracalma.com\/wp-content\/uploads\/2023\/09\/definitiva.jpg","contentUrl":"https:\/\/www.aracalma.com\/wp-content\/uploads\/2023\/09\/definitiva.jpg","width":1000,"height":800,"caption":"Tratamiento drenante a Vilanova y la Geltr\u00fa, Ara Calma"},{"@type":"BreadcrumbList","@id":"https:\/\/www.aracalma.com\/ca\/producto\/tractament-drenant-2\/#breadcrumb","itemListElement":[{"@type":"ListItem","position":1,"name":"Portada","item":"https:\/\/www.aracalma.com\/ca\/"},{"@type":"ListItem","position":2,"name":"Tienda","item":"https:\/\/www.aracalma.com\/ca\/tienda\/"},{"@type":"ListItem","position":3,"name":"Tractament Drenant"}]},{"@type":"WebSite","@id":"https:\/\/www.aracalma.com\/ca\/#website","url":"https:\/\/www.aracalma.com\/ca\/","name":"AraCalma Vilanova","description":"Espai de Benestar","publisher":{"@id":"https:\/\/www.aracalma.com\/ca\/#organization"},"potentialAction":[{"@type":"SearchAction","target":{"@type":"EntryPoint","urlTemplate":"https:\/\/www.aracalma.com\/ca\/?s={search_term_string}"},"query-input":{"@type":"PropertyValueSpecification","valueRequired":true,"valueName":"search_term_string"}}],"inLanguage":"ca"},{"@type":"Organization","@id":"https:\/\/www.aracalma.com\/ca\/#organization","name":"AraCalma Vilanova","url":"https:\/\/www.aracalma.com\/ca\/","logo":{"@type":"ImageObject","inLanguage":"ca","@id":"https:\/\/www.aracalma.com\/ca\/#\/schema\/logo\/image\/","url":"https:\/\/www.aracalma.com\/wp-content\/uploads\/2023\/05\/logo_AraCalma_b_p.png","contentUrl":"https:\/\/www.aracalma.com\/wp-content\/uploads\/2023\/05\/logo_AraCalma_b_p.png","width":250,"height":94,"caption":"AraCalma Vilanova"},"image":{"@id":"https:\/\/www.aracalma.com\/ca\/#\/schema\/logo\/image\/"},"sameAs":["https:\/\/www.facebook.com\/profile.php?id=100094464087030","https:\/\/www.instagram.com\/aracalmawellness\/"]}]}},"_links":{"self":[{"href":"https:\/\/www.aracalma.com\/ca\/wp-json\/wp\/v2\/product\/2599","targetHints":{"allow":["GET"]}}],"collection":[{"href":"https:\/\/www.aracalma.com\/ca\/wp-json\/wp\/v2\/product"}],"about":[{"href":"https:\/\/www.aracalma.com\/ca\/wp-json\/wp\/v2\/types\/product"}],"replies":[{"embeddable":true,"href":"https:\/\/www.aracalma.com\/ca\/wp-json\/wp\/v2\/comments?post=2599"}],"wp:featuredmedia":[{"embeddable":true,"href":"https:\/\/www.aracalma.com\/ca\/wp-json\/wp\/v2\/media\/3406"}],"wp:attachment":[{"href":"https:\/\/www.aracalma.com\/ca\/wp-json\/wp\/v2\/media?parent=2599"}],"wp:term":[{"taxonomy":"product_brand","embeddable":true,"href":"https:\/\/www.aracalma.com\/ca\/wp-json\/wp\/v2\/product_brand?post=2599"},{"taxonomy":"product_cat","embeddable":true,"href":"https:\/\/www.aracalma.com\/ca\/wp-json\/wp\/v2\/product_cat?post=2599"},{"taxonomy":"product_tag","embeddable":true,"href":"https:\/\/www.aracalma.com\/ca\/wp-json\/wp\/v2\/product_tag?post=2599"}],"curies":[{"name":"wp","href":"https:\/\/api.w.org\/{rel}","templated":true}]}}