{"id":4983,"date":"2024-12-23T14:16:21","date_gmt":"2024-12-23T14:16:21","guid":{"rendered":"https:\/\/www.aracalma.com\/?page_id=4983"},"modified":"2026-01-12T16:44:38","modified_gmt":"2026-01-12T16:44:38","slug":"condiciones-generales-de-contratacion","status":"publish","type":"page","link":"https:\/\/www.aracalma.com\/ca\/condiciones-generales-de-contratacion\/","title":{"rendered":"Condicions generals de contrataci\u00f3"},"content":{"rendered":"\t\t<div data-elementor-type=\"wp-post\" data-elementor-id=\"4983\" class=\"elementor elementor-4983 elementor-4982\">\n\t\t\t\t\t\t<section class=\"elementor-section elementor-top-section elementor-element elementor-element-4280737 elementor-section-height-min-height elementor-section-boxed elementor-section-height-default elementor-section-items-middle\" data-id=\"4280737\" data-element_type=\"section\" data-settings=\"{&quot;background_background&quot;:&quot;classic&quot;}\">\n\t\t\t\t\t\t\t<div class=\"elementor-background-overlay\"><\/div>\n\t\t\t\t\t\t\t<div class=\"elementor-container elementor-column-gap-no\">\n\t\t\t\t\t<div class=\"elementor-column elementor-col-100 elementor-top-column elementor-element elementor-element-66e465d\" data-id=\"66e465d\" data-element_type=\"column\">\n\t\t\t<div class=\"elementor-widget-wrap elementor-element-populated\">\n\t\t\t\t\t\t<div class=\"elementor-element elementor-element-f6c139e elementor-widget elementor-widget-heading\" data-id=\"f6c139e\" data-element_type=\"widget\" data-widget_type=\"heading.default\">\n\t\t\t\t<div class=\"elementor-widget-container\">\n\t\t\t\t\t<h1 class=\"elementor-heading-title elementor-size-default\">Condicions generals de contrataci\u00f3<\/h1>\t\t\t\t<\/div>\n\t\t\t\t<\/div>\n\t\t\t\t\t<\/div>\n\t\t<\/div>\n\t\t\t\t\t<\/div>\n\t\t<\/section>\n\t\t<div class=\"elementor-element elementor-element-04b89cb e-flex e-con-boxed e-con e-parent\" data-id=\"04b89cb\" data-element_type=\"container\">\n\t\t\t\t\t<div class=\"e-con-inner\">\n\t\t\t\t<div class=\"elementor-element elementor-element-b97a64a elementor-widget elementor-widget-heading\" data-id=\"b97a64a\" data-element_type=\"widget\" data-widget_type=\"heading.default\">\n\t\t\t\t<div class=\"elementor-widget-container\">\n\t\t\t\t\t<h2 class=\"elementor-heading-title elementor-size-default\">Introducci\u00f3<\/h2>\t\t\t\t<\/div>\n\t\t\t\t<\/div>\n\t\t\t\t<div class=\"elementor-element elementor-element-8c30d3b elementor-widget elementor-widget-text-editor\" data-id=\"8c30d3b\" data-element_type=\"widget\" data-widget_type=\"text-editor.default\">\n\t\t\t\t<div class=\"elementor-widget-container\">\n\t\t\t\t\t\t\t\t\t<p>Aquest document contractual regir\u00e0 les Condicions Generals de contractaci\u00f3 de serveis (en endavant, \u00abCondicions\u00bb) a trav\u00e9s del lloc web www.aracalma.com, propietat de Proteimed, S.L.U. sota la marca comercial d&#8217;AraCalma, en endavant, PRESTADOR, les dades de contacte de la qual figuren tamb\u00e9 en l&#8217;Av\u00eds Legal d&#8217;aquesta Web.<\/p><p>Aquestes Condicions romandran publicades en el lloc web a disposici\u00f3 de l&#8217;USUARI per a reproduir-les i guardar-les com a confirmaci\u00f3 del contracte, podent ser modificades en qualsevol moment pel PRESTADOR. \u00c9s responsabilitat de l&#8217; USUARI llegir-les peri\u00f2dicament, ja que resultaran aplicables aquelles que es trobin vigents en el moment de realitzaci\u00f3 de comandes.<\/p><p>Els contractes no estaran subjectes a cap formalitat amb excepci\u00f3 dels sup\u00f2sits expressament assenyalats en els Codis Civil i de Comer\u00e7 i en aquesta o en altres lleis especials.<\/p><p>L&#8217; acceptaci\u00f3 d&#8217; aquest document comporta que l&#8217; USUARI:<\/p><ol><li>Ha llegit, ent\u00e9n i compr\u00e8n el que s&#8217; ha exposat aqu\u00ed.<\/li><li>\u00c9s una persona amb capacitat suficient per contractar.<\/li><li>Assumeix totes les obligacions aqu\u00ed disposades.<\/li><\/ol><p>Aquestes condicions tindran un per\u00edode de validesa indefinit i seran aplicables a totes les contractacions realitzades a trav\u00e9s del lloc web del PRESTADOR.<\/p><p>El PRESTADOR informa que el comer\u00e7 \u00e9s responsable i coneix la legislaci\u00f3 vigent, i es reserva el dret de modificar unilateralment les condicions, sense que aix\u00f2 pugui afectar els termes i condicions que van ser implementats pr\u00e8viament a la modificaci\u00f3.<\/p><p>\u00a0<\/p>\t\t\t\t\t\t\t\t<\/div>\n\t\t\t\t<\/div>\n\t\t\t\t<div class=\"elementor-element elementor-element-fcbcbfb elementor-widget elementor-widget-heading\" data-id=\"fcbcbfb\" data-element_type=\"widget\" data-widget_type=\"heading.default\">\n\t\t\t\t<div class=\"elementor-widget-container\">\n\t\t\t\t\t<h2 class=\"elementor-heading-title elementor-size-default\">Identitat de les parts contratants<\/h2>\t\t\t\t<\/div>\n\t\t\t\t<\/div>\n\t\t\t\t<div class=\"elementor-element elementor-element-e5a25ad elementor-widget elementor-widget-text-editor\" data-id=\"e5a25ad\" data-element_type=\"widget\" data-widget_type=\"text-editor.default\">\n\t\t\t\t<div class=\"elementor-widget-container\">\n\t\t\t\t\t\t\t\t\t<p>D&#8217; una banda, el PRESTADOR dels serveis contractats per l&#8217; USUARI \u00e9s:<\/p><p>PROTEIMED, S.L.U.Direcci\u00f3: Sagrada Fam\u00edlia 34 08810 Sant Pere de RibesE-mail: <a href=\"mailto:direccio@aracalma.com\">marketing@aracalma.com<\/a><br \/>Tel\u00e8fon: 664486879<\/p><p>I de l&#8217;altra, l&#8217;USUARI, registrat al lloc web mitjan\u00e7ant un nom d&#8217;usuari i contrasenya, sobre els quals t\u00e9 responsabilitat plena d&#8217;\u00fas i cust\u00f2dia, i \u00e9s responsable de la veracitat de les dades personals facilitades al PRESTADOR.<\/p>\t\t\t\t\t\t\t\t<\/div>\n\t\t\t\t<\/div>\n\t\t\t\t<div class=\"elementor-element elementor-element-8ce684f elementor-widget elementor-widget-heading\" data-id=\"8ce684f\" data-element_type=\"widget\" data-widget_type=\"heading.default\">\n\t\t\t\t<div class=\"elementor-widget-container\">\n\t\t\t\t\t<h2 class=\"elementor-heading-title elementor-size-default\">Objecte del contracte<\/h2>\t\t\t\t<\/div>\n\t\t\t\t<\/div>\n\t\t\t\t<div class=\"elementor-element elementor-element-3b042d6 elementor-widget elementor-widget-text-editor\" data-id=\"3b042d6\" data-element_type=\"widget\" data-widget_type=\"text-editor.default\">\n\t\t\t\t<div class=\"elementor-widget-container\">\n\t\t\t\t\t\t\t\t\t<p>El present contracte t\u00e9 per objecte regular la relaci\u00f3 contractual de compravenda nascuda entre el PRESTADOR i l&#8217; USUARI en el moment en qu\u00e8 aquest accepta durant el proc\u00e9s de contractaci\u00f3 en l\u00ednia la casella corresponent. La relaci\u00f3 contractual de compravenda comporta el lliurament, a canvi d&#8217;un preu determinat i p\u00fablicament exposat a trav\u00e9s del lloc web, d&#8217;un servei concret.<\/p>\t\t\t\t\t\t\t\t<\/div>\n\t\t\t\t<\/div>\n\t\t\t\t<div class=\"elementor-element elementor-element-da05382 elementor-widget elementor-widget-heading\" data-id=\"da05382\" data-element_type=\"widget\" data-widget_type=\"heading.default\">\n\t\t\t\t<div class=\"elementor-widget-container\">\n\t\t\t\t\t<h2 class=\"elementor-heading-title elementor-size-default\">Rectificaci\u00f3 de les dades<\/h2>\t\t\t\t<\/div>\n\t\t\t\t<\/div>\n\t\t\t\t<div class=\"elementor-element elementor-element-292e96c elementor-widget elementor-widget-text-editor\" data-id=\"292e96c\" data-element_type=\"widget\" data-widget_type=\"text-editor.default\">\n\t\t\t\t<div class=\"elementor-widget-container\">\n\t\t\t\t\t\t\t\t\t<p>Quan l&#8217;USUARI identifiqui errors en les dades publicades al lloc web o als documents generats per la relaci\u00f3 contractual, podr\u00e0 notificar-ho al correu <a href=\"mailto:direccio@aracalma.com\">direccio@aracalma.com<\/a> perqu\u00e8 PROTEIMED, S.L.U. els corregeixi com m\u00e9s aviat millor. L&#8217;USUARI podr\u00e0 mantenir actualitzades les seves dades accedint al seu compte d&#8217;usuari.<\/p>\t\t\t\t\t\t\t\t<\/div>\n\t\t\t\t<\/div>\n\t\t\t\t<div class=\"elementor-element elementor-element-1833560 elementor-widget elementor-widget-heading\" data-id=\"1833560\" data-element_type=\"widget\" data-widget_type=\"heading.default\">\n\t\t\t\t<div class=\"elementor-widget-container\">\n\t\t\t\t\t<h2 class=\"elementor-heading-title elementor-size-default\">Procediment de contrataci\u00f3<\/h2>\t\t\t\t<\/div>\n\t\t\t\t<\/div>\n\t\t\t\t<div class=\"elementor-element elementor-element-6306fe1 elementor-widget elementor-widget-text-editor\" data-id=\"6306fe1\" data-element_type=\"widget\" data-widget_type=\"text-editor.default\">\n\t\t\t\t<div class=\"elementor-widget-container\">\n\t\t\t\t\t\t\t\t\t<p>L&#8217;USUARI, per poder accedir als serveis que ofereix el PRESTADOR, haur\u00e0 de ser major d&#8217;edat i donar-se d&#8217;alta a trav\u00e9s del lloc web mitjan\u00e7ant la creaci\u00f3 d&#8217;un compte d&#8217;usuari. Per aix\u00f2, l&#8217;USUARI haur\u00e0 de proporcionar de manera lliure i volunt\u00e0ria les dades personals que se li requeriran, les quals es tractaran de conformitat amb el que disposa el Reglament (UE) 2016\/679, de 27 d&#8217;abril de 2016 (GDPR), relatiu a la protecci\u00f3 de les persones f\u00edsiques pel que fa al tractament de dades personals i a la lliure circulaci\u00f3 d&#8217;aquestes dades i la Llei Org\u00e0nica 3\/2018,\u00a0 de 5 de desembre (LOPDGDD), relativa a la protecci\u00f3 de dades de car\u00e0cter personal i detallada en l&#8217;Av\u00eds legal i en la Pol\u00edtica de privacitat d&#8217;aquest lloc web.<\/p><p>L&#8217;USUARI seleccionar\u00e0 un nom d&#8217;usuari i una contrasenya, comprometent-se a fer-ne un \u00fas diligent i a no posar-los a disposici\u00f3 de tercers, aix\u00ed com a comunicar al PRESTADOR la p\u00e8rdua o robatori dels mateixos o el possible acc\u00e9s per un tercer no autoritzat, de manera que aquest procedeixi al bloqueig immediat.<\/p><p>Una vegada ha estat creat el compte d&#8217;usuari, s&#8217;informa que conforme al que exigeix l&#8217;article 27 de la Llei 34\/2002, de Serveis de la Societat de la Informaci\u00f3 i del Comer\u00e7 Electr\u00f2nic (LSSICE), el procediment de contractaci\u00f3 seguir\u00e0 els seg\u00fcents passos:<\/p><ol><li>Cl\u00e0usules generals de contractaci\u00f3.<\/li><li>Activaci\u00f3 de serveis.<\/li><li>Dret de desistiment.<\/li><li>Reclamacions i resoluci\u00f3 de litigis en l\u00ednia.<\/li><li>For\u00e7a major.<\/li><li>Compet\u00e8ncia.<\/li><li>Generalitats de l&#8217; oferta.<\/li><li>Preu i termini de validesa de l&#8217; oferta.<\/li><li>Despeses de transport.<\/li><li>Forma de pagament, despeses i descomptes.<\/li><li>Proc\u00e9s de compra.<\/li><li>Dissociaci\u00f3 i suspensi\u00f3 o rescissi\u00f3 del contracte.<\/li><li>Garanties i devolucions.<\/li><li>Llei aplicable i jurisdicci\u00f3.<\/li><\/ol>\t\t\t\t\t\t\t\t<\/div>\n\t\t\t\t<\/div>\n\t\t\t\t<div class=\"elementor-element elementor-element-70a4179 elementor-widget elementor-widget-heading\" data-id=\"70a4179\" data-element_type=\"widget\" data-widget_type=\"heading.default\">\n\t\t\t\t<div class=\"elementor-widget-container\">\n\t\t\t\t\t<h3 class=\"elementor-heading-title elementor-size-default\">1. Clausules generals de contractaci\u00f3<\/h3>\t\t\t\t<\/div>\n\t\t\t\t<\/div>\n\t\t\t\t<div class=\"elementor-element elementor-element-6c279f9 elementor-widget elementor-widget-text-editor\" data-id=\"6c279f9\" data-element_type=\"widget\" data-widget_type=\"text-editor.default\">\n\t\t\t\t<div class=\"elementor-widget-container\">\n\t\t\t\t\t\t\t\t\t<p>Llevat d&#8217; estipulaci\u00f3 particular per escrit, la realitzaci\u00f3 d&#8217; una comanda al PRESTADOR suposar\u00e0 l&#8217; acceptaci\u00f3 per part de l&#8217; USUARI d&#8217; aquestes condicions legals. Cap estipulaci\u00f3 feta per l&#8217; USUARI podr\u00e0 diferir de les del PRESTADOR si no ha estat expressament acceptada per avan\u00e7at i per escrit pel PRESTADOR.<\/p>\t\t\t\t\t\t\t\t<\/div>\n\t\t\t\t<\/div>\n\t\t\t\t<div class=\"elementor-element elementor-element-07cc0e4 elementor-widget elementor-widget-heading\" data-id=\"07cc0e4\" data-element_type=\"widget\" data-widget_type=\"heading.default\">\n\t\t\t\t<div class=\"elementor-widget-container\">\n\t\t\t\t\t<h3 class=\"elementor-heading-title elementor-size-default\">2. Activaci\u00f3 de serveis<\/h3>\t\t\t\t<\/div>\n\t\t\t\t<\/div>\n\t\t\t\t<div class=\"elementor-element elementor-element-6ac179d elementor-widget elementor-widget-text-editor\" data-id=\"6ac179d\" data-element_type=\"widget\" data-widget_type=\"text-editor.default\">\n\t\t\t\t<div class=\"elementor-widget-container\">\n\t\t\t\t\t\t\t\t\t<p>El PRESTADOR no activar\u00e0 cap servei fins que hagi comprovat que s&#8217; ha realitzat el pagament.<\/p><p>Com que la comanda no comporta el lliurament f\u00edsic de cap producte, sent els serveis contractats descarregats o activats directament del lloc Web, el PRESTADOR informar\u00e0 pr\u00e8viament a l&#8217;USUARI respecte al procediment que ha de seguir per realitzar aquesta desc\u00e0rrega o activaci\u00f3.<\/p>\t\t\t\t\t\t\t\t<\/div>\n\t\t\t\t<\/div>\n\t\t\t\t<div class=\"elementor-element elementor-element-267ddc5 elementor-widget elementor-widget-heading\" data-id=\"267ddc5\" data-element_type=\"widget\" data-widget_type=\"heading.default\">\n\t\t\t\t<div class=\"elementor-widget-container\">\n\t\t\t\t\t<h3 class=\"elementor-heading-title elementor-size-default\">Falta d'ejecuci\u00f3 del contracte a dist\u00e0ncia<\/h3>\t\t\t\t<\/div>\n\t\t\t\t<\/div>\n\t\t\t\t<div class=\"elementor-element elementor-element-dcf8dde elementor-widget elementor-widget-text-editor\" data-id=\"dcf8dde\" data-element_type=\"widget\" data-widget_type=\"text-editor.default\">\n\t\t\t\t<div class=\"elementor-widget-container\">\n\t\t\t\t\t\t\t\t\t<p>En el cas de la prestaci\u00f3 d&#8217; un servei, aquest estar\u00e0 disponible des del mateix moment en qu\u00e8 l&#8217; USUARI hagi efectuat el pagament del mateix i podr\u00e0 ser descarregat o activat segons les condicions del PRESTADOR.<\/p><p>En cas que la contractaci\u00f3 no comporti el lliurament f\u00edsic de cap producte, sin\u00f3 una activaci\u00f3 de desc\u00e0rrega en un lloc web, el PRESTADOR informar\u00e0 pr\u00e8viament l&#8217;USUARI respecte al procediment que ha de seguir per realitzar aquesta desc\u00e0rrega.<\/p><p>En cas de no poder executar el contracte perqu\u00e8 el servei contractat no estigui disponible en el termini previst, s&#8217;informar\u00e0 l&#8217;USUARI de la falta de disponibilitat i que quedar\u00e0 legitimat per cancel\u00b7lar la comanda i rebre la devoluci\u00f3 de l&#8217;import total pagat sense cap cost, i sense que per aix\u00f2 es derivi cap responsabilitat per danys i perjudicis imputable al PRESTADOR.<\/p><p>El PRESTADOR no assumir\u00e0 cap responsabilitat quan la desc\u00e0rrega o activaci\u00f3 del servei no arribi a realitzar-se, per ser les dades facilitades per l&#8217; USUARI falsos, inexactes o incomplets. La prestaci\u00f3 del servei es considerar\u00e0 realitzada en el moment en qu\u00e8 l&#8217; USUARI hagi descarregat o activat el servei.<\/p>\t\t\t\t\t\t\t\t<\/div>\n\t\t\t\t<\/div>\n\t\t\t\t<div class=\"elementor-element elementor-element-ac36f13 elementor-widget elementor-widget-heading\" data-id=\"ac36f13\" data-element_type=\"widget\" data-widget_type=\"heading.default\">\n\t\t\t\t<div class=\"elementor-widget-container\">\n\t\t\t\t\t<h3 class=\"elementor-heading-title elementor-size-default\">3. Drets de desestiment<\/h3>\t\t\t\t<\/div>\n\t\t\t\t<\/div>\n\t\t\t\t<div class=\"elementor-element elementor-element-ae4ec8a elementor-widget elementor-widget-text-editor\" data-id=\"ae4ec8a\" data-element_type=\"widget\" data-widget_type=\"text-editor.default\">\n\t\t\t\t<div class=\"elementor-widget-container\">\n\t\t\t\t\t\t\t\t\t<p>Formulari de desistiment: <a href=\"https:\/\/www.aracalma.com\/ca\/dret-de-desistiment\/\">https:\/\/www.aracalma.com\/ca\/dret-de-desistiment\/<\/a><\/p><p>L&#8217;USUARI disposa d&#8217;un termini de catorze dies naturals, comptats a partir de la data de recepci\u00f3 del producte o des de la celebraci\u00f3 del contracte de compravenda si fos una prestaci\u00f3 d&#8217;un servei, per exercir el dret de desistiment, regulat a l&#8217;article 102 del Reial Decret Legislatiu 1\/2007, de 16 de novembre, pel qual s&#8217;aprova el text ref\u00f3s de la Llei General per a la Defensa dels Consumidors i Usuaris i altres lleis complement\u00e0ries, en endavant RDL 1\/2007. Si el PRESTADOR no compleix amb el deure d&#8217;informaci\u00f3 i documentaci\u00f3 sobre el dret de desistiment, el termini per al seu exercici finalitzar\u00e0 dotze mesos despr\u00e9s de la data d&#8217;expiraci\u00f3 del per\u00edode de desistiment inicial, conforme a l&#8217;article 105 del RDL 1\/2007.<\/p><p>El dret de desistiment no ser\u00e0 aplicable als contractes referits i enumerats en l&#8217;article 103 del RDL 1\/2007Tota devoluci\u00f3 haur\u00e0 de comunicar-se al PRESTADOR, sol\u00b7licitant un n\u00famero de devoluci\u00f3 mitjan\u00e7ant el formulari habilitat per a aix\u00f2, o per correu electr\u00f2nic a direccio@aracalma.com, indicant el n\u00famero de factura o comanda corresponent.<\/p>\t\t\t\t\t\t\t\t<\/div>\n\t\t\t\t<\/div>\n\t\t\t\t<div class=\"elementor-element elementor-element-f6bd269 elementor-widget elementor-widget-heading\" data-id=\"f6bd269\" data-element_type=\"widget\" data-widget_type=\"heading.default\">\n\t\t\t\t<div class=\"elementor-widget-container\">\n\t\t\t\t\t<h3 class=\"elementor-heading-title elementor-size-default\">4. Reclamacions i resolucions de litigis en l\u00ednia<\/h3>\t\t\t\t<\/div>\n\t\t\t\t<\/div>\n\t\t\t\t<div class=\"elementor-element elementor-element-bef7f1d elementor-widget elementor-widget-text-editor\" data-id=\"bef7f1d\" data-element_type=\"widget\" data-widget_type=\"text-editor.default\">\n\t\t\t\t<div class=\"elementor-widget-container\">\n\t\t\t\t\t\t\t\t\t<p>Qualsevol reclamaci\u00f3 que l&#8217; USUARI consideri oportuna ser\u00e0 atesa com m\u00e9s aviat millor, podent-se realitzar en les seg\u00fcents adreces de contacte:<\/p><p>Postal: Dr. Fleming, 38 local, 08800, Vilanova i la Geltr\u00fa Tel\u00e8fon: 664 486 879 E-mail: marketing@aracalma.com<\/p>\t\t\t\t\t\t\t\t<\/div>\n\t\t\t\t<\/div>\n\t\t\t\t<div class=\"elementor-element elementor-element-4f0b91e elementor-widget elementor-widget-heading\" data-id=\"4f0b91e\" data-element_type=\"widget\" data-widget_type=\"heading.default\">\n\t\t\t\t<div class=\"elementor-widget-container\">\n\t\t\t\t\t<h3 class=\"elementor-heading-title elementor-size-default\">Resoluci\u00f3 de litigis en l\u00ednia (Online Dispute Resolution)<\/h3>\t\t\t\t<\/div>\n\t\t\t\t<\/div>\n\t\t\t\t<div class=\"elementor-element elementor-element-0f2af9e elementor-widget elementor-widget-text-editor\" data-id=\"0f2af9e\" data-element_type=\"widget\" data-widget_type=\"text-editor.default\">\n\t\t\t\t<div class=\"elementor-widget-container\">\n\t\t\t\t\t\t\t\t\t<p>Conforme a l&#8217;Art. 14.1 del Reglament (UE) 524\/2013, la Comissi\u00f3 Europea facilita una plataforma d&#8217;acc\u00e9s gratu\u00eft per a la resoluci\u00f3 de conflictes online entre l&#8217;USUARI i el PRESTADOR, sense necessitat de rec\u00f3rrer als tribunals de just\u00edcia, mitjan\u00e7ant la intervenci\u00f3 d&#8217;un tercer, anomenat Organisme de resoluci\u00f3 de litigis, que actua d&#8217;intermediari entre tots dos. Aquest organisme \u00e9s neutral i dialogar\u00e0 amb ambdues parts per aconseguir un acord, podent finalment suggerir i\/o imposar una soluci\u00f3 al conflicte.<\/p><p>Enlla\u00e7 a la plataforma ODR: <a href=\"http:\/\/ec.europa.eu\/consumers\/odr\/\">http:\/\/ec.europa.eu\/consumers\/odr\/<\/a><\/p>\t\t\t\t\t\t\t\t<\/div>\n\t\t\t\t<\/div>\n\t\t\t\t<div class=\"elementor-element elementor-element-c37e4de elementor-widget elementor-widget-heading\" data-id=\"c37e4de\" data-element_type=\"widget\" data-widget_type=\"heading.default\">\n\t\t\t\t<div class=\"elementor-widget-container\">\n\t\t\t\t\t<h3 class=\"elementor-heading-title elementor-size-default\">5. For\u00e7a major<\/h3>\t\t\t\t<\/div>\n\t\t\t\t<\/div>\n\t\t\t\t<div class=\"elementor-element elementor-element-8fe3f40 elementor-widget elementor-widget-text-editor\" data-id=\"8fe3f40\" data-element_type=\"widget\" data-widget_type=\"text-editor.default\">\n\t\t\t\t<div class=\"elementor-widget-container\">\n\t\t\t\t\t\t\t\t\t<p>Les parts no incorreran en responsabilitat davant qualsevol falta deguda a causa major. El compliment de l&#8217; obligaci\u00f3 es demorar\u00e0 fins al cessament del cas de for\u00e7a major.<\/p>\t\t\t\t\t\t\t\t<\/div>\n\t\t\t\t<\/div>\n\t\t\t\t<div class=\"elementor-element elementor-element-b5a9ab6 elementor-widget elementor-widget-heading\" data-id=\"b5a9ab6\" data-element_type=\"widget\" data-widget_type=\"heading.default\">\n\t\t\t\t<div class=\"elementor-widget-container\">\n\t\t\t\t\t<h3 class=\"elementor-heading-title elementor-size-default\">6. Compet\u00e8ncia<\/h3>\t\t\t\t<\/div>\n\t\t\t\t<\/div>\n\t\t\t\t<div class=\"elementor-element elementor-element-405798c elementor-widget elementor-widget-text-editor\" data-id=\"405798c\" data-element_type=\"widget\" data-widget_type=\"text-editor.default\">\n\t\t\t\t<div class=\"elementor-widget-container\">\n\t\t\t\t\t\t\t\t\t<p>L&#8217; USUARI no podr\u00e0 cedir, transferir o transmetre els drets, responsabilitats i obligacions contractats en la venda. Si alguna estipulaci\u00f3 d&#8217; aquestes condicions fos considerada nul\u00b7la o d&#8217; impossible compliment, la validesa, legalitat i compliment de la resta no es veuran afectats de cap manera, ni patiran modificaci\u00f3 de cap manera.<\/p><p>L&#8217;USUARI declara haver llegit, con\u00e8ixer i acceptar les presents Condicions en tota la seva extensi\u00f3.<\/p>\t\t\t\t\t\t\t\t<\/div>\n\t\t\t\t<\/div>\n\t\t\t\t<div class=\"elementor-element elementor-element-c65b177 elementor-widget elementor-widget-heading\" data-id=\"c65b177\" data-element_type=\"widget\" data-widget_type=\"heading.default\">\n\t\t\t\t<div class=\"elementor-widget-container\">\n\t\t\t\t\t<h3 class=\"elementor-heading-title elementor-size-default\">7. Generalitats de l'oferta<\/h3>\t\t\t\t<\/div>\n\t\t\t\t<\/div>\n\t\t\t\t<div class=\"elementor-element elementor-element-a3a699d elementor-widget elementor-widget-text-editor\" data-id=\"a3a699d\" data-element_type=\"widget\" data-widget_type=\"text-editor.default\">\n\t\t\t\t<div class=\"elementor-widget-container\">\n\t\t\t\t\t\t\t\t\t<p>Totes les vendes efectuades pel PRESTADOR s&#8217; entendran sotmeses a les presents Condicions.<\/p><p>Cap modificaci\u00f3, alteraci\u00f3 o pacte contrari a la Proposta Comercial d&#8217; AraCalma o al que aqu\u00ed estipula, tindr\u00e0 efecte, llevat de pacte expr\u00e9s per escrit signat pel PRESTADOR, en aquest cas, aquests pactes particulars prevaldran.<\/p><p>Atesos els continus aven\u00e7os t\u00e8cnics i millores dels serveis, el PRESTADOR es reserva la facultat de modificar les seves especificacions respecte de la informaci\u00f3 facilitada en la seva publicitat, fins que no afecti el valor dels serveis oferts. Aquestes modificacions tindran aix\u00ed mateix validesa en cas que, per qualsevol causa, es vei\u00e9s afectada la possibilitat de subministrament dels serveis oferts.<\/p>\t\t\t\t\t\t\t\t<\/div>\n\t\t\t\t<\/div>\n\t\t\t\t<div class=\"elementor-element elementor-element-5501054 elementor-widget elementor-widget-heading\" data-id=\"5501054\" data-element_type=\"widget\" data-widget_type=\"heading.default\">\n\t\t\t\t<div class=\"elementor-widget-container\">\n\t\t\t\t\t<h3 class=\"elementor-heading-title elementor-size-default\">8. Preu i termini de validesa de l'oferta<\/h3>\t\t\t\t<\/div>\n\t\t\t\t<\/div>\n\t\t\t\t<div class=\"elementor-element elementor-element-f012624 elementor-widget elementor-widget-text-editor\" data-id=\"f012624\" data-element_type=\"widget\" data-widget_type=\"text-editor.default\">\n\t\t\t\t<div class=\"elementor-widget-container\">\n\t\t\t\t\t\t\t\t\t<p>Els preus que s&#8217;indiquen respecte de cada servei inclouen l&#8217;Impost sobre el Valor Afegit (IVA) o altres impostos que poguessin ser aplicables. Aquests preus, llevat que s&#8217; indiqui expressament el contrari, no inclouen les despeses de tramesa o comunicaci\u00f3, manipulaci\u00f3, embolcall, asseguran\u00e7a d&#8217; enviaments o qualssevol altres serveis addicionals i annexos al servei adquirit.<\/p><p>Els preus aplicables a cada servei s\u00f3n els publicats al lloc web i s&#8217;expressaran a la moneda EURO. L&#8217;USUARI assumeix que la valoraci\u00f3 econ\u00f2mica d&#8217;alguns dels serveis podr\u00e0 variar en temps real.<\/p><p>Abans de realitzar la compra podr\u00e0 comprovar en l\u00ednia tots els detalls del pressupost: serveis, quantitats, preu, disponibilitat, c\u00e0rrecs, descomptes, impostos i el total de la compra. Els preus poden canviar di\u00e0riament mentre no es realitzi la comanda.<\/p><p>Un cop realitzada la comanda, els preus es mantindran tant si hi ha disponibilitat del servei com si no.<\/p><p>Per a qualsevol informaci\u00f3 sobre la comanda o per sol\u00b7licitar factura, l&#8217;USUARI podr\u00e0 contactar a trav\u00e9s del tel\u00e8fon d&#8217;atenci\u00f3 al client 664 486 879 o via correu electr\u00f2nic a l&#8217;adre\u00e7a: direccio@aracalma.com.<\/p>\t\t\t\t\t\t\t\t<\/div>\n\t\t\t\t<\/div>\n\t\t\t\t<div class=\"elementor-element elementor-element-a4e7129 elementor-widget elementor-widget-heading\" data-id=\"a4e7129\" data-element_type=\"widget\" data-widget_type=\"heading.default\">\n\t\t\t\t<div class=\"elementor-widget-container\">\n\t\t\t\t\t<h3 class=\"elementor-heading-title elementor-size-default\">9. Despeses de transport\n<\/h3>\t\t\t\t<\/div>\n\t\t\t\t<\/div>\n\t\t\t\t<div class=\"elementor-element elementor-element-ac32f28 elementor-widget elementor-widget-text-editor\" data-id=\"ac32f28\" data-element_type=\"widget\" data-widget_type=\"text-editor.default\">\n\t\t\t\t<div class=\"elementor-widget-container\">\n\t\t\t\t\t\t\t\t\t<p>No existeixen despeses de transport.<\/p>\t\t\t\t\t\t\t\t<\/div>\n\t\t\t\t<\/div>\n\t\t\t\t<div class=\"elementor-element elementor-element-e629a94 elementor-widget elementor-widget-heading\" data-id=\"e629a94\" data-element_type=\"widget\" data-widget_type=\"heading.default\">\n\t\t\t\t<div class=\"elementor-widget-container\">\n\t\t\t\t\t<h3 class=\"elementor-heading-title elementor-size-default\">10. Formes de pagament, c\u00e0rrecs i descomptes<\/h3>\t\t\t\t<\/div>\n\t\t\t\t<\/div>\n\t\t\t\t<div class=\"elementor-element elementor-element-d2051de elementor-widget elementor-widget-text-editor\" data-id=\"d2051de\" data-element_type=\"widget\" data-widget_type=\"text-editor.default\">\n\t\t\t\t<div class=\"elementor-widget-container\">\n\t\t\t\t\t\t\t\t\t<p>El PRESTADOR es el responsable de las transacciones econ\u00f3micas y posibilita las siguientes formas para efectuar el pago de un pedido:<\/p><ul><li>Tarjeta de cr\u00e9dito<\/li><\/ul>\t\t\t\t\t\t\t\t<\/div>\n\t\t\t\t<\/div>\n\t\t\t\t<div class=\"elementor-element elementor-element-aa14981 elementor-widget elementor-widget-heading\" data-id=\"aa14981\" data-element_type=\"widget\" data-widget_type=\"heading.default\">\n\t\t\t\t<div class=\"elementor-widget-container\">\n\t\t\t\t\t<h3 class=\"elementor-heading-title elementor-size-default\">Mesures de seguretat<\/h3>\t\t\t\t<\/div>\n\t\t\t\t<\/div>\n\t\t\t\t<div class=\"elementor-element elementor-element-89dc498 elementor-widget elementor-widget-text-editor\" data-id=\"89dc498\" data-element_type=\"widget\" data-widget_type=\"text-editor.default\">\n\t\t\t\t<div class=\"elementor-widget-container\">\n\t\t\t\t\t\t\t\t\t<p>El lloc web utilitza t\u00e8cniques de seguretat de la informaci\u00f3 generalment acceptades en la ind\u00fastria, com ara SSL, dades introdu\u00efdes en p\u00e0gina segura, firewalls, procediments de control d&#8217;acc\u00e9s i mecanismes criptogr\u00e0fics, tot aix\u00f2 amb l&#8217;objecte d&#8217;evitar l&#8217;acc\u00e9s no autoritzat a les dades. Per aconseguir aquestes finalitats, l&#8217;USUARI accepta que el PRESTADOR obtingui dades per a efecte de la corresponent autenticaci\u00f3 dels controls d&#8217;acc\u00e9s.<\/p><p>El PRESTADOR es compromet a no permetre cap transacci\u00f3 que sigui o sigui considerada il\u00b7legal per les marques de targetes de cr\u00e8dit o el banc adquirent, que pugui o tingui el potencial de danyar la bona voluntat dels mateixos o influir de manera negativa en ells.<\/p><p>Les seg\u00fcents activitats estan prohibides en virtut dels programes de les marques de targetes: la venda o oferta d&#8217; un producte o servei que no compleixi amb totes les lleis aplicables al Comprador, Banc Emissor, Comerciant o Titular de la targeta o targetes.<\/p>\t\t\t\t\t\t\t\t<\/div>\n\t\t\t\t<\/div>\n\t\t\t\t<div class=\"elementor-element elementor-element-eeccaae elementor-widget elementor-widget-heading\" data-id=\"eeccaae\" data-element_type=\"widget\" data-widget_type=\"heading.default\">\n\t\t\t\t<div class=\"elementor-widget-container\">\n\t\t\t\t\t<h3 class=\"elementor-heading-title elementor-size-default\">11. Proc\u00e9s de compra<\/h3>\t\t\t\t<\/div>\n\t\t\t\t<\/div>\n\t\t\t\t<div class=\"elementor-element elementor-element-c404c77 elementor-widget elementor-widget-heading\" data-id=\"c404c77\" data-element_type=\"widget\" data-widget_type=\"heading.default\">\n\t\t\t\t<div class=\"elementor-widget-container\">\n\t\t\t\t\t<h3 class=\"elementor-heading-title elementor-size-default\">Cistella (simulaci\u00f3 de pressupost)<\/h3>\t\t\t\t<\/div>\n\t\t\t\t<\/div>\n\t\t\t\t<div class=\"elementor-element elementor-element-52c4f5d elementor-widget elementor-widget-text-editor\" data-id=\"52c4f5d\" data-element_type=\"widget\" data-widget_type=\"text-editor.default\">\n\t\t\t\t<div class=\"elementor-widget-container\">\n\t\t\t\t\t\t\t\t\t<p>Qualsevol servei del nostre cat\u00e0leg es pot afegir a la cistella. En aquesta, nom\u00e9s s&#8217; observaran els serveis seleccionats, la quantitat, el preu i l&#8217; import total. Un cop guardada la cistella es procedir\u00e0 a calcular l&#8217; import total.<\/p><p>Les cistelles no tenen cap vinculaci\u00f3 administrativa, nom\u00e9s \u00e9s un apartat on es pot simular un pressupost sense cap comprom\u00eds per ambdues parts.<\/p><p>Des de la cistella es pot fer una comanda seguint els passos seg\u00fcents per a la seva correcta formalitzaci\u00f3:<\/p><ol><li>Comprovaci\u00f3 de les dades de facturaci\u00f3.<\/li><li>Comprovaci\u00f3 del m\u00e8tode de prestaci\u00f3 del servei (desc\u00e0rrega, activaci\u00f3&#8230;).<\/li><li>Selecci\u00f3 de la forma de pagament.<\/li><li>Realitzar la comanda (comprar).<\/li><\/ol><p>Una vegada processat la comanda, el sistema envia instant\u00e0niament un correu electr\u00f2nic al departament de gesti\u00f3 del PRESTADOR i un altre al correu de l&#8217;USUARI confirmant la realitzaci\u00f3 de la comanda.<\/p>\t\t\t\t\t\t\t\t<\/div>\n\t\t\t\t<\/div>\n\t\t\t\t<div class=\"elementor-element elementor-element-5f2e457 elementor-widget elementor-widget-heading\" data-id=\"5f2e457\" data-element_type=\"widget\" data-widget_type=\"heading.default\">\n\t\t\t\t<div class=\"elementor-widget-container\">\n\t\t\t\t\t<h3 class=\"elementor-heading-title elementor-size-default\">Comandes (sol.licituds de compra)<\/h3>\t\t\t\t<\/div>\n\t\t\t\t<\/div>\n\t\t\t\t<div class=\"elementor-element elementor-element-34c3c37 elementor-widget elementor-widget-text-editor\" data-id=\"34c3c37\" data-element_type=\"widget\" data-widget_type=\"text-editor.default\">\n\t\t\t\t<div class=\"elementor-widget-container\">\n\t\t\t\t\t\t\t\t\t<p>En un m\u00e0xim de 24 hores, en dies laborables, s&#8217;enviar\u00e0 un correu electr\u00f2nic a l&#8217;USUARI confirmant l&#8217;estat de la comanda i la data de desc\u00e0rrega i\/o activaci\u00f3 aproximada.<\/p>\t\t\t\t\t\t\t\t<\/div>\n\t\t\t\t<\/div>\n\t\t\t\t<div class=\"elementor-element elementor-element-ea5415b elementor-widget elementor-widget-heading\" data-id=\"ea5415b\" data-element_type=\"widget\" data-widget_type=\"heading.default\">\n\t\t\t\t<div class=\"elementor-widget-container\">\n\t\t\t\t\t<h3 class=\"elementor-heading-title elementor-size-default\">12. Dissociaci\u00f3 i suspensi\u00f3 o rescissi\u00f3 del contracte<\/h3>\t\t\t\t<\/div>\n\t\t\t\t<\/div>\n\t\t\t\t<div class=\"elementor-element elementor-element-0baac7a elementor-widget elementor-widget-text-editor\" data-id=\"0baac7a\" data-element_type=\"widget\" data-widget_type=\"text-editor.default\">\n\t\t\t\t<div class=\"elementor-widget-container\">\n\t\t\t\t\t\t\t\t\t<p>Si qualsevol d&#8217; aquests termes i condicions es consider\u00e9s il\u00b7legal, nul\u00b7la o per qualsevol ra\u00f3 inaplicable, aquesta condici\u00f3 es considerar\u00e0 separable i no afectar\u00e0 la validesa i aplicabilitat de cap de les condicions restants.<\/p><p>PROTEIMED, S.L.U. podr\u00e0, sense previ av\u00eds, suspendre o acabar l&#8217;acc\u00e9s de l&#8217;USUARI als seus serveis, en la seva totalitat o en part, per qualsevol ra\u00f3 v\u00e0lida, incloent, sense limitacions, quan l&#8217;USUARI no compleixi o segueixi qualsevol de les obligacions establertes en aquest document o qualsevol disposici\u00f3 legal, llic\u00e8ncia, reglament, directiva, codi de pr\u00e0ctiques o pol\u00edtiques d&#8217;\u00fas aplicables.<\/p>\t\t\t\t\t\t\t\t<\/div>\n\t\t\t\t<\/div>\n\t\t\t\t<div class=\"elementor-element elementor-element-a122fbd elementor-widget elementor-widget-heading\" data-id=\"a122fbd\" data-element_type=\"widget\" data-widget_type=\"heading.default\">\n\t\t\t\t<div class=\"elementor-widget-container\">\n\t\t\t\t\t<h3 class=\"elementor-heading-title elementor-size-default\">13. Llei aplicable i jurisdicci\u00f3<\/h3>\t\t\t\t<\/div>\n\t\t\t\t<\/div>\n\t\t\t\t<div class=\"elementor-element elementor-element-43be4d8 elementor-widget elementor-widget-text-editor\" data-id=\"43be4d8\" data-element_type=\"widget\" data-widget_type=\"text-editor.default\">\n\t\t\t\t<div class=\"elementor-widget-container\">\n\t\t\t\t\t\t\t\t\t<p>Aquestes condicions es regiran o interpretaran conforme a la legislaci\u00f3 espanyola en all\u00f2 que no estigui expressament establert. Qualsevol controv\u00e8rsia que pogu\u00e9s suscitar-se de la prestaci\u00f3 dels productes o serveis objecte d&#8217; aquestes Condicions se sotmetr\u00e0 als jutjats i tribunals del domicili de l&#8217; USUARI, al lloc del compliment de l&#8217; obligaci\u00f3 o aquell en qu\u00e8 es trobi el b\u00e9 si aquest fos immoble.<\/p>\t\t\t\t\t\t\t\t<\/div>\n\t\t\t\t<\/div>\n\t\t\t\t\t<\/div>\n\t\t\t\t<\/div>\n\t\t\t\t<\/div>\n\t\t","protected":false},"excerpt":{"rendered":"<p>Condicions generals de contrataci\u00f3 Introducci\u00f3 Aquest document contractual regir\u00e0 les Condicions Generals de contractaci\u00f3 de serveis (en endavant, \u00abCondicions\u00bb) a trav\u00e9s del lloc web www.aracalma.com, propietat de Proteimed, S.L.U. sota la marca comercial d&#8217;AraCalma, en endavant, PRESTADOR, les dades de contacte de la qual figuren tamb\u00e9 en l&#8217;Av\u00eds Legal d&#8217;aquesta Web. Aquestes Condicions romandran publicades [&hellip;]<\/p>\n","protected":false},"author":2,"featured_media":0,"parent":0,"menu_order":0,"comment_status":"closed","ping_status":"closed","template":"","meta":{"site-sidebar-layout":"default","site-content-layout":"page-builder","ast-site-content-layout":"full-width-container","site-content-style":"unboxed","site-sidebar-style":"unboxed","ast-global-header-display":"","ast-banner-title-visibility":"","ast-main-header-display":"","ast-hfb-above-header-display":"","ast-hfb-below-header-display":"","ast-hfb-mobile-header-display":"","site-post-title":"disabled","ast-breadcrumbs-content":"","ast-featured-img":"disabled","footer-sml-layout":"","theme-transparent-header-meta":"","adv-header-id-meta":"","stick-header-meta":"default","header-above-stick-meta":"","header-main-stick-meta":"","header-below-stick-meta":"","astra-migrate-meta-layouts":"set","ast-page-background-enabled":"default","ast-page-background-meta":{"desktop":{"background-color":"","background-image":"","background-repeat":"repeat","background-position":"center center","background-size":"auto","background-attachment":"scroll","background-type":"","background-media":"","overlay-type":"","overlay-color":"","overlay-opacity":"","overlay-gradient":""},"tablet":{"background-color":"","background-image":"","background-repeat":"repeat","background-position":"center center","background-size":"auto","background-attachment":"scroll","background-type":"","background-media":"","overlay-type":"","overlay-color":"","overlay-opacity":"","overlay-gradient":""},"mobile":{"background-color":"","background-image":"","background-repeat":"repeat","background-position":"center center","background-size":"auto","background-attachment":"scroll","background-type":"","background-media":"","overlay-type":"","overlay-color":"","overlay-opacity":"","overlay-gradient":""}},"ast-content-background-meta":{"desktop":{"background-color":"var(--ast-global-color-5)","background-image":"","background-repeat":"repeat","background-position":"center center","background-size":"auto","background-attachment":"scroll","background-type":"","background-media":"","overlay-type":"","overlay-color":"","overlay-opacity":"","overlay-gradient":""},"tablet":{"background-color":"var(--ast-global-color-5)","background-image":"","background-repeat":"repeat","background-position":"center center","background-size":"auto","background-attachment":"scroll","background-type":"","background-media":"","overlay-type":"","overlay-color":"","overlay-opacity":"","overlay-gradient":""},"mobile":{"background-color":"var(--ast-global-color-5)","background-image":"","background-repeat":"repeat","background-position":"center center","background-size":"auto","background-attachment":"scroll","background-type":"","background-media":"","overlay-type":"","overlay-color":"","overlay-opacity":"","overlay-gradient":""}},"footnotes":""},"class_list":["post-4983","page","type-page","status-publish","hentry"],"yoast_head":"<!-- This site is optimized with the Yoast SEO plugin v25.5 - https:\/\/yoast.com\/wordpress\/plugins\/seo\/ -->\n<title>Condicions generals de contrataci\u00f3 - AraCalma Vilanova i la Geltr\u00fa<\/title>\n<meta name=\"robots\" content=\"noindex, follow\" \/>\n<meta property=\"og:locale\" content=\"ca_ES\" \/>\n<meta property=\"og:type\" content=\"article\" \/>\n<meta property=\"og:title\" content=\"Condicions generals de contrataci\u00f3 - AraCalma Vilanova i la Geltr\u00fa\" \/>\n<meta property=\"og:description\" content=\"Condicions generals de contrataci\u00f3 Introducci\u00f3 Aquest document contractual regir\u00e0 les Condicions Generals de contractaci\u00f3 de serveis (en endavant, \u00abCondicions\u00bb) a trav\u00e9s del lloc web www.aracalma.com, propietat de Proteimed, S.L.U. sota la marca comercial d&#8217;AraCalma, en endavant, PRESTADOR, les dades de contacte de la qual figuren tamb\u00e9 en l&#8217;Av\u00eds Legal d&#8217;aquesta Web. Aquestes Condicions romandran publicades [&hellip;]\" \/>\n<meta property=\"og:url\" content=\"https:\/\/www.aracalma.com\/ca\/condiciones-generales-de-contratacion\/\" \/>\n<meta property=\"og:site_name\" content=\"AraCalma Vilanova i la Geltr\u00fa\" \/>\n<meta property=\"article:publisher\" content=\"https:\/\/www.facebook.com\/profile.php?id=100094464087030\" \/>\n<meta property=\"article:modified_time\" content=\"2026-01-12T16:44:38+00:00\" \/>\n<meta name=\"twitter:card\" content=\"summary_large_image\" \/>\n<meta name=\"twitter:label1\" content=\"Temps estimat de lectura\" \/>\n\t<meta name=\"twitter:data1\" content=\"13 minuts\" \/>\n<script type=\"application\/ld+json\" class=\"yoast-schema-graph\">{\"@context\":\"https:\/\/schema.org\",\"@graph\":[{\"@type\":\"WebPage\",\"@id\":\"https:\/\/www.aracalma.com\/ca\/condiciones-generales-de-contratacion\/\",\"url\":\"https:\/\/www.aracalma.com\/ca\/condiciones-generales-de-contratacion\/\",\"name\":\"Condicions generals de contrataci\u00f3 - AraCalma Vilanova i la Geltr\u00fa\",\"isPartOf\":{\"@id\":\"https:\/\/www.aracalma.com\/ca\/#website\"},\"datePublished\":\"2024-12-23T14:16:21+00:00\",\"dateModified\":\"2026-01-12T16:44:38+00:00\",\"breadcrumb\":{\"@id\":\"https:\/\/www.aracalma.com\/ca\/condiciones-generales-de-contratacion\/#breadcrumb\"},\"inLanguage\":\"ca\",\"potentialAction\":[{\"@type\":\"ReadAction\",\"target\":[\"https:\/\/www.aracalma.com\/ca\/condiciones-generales-de-contratacion\/\"]}]},{\"@type\":\"BreadcrumbList\",\"@id\":\"https:\/\/www.aracalma.com\/ca\/condiciones-generales-de-contratacion\/#breadcrumb\",\"itemListElement\":[{\"@type\":\"ListItem\",\"position\":1,\"name\":\"Portada\",\"item\":\"https:\/\/www.aracalma.com\/ca\/\"},{\"@type\":\"ListItem\",\"position\":2,\"name\":\"Condicions generals de contrataci\u00f3\"}]},{\"@type\":\"WebSite\",\"@id\":\"https:\/\/www.aracalma.com\/ca\/#website\",\"url\":\"https:\/\/www.aracalma.com\/ca\/\",\"name\":\"AraCalma Vilanova\",\"description\":\"Espai de Benestar\",\"publisher\":{\"@id\":\"https:\/\/www.aracalma.com\/ca\/#organization\"},\"potentialAction\":[{\"@type\":\"SearchAction\",\"target\":{\"@type\":\"EntryPoint\",\"urlTemplate\":\"https:\/\/www.aracalma.com\/ca\/?s={search_term_string}\"},\"query-input\":{\"@type\":\"PropertyValueSpecification\",\"valueRequired\":true,\"valueName\":\"search_term_string\"}}],\"inLanguage\":\"ca\"},{\"@type\":\"Organization\",\"@id\":\"https:\/\/www.aracalma.com\/ca\/#organization\",\"name\":\"AraCalma Vilanova\",\"url\":\"https:\/\/www.aracalma.com\/ca\/\",\"logo\":{\"@type\":\"ImageObject\",\"inLanguage\":\"ca\",\"@id\":\"https:\/\/www.aracalma.com\/ca\/#\/schema\/logo\/image\/\",\"url\":\"https:\/\/www.aracalma.com\/wp-content\/uploads\/2023\/05\/logo_AraCalma_b_p.png\",\"contentUrl\":\"https:\/\/www.aracalma.com\/wp-content\/uploads\/2023\/05\/logo_AraCalma_b_p.png\",\"width\":250,\"height\":94,\"caption\":\"AraCalma Vilanova\"},\"image\":{\"@id\":\"https:\/\/www.aracalma.com\/ca\/#\/schema\/logo\/image\/\"},\"sameAs\":[\"https:\/\/www.facebook.com\/profile.php?id=100094464087030\",\"https:\/\/www.instagram.com\/aracalmawellness\/\"]}]}<\/script>\n<!-- \/ Yoast SEO plugin. -->","yoast_head_json":{"title":"Condicions generals de contrataci\u00f3 - AraCalma Vilanova i la Geltr\u00fa","robots":{"index":"noindex","follow":"follow"},"og_locale":"ca_ES","og_type":"article","og_title":"Condicions generals de contrataci\u00f3 - AraCalma Vilanova i la Geltr\u00fa","og_description":"Condicions generals de contrataci\u00f3 Introducci\u00f3 Aquest document contractual regir\u00e0 les Condicions Generals de contractaci\u00f3 de serveis (en endavant, \u00abCondicions\u00bb) a trav\u00e9s del lloc web www.aracalma.com, propietat de Proteimed, S.L.U. sota la marca comercial d&#8217;AraCalma, en endavant, PRESTADOR, les dades de contacte de la qual figuren tamb\u00e9 en l&#8217;Av\u00eds Legal d&#8217;aquesta Web. Aquestes Condicions romandran publicades [&hellip;]","og_url":"https:\/\/www.aracalma.com\/ca\/condiciones-generales-de-contratacion\/","og_site_name":"AraCalma Vilanova i la Geltr\u00fa","article_publisher":"https:\/\/www.facebook.com\/profile.php?id=100094464087030","article_modified_time":"2026-01-12T16:44:38+00:00","twitter_card":"summary_large_image","twitter_misc":{"Temps estimat de lectura":"13 minuts"},"schema":{"@context":"https:\/\/schema.org","@graph":[{"@type":"WebPage","@id":"https:\/\/www.aracalma.com\/ca\/condiciones-generales-de-contratacion\/","url":"https:\/\/www.aracalma.com\/ca\/condiciones-generales-de-contratacion\/","name":"Condicions generals de contrataci\u00f3 - AraCalma Vilanova i la Geltr\u00fa","isPartOf":{"@id":"https:\/\/www.aracalma.com\/ca\/#website"},"datePublished":"2024-12-23T14:16:21+00:00","dateModified":"2026-01-12T16:44:38+00:00","breadcrumb":{"@id":"https:\/\/www.aracalma.com\/ca\/condiciones-generales-de-contratacion\/#breadcrumb"},"inLanguage":"ca","potentialAction":[{"@type":"ReadAction","target":["https:\/\/www.aracalma.com\/ca\/condiciones-generales-de-contratacion\/"]}]},{"@type":"BreadcrumbList","@id":"https:\/\/www.aracalma.com\/ca\/condiciones-generales-de-contratacion\/#breadcrumb","itemListElement":[{"@type":"ListItem","position":1,"name":"Portada","item":"https:\/\/www.aracalma.com\/ca\/"},{"@type":"ListItem","position":2,"name":"Condicions generals de contrataci\u00f3"}]},{"@type":"WebSite","@id":"https:\/\/www.aracalma.com\/ca\/#website","url":"https:\/\/www.aracalma.com\/ca\/","name":"AraCalma Vilanova","description":"Espai de Benestar","publisher":{"@id":"https:\/\/www.aracalma.com\/ca\/#organization"},"potentialAction":[{"@type":"SearchAction","target":{"@type":"EntryPoint","urlTemplate":"https:\/\/www.aracalma.com\/ca\/?s={search_term_string}"},"query-input":{"@type":"PropertyValueSpecification","valueRequired":true,"valueName":"search_term_string"}}],"inLanguage":"ca"},{"@type":"Organization","@id":"https:\/\/www.aracalma.com\/ca\/#organization","name":"AraCalma Vilanova","url":"https:\/\/www.aracalma.com\/ca\/","logo":{"@type":"ImageObject","inLanguage":"ca","@id":"https:\/\/www.aracalma.com\/ca\/#\/schema\/logo\/image\/","url":"https:\/\/www.aracalma.com\/wp-content\/uploads\/2023\/05\/logo_AraCalma_b_p.png","contentUrl":"https:\/\/www.aracalma.com\/wp-content\/uploads\/2023\/05\/logo_AraCalma_b_p.png","width":250,"height":94,"caption":"AraCalma Vilanova"},"image":{"@id":"https:\/\/www.aracalma.com\/ca\/#\/schema\/logo\/image\/"},"sameAs":["https:\/\/www.facebook.com\/profile.php?id=100094464087030","https:\/\/www.instagram.com\/aracalmawellness\/"]}]}},"_links":{"self":[{"href":"https:\/\/www.aracalma.com\/ca\/wp-json\/wp\/v2\/pages\/4983","targetHints":{"allow":["GET"]}}],"collection":[{"href":"https:\/\/www.aracalma.com\/ca\/wp-json\/wp\/v2\/pages"}],"about":[{"href":"https:\/\/www.aracalma.com\/ca\/wp-json\/wp\/v2\/types\/page"}],"author":[{"embeddable":true,"href":"https:\/\/www.aracalma.com\/ca\/wp-json\/wp\/v2\/users\/2"}],"replies":[{"embeddable":true,"href":"https:\/\/www.aracalma.com\/ca\/wp-json\/wp\/v2\/comments?post=4983"}],"version-history":[{"count":18,"href":"https:\/\/www.aracalma.com\/ca\/wp-json\/wp\/v2\/pages\/4983\/revisions"}],"predecessor-version":[{"id":6778,"href":"https:\/\/www.aracalma.com\/ca\/wp-json\/wp\/v2\/pages\/4983\/revisions\/6778"}],"wp:attachment":[{"href":"https:\/\/www.aracalma.com\/ca\/wp-json\/wp\/v2\/media?parent=4983"}],"curies":[{"name":"wp","href":"https:\/\/api.w.org\/{rel}","templated":true}]}}