{"id":2854,"date":"2023-05-18T09:39:37","date_gmt":"2023-05-18T09:39:37","guid":{"rendered":"https:\/\/www.aracalma.com\/politica-de-privacidad\/"},"modified":"2024-12-11T11:52:57","modified_gmt":"2024-12-11T11:52:57","slug":"politica-de-privacidad","status":"publish","type":"page","link":"https:\/\/www.aracalma.com\/ca\/politica-de-privacidad\/","title":{"rendered":"Pol\u00edtica de privacitat"},"content":{"rendered":"\t\t<div data-elementor-type=\"wp-post\" data-elementor-id=\"2854\" class=\"elementor elementor-2854 elementor-989\">\n\t\t\t\t\t\t<section class=\"elementor-section elementor-top-section elementor-element elementor-element-4280737 elementor-section-height-min-height elementor-section-boxed elementor-section-height-default elementor-section-items-middle\" data-id=\"4280737\" data-element_type=\"section\" data-settings=\"{&quot;background_background&quot;:&quot;classic&quot;}\">\n\t\t\t\t\t\t\t<div class=\"elementor-background-overlay\"><\/div>\n\t\t\t\t\t\t\t<div class=\"elementor-container elementor-column-gap-no\">\n\t\t\t\t\t<div class=\"elementor-column elementor-col-100 elementor-top-column elementor-element elementor-element-66e465d\" data-id=\"66e465d\" data-element_type=\"column\">\n\t\t\t<div class=\"elementor-widget-wrap elementor-element-populated\">\n\t\t\t\t\t\t<div class=\"elementor-element elementor-element-f6c139e elementor-widget elementor-widget-heading\" data-id=\"f6c139e\" data-element_type=\"widget\" data-widget_type=\"heading.default\">\n\t\t\t\t<div class=\"elementor-widget-container\">\n\t\t\t\t\t<h1 class=\"elementor-heading-title elementor-size-default\">Pol\u00edtica de privadesa<\/h1>\t\t\t\t<\/div>\n\t\t\t\t<\/div>\n\t\t\t\t\t<\/div>\n\t\t<\/div>\n\t\t\t\t\t<\/div>\n\t\t<\/section>\n\t\t<div class=\"elementor-element elementor-element-cf9a2cd e-flex e-con-boxed e-con e-parent\" data-id=\"cf9a2cd\" data-element_type=\"container\">\n\t\t\t\t\t<div class=\"e-con-inner\">\n\t\t\t\t<div class=\"elementor-element elementor-element-f4026fc elementor-widget elementor-widget-text-editor\" data-id=\"f4026fc\" data-element_type=\"widget\" data-widget_type=\"text-editor.default\">\n\t\t\t\t<div class=\"elementor-widget-container\">\n\t\t\t\t\t\t\t\t\t<p>\u00a0<\/p><p><strong>POL\u00cdTICA DE PRIVACITAT<\/strong><\/p><p><strong>\u00a0<\/strong>PROTEIMED, S.L.U. (El Responsable) protegeix les dades personals amb el que disposa el Reglament (UE) 2016\/679, de 27 d&#8217;abril (GDPR), i la Llei Org\u00e0nica 3\/2018, de 5 de desembre (LOPDGDD).<\/p><p><strong>\u00a0<\/strong>D&#8217; acord amb la normativa en vigor sobre tractament de dades, l&#8217; informem de les dades del Responsable de les dades:<\/p><p><u>\u00a0<\/u><u>Denominaci\u00f3 social<\/u>: PROTEIMED, S.L.U.<\/p><p><u>NIF<\/u>: B64643513<\/p><p><u>Nom de domini<\/u>: www.aracalma.com<\/p><p><u>Direcci\u00f3: <\/u>Dr. Fleming 38 local08800 VILANOVA I LA GELTR\u00da.<\/p><p><u>Correu electr\u00f2nic: <\/u>direccio@aracalma.com<\/p><p>DADES RECOLLIDES EN FORMULARI DE CONTACTE<\/p><table><tbody><tr><td width=\"279\">Finalitat<\/td><td width=\"279\">Remetre a l&#8217; usuari informaci\u00f3 que puguin ser del seu inter\u00e8s en l&#8217; adre\u00e7a proporcionada.<\/td><\/tr><tr><td width=\"279\">Legitimaci\u00f3 per al tractament<\/td><td width=\"279\">Consentiment de l&#8217; usuari<\/td><\/tr><tr><td width=\"279\">Criteris de conservaci\u00f3<\/td><td width=\"279\">Les seves dades seran cancel\u00b7lades en el moment en qu\u00e8 Ud. ens retiri el consentiment, es conservaran durant el termini de 3 anys per respondre de possibles reclamacions i\/o en el moment en qu\u00e8 sol\u00b7liciti la supressi\u00f3, despr\u00e9s d&#8217;oposar-se al tractament, seran destru\u00efts.<\/td><\/tr><tr><td width=\"279\">Comunicaci\u00f3 de dades<\/td><td width=\"279\">No se cediran, llevat que la llei ens obligui o sigui necessari per a l&#8217; operativitat del servei<\/td><\/tr><tr><td width=\"279\">Drets de l&#8217; usuari<\/td><td width=\"279\"><p>Drets d&#8217;acc\u00e9s, rectificaci\u00f3, supressi\u00f3, portabilitat i la limitaci\u00f3 o oposici\u00f3 al seu tractament, aix\u00ed com sol\u00b7licitar m\u00e9s informaci\u00f3 sobre el tractament de les seves dades.<\/p><p>Dret a presentar una reclamaci\u00f3 davant l&#8217; Ag\u00e8ncia espanyola de Protecci\u00f3 de Dades.<\/p><p>\u00a0<\/p><\/td><\/tr><tr><td width=\"279\">Dades de contacte per exercir els drets de l&#8217; usuari<\/td><td width=\"279\"><p>direccio@aracalma.com<\/p><p>\u00a0<\/p><\/td><\/tr><\/tbody><\/table><p>DADES RECOLLIDES EN FORMULARI DE CONTACTE AMB ACCEPTACI\u00d3 DE REBRE COMUNICACIONS COMERCIALS<\/p><table><tbody><tr><td width=\"279\">Finalitat<\/td><td width=\"279\"><p>Remetre a l&#8217; usuari informaci\u00f3 que puguin ser del seu inter\u00e8s en l&#8217; adre\u00e7a proporcionada, aix\u00ed com per gestionar la possible relaci\u00f3 comercial.<\/p><p>\u00a0<\/p><\/td><\/tr><tr><td width=\"279\">Legitimaci\u00f3 per al tractament<\/td><td width=\"279\">Consentiment de l&#8217; usuari<\/td><\/tr><tr><td width=\"279\">Criteris de conservaci\u00f3<\/td><td width=\"279\">Les seves dades seran cancel\u00b7lades en el moment en qu\u00e8 Ud. ens retiri el consentiment, es conservaran durant el termini de 3 anys per respondre de possibles reclamacions i\/o en el moment en qu\u00e8 sol\u00b7liciti la supressi\u00f3, despr\u00e9s d&#8217;oposar-se al tractament, seran destru\u00efts.<\/td><\/tr><tr><td width=\"279\">Comunicaci\u00f3 de dades<\/td><td width=\"279\">No se cediran llevat que la llei ens obligui o sigui necessari per a l&#8217; operativitat del servei<\/td><\/tr><tr><td width=\"279\">Drets de l&#8217; usuari<\/td><td width=\"279\"><p>Drets d&#8217;acc\u00e9s, rectificaci\u00f3, supressi\u00f3, portabilitat i la limitaci\u00f3 o oposici\u00f3 al seu tractament, aix\u00ed com sol\u00b7licitar m\u00e9s informaci\u00f3 sobre el tractament de les seves dades.<\/p><p>Dret a presentar una reclamaci\u00f3 davant l&#8217; Ag\u00e8ncia espanyola de Protecci\u00f3 de Dades.<\/p><p>\u00a0<\/p><\/td><\/tr><tr><td width=\"279\">Dades de contacte per exercir els drets de l&#8217; usuari<\/td><td width=\"279\"><p>direccio@aracalma.com<\/p><p>\u00a0<\/p><\/td><\/tr><\/tbody><\/table><p>DADES RECOLLIDES EN FORMULARI DE SUBSCRIPCI\u00d3 A NEWSLETTER<\/p><table><tbody><tr><td width=\"279\">Finalitat<\/td><td width=\"279\">Gesti\u00f3 newsletter<\/td><\/tr><tr><td width=\"279\">Legitimaci\u00f3 per al tractament<\/td><td width=\"279\">Consentiment de l&#8217; usuari<\/td><\/tr><tr><td width=\"279\">Criteris de conservaci\u00f3<\/td><td width=\"279\">Les seves dades seran cancel\u00b7lades en el moment en qu\u00e8 Ud. ens retiri el consentiment, es conservaran durant el termini de 3 anys per respondre de possibles reclamacions i\/o en el moment en qu\u00e8 sol\u00b7liciti la supressi\u00f3, despr\u00e9s d&#8217;oposar-se al tractament, seran destru\u00efts.<\/td><\/tr><tr><td width=\"279\">Comunicaci\u00f3 de dades<\/td><td width=\"279\">No se cediran llevat que la llei ens obligui o sigui necessari per a l&#8217; operativitat del servei<\/td><\/tr><tr><td width=\"279\">Drets de l&#8217; usuari<\/td><td width=\"279\"><p>Drets d&#8217;acc\u00e9s, rectificaci\u00f3, supressi\u00f3, portabilitat i la limitaci\u00f3 o oposici\u00f3 al seu tractament, aix\u00ed com sol\u00b7licitar m\u00e9s informaci\u00f3 sobre el tractament de les seves dades.<\/p><p>Dret a presentar una reclamaci\u00f3 davant l&#8217; Ag\u00e8ncia espanyola de Protecci\u00f3 de Dades.<\/p><p>\u00a0<\/p><\/td><\/tr><tr><td width=\"279\">Dades de contacte per exercir els drets de l&#8217; usuari<\/td><td width=\"279\"><p>direccio@aracalma.com<\/p><p>\u00a0<\/p><\/td><\/tr><\/tbody><\/table><p><strong>No es realitzen transfer\u00e8ncies internacionals de dades.<\/strong><\/p><p><strong>\u00a0<\/strong><strong>Menors d&#8217; edat.<\/strong><\/p><p>Per a l&#8217; \u00fas dels serveis, els menors d&#8217; edat han d&#8217; obtenir sempre pr\u00e8viament el consentiment dels pares, tutors o representants legals, responsables \u00faltims de tots els actes realitzats pels menors al seu c\u00e0rrec. Qui facilita les dades a trav\u00e9s dels formularis d&#8217;aquesta web i accepta el seu tractament declara ser major de 14 anys, quedant prohibit l&#8217;acc\u00e9s i \u00fas del portal a menors d&#8217;aquesta edat.<\/p><p><strong>Actualitzaci\u00f3 de dades<\/strong><\/p><p>L&#8217;usuari garanteix que les dades personals facilitades s\u00f3n veraces garantint que tota la informaci\u00f3 facilitada correspon amb la situaci\u00f3 real, que est\u00e0 actualitzada i \u00e9s exacta, quedant obligat a comunicar qualsevol modificaci\u00f3.<\/p><p><strong>Dades de Tercers<\/strong><\/p><p>Si l&#8217;usuari facilita dades de terceres persones garanteix que ha obtingut aquestes dades de forma l\u00edcita, que ha informat pr\u00e8viament els afectats, obtenint el seu consentiment per comunicar-les i que la informaci\u00f3 facilitada \u00e9s exacta i vera\u00e7.<\/p><p><strong>CONTACTE<\/strong><\/p><p><strong>CL\u00c0USULA CONSENTIMENT FORMULARI CONTACTE WEB<\/strong><\/p><ul><li>He llegit i accepto la pol\u00edtica de privacitat.<\/li><li>Accepto rebre publicitat i\/o informaci\u00f3 promocional.<\/li><\/ul><table><tbody><tr><td width=\"176\">Ra\u00f3 Social<\/td><td width=\"325\">PROTEIMED, S.L.U.<\/td><\/tr><tr><td width=\"176\">Finalitat<\/td><td width=\"325\"><p>Prestaci\u00f3 servei.<\/p><p>Tramesa comunicacions comercials.<\/p><\/td><\/tr><tr><td width=\"176\">Legitimaci\u00f3<\/td><td width=\"325\">Consentiment.<\/td><\/tr><tr><td width=\"176\">Destinataris<\/td><td width=\"325\">Les seves dades no seran cedits llevat d&#8217; obligaci\u00f3 legal o sigui necessari per a l&#8217; operativitat del servei<\/td><\/tr><tr><td width=\"176\">Drets<\/td><td width=\"325\"><p>Pot exercir els seus drets en direccio@aracalma.com<\/p><p>\u00a0<\/p><\/td><\/tr><tr><td width=\"176\">M\u00e9s informaci\u00f3<\/td><td width=\"325\">Pol\u00edtica de privacitat.<\/td><\/tr><\/tbody><\/table><p><strong>\u00a0<\/strong><strong>CL\u00c0USULA CONSENTIMENT NEWSLETTER<\/strong><\/p><ul><li>He llegit i accepto la pol\u00edtica de privacitat.<\/li><li>Accepto rebre Newsletters<\/li><\/ul><table><tbody><tr><td width=\"130\">Ra\u00f3 Social<\/td><td width=\"302\">PROTEIMED, S.L.U.<\/td><\/tr><tr><td width=\"130\">Finalitat<\/td><td width=\"302\">Enviament Newsletter.<\/td><\/tr><tr><td width=\"130\">Legitimaci\u00f3<\/td><td width=\"302\">Prestaci\u00f3 servei. Consentiment.<\/td><\/tr><tr><td width=\"130\">Destinataris<\/td><td width=\"302\">Les seves dades no seran cedits llevat d&#8217; obligaci\u00f3 legal o sigui necessari per a l&#8217; operativitat del servei<\/td><\/tr><tr><td width=\"130\">Drets<\/td><td width=\"302\"><p>Pot exercir els seus drets en direccio@aracalma.com<\/p><p>\u00a0<\/p><\/td><\/tr><tr><td width=\"130\">M\u00e9s informaci\u00f3<\/td><td width=\"302\">Pol\u00edtica de privacitat.<\/td><\/tr><\/tbody><\/table><p>POLITICA DE XARXES SOCIALS<\/p><ol><li><strong> INFORMACI\u00d3 A L&#8217;USUARI<\/strong><\/li><\/ol><p>Qui \u00e9s el responsable del tractament de les teves dades personals?<\/p><p>PROTEIMED, S.L.U. en endavant, RESPONSABLE, informa l&#8217;USUARI que ha procedit a crear un perfil a les Xarxes Socials Facebook, Instagram, Twitter, LinkedIn, Youtube, Vimeo i Google \u00a0disposat en el Reglament (UE) 2016\/679, de 27 d&#8217;abril (GDPR), i la Llei Org\u00e0nica 3\/2018, de 5 de desembre (LOPDGDD), per la qual cosa se li facilita la seg\u00fcent informaci\u00f3 del tractament:<\/p><p>Per a qu\u00e8 tractem les teves dades personals?<\/p><p>Fi del tractament: mantenir una relaci\u00f3 entre l&#8217; USUARI i el RESPONSABLE que pot incloure les seg\u00fcents operacions:<\/p><ul><li>Tramitar sol\u00b7licituds i consultes plantejades al responsable<\/li><li>Informar sobre activitats i esdeveniments organitzats pel responsable<\/li><li>Informar sobre productes o serveis oferts pel responsable<\/li><li>Interactuar a trav\u00e9s dels perfils oficials<\/li><\/ul><p>Per quin motiu podem tractar les teves dades personals?<\/p><p>Base jur\u00eddica del tractament: article 6.1.a GDPR, l&#8217; interessat ha donat el seu consentiment per al tractament de les seves dades personals per a un o diversos fins espec\u00edfics. L&#8217;USUARI disposa d&#8217;un perfil a la mateixa xarxa social i ha decidit unir-se a la xarxa social del RESPONSABLE mostrant aix\u00ed inter\u00e8s en la informaci\u00f3 que s&#8217;hi publiqui, per tant, en el moment de sol\u00b7licitar seguir els nostres perfils oficials, ens facilita el seu consentiment per al tractament d&#8217;aquelles dades personals publicades en el seu perfil.<\/p><p>L&#8217;USUARI pot accedir en tot moment a les pol\u00edtiques de privacitat de la pr\u00f2pia xarxa social, aix\u00ed com configurar el seu perfil per garantir la seva privacitat.<\/p><p>El RESPONSABLE t\u00e9 acc\u00e9s i tracta aquella informaci\u00f3 p\u00fablica de l&#8217; USUARI, en especial, el seu nom de contacte. Aquestes dades nom\u00e9s s\u00f3n utilitzades dins de la pr\u00f2pia xarxa social i \u00fanicament s&#8217; incorporaran a un fitxer del RESPONSABLE quan sigui necessari per tramitar la petici\u00f3 de l&#8217; USUARI.<\/p><p>Durant quant temps guardarem les teves dades personals?<\/p><p>Criteris de conservaci\u00f3 de les dades: es conservaran mentre l&#8217; USUARI no revoqui el consentiment prestat tal com s&#8217; indica en aquesta pol\u00edtica de privacitat.<\/p><p>A qui facilitem les teves dades personals?<\/p><p>Comunicaci\u00f3 de les dades: la informaci\u00f3 facilitada per l&#8217; USUARI a trav\u00e9s de les xarxes socials del RESPONSABLE, incloses les seves dades personals, pot ser publicada, sempre en funci\u00f3 dels serveis que l&#8217; USUARI utilitzi, per la qual cosa podr\u00e0 quedar a disposici\u00f3 p\u00fablica d&#8217; altres tercers usuaris de les xarxes socials. Des del perfil de cada xarxa social, l&#8217;USUARI pot configurar quina informaci\u00f3 vol fer p\u00fablica en cada cas, veure els permisos que s&#8217;han concedit, eliminar-los o desactivar-los, com qualsevol aplicaci\u00f3 d&#8217;un tercer que ja no es vol utilitzar.<\/p><p>No est\u00e0 prevista cap comunicaci\u00f3 de dades personals a tercers fora de la xarxa social llevat, si fos imprescindible per al desenvolupament i execuci\u00f3 de les finalitats del tractament, als nostres prove\u00efdors de serveis relacionats amb comunicacions, amb els quals el RESPONSABLE t\u00e9 subscrits els contractes de confidencialitat i d&#8217; encarregat de tractament exigits per la normativa vigent de privacitat.<\/p><p>Quins s\u00f3n els teus drets?<\/p><p>Drets que assisteixen a l&#8217; USUARI: nom\u00e9s podran satisfer-se en relaci\u00f3 a aquella informaci\u00f3 que es trobi sota el control del RESPONSABLE.<\/p><ul><li>Dret a retirar el consentiment en qualsevol moment<\/li><li>Dret d&#8217; acc\u00e9s, rectificaci\u00f3, portabilitat i supressi\u00f3 de les seves dades, i de limitaci\u00f3 o oposici\u00f3 al seu tractament<\/li><li>Dret a presentar una reclamaci\u00f3 davant l&#8217;autoritat de control (www.aepd.es) si considera que el tractament no s&#8217;ajusta a la normativa vigent<\/li><\/ul><p>Dades de contacte per exercir els seus drets:<\/p><p><u>\u00a0<\/u>Denominaci\u00f3 social: PROTEIMED, S.L.U.<\/p><p>NIF: B64643513<\/p><p>Direcci\u00f3: Dr. Fleming 38 local08800 VILANOVA I LA GELTR\u00da.<\/p><p>Correu electr\u00f2nic: direccio@aracalma.com<\/p><p>\u00a0 \u00a0 \u00a0 \u00a0 \u00a0 2. <strong>UTILITZACI\u00d3 DEL PERFIL<\/strong><\/p><p>El RESPONSABLE realitzar\u00e0 les seg\u00fcents actuacions:<\/p><ul><li>Acc\u00e9s a la informaci\u00f3 p\u00fablica del perfil<\/li><li>Publicaci\u00f3 al perfil de l&#8217;USUARI de tota aquella informaci\u00f3 ja publicada a la xarxa social del RESPONSABLE<\/li><li>Enviar missatges personals i individuals a trav\u00e9s dels canals de la xarxa social<\/li><li>Actualitzacions de l&#8217;estat de la p\u00e0gina que es publicaran al perfil de l&#8217;USUARI<\/li><\/ul><p>L&#8217;USUARI sempre pot controlar les seves connexions, eliminar els continguts que deixin d&#8217;interessar-lo i restringir amb qui comparteix les seves connexions; per a aix\u00f2 haur\u00e0 d&#8217; accedir a la seva configuraci\u00f3 de privacitat.<\/p><ol start=\"3\"><li><strong>PUBLICACIONS<\/strong><\/li><\/ol><p>L&#8217;USUARI, un cop sigui seguidor o s&#8217;hagi unit a la xarxa social del RESPONSABLE, podr\u00e0 publicar en aquest comentaris, enlla\u00e7os, imatges, fotografies o qualsevol altre tipus de contingut multim\u00e8dia suportat per aquesta. L&#8217;USUARI, en tots els casos, ha de ser el titular del contingut publicat, gaudir dels drets d&#8217;autor i de propietat intel\u00b7lectual o comptar amb el consentiment dels tercers afectats.<\/p><p>Es prohibeix expressament qualsevol publicaci\u00f3 a la xarxa social, ja siguin textos, gr\u00e0fics, fotografies, v\u00eddeos, etc. que atemptin o siguin susceptibles d&#8217;atemptar contra la moral, l&#8217;\u00e8tica, el bon gust o el dec\u00f2rum, i\/o que infringeixin, violin o trenquin els drets de propietat intel\u00b7lectual o industrial, el dret a la imatge o la Llei.<\/p><p>En aquests casos, el RESPONSABLE es reserva el dret a retirar immediatament el contingut, sense comunicaci\u00f3 pr\u00e8via, podent sol\u00b7licitar el bloqueig permanent de l&#8217;USUARI.<\/p><p>El RESPONSABLE no es far\u00e0 responsable dels continguts que lliurement ha publicat un USUARI.<\/p><p>L&#8217;USUARI ha de tenir present que les seves publicacions seran conegudes per altres usuaris, per la qual cosa ell mateix \u00e9s el principal responsable de la seva privacitat.<\/p><p>Les imatges que puguin publicar-se a la xarxa social no seran emmagatzemades en cap fitxer per part del RESPONSABLE, per\u00f2 s\u00ed que romandran a la xarxa social.<\/p><ol start=\"4\"><li><strong>DADES DE MENORS D&#8217;EDAT O PERSONES AMB CAPACITATS ESPECIALS<\/strong><\/li><\/ol><p>L&#8217;acc\u00e9s i registre a trav\u00e9s de les xarxes socials del RESPONSABLE est\u00e0 prohibit a menors de 14 anys. Per la seva banda, si l&#8217; USUARI t\u00e9 capacitats especials, ser\u00e0 necess\u00e0ria la intervenci\u00f3 del titular de la seva p\u00e0tria potestat o tutela, o del seu representant legal mitjan\u00e7ant document v\u00e0lid que acrediti la representaci\u00f3.<\/p><p>El RESPONSABLE quedar\u00e0 expressament exonerat de qualsevol responsabilitat que pogu\u00e9s derivar-se de l&#8217; \u00fas de les xarxes socials per part de menors o persones amb capacitats especials. Les xarxes socials del RESPONSABLE no recullen conscientment cap informaci\u00f3 personal de menors d&#8217;edat, per aix\u00f2, si l&#8217;USUARI \u00e9s menor d&#8217;edat, no s&#8217;ha de registrar, ni utilitzar les xarxes socials del RESPONSABLE ni tampoc proporcionar cap informaci\u00f3 personal.<\/p><p>\u00a0<\/p>\t\t\t\t\t\t\t\t<\/div>\n\t\t\t\t<\/div>\n\t\t\t\t\t<\/div>\n\t\t\t\t<\/div>\n\t\t\t\t<\/div>\n\t\t","protected":false},"excerpt":{"rendered":"<p>Pol\u00edtica de privadesa \u00a0 POL\u00cdTICA DE PRIVACITAT \u00a0PROTEIMED, S.L.U. (El Responsable) protegeix les dades personals amb el que disposa el Reglament (UE) 2016\/679, de 27 d&#8217;abril (GDPR), i la Llei Org\u00e0nica 3\/2018, de 5 de desembre (LOPDGDD). \u00a0D&#8217; acord amb la normativa en vigor sobre tractament de dades, l&#8217; informem de les dades del Responsable [&hellip;]<\/p>\n","protected":false},"author":2,"featured_media":0,"parent":0,"menu_order":0,"comment_status":"closed","ping_status":"closed","template":"","meta":{"site-sidebar-layout":"default","site-content-layout":"page-builder","ast-site-content-layout":"full-width-container","site-content-style":"unboxed","site-sidebar-style":"unboxed","ast-global-header-display":"","ast-banner-title-visibility":"","ast-main-header-display":"","ast-hfb-above-header-display":"","ast-hfb-below-header-display":"","ast-hfb-mobile-header-display":"","site-post-title":"disabled","ast-breadcrumbs-content":"","ast-featured-img":"disabled","footer-sml-layout":"","theme-transparent-header-meta":"","adv-header-id-meta":"","stick-header-meta":"default","header-above-stick-meta":"","header-main-stick-meta":"","header-below-stick-meta":"","astra-migrate-meta-layouts":"set","ast-page-background-enabled":"default","ast-page-background-meta":{"desktop":{"background-color":"","background-image":"","background-repeat":"repeat","background-position":"center center","background-size":"auto","background-attachment":"scroll","background-type":"","background-media":"","overlay-type":"","overlay-color":"","overlay-opacity":"","overlay-gradient":""},"tablet":{"background-color":"","background-image":"","background-repeat":"repeat","background-position":"center center","background-size":"auto","background-attachment":"scroll","background-type":"","background-media":"","overlay-type":"","overlay-color":"","overlay-opacity":"","overlay-gradient":""},"mobile":{"background-color":"","background-image":"","background-repeat":"repeat","background-position":"center center","background-size":"auto","background-attachment":"scroll","background-type":"","background-media":"","overlay-type":"","overlay-color":"","overlay-opacity":"","overlay-gradient":""}},"ast-content-background-meta":{"desktop":{"background-color":"var(--ast-global-color-5)","background-image":"","background-repeat":"repeat","background-position":"center center","background-size":"auto","background-attachment":"scroll","background-type":"","background-media":"","overlay-type":"","overlay-color":"","overlay-opacity":"","overlay-gradient":""},"tablet":{"background-color":"var(--ast-global-color-5)","background-image":"","background-repeat":"repeat","background-position":"center center","background-size":"auto","background-attachment":"scroll","background-type":"","background-media":"","overlay-type":"","overlay-color":"","overlay-opacity":"","overlay-gradient":""},"mobile":{"background-color":"var(--ast-global-color-5)","background-image":"","background-repeat":"repeat","background-position":"center center","background-size":"auto","background-attachment":"scroll","background-type":"","background-media":"","overlay-type":"","overlay-color":"","overlay-opacity":"","overlay-gradient":""}},"footnotes":""},"class_list":["post-2854","page","type-page","status-publish","hentry"],"yoast_head":"<!-- This site is optimized with the Yoast SEO plugin v25.5 - https:\/\/yoast.com\/wordpress\/plugins\/seo\/ -->\n<title>Pol\u00edtica de privacitat - AraCalma Vilanova i la Geltr\u00fa<\/title>\n<meta name=\"robots\" content=\"noindex, follow\" \/>\n<meta property=\"og:locale\" content=\"ca_ES\" \/>\n<meta property=\"og:type\" content=\"article\" \/>\n<meta property=\"og:title\" content=\"Pol\u00edtica de privacitat - AraCalma Vilanova i la Geltr\u00fa\" \/>\n<meta property=\"og:description\" content=\"Pol\u00edtica de privadesa \u00a0 POL\u00cdTICA DE PRIVACITAT \u00a0PROTEIMED, S.L.U. (El Responsable) protegeix les dades personals amb el que disposa el Reglament (UE) 2016\/679, de 27 d&#8217;abril (GDPR), i la Llei Org\u00e0nica 3\/2018, de 5 de desembre (LOPDGDD). \u00a0D&#8217; acord amb la normativa en vigor sobre tractament de dades, l&#8217; informem de les dades del Responsable [&hellip;]\" \/>\n<meta property=\"og:url\" content=\"https:\/\/www.aracalma.com\/ca\/politica-de-privacidad\/\" \/>\n<meta property=\"og:site_name\" content=\"AraCalma Vilanova i la Geltr\u00fa\" \/>\n<meta property=\"article:publisher\" content=\"https:\/\/www.facebook.com\/profile.php?id=100094464087030\" \/>\n<meta property=\"article:modified_time\" content=\"2024-12-11T11:52:57+00:00\" \/>\n<meta name=\"twitter:card\" content=\"summary_large_image\" \/>\n<meta name=\"twitter:label1\" content=\"Temps estimat de lectura\" \/>\n\t<meta name=\"twitter:data1\" content=\"10 minuts\" \/>\n<script type=\"application\/ld+json\" class=\"yoast-schema-graph\">{\"@context\":\"https:\/\/schema.org\",\"@graph\":[{\"@type\":\"WebPage\",\"@id\":\"https:\/\/www.aracalma.com\/ca\/politica-de-privacidad\/\",\"url\":\"https:\/\/www.aracalma.com\/ca\/politica-de-privacidad\/\",\"name\":\"Pol\u00edtica de privacitat - AraCalma Vilanova i la Geltr\u00fa\",\"isPartOf\":{\"@id\":\"https:\/\/www.aracalma.com\/ca\/#website\"},\"datePublished\":\"2023-05-18T09:39:37+00:00\",\"dateModified\":\"2024-12-11T11:52:57+00:00\",\"breadcrumb\":{\"@id\":\"https:\/\/www.aracalma.com\/ca\/politica-de-privacidad\/#breadcrumb\"},\"inLanguage\":\"ca\",\"potentialAction\":[{\"@type\":\"ReadAction\",\"target\":[\"https:\/\/www.aracalma.com\/ca\/politica-de-privacidad\/\"]}]},{\"@type\":\"BreadcrumbList\",\"@id\":\"https:\/\/www.aracalma.com\/ca\/politica-de-privacidad\/#breadcrumb\",\"itemListElement\":[{\"@type\":\"ListItem\",\"position\":1,\"name\":\"Portada\",\"item\":\"https:\/\/www.aracalma.com\/ca\/\"},{\"@type\":\"ListItem\",\"position\":2,\"name\":\"Pol\u00edtica de privacitat\"}]},{\"@type\":\"WebSite\",\"@id\":\"https:\/\/www.aracalma.com\/ca\/#website\",\"url\":\"https:\/\/www.aracalma.com\/ca\/\",\"name\":\"AraCalma Vilanova\",\"description\":\"Espai de Benestar\",\"publisher\":{\"@id\":\"https:\/\/www.aracalma.com\/ca\/#organization\"},\"potentialAction\":[{\"@type\":\"SearchAction\",\"target\":{\"@type\":\"EntryPoint\",\"urlTemplate\":\"https:\/\/www.aracalma.com\/ca\/?s={search_term_string}\"},\"query-input\":{\"@type\":\"PropertyValueSpecification\",\"valueRequired\":true,\"valueName\":\"search_term_string\"}}],\"inLanguage\":\"ca\"},{\"@type\":\"Organization\",\"@id\":\"https:\/\/www.aracalma.com\/ca\/#organization\",\"name\":\"AraCalma Vilanova\",\"url\":\"https:\/\/www.aracalma.com\/ca\/\",\"logo\":{\"@type\":\"ImageObject\",\"inLanguage\":\"ca\",\"@id\":\"https:\/\/www.aracalma.com\/ca\/#\/schema\/logo\/image\/\",\"url\":\"https:\/\/www.aracalma.com\/wp-content\/uploads\/2023\/05\/logo_AraCalma_b_p.png\",\"contentUrl\":\"https:\/\/www.aracalma.com\/wp-content\/uploads\/2023\/05\/logo_AraCalma_b_p.png\",\"width\":250,\"height\":94,\"caption\":\"AraCalma Vilanova\"},\"image\":{\"@id\":\"https:\/\/www.aracalma.com\/ca\/#\/schema\/logo\/image\/\"},\"sameAs\":[\"https:\/\/www.facebook.com\/profile.php?id=100094464087030\",\"https:\/\/www.instagram.com\/aracalmawellness\/\"]}]}<\/script>\n<!-- \/ Yoast SEO plugin. -->","yoast_head_json":{"title":"Pol\u00edtica de privacitat - AraCalma Vilanova i la Geltr\u00fa","robots":{"index":"noindex","follow":"follow"},"og_locale":"ca_ES","og_type":"article","og_title":"Pol\u00edtica de privacitat - AraCalma Vilanova i la Geltr\u00fa","og_description":"Pol\u00edtica de privadesa \u00a0 POL\u00cdTICA DE PRIVACITAT \u00a0PROTEIMED, S.L.U. (El Responsable) protegeix les dades personals amb el que disposa el Reglament (UE) 2016\/679, de 27 d&#8217;abril (GDPR), i la Llei Org\u00e0nica 3\/2018, de 5 de desembre (LOPDGDD). \u00a0D&#8217; acord amb la normativa en vigor sobre tractament de dades, l&#8217; informem de les dades del Responsable [&hellip;]","og_url":"https:\/\/www.aracalma.com\/ca\/politica-de-privacidad\/","og_site_name":"AraCalma Vilanova i la Geltr\u00fa","article_publisher":"https:\/\/www.facebook.com\/profile.php?id=100094464087030","article_modified_time":"2024-12-11T11:52:57+00:00","twitter_card":"summary_large_image","twitter_misc":{"Temps estimat de lectura":"10 minuts"},"schema":{"@context":"https:\/\/schema.org","@graph":[{"@type":"WebPage","@id":"https:\/\/www.aracalma.com\/ca\/politica-de-privacidad\/","url":"https:\/\/www.aracalma.com\/ca\/politica-de-privacidad\/","name":"Pol\u00edtica de privacitat - AraCalma Vilanova i la Geltr\u00fa","isPartOf":{"@id":"https:\/\/www.aracalma.com\/ca\/#website"},"datePublished":"2023-05-18T09:39:37+00:00","dateModified":"2024-12-11T11:52:57+00:00","breadcrumb":{"@id":"https:\/\/www.aracalma.com\/ca\/politica-de-privacidad\/#breadcrumb"},"inLanguage":"ca","potentialAction":[{"@type":"ReadAction","target":["https:\/\/www.aracalma.com\/ca\/politica-de-privacidad\/"]}]},{"@type":"BreadcrumbList","@id":"https:\/\/www.aracalma.com\/ca\/politica-de-privacidad\/#breadcrumb","itemListElement":[{"@type":"ListItem","position":1,"name":"Portada","item":"https:\/\/www.aracalma.com\/ca\/"},{"@type":"ListItem","position":2,"name":"Pol\u00edtica de privacitat"}]},{"@type":"WebSite","@id":"https:\/\/www.aracalma.com\/ca\/#website","url":"https:\/\/www.aracalma.com\/ca\/","name":"AraCalma Vilanova","description":"Espai de Benestar","publisher":{"@id":"https:\/\/www.aracalma.com\/ca\/#organization"},"potentialAction":[{"@type":"SearchAction","target":{"@type":"EntryPoint","urlTemplate":"https:\/\/www.aracalma.com\/ca\/?s={search_term_string}"},"query-input":{"@type":"PropertyValueSpecification","valueRequired":true,"valueName":"search_term_string"}}],"inLanguage":"ca"},{"@type":"Organization","@id":"https:\/\/www.aracalma.com\/ca\/#organization","name":"AraCalma Vilanova","url":"https:\/\/www.aracalma.com\/ca\/","logo":{"@type":"ImageObject","inLanguage":"ca","@id":"https:\/\/www.aracalma.com\/ca\/#\/schema\/logo\/image\/","url":"https:\/\/www.aracalma.com\/wp-content\/uploads\/2023\/05\/logo_AraCalma_b_p.png","contentUrl":"https:\/\/www.aracalma.com\/wp-content\/uploads\/2023\/05\/logo_AraCalma_b_p.png","width":250,"height":94,"caption":"AraCalma Vilanova"},"image":{"@id":"https:\/\/www.aracalma.com\/ca\/#\/schema\/logo\/image\/"},"sameAs":["https:\/\/www.facebook.com\/profile.php?id=100094464087030","https:\/\/www.instagram.com\/aracalmawellness\/"]}]}},"_links":{"self":[{"href":"https:\/\/www.aracalma.com\/ca\/wp-json\/wp\/v2\/pages\/2854","targetHints":{"allow":["GET"]}}],"collection":[{"href":"https:\/\/www.aracalma.com\/ca\/wp-json\/wp\/v2\/pages"}],"about":[{"href":"https:\/\/www.aracalma.com\/ca\/wp-json\/wp\/v2\/types\/page"}],"author":[{"embeddable":true,"href":"https:\/\/www.aracalma.com\/ca\/wp-json\/wp\/v2\/users\/2"}],"replies":[{"embeddable":true,"href":"https:\/\/www.aracalma.com\/ca\/wp-json\/wp\/v2\/comments?post=2854"}],"version-history":[{"count":4,"href":"https:\/\/www.aracalma.com\/ca\/wp-json\/wp\/v2\/pages\/2854\/revisions"}],"predecessor-version":[{"id":4924,"href":"https:\/\/www.aracalma.com\/ca\/wp-json\/wp\/v2\/pages\/2854\/revisions\/4924"}],"wp:attachment":[{"href":"https:\/\/www.aracalma.com\/ca\/wp-json\/wp\/v2\/media?parent=2854"}],"curies":[{"name":"wp","href":"https:\/\/api.w.org\/{rel}","templated":true}]}}