{"id":2849,"date":"2023-05-18T09:52:31","date_gmt":"2023-05-18T09:52:31","guid":{"rendered":"https:\/\/www.aracalma.com\/politica-de-cancelacion-y-reservas\/"},"modified":"2026-03-02T10:46:05","modified_gmt":"2026-03-02T10:46:05","slug":"politica-de-cancellacio-i-reserves","status":"publish","type":"page","link":"https:\/\/www.aracalma.com\/ca\/politica-de-cancellacio-i-reserves\/","title":{"rendered":"Pol\u00edtica de cancel\u00b7laci\u00f3 i reserves"},"content":{"rendered":"\t\t<div data-elementor-type=\"wp-post\" data-elementor-id=\"2849\" class=\"elementor elementor-2849 elementor-994\">\n\t\t\t\t\t\t<section class=\"elementor-section elementor-top-section elementor-element elementor-element-4280737 elementor-section-height-min-height elementor-section-boxed elementor-section-height-default elementor-section-items-middle\" data-id=\"4280737\" data-element_type=\"section\" data-settings=\"{&quot;background_background&quot;:&quot;classic&quot;}\">\n\t\t\t\t\t\t\t<div class=\"elementor-background-overlay\"><\/div>\n\t\t\t\t\t\t\t<div class=\"elementor-container elementor-column-gap-no\">\n\t\t\t\t\t<div class=\"elementor-column elementor-col-100 elementor-top-column elementor-element elementor-element-66e465d\" data-id=\"66e465d\" data-element_type=\"column\">\n\t\t\t<div class=\"elementor-widget-wrap elementor-element-populated\">\n\t\t\t\t\t\t<div class=\"elementor-element elementor-element-f6c139e elementor-widget elementor-widget-heading\" data-id=\"f6c139e\" data-element_type=\"widget\" data-widget_type=\"heading.default\">\n\t\t\t\t<div class=\"elementor-widget-container\">\n\t\t\t\t\t<h1 class=\"elementor-heading-title elementor-size-default\">Pol\u00edtica de cancel\u00b7laci\u00f3 i reserves<\/h1>\t\t\t\t<\/div>\n\t\t\t\t<\/div>\n\t\t\t\t\t<\/div>\n\t\t<\/div>\n\t\t\t\t\t<\/div>\n\t\t<\/section>\n\t\t<div class=\"elementor-element elementor-element-04b89cb e-flex e-con-boxed e-con e-parent\" data-id=\"04b89cb\" data-element_type=\"container\">\n\t\t\t\t\t<div class=\"e-con-inner\">\n\t\t\t\t<div class=\"elementor-element elementor-element-b97a64a elementor-widget elementor-widget-heading\" data-id=\"b97a64a\" data-element_type=\"widget\" data-widget_type=\"heading.default\">\n\t\t\t\t<div class=\"elementor-widget-container\">\n\t\t\t\t\t<h2 class=\"elementor-heading-title elementor-size-default\">Pol\u00edtica de Cancel\u00b7laci\u00f3<\/h2>\t\t\t\t<\/div>\n\t\t\t\t<\/div>\n\t\t\t\t<div class=\"elementor-element elementor-element-8c30d3b elementor-widget elementor-widget-text-editor\" data-id=\"8c30d3b\" data-element_type=\"widget\" data-widget_type=\"text-editor.default\">\n\t\t\t\t<div class=\"elementor-widget-container\">\n\t\t\t\t\t\t\t\t\t<p>Per evitar un c\u00e0rrec del 50% del servei, preguem fer la cancel\u00b7laci\u00f3 24h abans de la cita programada. Cancel\u00b7lacions o faltes d&#8217;assist\u00e8ncia a menys de 12 hores de la cita programada suposaran el 100% del c\u00e0rrec.<\/p><p>Podeu cancel\u00b7lar la vostra reserva enviant un correu electr\u00f2nic a <a href=\"mailto:direccion@aracalma.com\">marketing@aracalma.com<\/a> o trucant al + 34 664 486 879 &#8211; +34 938 101 610<\/p>\t\t\t\t\t\t\t\t<\/div>\n\t\t\t\t<\/div>\n\t\t\t\t<div class=\"elementor-element elementor-element-fcbcbfb elementor-widget elementor-widget-heading\" data-id=\"fcbcbfb\" data-element_type=\"widget\" data-widget_type=\"heading.default\">\n\t\t\t\t<div class=\"elementor-widget-container\">\n\t\t\t\t\t<h3 class=\"elementor-heading-title elementor-size-default\">Contractar un tractament<\/h3>\t\t\t\t<\/div>\n\t\t\t\t<\/div>\n\t\t\t\t<div class=\"elementor-element elementor-element-e5a25ad elementor-widget elementor-widget-text-editor\" data-id=\"e5a25ad\" data-element_type=\"widget\" data-widget_type=\"text-editor.default\">\n\t\t\t\t<div class=\"elementor-widget-container\">\n\t\t\t\t\t\t\t\t\t<p>Per comprar un tractament al nostre site nom\u00e9s ha de triar el tractament o Ritual que vol adquirir, incorporar-lo a la cistella, indicant les dades del destinatari i tramitar la comanda. El pagament es far\u00e0 amb targeta de cr\u00e8dit a trav\u00e9s de la passarel\u00b7la de pagament Redsys.<\/p><p>Per fer la reserva del vostre tractament al centre, ens haureu de trucar per tel\u00e8fon i us oferirem el dia i l&#8217;hora que millor s&#8217;adapti a les vostres necessitats.<\/p><p>Les targetes regal es lliuraran sempre de manera virtual per evitar despeses d&#8217;enviament. Un cop confirmat el pagament de la comanda, s&#8217;envia en un termini m\u00e0xim de 24 hores un bo regal digital en PDF a l&#8217;adre\u00e7a de correu electr\u00f2nic indicada. Aquest bo regal impr\u00e8s, haur\u00e0 de ser lliurat al centre el dia de la seva cita.<\/p>\t\t\t\t\t\t\t\t<\/div>\n\t\t\t\t<\/div>\n\t\t\t\t<div class=\"elementor-element elementor-element-8ce684f elementor-widget elementor-widget-heading\" data-id=\"8ce684f\" data-element_type=\"widget\" data-widget_type=\"heading.default\">\n\t\t\t\t<div class=\"elementor-widget-container\">\n\t\t\t\t\t<h3 class=\"elementor-heading-title elementor-size-default\">Preus<\/h3>\t\t\t\t<\/div>\n\t\t\t\t<\/div>\n\t\t\t\t<div class=\"elementor-element elementor-element-3b042d6 elementor-widget elementor-widget-text-editor\" data-id=\"3b042d6\" data-element_type=\"widget\" data-widget_type=\"text-editor.default\">\n\t\t\t\t<div class=\"elementor-widget-container\">\n\t\t\t\t\t\t\t\t\tAraCalma es reserva el dret de modificar els preus en qualsevol moment. No obstant AraCalma es compromet a aplicar les tarifes en vigor indicades a la web en el moment de la realitzaci\u00f3 de la seva compra.\t\t\t\t\t\t\t\t<\/div>\n\t\t\t\t<\/div>\n\t\t\t\t<div class=\"elementor-element elementor-element-da05382 elementor-widget elementor-widget-heading\" data-id=\"da05382\" data-element_type=\"widget\" data-widget_type=\"heading.default\">\n\t\t\t\t<div class=\"elementor-widget-container\">\n\t\t\t\t\t<h3 class=\"elementor-heading-title elementor-size-default\">Facturaci\u00f3<\/h3>\t\t\t\t<\/div>\n\t\t\t\t<\/div>\n\t\t\t\t<div class=\"elementor-element elementor-element-292e96c elementor-widget elementor-widget-text-editor\" data-id=\"292e96c\" data-element_type=\"widget\" data-widget_type=\"text-editor.default\">\n\t\t\t\t<div class=\"elementor-widget-container\">\n\t\t\t\t\t\t\t\t\tUn cop rebut el pagament de la comanda, s&#8217;emet i s&#8217;envia al correu electr\u00f2nic indicat el document de c\u00e0rrec corresponent. Si voleu sol\u00b7licitar una factura, ens haureu d&#8217;enviar un e-mail indicant-nos el n\u00famero de bo regal i les vostres dades fiscals.\t\t\t\t\t\t\t\t<\/div>\n\t\t\t\t<\/div>\n\t\t\t\t<div class=\"elementor-element elementor-element-1833560 elementor-widget elementor-widget-heading\" data-id=\"1833560\" data-element_type=\"widget\" data-widget_type=\"heading.default\">\n\t\t\t\t<div class=\"elementor-widget-container\">\n\t\t\t\t\t<h2 class=\"elementor-heading-title elementor-size-default\">Condicions d'\u00fas dels bons regals<\/h2>\t\t\t\t<\/div>\n\t\t\t\t<\/div>\n\t\t\t\t<div class=\"elementor-element elementor-element-fdc26ad elementor-widget elementor-widget-heading\" data-id=\"fdc26ad\" data-element_type=\"widget\" data-widget_type=\"heading.default\">\n\t\t\t\t<div class=\"elementor-widget-container\">\n\t\t\t\t\t<h3 class=\"elementor-heading-title elementor-size-default\">Reserva i condicions de cancel\u00b7laci\u00f3<\/h3>\t\t\t\t<\/div>\n\t\t\t\t<\/div>\n\t\t\t\t<div class=\"elementor-element elementor-element-6306fe1 elementor-widget elementor-widget-text-editor\" data-id=\"6306fe1\" data-element_type=\"widget\" data-widget_type=\"text-editor.default\">\n\t\t\t\t<div class=\"elementor-widget-container\">\n\t\t\t\t\t\t\t\t\t<p>Per utilitzar el seu pack regal, el beneficiari haur\u00e0 de posar-se en contacte amb nosaltres per concertar dia i hora de la seva cita, per tel\u00e8fon al +34 938 101 610 o per correu electr\u00f2nic marketing<a href=\"mailto:direccion@aracalma.com\">@aracalma.com<\/a>.<\/p><p>En el moment de fer la reserva se sol\u00b7licitar\u00e0 la comunicaci\u00f3 del n\u00famero del seu bo regal.<\/p><p>El dia de la cita, el client haur\u00e0 de presentar el pack regal rebut. El pack regal es considera com a mode de pagament. Sense la presentaci\u00f3 d&#8217;aquest pack regal no se&#8217;n podr\u00e0 fer \u00fas i bescanviar aquest pack regal.<\/p><p>Per fer una modificaci\u00f3 o anul\u00b7laci\u00f3 d&#8217;una reserva, s&#8217;avisar\u00e0 amb un m\u00ednim de 24 hores d&#8217;antelaci\u00f3. Si no fos aix\u00ed, el pack regal perdria el seu valor.<\/p><p>Com que els tractaments es reserven especialment per a vost\u00e8, si no pot assistir-hi, cancel\u00b7li la cita com a m\u00ednim 24 hores abans; en cas contrari, el val regal s&#8217;anul\u00b7lar\u00e0.<br \/>Les reserves es poden cancel\u00b7lar si arriba m\u00e9s de 15 minuts tard a la seva cita sense avisar pr\u00e8viament al centre.<\/p><p>\u00a0<\/p>\t\t\t\t\t\t\t\t<\/div>\n\t\t\t\t<\/div>\n\t\t\t\t<div class=\"elementor-element elementor-element-70a4179 elementor-widget elementor-widget-heading\" data-id=\"70a4179\" data-element_type=\"widget\" data-widget_type=\"heading.default\">\n\t\t\t\t<div class=\"elementor-widget-container\">\n\t\t\t\t\t<h3 class=\"elementor-heading-title elementor-size-default\">Validesa del bo regal<\/h3>\t\t\t\t<\/div>\n\t\t\t\t<\/div>\n\t\t\t\t<div class=\"elementor-element elementor-element-6c279f9 elementor-widget elementor-widget-text-editor\" data-id=\"6c279f9\" data-element_type=\"widget\" data-widget_type=\"text-editor.default\">\n\t\t\t\t<div class=\"elementor-widget-container\">\n\t\t\t\t\t\t\t\t\t<p>Els packs regal adquirits a partir del 01 de Gener del 2026 tenen una validesa de 12 mesos des de la data de la compra. Un cop caducat, el pack regal perd el seu valor. Hi ha la possibilitat d&#8217;activar el pack regal abonant la quantitat de 20\u20ac per packs amb un valor inferior a 100\u20ac i de 30\u20ac per packs amb un valor superior a 100\u20ac. Si el pack fa m\u00e9s de 6 mesos de la data de caducitat que est\u00e0 caducat, no ser\u00e0 possible activar ho i el tractament es perdr\u00e0.<\/p><p>No s\u00b4admet reemborsament de pack regal sota cap concepte. No es pot utilitzar o bescanviar els packs regal per la compra d&#8217;altres serveis que els tractaments o Rituals en vigor al nostre establiment.<\/p>\t\t\t\t\t\t\t\t<\/div>\n\t\t\t\t<\/div>\n\t\t\t\t<div class=\"elementor-element elementor-element-07cc0e4 elementor-widget elementor-widget-heading\" data-id=\"07cc0e4\" data-element_type=\"widget\" data-widget_type=\"heading.default\">\n\t\t\t\t<div class=\"elementor-widget-container\">\n\t\t\t\t\t<h3 class=\"elementor-heading-title elementor-size-default\">Import del bo regal<\/h3>\t\t\t\t<\/div>\n\t\t\t\t<\/div>\n\t\t\t\t<div class=\"elementor-element elementor-element-6ac179d elementor-widget elementor-widget-text-editor\" data-id=\"6ac179d\" data-element_type=\"widget\" data-widget_type=\"text-editor.default\">\n\t\t\t\t<div class=\"elementor-widget-container\">\n\t\t\t\t\t\t\t\t\t<p>El pack regal sempre es considera un import en tractaments d&#8217;AraCalma. Si el beneficiari vol modificar o ampliar el tractament o Ritual que consta al seu pack regal, ho pot fer avisant-nos al moment de fer la reserva.<\/p><ul><li>En cas d&#8217;optar per uns tractaments amb valor superior a l&#8217;import del pack regal, caldr\u00e0 abonar la difer\u00e8ncia corresponent el dia de la seva cita.<\/li><li>\u00a0En cas que el beneficiari vulgui canviar el bo regal per un tractament de preu inferior, no es reembolsar\u00e0 la difer\u00e8ncia, ni es podr\u00e0 utilitzar per a altres serveis.<\/li><\/ul>\t\t\t\t\t\t\t\t<\/div>\n\t\t\t\t<\/div>\n\t\t\t\t<div class=\"elementor-element elementor-element-267ddc5 elementor-widget elementor-widget-heading\" data-id=\"267ddc5\" data-element_type=\"widget\" data-widget_type=\"heading.default\">\n\t\t\t\t<div class=\"elementor-widget-container\">\n\t\t\t\t\t<h3 class=\"elementor-heading-title elementor-size-default\">P\u00e8rdua del seu bo regal<\/h3>\t\t\t\t<\/div>\n\t\t\t\t<\/div>\n\t\t\t\t<div class=\"elementor-element elementor-element-dcf8dde elementor-widget elementor-widget-text-editor\" data-id=\"dcf8dde\" data-element_type=\"widget\" data-widget_type=\"text-editor.default\">\n\t\t\t\t<div class=\"elementor-widget-container\">\n\t\t\t\t\t\t\t\t\t<p>El pack regal rebut t\u00e9 un valor. En cas de perdre el pack regal, no es podr\u00e0 emetre un altre pack regal.<\/p><p>El pack regal no \u00e9s REEMBORSABLE.<\/p>\t\t\t\t\t\t\t\t<\/div>\n\t\t\t\t<\/div>\n\t\t\t\t<div class=\"elementor-element elementor-element-ac36f13 elementor-widget elementor-widget-heading\" data-id=\"ac36f13\" data-element_type=\"widget\" data-widget_type=\"heading.default\">\n\t\t\t\t<div class=\"elementor-widget-container\">\n\t\t\t\t\t<h3 class=\"elementor-heading-title elementor-size-default\">Condicions d'\u00fas dels bons regal<\/h3>\t\t\t\t<\/div>\n\t\t\t\t<\/div>\n\t\t\t\t<div class=\"elementor-element elementor-element-ae4ec8a elementor-widget elementor-widget-text-editor\" data-id=\"ae4ec8a\" data-element_type=\"widget\" data-widget_type=\"text-editor.default\">\n\t\t\t\t<div class=\"elementor-widget-container\">\n\t\t\t\t\t\t\t\t\tEls bons s\u00f3n d&#8217;\u00fas exclusivament unipersonal\t\t\t\t\t\t\t\t<\/div>\n\t\t\t\t<\/div>\n\t\t\t\t\t<\/div>\n\t\t\t\t<\/div>\n\t\t\t\t<\/div>\n\t\t","protected":false},"excerpt":{"rendered":"<p>Pol\u00edtica de cancel\u00b7laci\u00f3 i reserves Pol\u00edtica de Cancel\u00b7laci\u00f3 Per evitar un c\u00e0rrec del 50% del servei, preguem fer la cancel\u00b7laci\u00f3 24h abans de la cita programada. Cancel\u00b7lacions o faltes d&#8217;assist\u00e8ncia a menys de 12 hores de la cita programada suposaran el 100% del c\u00e0rrec. Podeu cancel\u00b7lar la vostra reserva enviant un correu electr\u00f2nic a marketing@aracalma.com [&hellip;]<\/p>\n","protected":false},"author":2,"featured_media":0,"parent":0,"menu_order":0,"comment_status":"closed","ping_status":"closed","template":"","meta":{"site-sidebar-layout":"default","site-content-layout":"page-builder","ast-site-content-layout":"full-width-container","site-content-style":"unboxed","site-sidebar-style":"unboxed","ast-global-header-display":"","ast-banner-title-visibility":"","ast-main-header-display":"","ast-hfb-above-header-display":"","ast-hfb-below-header-display":"","ast-hfb-mobile-header-display":"","site-post-title":"disabled","ast-breadcrumbs-content":"","ast-featured-img":"disabled","footer-sml-layout":"","theme-transparent-header-meta":"","adv-header-id-meta":"","stick-header-meta":"default","header-above-stick-meta":"","header-main-stick-meta":"","header-below-stick-meta":"","astra-migrate-meta-layouts":"set","ast-page-background-enabled":"default","ast-page-background-meta":{"desktop":{"background-color":"","background-image":"","background-repeat":"repeat","background-position":"center center","background-size":"auto","background-attachment":"scroll","background-type":"","background-media":"","overlay-type":"","overlay-color":"","overlay-opacity":"","overlay-gradient":""},"tablet":{"background-color":"","background-image":"","background-repeat":"repeat","background-position":"center center","background-size":"auto","background-attachment":"scroll","background-type":"","background-media":"","overlay-type":"","overlay-color":"","overlay-opacity":"","overlay-gradient":""},"mobile":{"background-color":"","background-image":"","background-repeat":"repeat","background-position":"center center","background-size":"auto","background-attachment":"scroll","background-type":"","background-media":"","overlay-type":"","overlay-color":"","overlay-opacity":"","overlay-gradient":""}},"ast-content-background-meta":{"desktop":{"background-color":"var(--ast-global-color-5)","background-image":"","background-repeat":"repeat","background-position":"center center","background-size":"auto","background-attachment":"scroll","background-type":"","background-media":"","overlay-type":"","overlay-color":"","overlay-opacity":"","overlay-gradient":""},"tablet":{"background-color":"var(--ast-global-color-5)","background-image":"","background-repeat":"repeat","background-position":"center center","background-size":"auto","background-attachment":"scroll","background-type":"","background-media":"","overlay-type":"","overlay-color":"","overlay-opacity":"","overlay-gradient":""},"mobile":{"background-color":"var(--ast-global-color-5)","background-image":"","background-repeat":"repeat","background-position":"center center","background-size":"auto","background-attachment":"scroll","background-type":"","background-media":"","overlay-type":"","overlay-color":"","overlay-opacity":"","overlay-gradient":""}},"footnotes":""},"class_list":["post-2849","page","type-page","status-publish","hentry"],"yoast_head":"<!-- This site is optimized with the Yoast SEO plugin v25.5 - https:\/\/yoast.com\/wordpress\/plugins\/seo\/ -->\n<title>Pol\u00edtica de cancel\u00b7laci\u00f3 i reserves - AraCalma Vilanova i la Geltr\u00fa<\/title>\n<meta name=\"robots\" content=\"noindex, follow\" \/>\n<meta property=\"og:locale\" content=\"ca_ES\" \/>\n<meta property=\"og:type\" content=\"article\" \/>\n<meta property=\"og:title\" content=\"Pol\u00edtica de cancel\u00b7laci\u00f3 i reserves - AraCalma Vilanova i la Geltr\u00fa\" \/>\n<meta property=\"og:description\" content=\"Pol\u00edtica de cancel\u00b7laci\u00f3 i reserves Pol\u00edtica de Cancel\u00b7laci\u00f3 Per evitar un c\u00e0rrec del 50% del servei, preguem fer la cancel\u00b7laci\u00f3 24h abans de la cita programada. Cancel\u00b7lacions o faltes d&#8217;assist\u00e8ncia a menys de 12 hores de la cita programada suposaran el 100% del c\u00e0rrec. Podeu cancel\u00b7lar la vostra reserva enviant un correu electr\u00f2nic a marketing@aracalma.com [&hellip;]\" \/>\n<meta property=\"og:url\" content=\"https:\/\/www.aracalma.com\/ca\/politica-de-cancellacio-i-reserves\/\" \/>\n<meta property=\"og:site_name\" content=\"AraCalma Vilanova i la Geltr\u00fa\" \/>\n<meta property=\"article:publisher\" content=\"https:\/\/www.facebook.com\/profile.php?id=100094464087030\" \/>\n<meta property=\"article:modified_time\" content=\"2026-03-02T10:46:05+00:00\" \/>\n<meta name=\"twitter:card\" content=\"summary_large_image\" \/>\n<meta name=\"twitter:label1\" content=\"Temps estimat de lectura\" \/>\n\t<meta name=\"twitter:data1\" content=\"5 minuts\" \/>\n<script type=\"application\/ld+json\" class=\"yoast-schema-graph\">{\"@context\":\"https:\/\/schema.org\",\"@graph\":[{\"@type\":\"WebPage\",\"@id\":\"https:\/\/www.aracalma.com\/ca\/politica-de-cancellacio-i-reserves\/\",\"url\":\"https:\/\/www.aracalma.com\/ca\/politica-de-cancellacio-i-reserves\/\",\"name\":\"Pol\u00edtica de cancel\u00b7laci\u00f3 i reserves - AraCalma Vilanova i la Geltr\u00fa\",\"isPartOf\":{\"@id\":\"https:\/\/www.aracalma.com\/ca\/#website\"},\"datePublished\":\"2023-05-18T09:52:31+00:00\",\"dateModified\":\"2026-03-02T10:46:05+00:00\",\"breadcrumb\":{\"@id\":\"https:\/\/www.aracalma.com\/ca\/politica-de-cancellacio-i-reserves\/#breadcrumb\"},\"inLanguage\":\"ca\",\"potentialAction\":[{\"@type\":\"ReadAction\",\"target\":[\"https:\/\/www.aracalma.com\/ca\/politica-de-cancellacio-i-reserves\/\"]}]},{\"@type\":\"BreadcrumbList\",\"@id\":\"https:\/\/www.aracalma.com\/ca\/politica-de-cancellacio-i-reserves\/#breadcrumb\",\"itemListElement\":[{\"@type\":\"ListItem\",\"position\":1,\"name\":\"Portada\",\"item\":\"https:\/\/www.aracalma.com\/ca\/\"},{\"@type\":\"ListItem\",\"position\":2,\"name\":\"Pol\u00edtica de cancel\u00b7laci\u00f3 i reserves\"}]},{\"@type\":\"WebSite\",\"@id\":\"https:\/\/www.aracalma.com\/ca\/#website\",\"url\":\"https:\/\/www.aracalma.com\/ca\/\",\"name\":\"AraCalma Vilanova\",\"description\":\"Espai de Benestar\",\"publisher\":{\"@id\":\"https:\/\/www.aracalma.com\/ca\/#organization\"},\"potentialAction\":[{\"@type\":\"SearchAction\",\"target\":{\"@type\":\"EntryPoint\",\"urlTemplate\":\"https:\/\/www.aracalma.com\/ca\/?s={search_term_string}\"},\"query-input\":{\"@type\":\"PropertyValueSpecification\",\"valueRequired\":true,\"valueName\":\"search_term_string\"}}],\"inLanguage\":\"ca\"},{\"@type\":\"Organization\",\"@id\":\"https:\/\/www.aracalma.com\/ca\/#organization\",\"name\":\"AraCalma Vilanova\",\"url\":\"https:\/\/www.aracalma.com\/ca\/\",\"logo\":{\"@type\":\"ImageObject\",\"inLanguage\":\"ca\",\"@id\":\"https:\/\/www.aracalma.com\/ca\/#\/schema\/logo\/image\/\",\"url\":\"https:\/\/www.aracalma.com\/wp-content\/uploads\/2023\/05\/logo_AraCalma_b_p.png\",\"contentUrl\":\"https:\/\/www.aracalma.com\/wp-content\/uploads\/2023\/05\/logo_AraCalma_b_p.png\",\"width\":250,\"height\":94,\"caption\":\"AraCalma Vilanova\"},\"image\":{\"@id\":\"https:\/\/www.aracalma.com\/ca\/#\/schema\/logo\/image\/\"},\"sameAs\":[\"https:\/\/www.facebook.com\/profile.php?id=100094464087030\",\"https:\/\/www.instagram.com\/aracalmawellness\/\"]}]}<\/script>\n<!-- \/ Yoast SEO plugin. -->","yoast_head_json":{"title":"Pol\u00edtica de cancel\u00b7laci\u00f3 i reserves - AraCalma Vilanova i la Geltr\u00fa","robots":{"index":"noindex","follow":"follow"},"og_locale":"ca_ES","og_type":"article","og_title":"Pol\u00edtica de cancel\u00b7laci\u00f3 i reserves - AraCalma Vilanova i la Geltr\u00fa","og_description":"Pol\u00edtica de cancel\u00b7laci\u00f3 i reserves Pol\u00edtica de Cancel\u00b7laci\u00f3 Per evitar un c\u00e0rrec del 50% del servei, preguem fer la cancel\u00b7laci\u00f3 24h abans de la cita programada. Cancel\u00b7lacions o faltes d&#8217;assist\u00e8ncia a menys de 12 hores de la cita programada suposaran el 100% del c\u00e0rrec. Podeu cancel\u00b7lar la vostra reserva enviant un correu electr\u00f2nic a marketing@aracalma.com [&hellip;]","og_url":"https:\/\/www.aracalma.com\/ca\/politica-de-cancellacio-i-reserves\/","og_site_name":"AraCalma Vilanova i la Geltr\u00fa","article_publisher":"https:\/\/www.facebook.com\/profile.php?id=100094464087030","article_modified_time":"2026-03-02T10:46:05+00:00","twitter_card":"summary_large_image","twitter_misc":{"Temps estimat de lectura":"5 minuts"},"schema":{"@context":"https:\/\/schema.org","@graph":[{"@type":"WebPage","@id":"https:\/\/www.aracalma.com\/ca\/politica-de-cancellacio-i-reserves\/","url":"https:\/\/www.aracalma.com\/ca\/politica-de-cancellacio-i-reserves\/","name":"Pol\u00edtica de cancel\u00b7laci\u00f3 i reserves - AraCalma Vilanova i la Geltr\u00fa","isPartOf":{"@id":"https:\/\/www.aracalma.com\/ca\/#website"},"datePublished":"2023-05-18T09:52:31+00:00","dateModified":"2026-03-02T10:46:05+00:00","breadcrumb":{"@id":"https:\/\/www.aracalma.com\/ca\/politica-de-cancellacio-i-reserves\/#breadcrumb"},"inLanguage":"ca","potentialAction":[{"@type":"ReadAction","target":["https:\/\/www.aracalma.com\/ca\/politica-de-cancellacio-i-reserves\/"]}]},{"@type":"BreadcrumbList","@id":"https:\/\/www.aracalma.com\/ca\/politica-de-cancellacio-i-reserves\/#breadcrumb","itemListElement":[{"@type":"ListItem","position":1,"name":"Portada","item":"https:\/\/www.aracalma.com\/ca\/"},{"@type":"ListItem","position":2,"name":"Pol\u00edtica de cancel\u00b7laci\u00f3 i reserves"}]},{"@type":"WebSite","@id":"https:\/\/www.aracalma.com\/ca\/#website","url":"https:\/\/www.aracalma.com\/ca\/","name":"AraCalma Vilanova","description":"Espai de Benestar","publisher":{"@id":"https:\/\/www.aracalma.com\/ca\/#organization"},"potentialAction":[{"@type":"SearchAction","target":{"@type":"EntryPoint","urlTemplate":"https:\/\/www.aracalma.com\/ca\/?s={search_term_string}"},"query-input":{"@type":"PropertyValueSpecification","valueRequired":true,"valueName":"search_term_string"}}],"inLanguage":"ca"},{"@type":"Organization","@id":"https:\/\/www.aracalma.com\/ca\/#organization","name":"AraCalma Vilanova","url":"https:\/\/www.aracalma.com\/ca\/","logo":{"@type":"ImageObject","inLanguage":"ca","@id":"https:\/\/www.aracalma.com\/ca\/#\/schema\/logo\/image\/","url":"https:\/\/www.aracalma.com\/wp-content\/uploads\/2023\/05\/logo_AraCalma_b_p.png","contentUrl":"https:\/\/www.aracalma.com\/wp-content\/uploads\/2023\/05\/logo_AraCalma_b_p.png","width":250,"height":94,"caption":"AraCalma Vilanova"},"image":{"@id":"https:\/\/www.aracalma.com\/ca\/#\/schema\/logo\/image\/"},"sameAs":["https:\/\/www.facebook.com\/profile.php?id=100094464087030","https:\/\/www.instagram.com\/aracalmawellness\/"]}]}},"_links":{"self":[{"href":"https:\/\/www.aracalma.com\/ca\/wp-json\/wp\/v2\/pages\/2849","targetHints":{"allow":["GET"]}}],"collection":[{"href":"https:\/\/www.aracalma.com\/ca\/wp-json\/wp\/v2\/pages"}],"about":[{"href":"https:\/\/www.aracalma.com\/ca\/wp-json\/wp\/v2\/types\/page"}],"author":[{"embeddable":true,"href":"https:\/\/www.aracalma.com\/ca\/wp-json\/wp\/v2\/users\/2"}],"replies":[{"embeddable":true,"href":"https:\/\/www.aracalma.com\/ca\/wp-json\/wp\/v2\/comments?post=2849"}],"version-history":[{"count":6,"href":"https:\/\/www.aracalma.com\/ca\/wp-json\/wp\/v2\/pages\/2849\/revisions"}],"predecessor-version":[{"id":6971,"href":"https:\/\/www.aracalma.com\/ca\/wp-json\/wp\/v2\/pages\/2849\/revisions\/6971"}],"wp:attachment":[{"href":"https:\/\/www.aracalma.com\/ca\/wp-json\/wp\/v2\/media?parent=2849"}],"curies":[{"name":"wp","href":"https:\/\/api.w.org\/{rel}","templated":true}]}}