{"id":2844,"date":"2023-05-18T09:30:40","date_gmt":"2023-05-18T09:30:40","guid":{"rendered":"https:\/\/www.aracalma.com\/aviso-legal\/"},"modified":"2026-01-12T16:45:36","modified_gmt":"2026-01-12T16:45:36","slug":"avis-legal","status":"publish","type":"page","link":"https:\/\/www.aracalma.com\/ca\/avis-legal\/","title":{"rendered":"Av\u00eds legal"},"content":{"rendered":"\t\t<div data-elementor-type=\"wp-post\" data-elementor-id=\"2844\" class=\"elementor elementor-2844 elementor-980\">\n\t\t\t\t\t\t<section class=\"elementor-section elementor-top-section elementor-element elementor-element-4280737 elementor-section-height-min-height elementor-section-boxed elementor-section-height-default elementor-section-items-middle\" data-id=\"4280737\" data-element_type=\"section\" data-settings=\"{&quot;background_background&quot;:&quot;classic&quot;}\">\n\t\t\t\t\t\t\t<div class=\"elementor-background-overlay\"><\/div>\n\t\t\t\t\t\t\t<div class=\"elementor-container elementor-column-gap-no\">\n\t\t\t\t\t<div class=\"elementor-column elementor-col-100 elementor-top-column elementor-element elementor-element-66e465d\" data-id=\"66e465d\" data-element_type=\"column\">\n\t\t\t<div class=\"elementor-widget-wrap elementor-element-populated\">\n\t\t\t\t\t\t<div class=\"elementor-element elementor-element-f6c139e elementor-widget elementor-widget-heading\" data-id=\"f6c139e\" data-element_type=\"widget\" data-widget_type=\"heading.default\">\n\t\t\t\t<div class=\"elementor-widget-container\">\n\t\t\t\t\t<h1 class=\"elementor-heading-title elementor-size-default\">Av\u00eds legal<\/h1>\t\t\t\t<\/div>\n\t\t\t\t<\/div>\n\t\t\t\t<div class=\"elementor-element elementor-element-b4df0b2 elementor-widget elementor-widget-heading\" data-id=\"b4df0b2\" data-element_type=\"widget\" data-widget_type=\"heading.default\">\n\t\t\t\t<div class=\"elementor-widget-container\">\n\t\t\t\t\t<h2 class=\"elementor-heading-title elementor-size-default\">Proteimed<\/h2>\t\t\t\t<\/div>\n\t\t\t\t<\/div>\n\t\t\t\t\t<\/div>\n\t\t<\/div>\n\t\t\t\t\t<\/div>\n\t\t<\/section>\n\t\t<div class=\"elementor-element elementor-element-04b89cb e-flex e-con-boxed e-con e-parent\" data-id=\"04b89cb\" data-element_type=\"container\">\n\t\t\t\t\t<div class=\"e-con-inner\">\n\t\t\t\t<div class=\"elementor-element elementor-element-ab098c9 elementor-widget elementor-widget-text-editor\" data-id=\"ab098c9\" data-element_type=\"widget\" data-widget_type=\"text-editor.default\">\n\t\t\t\t<div class=\"elementor-widget-container\">\n\t\t\t\t\t\t\t\t\t<p><strong>AV\u00cdS LEGAL <\/strong><\/p><p>PROTEIMED, S.L.U. (en endavant Responsables o el Prestador) compleix amb els requisits establerts en la normativa actual sobre Protecci\u00f3 de Dades de Car\u00e0cter Personal i Comer\u00e7 Electr\u00f2nic. Amb aquesta finalitat, ha creat el seg\u00fcent Av\u00eds Legal amb el qual pret\u00e9n donar compliment a les obligacions disposades en la Llei 34\/2002, d&#8217;11 de juliol, de Serveis de la Societat de la Informaci\u00f3 i de Comer\u00e7 Electr\u00f2nic (LSSICE), BOE N\u00ba 166, aix\u00ed com informar a tots els usuaris del lloc web respecte a quines s\u00f3n les condicions d&#8217;\u00fas.<\/p><p><strong>\u00a0<\/strong><strong>Informaci\u00f3<\/strong><\/p><p><u>\u00a0<\/u><u>Denominaci\u00f3 social<\/u>: PROTEIMED, S.L.U.<\/p><p><u>NIF<\/u>: B64643513<\/p><p><u>Dades d&#8217; inscripci\u00f3<\/u>: Registre Mercantil de Barcelona Tom 39855, Foli 154, Full B354100<\/p><p><u>Nom de domini<\/u>: <a href=\"http:\/\/www.gestionactiva.es\">www.aracalma.com\u00a0\u00a0 <\/a>\u00a0\u00a0<\/p><p><strong>Dades de contacte<\/strong><\/p><p>Adre\u00e7a: Sagrada Fam\u00edlia 34 08810 Sant Pere de Ribes<\/p><p>Correu electr\u00f2nic: direccio@aracalma.com<\/p><p><strong>Condicions generals d&#8217; \u00fas<\/strong><\/p><p>Tota persona que accedeixi a aquest lloc Web assumeix el paper d&#8217;Usuari, comprometent-se a l&#8217;observan\u00e7a i compliment rigor\u00f3s de les disposicions aqu\u00ed disposades, aix\u00ed com a qualsevol altra disposici\u00f3 legal que fos d&#8217;aplicaci\u00f3.<\/p><p>PROTEIMED, S.L.U. es reserva el dret a modificar qualsevol tipus d&#8217;informaci\u00f3 que pogu\u00e9s apar\u00e8ixer al lloc Web, sense que existeixi obligaci\u00f3 de preavisar o posar en coneixement dels Usuaris aquestes obligacions, entenent-se com a suficient amb la publicaci\u00f3 al seu lloc Web.<\/p><p>L&#8217;usuari accepta plenament i sense reserves les disposicions incloses en aquest Av\u00eds Legal, en la versi\u00f3 publicada per PROTEIMED, S.L.U. en el moment mateix en qu\u00e8 l&#8217;Usuari accedeixi al lloc Web.<\/p><p>El lloc Web pot ser visitat lliurement i l&#8217;Usuari es compromet a utilitzar els seus continguts i serveis de conformitat amb la llei, la moral, els bons costums i el present Av\u00eds Legal. A aquest efecte, l&#8217;Usuari s&#8217;abstindr\u00e0 d&#8217;utilitzar el lloc Web amb finalitats o efectes il\u00b7l\u00edcits, prohibits i lesius dels drets i interessos de tercers.<\/p><p>PROTEIMED, S.L.U. no es responsabilitza dels errors o omissions, dels continguts del lloc Web ni d&#8217;altres continguts als quals es pugui accedir a trav\u00e9s del mateix, ni dels danys derivats de la utilitzaci\u00f3 del lloc Web, ni per qualsevol actuaci\u00f3 realitzada sobre la base de la informaci\u00f3 que s&#8217;hi facilita.<\/p><p>PROTEIMED, S.L.U. ni garanteix l&#8217;abs\u00e8ncia de virus o altres elements lesius, que poguessin causar danys o alteracions en el sistema inform\u00e0tic, en els documents electr\u00f2nics o en els fitxers de l&#8217;usuari del lloc Web; ni respon dels danys i perjudicis que aquests elements poguessin ocasionar a l&#8217;Usuari o tercers.<\/p><p>El lloc Web t\u00e9 car\u00e0cter informatiu, per la qual cosa el seu contingut podr\u00e0 ser modificat, ampliat o suprimit en qualsevol moment, sense previ av\u00eds.<\/p><p>PROTEIMED, S.L.U. es reserva el dret d&#8217;actualitzar els continguts del lloc Web i\/o d&#8217;eliminar-los, aix\u00ed com de limitar i impedir-ne l&#8217;acc\u00e9s, ja sigui temporalment o definitivament, sense pr\u00e8via notificaci\u00f3.<\/p><p><strong>\u00a0<\/strong>El prestador no es fa responsable de la informaci\u00f3 i continguts emmagatzemats, a t\u00edtol enunciatiu, per\u00f2 no limitatiu, en f\u00f2rums, xats, generadors de blogs, comentaris, xarxes socials o qualsevol altre mitj\u00e0 que permeti a tercers publicar continguts de forma independent a la p\u00e0gina web del prestador. No obstant aix\u00f2, i en compliment del que disposa l&#8217; art. ~ ~ ~ 11 i 16 de la LSSI-CE, el prestador es posa a disposici\u00f3 de tots els usuaris, autoritats i forces de seguretat, i col.laborant de forma activa en la retirada o en el seu cas bloqueig de tots aquells continguts que poguessin afectar o contravenir la legislaci\u00f3 nacional,\u00a0 o internacional, drets de tercers o la moral i l&#8217;ordre p\u00fablic. En cas que l&#8217;usuari consideri que existeix al lloc web algun contingut que pogu\u00e9s ser susceptible d&#8217;aquesta classificaci\u00f3, es prega ho notifiqui de forma immediata a l&#8217;administrador del lloc web.<\/p><p><strong>\u00a0<\/strong><strong>Drets de propietat intel\u00b7lectual i industrial:<\/strong><\/p><p>Tots els drets de propietat intel\u00b7lectual i\/o industrial del lloc Web i de tots els seus continguts (textos, imatges, dissenys, creativitats, programari, codi font, fragment d&#8217;\u00e0udio, programes inform\u00e0tics, desc\u00e0rregues digitals, bases de dades, noms comercials, marques, logotips, i\/o qualsevol altre signe distintiu, etc.) que formin o n&#8217;hagin format part en algun moment,\u00a0 estan protegits per Llei i pertanyen a PROTEIMED, S.L.U.<\/p><p>En cap cas s&#8217;entendr\u00e0 que l&#8217;acc\u00e9s i \u00fas del lloc Web implica la ren\u00fancia, transmissi\u00f3, llic\u00e8ncia, cessi\u00f3, total ni parcial, ni autoritzaci\u00f3 de cap classe, per a l&#8217;explotaci\u00f3, reproducci\u00f3, comunicaci\u00f3 p\u00fablica, difusi\u00f3, divulgaci\u00f3 i\/o transformaci\u00f3 ni del lloc Web, ni dels seus continguts, entesos amb l&#8217;amplitud assenyalada en el punt anterior, ni tampoc dels drets de propietat intel\u00b7lectual i\/o industrial inherents als mateixos.<\/p><p>Independentment de la finalitat per a la qual fossin destinats, la reproducci\u00f3 total o parcial, \u00fas, explotaci\u00f3, distribuci\u00f3 i comercialitzaci\u00f3, requereix en tot cas de l&#8217; autoritzaci\u00f3 escrita pr\u00e8via per part del prestador. Qualsevol \u00fas no autoritzat pr\u00e8viament per part del prestador ser\u00e0 considerat un incompliment greu dels drets de propietat intel\u00b7lectual o industrial de l&#8217;autor.<\/p><p><strong>Car\u00e0cter obligatori o facultatiu de la informaci\u00f3 facilitada per l&#8217; usuari<\/strong><\/p><p>Els USUARIS, mitjan\u00e7ant la marcaci\u00f3 de les caselles corresponents i l&#8217;entrada de dades en els camps, marcats amb un bifoca (*) en el formulari de contacte o presentats en formularis de desc\u00e0rrega, accepten expressament i de forma lliure i inequ\u00edvoca, que les seves dades s\u00f3n necess\u00e0ries per atendre la seva petici\u00f3, per part del prestador, sent volunt\u00e0ria la inclusi\u00f3 de dades en els camps restants. L&#8217;USUARI garanteix que les dades personals facilitades a PROTEIMED, S.L.U. s\u00f3n veraces i es fa responsable de comunicar-ne qualsevol modificaci\u00f3.<\/p><p>PROTEIMED, S.L.U. informa que totes les dades sol\u00b7licitades a trav\u00e9s del lloc web s\u00f3n obligat\u00f2ries, ja que s\u00f3n necess\u00e0ries per a la prestaci\u00f3 d&#8217;un servei \u00f2ptim a l&#8217;USUARI. En cas que no es facilitin totes les dades, no es garanteix que la informaci\u00f3 i serveis facilitats siguin completament ajustades a les seves necessitats.<\/p><p><strong>Mesures de seguretat<\/strong><\/p><p>Que de conformitat amb el que disposen les normatives vigents en protecci\u00f3 de dades personals, PROTEIMED, S.L.U. est\u00e0 complint amb totes les disposicions de les normatives GDPR i LOPDGDD per al tractament de les dades personals de la seva responsabilitat, i manifestament amb els principis descrits a l&#8217; article 5 del GDPR, pels quals s\u00f3n tractats de manera l\u00edcita,\u00a0 lleial i transparent en relaci\u00f3 amb l&#8217; interessat i adequats, pertinents i limitats al necessari en relaci\u00f3 amb els fins per als quals s\u00f3n tractats.<\/p><p>PROTEIMED, S.L.U. garanteix que ha implementat pol\u00edtiques t\u00e8cniques i organitzatives apropiades per aplicar les mesures de seguretat que estableixen el GDPR i la LOPDGDD per tal de protegir els drets i llibertats dels USUARIS i els ha comunicat la informaci\u00f3 adequada perqu\u00e8 puguin exercir-los.<\/p><p><strong>Adreces IP<\/strong><\/p><p>Els servidors del lloc web podran detectar de manera autom\u00e0tica l&#8217;adre\u00e7a IP i el nom de domini utilitzats per l&#8217;usuari. Una adre\u00e7a IP \u00e9s un n\u00famero assignat autom\u00e0ticament a un ordinador quan aquest es connecta a Internet. Tota aquesta informaci\u00f3 es registra en un fitxer d&#8217; activitat del servidor que permet el posterior processament de les dades per tal d&#8217; obtenir mesuraments \u00fanicament estad\u00edstiques que permetin con\u00e8ixer el nombre d&#8217; impressions de p\u00e0gines, el nombre de visites realitzades als servidors web, l&#8217; ordre de visites, el punt d&#8217; acc\u00e9s, etc.<\/p><p><strong>\u00a0<\/strong><strong>\u00das de Cookies<\/strong><\/p><p>\u00a0Aquest lloc web pot utilitzar cookies t\u00e8cniques (petits arxius d&#8217;informaci\u00f3 que el servidor envia a l&#8217;ordinador de qui accedeix a la p\u00e0gina) per dur a terme determinades funcions que s\u00f3n considerades imprescindibles per al correcte funcionament i visualitzaci\u00f3 del lloc. Les cookies utilitzades tenen, en tot cas, car\u00e0cter temporal, amb l&#8217;\u00fanica finalitat de fer m\u00e9s efica\u00e7 la navegaci\u00f3, i desapareixen en acabar la sessi\u00f3 de l&#8217;usuari. En cap cas, aquestes cookies proporcionen per si mateixes dades de car\u00e0cter personal i no s&#8217;utilitzaran per a la recollida dels mateixos. Mitjan\u00e7ant l&#8217;\u00fas de cookies tamb\u00e9 \u00e9s possible que el servidor on es troba la web reconegui el navegador utilitzat per l&#8217;usuari amb la finalitat que la navegaci\u00f3 sigui m\u00e9s senzilla, permetent, per exemple, l&#8217;acc\u00e9s dels usuaris que s&#8217;hagin registrat pr\u00e8viament a les \u00e0rees, serveis, promocions o concursos reservats exclusivament a ells sense haver de registrar-se en cada visita. Tamb\u00e9 es poden utilitzar per mesurar l&#8217;audi\u00e8ncia, par\u00e0metres de tr\u00e0nsit, controlar el progr\u00e9s i nombre d&#8217;entrades, etc., sent en aquests casos cookies prescindibles t\u00e8cnicament, per\u00f2 beneficioses per a l&#8217;usuari. Aquest lloc web no instal\u00b7lar\u00e0 cookies prescindibles sense el consentiment previ de l&#8217;usuari. Aquest lloc web utilitza cookies pr\u00f2pies i de tercers per a finalitats anal\u00edtiques i per mostrar-li publicitat personalitzada en base a un perfil elaborat a partir dels seus h\u00e0bits de navegaci\u00f3 (per exemple, p\u00e0gines visitades). A tot usuari que visita la web se l&#8217;informa de l&#8217;\u00fas d&#8217;aquestes cookies mitjan\u00e7ant un banner flotant. En el cas d&#8217;acceptar-ne l&#8217;\u00fas, el banner desapareixer\u00e0, tot i que en tot moment podr\u00e0 revocar el consentiment i obtenir m\u00e9s informaci\u00f3 consultant la nostra Pol\u00edtica de cookies. L&#8217;usuari t\u00e9 la possibilitat de configurar el seu navegador per ser alertat de la recepci\u00f3 de cookies i per impedir la seva instal\u00b7laci\u00f3 al seu equip. Per favor, consulteu les instruccions del seu navegador per ampliar aquesta informaci\u00f3.<\/p><p><strong>Enlla\u00e7os<\/strong><\/p><p>L&#8217;empresa no assumeix cap responsabilitat sobre el contingut, informaci\u00f3 o serveis que puguin oferir els enlla\u00e7os que es presenten al nostre lloc Web, i que tenen car\u00e0cter merament informatiu.<\/p><p><strong>\u00a0<\/strong><strong>Legislaci\u00f3 aplicable<\/strong><\/p><p><strong><em><u>\u00a0<\/u><\/em><\/strong>Per a la resoluci\u00f3 de totes les controv\u00e8rsies o q\u00fcestions relacionades amb el present lloc web o de les activitats en ell desenvolupades, ser\u00e0 d&#8217;aplicaci\u00f3 la legislaci\u00f3 espanyola, a la qual se sotmeten expressament les parts, sent competents per a la resoluci\u00f3 de tots els conflictes derivats o relacionats amb el seu \u00fas els Jutjats i Tribunals del domicili de l&#8217;USUARI o el lloc del compliment de l&#8217;obligaci\u00f3.<\/p><p><strong>\u00a0<\/strong><\/p>\t\t\t\t\t\t\t\t<\/div>\n\t\t\t\t<\/div>\n\t\t\t\t\t<\/div>\n\t\t\t\t<\/div>\n\t\t\t\t<\/div>\n\t\t","protected":false},"excerpt":{"rendered":"<p>Av\u00eds legal Proteimed AV\u00cdS LEGAL PROTEIMED, S.L.U. (en endavant Responsables o el Prestador) compleix amb els requisits establerts en la normativa actual sobre Protecci\u00f3 de Dades de Car\u00e0cter Personal i Comer\u00e7 Electr\u00f2nic. Amb aquesta finalitat, ha creat el seg\u00fcent Av\u00eds Legal amb el qual pret\u00e9n donar compliment a les obligacions disposades en la Llei 34\/2002, [&hellip;]<\/p>\n","protected":false},"author":2,"featured_media":0,"parent":0,"menu_order":0,"comment_status":"closed","ping_status":"closed","template":"","meta":{"site-sidebar-layout":"default","site-content-layout":"page-builder","ast-site-content-layout":"full-width-container","site-content-style":"unboxed","site-sidebar-style":"unboxed","ast-global-header-display":"","ast-banner-title-visibility":"","ast-main-header-display":"","ast-hfb-above-header-display":"","ast-hfb-below-header-display":"","ast-hfb-mobile-header-display":"","site-post-title":"disabled","ast-breadcrumbs-content":"","ast-featured-img":"disabled","footer-sml-layout":"","theme-transparent-header-meta":"","adv-header-id-meta":"","stick-header-meta":"default","header-above-stick-meta":"","header-main-stick-meta":"","header-below-stick-meta":"","astra-migrate-meta-layouts":"set","ast-page-background-enabled":"default","ast-page-background-meta":{"desktop":{"background-color":"","background-image":"","background-repeat":"repeat","background-position":"center center","background-size":"auto","background-attachment":"scroll","background-type":"","background-media":"","overlay-type":"","overlay-color":"","overlay-opacity":"","overlay-gradient":""},"tablet":{"background-color":"","background-image":"","background-repeat":"repeat","background-position":"center center","background-size":"auto","background-attachment":"scroll","background-type":"","background-media":"","overlay-type":"","overlay-color":"","overlay-opacity":"","overlay-gradient":""},"mobile":{"background-color":"","background-image":"","background-repeat":"repeat","background-position":"center center","background-size":"auto","background-attachment":"scroll","background-type":"","background-media":"","overlay-type":"","overlay-color":"","overlay-opacity":"","overlay-gradient":""}},"ast-content-background-meta":{"desktop":{"background-color":"var(--ast-global-color-5)","background-image":"","background-repeat":"repeat","background-position":"center center","background-size":"auto","background-attachment":"scroll","background-type":"","background-media":"","overlay-type":"","overlay-color":"","overlay-opacity":"","overlay-gradient":""},"tablet":{"background-color":"var(--ast-global-color-5)","background-image":"","background-repeat":"repeat","background-position":"center center","background-size":"auto","background-attachment":"scroll","background-type":"","background-media":"","overlay-type":"","overlay-color":"","overlay-opacity":"","overlay-gradient":""},"mobile":{"background-color":"var(--ast-global-color-5)","background-image":"","background-repeat":"repeat","background-position":"center center","background-size":"auto","background-attachment":"scroll","background-type":"","background-media":"","overlay-type":"","overlay-color":"","overlay-opacity":"","overlay-gradient":""}},"footnotes":""},"class_list":["post-2844","page","type-page","status-publish","hentry"],"yoast_head":"<!-- This site is optimized with the Yoast SEO plugin v25.5 - https:\/\/yoast.com\/wordpress\/plugins\/seo\/ -->\n<title>Av\u00eds legal - AraCalma Vilanova i la Geltr\u00fa<\/title>\n<meta name=\"robots\" content=\"noindex, follow\" \/>\n<meta property=\"og:locale\" content=\"ca_ES\" \/>\n<meta property=\"og:type\" content=\"article\" \/>\n<meta property=\"og:title\" content=\"Av\u00eds legal - AraCalma Vilanova i la Geltr\u00fa\" \/>\n<meta property=\"og:description\" content=\"Av\u00eds legal Proteimed AV\u00cdS LEGAL PROTEIMED, S.L.U. (en endavant Responsables o el Prestador) compleix amb els requisits establerts en la normativa actual sobre Protecci\u00f3 de Dades de Car\u00e0cter Personal i Comer\u00e7 Electr\u00f2nic. Amb aquesta finalitat, ha creat el seg\u00fcent Av\u00eds Legal amb el qual pret\u00e9n donar compliment a les obligacions disposades en la Llei 34\/2002, [&hellip;]\" \/>\n<meta property=\"og:url\" content=\"https:\/\/www.aracalma.com\/ca\/avis-legal\/\" \/>\n<meta property=\"og:site_name\" content=\"AraCalma Vilanova i la Geltr\u00fa\" \/>\n<meta property=\"article:publisher\" content=\"https:\/\/www.facebook.com\/profile.php?id=100094464087030\" \/>\n<meta property=\"article:modified_time\" content=\"2026-01-12T16:45:36+00:00\" \/>\n<meta name=\"twitter:card\" content=\"summary_large_image\" \/>\n<meta name=\"twitter:label1\" content=\"Temps estimat de lectura\" \/>\n\t<meta name=\"twitter:data1\" content=\"9 minuts\" \/>\n<script type=\"application\/ld+json\" class=\"yoast-schema-graph\">{\"@context\":\"https:\/\/schema.org\",\"@graph\":[{\"@type\":\"WebPage\",\"@id\":\"https:\/\/www.aracalma.com\/ca\/avis-legal\/\",\"url\":\"https:\/\/www.aracalma.com\/ca\/avis-legal\/\",\"name\":\"Av\u00eds legal - AraCalma Vilanova i la Geltr\u00fa\",\"isPartOf\":{\"@id\":\"https:\/\/www.aracalma.com\/ca\/#website\"},\"datePublished\":\"2023-05-18T09:30:40+00:00\",\"dateModified\":\"2026-01-12T16:45:36+00:00\",\"breadcrumb\":{\"@id\":\"https:\/\/www.aracalma.com\/ca\/avis-legal\/#breadcrumb\"},\"inLanguage\":\"ca\",\"potentialAction\":[{\"@type\":\"ReadAction\",\"target\":[\"https:\/\/www.aracalma.com\/ca\/avis-legal\/\"]}]},{\"@type\":\"BreadcrumbList\",\"@id\":\"https:\/\/www.aracalma.com\/ca\/avis-legal\/#breadcrumb\",\"itemListElement\":[{\"@type\":\"ListItem\",\"position\":1,\"name\":\"Portada\",\"item\":\"https:\/\/www.aracalma.com\/ca\/\"},{\"@type\":\"ListItem\",\"position\":2,\"name\":\"Av\u00eds legal\"}]},{\"@type\":\"WebSite\",\"@id\":\"https:\/\/www.aracalma.com\/ca\/#website\",\"url\":\"https:\/\/www.aracalma.com\/ca\/\",\"name\":\"AraCalma Vilanova\",\"description\":\"Espai de Benestar\",\"publisher\":{\"@id\":\"https:\/\/www.aracalma.com\/ca\/#organization\"},\"potentialAction\":[{\"@type\":\"SearchAction\",\"target\":{\"@type\":\"EntryPoint\",\"urlTemplate\":\"https:\/\/www.aracalma.com\/ca\/?s={search_term_string}\"},\"query-input\":{\"@type\":\"PropertyValueSpecification\",\"valueRequired\":true,\"valueName\":\"search_term_string\"}}],\"inLanguage\":\"ca\"},{\"@type\":\"Organization\",\"@id\":\"https:\/\/www.aracalma.com\/ca\/#organization\",\"name\":\"AraCalma Vilanova\",\"url\":\"https:\/\/www.aracalma.com\/ca\/\",\"logo\":{\"@type\":\"ImageObject\",\"inLanguage\":\"ca\",\"@id\":\"https:\/\/www.aracalma.com\/ca\/#\/schema\/logo\/image\/\",\"url\":\"https:\/\/www.aracalma.com\/wp-content\/uploads\/2023\/05\/logo_AraCalma_b_p.png\",\"contentUrl\":\"https:\/\/www.aracalma.com\/wp-content\/uploads\/2023\/05\/logo_AraCalma_b_p.png\",\"width\":250,\"height\":94,\"caption\":\"AraCalma Vilanova\"},\"image\":{\"@id\":\"https:\/\/www.aracalma.com\/ca\/#\/schema\/logo\/image\/\"},\"sameAs\":[\"https:\/\/www.facebook.com\/profile.php?id=100094464087030\",\"https:\/\/www.instagram.com\/aracalmawellness\/\"]}]}<\/script>\n<!-- \/ Yoast SEO plugin. -->","yoast_head_json":{"title":"Av\u00eds legal - AraCalma Vilanova i la Geltr\u00fa","robots":{"index":"noindex","follow":"follow"},"og_locale":"ca_ES","og_type":"article","og_title":"Av\u00eds legal - AraCalma Vilanova i la Geltr\u00fa","og_description":"Av\u00eds legal Proteimed AV\u00cdS LEGAL PROTEIMED, S.L.U. (en endavant Responsables o el Prestador) compleix amb els requisits establerts en la normativa actual sobre Protecci\u00f3 de Dades de Car\u00e0cter Personal i Comer\u00e7 Electr\u00f2nic. Amb aquesta finalitat, ha creat el seg\u00fcent Av\u00eds Legal amb el qual pret\u00e9n donar compliment a les obligacions disposades en la Llei 34\/2002, [&hellip;]","og_url":"https:\/\/www.aracalma.com\/ca\/avis-legal\/","og_site_name":"AraCalma Vilanova i la Geltr\u00fa","article_publisher":"https:\/\/www.facebook.com\/profile.php?id=100094464087030","article_modified_time":"2026-01-12T16:45:36+00:00","twitter_card":"summary_large_image","twitter_misc":{"Temps estimat de lectura":"9 minuts"},"schema":{"@context":"https:\/\/schema.org","@graph":[{"@type":"WebPage","@id":"https:\/\/www.aracalma.com\/ca\/avis-legal\/","url":"https:\/\/www.aracalma.com\/ca\/avis-legal\/","name":"Av\u00eds legal - AraCalma Vilanova i la Geltr\u00fa","isPartOf":{"@id":"https:\/\/www.aracalma.com\/ca\/#website"},"datePublished":"2023-05-18T09:30:40+00:00","dateModified":"2026-01-12T16:45:36+00:00","breadcrumb":{"@id":"https:\/\/www.aracalma.com\/ca\/avis-legal\/#breadcrumb"},"inLanguage":"ca","potentialAction":[{"@type":"ReadAction","target":["https:\/\/www.aracalma.com\/ca\/avis-legal\/"]}]},{"@type":"BreadcrumbList","@id":"https:\/\/www.aracalma.com\/ca\/avis-legal\/#breadcrumb","itemListElement":[{"@type":"ListItem","position":1,"name":"Portada","item":"https:\/\/www.aracalma.com\/ca\/"},{"@type":"ListItem","position":2,"name":"Av\u00eds legal"}]},{"@type":"WebSite","@id":"https:\/\/www.aracalma.com\/ca\/#website","url":"https:\/\/www.aracalma.com\/ca\/","name":"AraCalma Vilanova","description":"Espai de Benestar","publisher":{"@id":"https:\/\/www.aracalma.com\/ca\/#organization"},"potentialAction":[{"@type":"SearchAction","target":{"@type":"EntryPoint","urlTemplate":"https:\/\/www.aracalma.com\/ca\/?s={search_term_string}"},"query-input":{"@type":"PropertyValueSpecification","valueRequired":true,"valueName":"search_term_string"}}],"inLanguage":"ca"},{"@type":"Organization","@id":"https:\/\/www.aracalma.com\/ca\/#organization","name":"AraCalma Vilanova","url":"https:\/\/www.aracalma.com\/ca\/","logo":{"@type":"ImageObject","inLanguage":"ca","@id":"https:\/\/www.aracalma.com\/ca\/#\/schema\/logo\/image\/","url":"https:\/\/www.aracalma.com\/wp-content\/uploads\/2023\/05\/logo_AraCalma_b_p.png","contentUrl":"https:\/\/www.aracalma.com\/wp-content\/uploads\/2023\/05\/logo_AraCalma_b_p.png","width":250,"height":94,"caption":"AraCalma Vilanova"},"image":{"@id":"https:\/\/www.aracalma.com\/ca\/#\/schema\/logo\/image\/"},"sameAs":["https:\/\/www.facebook.com\/profile.php?id=100094464087030","https:\/\/www.instagram.com\/aracalmawellness\/"]}]}},"_links":{"self":[{"href":"https:\/\/www.aracalma.com\/ca\/wp-json\/wp\/v2\/pages\/2844","targetHints":{"allow":["GET"]}}],"collection":[{"href":"https:\/\/www.aracalma.com\/ca\/wp-json\/wp\/v2\/pages"}],"about":[{"href":"https:\/\/www.aracalma.com\/ca\/wp-json\/wp\/v2\/types\/page"}],"author":[{"embeddable":true,"href":"https:\/\/www.aracalma.com\/ca\/wp-json\/wp\/v2\/users\/2"}],"replies":[{"embeddable":true,"href":"https:\/\/www.aracalma.com\/ca\/wp-json\/wp\/v2\/comments?post=2844"}],"version-history":[{"count":6,"href":"https:\/\/www.aracalma.com\/ca\/wp-json\/wp\/v2\/pages\/2844\/revisions"}],"predecessor-version":[{"id":6781,"href":"https:\/\/www.aracalma.com\/ca\/wp-json\/wp\/v2\/pages\/2844\/revisions\/6781"}],"wp:attachment":[{"href":"https:\/\/www.aracalma.com\/ca\/wp-json\/wp\/v2\/media?parent=2844"}],"curies":[{"name":"wp","href":"https:\/\/api.w.org\/{rel}","templated":true}]}}