{"id":2795,"date":"2023-05-12T08:41:48","date_gmt":"2023-05-12T08:41:48","guid":{"rendered":"https:\/\/www.aracalma.com\/especialitats\/contorno-corporal\/"},"modified":"2025-06-16T07:56:25","modified_gmt":"2025-06-16T07:56:25","slug":"contorno-corporal","status":"publish","type":"page","link":"https:\/\/www.aracalma.com\/ca\/especialitats\/contorno-corporal\/","title":{"rendered":"Contorn corporal"},"content":{"rendered":"\t\t<div data-elementor-type=\"wp-post\" data-elementor-id=\"2795\" class=\"elementor elementor-2795 elementor-806\">\n\t\t\t\t\t\t<section class=\"elementor-section elementor-top-section elementor-element elementor-element-66e796b elementor-section-height-min-height elementor-section-boxed elementor-section-height-default elementor-section-items-middle\" data-id=\"66e796b\" data-element_type=\"section\" data-settings=\"{&quot;background_background&quot;:&quot;classic&quot;}\">\n\t\t\t\t\t\t\t<div class=\"elementor-background-overlay\"><\/div>\n\t\t\t\t\t\t\t<div class=\"elementor-container elementor-column-gap-no\">\n\t\t\t\t\t<div class=\"elementor-column elementor-col-100 elementor-top-column elementor-element elementor-element-bb16189\" data-id=\"bb16189\" data-element_type=\"column\">\n\t\t\t<div class=\"elementor-widget-wrap elementor-element-populated\">\n\t\t\t\t\t\t<div class=\"elementor-element elementor-element-9999588 elementor-widget elementor-widget-heading\" data-id=\"9999588\" data-element_type=\"widget\" data-widget_type=\"heading.default\">\n\t\t\t\t<div class=\"elementor-widget-container\">\n\t\t\t\t\t<h1 class=\"elementor-heading-title elementor-size-default\">Contorno corporal<\/h1>\t\t\t\t<\/div>\n\t\t\t\t<\/div>\n\t\t\t\t\t<\/div>\n\t\t<\/div>\n\t\t\t\t\t<\/div>\n\t\t<\/section>\n\t\t<div class=\"elementor-element elementor-element-7b2693b e-flex e-con-boxed e-con e-parent\" data-id=\"7b2693b\" data-element_type=\"container\">\n\t\t\t\t\t<div class=\"e-con-inner\">\n\t\t\t\t<div class=\"elementor-element elementor-element-783b73a elementor-widget elementor-widget-uael-infobox\" data-id=\"783b73a\" data-element_type=\"widget\" data-widget_type=\"uael-infobox.default\">\n\t\t\t\t<div class=\"elementor-widget-container\">\n\t\t\t\t\t\n<div class=\"uael-module-content uael-infobox  uael-infobox-link-type-none\">\n\t<div class=\"uael-infobox-left-right-wrap\">\n\t\t\t\t\t\t<div class=\"uael-infobox-content\">\n\t\t\t\t\t\t<div class='uael-infobox-title-wrap'><\/div>\t\t\t\t\t\t\t\t\t<div class=\"uael-infobox-text-wrap\">\n\t\t\t\t<div class=\"uael-infobox-text elementor-inline-editing\" data-elementor-setting-key=\"infobox_description\" data-elementor-inline-editing-toolbar=\"advanced\">\n\t\t\t\t\t\t\t\t\t<\/div>\n\t\t\t\t\t\n\t\t\t\t\t\t\t<\/div>\n\t\t<\/div>\n\t\t\t<\/div>\n<\/div>\n\t\t\t\t<\/div>\n\t\t\t\t<\/div>\n\t\t\t\t\t<\/div>\n\t\t\t\t<\/div>\n\t\t<div class=\"elementor-element elementor-element-394048f e-con-full e-flex e-con e-parent\" data-id=\"394048f\" data-element_type=\"container\">\n\t\t<div class=\"elementor-element elementor-element-c960d8e e-con-full e-flex e-con e-child\" data-id=\"c960d8e\" data-element_type=\"container\" data-settings=\"{&quot;background_background&quot;:&quot;classic&quot;}\">\n\t\t\t\t<div class=\"elementor-element elementor-element-f2cb009 elementor-widget elementor-widget-image\" data-id=\"f2cb009\" data-element_type=\"widget\" data-widget_type=\"image.default\">\n\t\t\t\t<div class=\"elementor-widget-container\">\n\t\t\t\t\t\t\t\t\t\t\t\t\t\t\t<img fetchpriority=\"high\" decoding=\"async\" width=\"1000\" height=\"800\" src=\"https:\/\/www.aracalma.com\/wp-content\/uploads\/2023\/09\/definitiva.jpg\" class=\"attachment-large size-large wp-image-3406\" alt=\"Tratamiento drenante a Vilanova y la Geltr\u00fa\" srcset=\"https:\/\/www.aracalma.com\/wp-content\/uploads\/2023\/09\/definitiva.jpg 1000w, https:\/\/www.aracalma.com\/wp-content\/uploads\/2023\/09\/definitiva-300x240.jpg 300w, https:\/\/www.aracalma.com\/wp-content\/uploads\/2023\/09\/definitiva-768x614.jpg 768w, https:\/\/www.aracalma.com\/wp-content\/uploads\/2023\/09\/definitiva-600x480.jpg 600w, https:\/\/www.aracalma.com\/wp-content\/uploads\/2023\/09\/definitiva-100x80.jpg 100w\" sizes=\"(max-width: 1000px) 100vw, 1000px\" \/>\t\t\t\t\t\t\t\t\t\t\t\t\t\t\t<\/div>\n\t\t\t\t<\/div>\n\t\t\t\t<div class=\"elementor-element elementor-element-05cce60 elementor-widget elementor-widget-uael-infobox\" data-id=\"05cce60\" data-element_type=\"widget\" data-widget_type=\"uael-infobox.default\">\n\t\t\t\t<div class=\"elementor-widget-container\">\n\t\t\t\t\t\n<div class=\"uael-module-content uael-infobox  uael-infobox-left  uael-infobox-link-type-none\">\n\t<div class=\"uael-infobox-left-right-wrap\">\n\t\t\t\t\t\t<div class=\"uael-infobox-content\">\n\t\t\t\t\t\t<div class='uael-infobox-title-wrap'><h3 class=\"uael-infobox-title elementor-inline-editing\" data-elementor-setting-key=\"infobox_title\" data-elementor-inline-editing-toolbar=\"basic\" >Tractaments espec\u00edfics corporals<\/h3><\/div>\t\t\t\t\t\t\t\t\t<div class=\"uael-infobox-text-wrap\">\n\t\t\t\t<div class=\"uael-infobox-text elementor-inline-editing\" data-elementor-setting-key=\"infobox_description\" data-elementor-inline-editing-toolbar=\"advanced\">\n\t\t\t\t\tTractar de forma personalitzada les principals alteracions corporals com s\u00f3n cel\u00b7lulitis, greix localitzat, flacciditat i estries ...\n<br>\n<hr style=\"width:50px;margin-top:10px;margin-bottom:10px;height:2px;background:#fff\">\n<span class=\"daurat\">35 min 1 zona 55\u20ac | 50 min 2 zones 75\u20ac<\/span>\n\t\t\t\t<\/div>\n\t\t\t\t\t\n\t\t\t\t\t\t\t<\/div>\n\t\t<\/div>\n\t\t\t<\/div>\n<\/div>\n\t\t\t\t<\/div>\n\t\t\t\t<\/div>\n\t\t\t\t<div class=\"elementor-element elementor-element-5253e26 elementor-align-center elementor-widget elementor-widget-button\" data-id=\"5253e26\" data-element_type=\"widget\" data-widget_type=\"button.default\">\n\t\t\t\t<div class=\"elementor-widget-container\">\n\t\t\t\t\t\t\t\t\t<div class=\"elementor-button-wrapper\">\n\t\t\t\t\t<a class=\"elementor-button elementor-button-link elementor-size-sm\" href=\"https:\/\/www.aracalma.com\/ca\/producto\/tractaments-especifics-corporals\/\">\n\t\t\t\t\t\t<span class=\"elementor-button-content-wrapper\">\n\t\t\t\t\t\t\t\t\t<span class=\"elementor-button-text\">Saber-ne m\u00e9s<\/span>\n\t\t\t\t\t<\/span>\n\t\t\t\t\t<\/a>\n\t\t\t\t<\/div>\n\t\t\t\t\t\t\t\t<\/div>\n\t\t\t\t<\/div>\n\t\t\t\t<\/div>\n\t\t<div class=\"elementor-element elementor-element-26eb39a e-con-full e-flex e-con e-child\" data-id=\"26eb39a\" data-element_type=\"container\" data-settings=\"{&quot;background_background&quot;:&quot;classic&quot;}\">\n\t\t\t\t<div class=\"elementor-element elementor-element-39707d6 elementor-widget elementor-widget-image\" data-id=\"39707d6\" data-element_type=\"widget\" data-widget_type=\"image.default\">\n\t\t\t\t<div class=\"elementor-widget-container\">\n\t\t\t\t\t\t\t\t\t\t\t\t\t\t\t<img decoding=\"async\" width=\"1000\" height=\"800\" src=\"https:\/\/www.aracalma.com\/wp-content\/uploads\/2023\/10\/lpg.jpg\" class=\"attachment-large size-large wp-image-3464\" alt=\"ELLU M6 Alliance Medical \u2013 LPG Medical a AraCalma Vilanova i la Geltr\u00fa\" srcset=\"https:\/\/www.aracalma.com\/wp-content\/uploads\/2023\/10\/lpg.jpg 1000w, https:\/\/www.aracalma.com\/wp-content\/uploads\/2023\/10\/lpg-300x240.jpg 300w, https:\/\/www.aracalma.com\/wp-content\/uploads\/2023\/10\/lpg-768x614.jpg 768w, https:\/\/www.aracalma.com\/wp-content\/uploads\/2023\/10\/lpg-600x480.jpg 600w, https:\/\/www.aracalma.com\/wp-content\/uploads\/2023\/10\/lpg-100x80.jpg 100w\" sizes=\"(max-width: 1000px) 100vw, 1000px\" \/>\t\t\t\t\t\t\t\t\t\t\t\t\t\t\t<\/div>\n\t\t\t\t<\/div>\n\t\t\t\t<div class=\"elementor-element elementor-element-a13ec88 elementor-widget elementor-widget-uael-infobox\" data-id=\"a13ec88\" data-element_type=\"widget\" data-widget_type=\"uael-infobox.default\">\n\t\t\t\t<div class=\"elementor-widget-container\">\n\t\t\t\t\t\n<div class=\"uael-module-content uael-infobox  uael-infobox-left  uael-infobox-link-type-none\">\n\t<div class=\"uael-infobox-left-right-wrap\">\n\t\t\t\t\t\t<div class=\"uael-infobox-content\">\n\t\t\t\t\t\t<div class='uael-infobox-title-wrap'><h3 class=\"uael-infobox-title elementor-inline-editing\" data-elementor-setting-key=\"infobox_title\" data-elementor-inline-editing-toolbar=\"basic\" >LPG Cellu M6 Alliance<\/h3><\/div>\t\t\t\t\t\t\t\t\t<div class=\"uael-infobox-text-wrap\">\n\t\t\t\t<div class=\"uael-infobox-text elementor-inline-editing\" data-elementor-setting-key=\"infobox_description\" data-elementor-inline-editing-toolbar=\"advanced\">\n\t\t\t\t\t<p>T\u00e8cnica 100% natural i no invasiva. Tractaments intel\u00b7ligents que s'adapten a la necessitat i desitjos de cada client ...<br>\n<br><\/p>\n<hr style=\"width:50px;margin-top:10px;margin-bottom:10px;height:2px;background:#fff\">\n<p><span class=\"daurat\">1 sessi\u00f3 65\u20ac | Pack 6 sessions 360\u20ac | Pack 12 sessions 675\u20ac<\/span><\/p>\t\t\t\t<\/div>\n\t\t\t\t\t\n\t\t\t\t\t\t\t<\/div>\n\t\t<\/div>\n\t\t\t<\/div>\n<\/div>\n\t\t\t\t<\/div>\n\t\t\t\t<\/div>\n\t\t\t\t<div class=\"elementor-element elementor-element-6bb00ee elementor-align-center elementor-widget elementor-widget-button\" data-id=\"6bb00ee\" data-element_type=\"widget\" data-widget_type=\"button.default\">\n\t\t\t\t<div class=\"elementor-widget-container\">\n\t\t\t\t\t\t\t\t\t<div class=\"elementor-button-wrapper\">\n\t\t\t\t\t<a class=\"elementor-button elementor-button-link elementor-size-sm\" href=\"https:\/\/www.aracalma.com\/ca\/producto\/lpg-alliance\/\">\n\t\t\t\t\t\t<span class=\"elementor-button-content-wrapper\">\n\t\t\t\t\t\t\t\t\t<span class=\"elementor-button-text\">Saber-ne m\u00e9s<\/span>\n\t\t\t\t\t<\/span>\n\t\t\t\t\t<\/a>\n\t\t\t\t<\/div>\n\t\t\t\t\t\t\t\t<\/div>\n\t\t\t\t<\/div>\n\t\t\t\t<\/div>\n\t\t<div class=\"elementor-element elementor-element-3b1af1e e-con-full e-flex e-con e-child\" data-id=\"3b1af1e\" data-element_type=\"container\" data-settings=\"{&quot;background_background&quot;:&quot;classic&quot;}\">\n\t\t\t\t<div class=\"elementor-element elementor-element-f3cffcb elementor-widget elementor-widget-image\" data-id=\"f3cffcb\" data-element_type=\"widget\" data-widget_type=\"image.default\">\n\t\t\t\t<div class=\"elementor-widget-container\">\n\t\t\t\t\t\t\t\t\t\t\t\t\t\t\t<img decoding=\"async\" width=\"1000\" height=\"800\" src=\"https:\/\/www.aracalma.com\/wp-content\/uploads\/2023\/10\/indiba-corporal-reafirmante-flacidez-cartucheras-celulitis-estrias2-scaled-1.jpeg\" class=\"attachment-large size-large wp-image-3466\" alt=\"Indiba Corporal a ARaCalma Vilanova i la Geltr\u00fa\" srcset=\"https:\/\/www.aracalma.com\/wp-content\/uploads\/2023\/10\/indiba-corporal-reafirmante-flacidez-cartucheras-celulitis-estrias2-scaled-1.jpeg 1000w, https:\/\/www.aracalma.com\/wp-content\/uploads\/2023\/10\/indiba-corporal-reafirmante-flacidez-cartucheras-celulitis-estrias2-scaled-1-300x240.jpeg 300w, https:\/\/www.aracalma.com\/wp-content\/uploads\/2023\/10\/indiba-corporal-reafirmante-flacidez-cartucheras-celulitis-estrias2-scaled-1-768x614.jpeg 768w, https:\/\/www.aracalma.com\/wp-content\/uploads\/2023\/10\/indiba-corporal-reafirmante-flacidez-cartucheras-celulitis-estrias2-scaled-1-600x480.jpeg 600w, https:\/\/www.aracalma.com\/wp-content\/uploads\/2023\/10\/indiba-corporal-reafirmante-flacidez-cartucheras-celulitis-estrias2-scaled-1-100x80.jpeg 100w\" sizes=\"(max-width: 1000px) 100vw, 1000px\" \/>\t\t\t\t\t\t\t\t\t\t\t\t\t\t\t<\/div>\n\t\t\t\t<\/div>\n\t\t\t\t<div class=\"elementor-element elementor-element-b21648e elementor-widget elementor-widget-uael-infobox\" data-id=\"b21648e\" data-element_type=\"widget\" data-widget_type=\"uael-infobox.default\">\n\t\t\t\t<div class=\"elementor-widget-container\">\n\t\t\t\t\t\n<div class=\"uael-module-content uael-infobox  uael-infobox-left  uael-infobox-link-type-none\">\n\t<div class=\"uael-infobox-left-right-wrap\">\n\t\t\t\t\t\t<div class=\"uael-infobox-content\">\n\t\t\t\t\t\t<div class='uael-infobox-title-wrap'><h3 class=\"uael-infobox-title elementor-inline-editing\" data-elementor-setting-key=\"infobox_title\" data-elementor-inline-editing-toolbar=\"basic\" >Indiba corporal<\/h3><\/div>\t\t\t\t\t\t\t\t\t<div class=\"uael-infobox-text-wrap\">\n\t\t\t\t<div class=\"uael-infobox-text elementor-inline-editing\" data-elementor-setting-key=\"infobox_description\" data-elementor-inline-editing-toolbar=\"advanced\">\n\t\t\t\t\tTractaments corporals. Tractament de remodelaci\u00f3 corporal i cel\u00b7lulitis, no invasiu, indolor, segur i que no fa malb\u00e9 els teixits ...\n\n<br><br><hr style=\"width:50px;margin-top:10px;margin-bottom:10px;height:2px;background:#fff\">\n<span class=\"daurat\">30 min 50\u20ac (Pregunta pels nostres packs)<\/span>\n\t\t\t\t<\/div>\n\t\t\t\t\t\n\t\t\t\t\t\t\t<\/div>\n\t\t<\/div>\n\t\t\t<\/div>\n<\/div>\n\t\t\t\t<\/div>\n\t\t\t\t<\/div>\n\t\t\t\t<div class=\"elementor-element elementor-element-1df3a34 elementor-align-center elementor-widget elementor-widget-button\" data-id=\"1df3a34\" data-element_type=\"widget\" data-widget_type=\"button.default\">\n\t\t\t\t<div class=\"elementor-widget-container\">\n\t\t\t\t\t\t\t\t\t<div class=\"elementor-button-wrapper\">\n\t\t\t\t\t<a class=\"elementor-button elementor-button-link elementor-size-sm\" href=\"https:\/\/www.aracalma.com\/ca\/producto\/indiba-corporal\/\">\n\t\t\t\t\t\t<span class=\"elementor-button-content-wrapper\">\n\t\t\t\t\t\t\t\t\t<span class=\"elementor-button-text\">Saber-ne m\u00e9s<\/span>\n\t\t\t\t\t<\/span>\n\t\t\t\t\t<\/a>\n\t\t\t\t<\/div>\n\t\t\t\t\t\t\t\t<\/div>\n\t\t\t\t<\/div>\n\t\t\t\t<\/div>\n\t\t\t\t<\/div>\n\t\t\t\t<\/div>\n\t\t","protected":false},"excerpt":{"rendered":"<p>Contorno corporal Tractaments espec\u00edfics corporals Tractar de forma personalitzada les principals alteracions corporals com s\u00f3n cel\u00b7lulitis, greix localitzat, flacciditat i estries &#8230; 35 min 1 zona 55\u20ac | 50 min 2 zones 75\u20ac Saber-ne m\u00e9s LPG Cellu M6 Alliance T\u00e8cnica 100% natural i no invasiva. Tractaments intel\u00b7ligents que s&#8217;adapten a la necessitat i desitjos de [&hellip;]<\/p>\n","protected":false},"author":2,"featured_media":0,"parent":2721,"menu_order":0,"comment_status":"closed","ping_status":"closed","template":"","meta":{"site-sidebar-layout":"default","site-content-layout":"page-builder","ast-site-content-layout":"full-width-container","site-content-style":"unboxed","site-sidebar-style":"unboxed","ast-global-header-display":"","ast-banner-title-visibility":"","ast-main-header-display":"","ast-hfb-above-header-display":"","ast-hfb-below-header-display":"","ast-hfb-mobile-header-display":"","site-post-title":"disabled","ast-breadcrumbs-content":"","ast-featured-img":"disabled","footer-sml-layout":"","theme-transparent-header-meta":"","adv-header-id-meta":"","stick-header-meta":"default","header-above-stick-meta":"","header-main-stick-meta":"","header-below-stick-meta":"","astra-migrate-meta-layouts":"set","ast-page-background-enabled":"default","ast-page-background-meta":{"desktop":{"background-color":"","background-image":"","background-repeat":"repeat","background-position":"center center","background-size":"auto","background-attachment":"scroll","background-type":"","background-media":"","overlay-type":"","overlay-color":"","overlay-opacity":"","overlay-gradient":""},"tablet":{"background-color":"","background-image":"","background-repeat":"repeat","background-position":"center center","background-size":"auto","background-attachment":"scroll","background-type":"","background-media":"","overlay-type":"","overlay-color":"","overlay-opacity":"","overlay-gradient":""},"mobile":{"background-color":"","background-image":"","background-repeat":"repeat","background-position":"center center","background-size":"auto","background-attachment":"scroll","background-type":"","background-media":"","overlay-type":"","overlay-color":"","overlay-opacity":"","overlay-gradient":""}},"ast-content-background-meta":{"desktop":{"background-color":"var(--ast-global-color-5)","background-image":"","background-repeat":"repeat","background-position":"center center","background-size":"auto","background-attachment":"scroll","background-type":"","background-media":"","overlay-type":"","overlay-color":"","overlay-opacity":"","overlay-gradient":""},"tablet":{"background-color":"var(--ast-global-color-5)","background-image":"","background-repeat":"repeat","background-position":"center center","background-size":"auto","background-attachment":"scroll","background-type":"","background-media":"","overlay-type":"","overlay-color":"","overlay-opacity":"","overlay-gradient":""},"mobile":{"background-color":"var(--ast-global-color-5)","background-image":"","background-repeat":"repeat","background-position":"center center","background-size":"auto","background-attachment":"scroll","background-type":"","background-media":"","overlay-type":"","overlay-color":"","overlay-opacity":"","overlay-gradient":""}},"footnotes":""},"class_list":["post-2795","page","type-page","status-publish","hentry"],"yoast_head":"<!-- This site is optimized with the Yoast SEO plugin v25.5 - https:\/\/yoast.com\/wordpress\/plugins\/seo\/ -->\n<title>Contorn corporal - AraCalma Vilanova i la Geltr\u00fa<\/title>\n<meta name=\"robots\" content=\"index, follow, max-snippet:-1, max-image-preview:large, max-video-preview:-1\" \/>\n<link rel=\"canonical\" href=\"https:\/\/www.aracalma.com\/ca\/especialitats\/contorno-corporal\/\" \/>\n<meta property=\"og:locale\" content=\"ca_ES\" \/>\n<meta property=\"og:type\" content=\"article\" \/>\n<meta property=\"og:title\" content=\"Contorn corporal - AraCalma Vilanova i la Geltr\u00fa\" \/>\n<meta property=\"og:description\" content=\"Contorno corporal Tractaments espec\u00edfics corporals Tractar de forma personalitzada les principals alteracions corporals com s\u00f3n cel\u00b7lulitis, greix localitzat, flacciditat i estries &#8230; 35 min 1 zona 55\u20ac | 50 min 2 zones 75\u20ac Saber-ne m\u00e9s LPG Cellu M6 Alliance T\u00e8cnica 100% natural i no invasiva. Tractaments intel\u00b7ligents que s&#8217;adapten a la necessitat i desitjos de [&hellip;]\" \/>\n<meta property=\"og:url\" content=\"https:\/\/www.aracalma.com\/ca\/especialitats\/contorno-corporal\/\" \/>\n<meta property=\"og:site_name\" content=\"AraCalma Vilanova i la Geltr\u00fa\" \/>\n<meta property=\"article:publisher\" content=\"https:\/\/www.facebook.com\/profile.php?id=100094464087030\" \/>\n<meta property=\"article:modified_time\" content=\"2025-06-16T07:56:25+00:00\" \/>\n<meta property=\"og:image\" content=\"https:\/\/www.aracalma.com\/wp-content\/uploads\/2023\/09\/definitiva.jpg\" \/>\n\t<meta property=\"og:image:width\" content=\"1000\" \/>\n\t<meta property=\"og:image:height\" content=\"800\" \/>\n\t<meta property=\"og:image:type\" content=\"image\/jpeg\" \/>\n<meta name=\"twitter:card\" content=\"summary_large_image\" \/>\n<meta name=\"twitter:label1\" content=\"Temps estimat de lectura\" \/>\n\t<meta name=\"twitter:data1\" content=\"2 minuts\" \/>\n<script type=\"application\/ld+json\" class=\"yoast-schema-graph\">{\"@context\":\"https:\/\/schema.org\",\"@graph\":[{\"@type\":\"WebPage\",\"@id\":\"https:\/\/www.aracalma.com\/ca\/especialitats\/contorno-corporal\/\",\"url\":\"https:\/\/www.aracalma.com\/ca\/especialitats\/contorno-corporal\/\",\"name\":\"Contorn corporal - AraCalma Vilanova i la Geltr\u00fa\",\"isPartOf\":{\"@id\":\"https:\/\/www.aracalma.com\/ca\/#website\"},\"primaryImageOfPage\":{\"@id\":\"https:\/\/www.aracalma.com\/ca\/especialitats\/contorno-corporal\/#primaryimage\"},\"image\":{\"@id\":\"https:\/\/www.aracalma.com\/ca\/especialitats\/contorno-corporal\/#primaryimage\"},\"thumbnailUrl\":\"https:\/\/www.aracalma.com\/wp-content\/uploads\/2023\/09\/definitiva.jpg\",\"datePublished\":\"2023-05-12T08:41:48+00:00\",\"dateModified\":\"2025-06-16T07:56:25+00:00\",\"breadcrumb\":{\"@id\":\"https:\/\/www.aracalma.com\/ca\/especialitats\/contorno-corporal\/#breadcrumb\"},\"inLanguage\":\"ca\",\"potentialAction\":[{\"@type\":\"ReadAction\",\"target\":[\"https:\/\/www.aracalma.com\/ca\/especialitats\/contorno-corporal\/\"]}]},{\"@type\":\"ImageObject\",\"inLanguage\":\"ca\",\"@id\":\"https:\/\/www.aracalma.com\/ca\/especialitats\/contorno-corporal\/#primaryimage\",\"url\":\"https:\/\/www.aracalma.com\/wp-content\/uploads\/2023\/09\/definitiva.jpg\",\"contentUrl\":\"https:\/\/www.aracalma.com\/wp-content\/uploads\/2023\/09\/definitiva.jpg\"},{\"@type\":\"BreadcrumbList\",\"@id\":\"https:\/\/www.aracalma.com\/ca\/especialitats\/contorno-corporal\/#breadcrumb\",\"itemListElement\":[{\"@type\":\"ListItem\",\"position\":1,\"name\":\"Portada\",\"item\":\"https:\/\/www.aracalma.com\/ca\/\"},{\"@type\":\"ListItem\",\"position\":2,\"name\":\"Especialitats\",\"item\":\"https:\/\/www.aracalma.com\/ca\/especialitats\/\"},{\"@type\":\"ListItem\",\"position\":3,\"name\":\"Contorn corporal\"}]},{\"@type\":\"WebSite\",\"@id\":\"https:\/\/www.aracalma.com\/ca\/#website\",\"url\":\"https:\/\/www.aracalma.com\/ca\/\",\"name\":\"AraCalma Vilanova\",\"description\":\"Espai de Benestar\",\"publisher\":{\"@id\":\"https:\/\/www.aracalma.com\/ca\/#organization\"},\"potentialAction\":[{\"@type\":\"SearchAction\",\"target\":{\"@type\":\"EntryPoint\",\"urlTemplate\":\"https:\/\/www.aracalma.com\/ca\/?s={search_term_string}\"},\"query-input\":{\"@type\":\"PropertyValueSpecification\",\"valueRequired\":true,\"valueName\":\"search_term_string\"}}],\"inLanguage\":\"ca\"},{\"@type\":\"Organization\",\"@id\":\"https:\/\/www.aracalma.com\/ca\/#organization\",\"name\":\"AraCalma Vilanova\",\"url\":\"https:\/\/www.aracalma.com\/ca\/\",\"logo\":{\"@type\":\"ImageObject\",\"inLanguage\":\"ca\",\"@id\":\"https:\/\/www.aracalma.com\/ca\/#\/schema\/logo\/image\/\",\"url\":\"https:\/\/www.aracalma.com\/wp-content\/uploads\/2023\/05\/logo_AraCalma_b_p.png\",\"contentUrl\":\"https:\/\/www.aracalma.com\/wp-content\/uploads\/2023\/05\/logo_AraCalma_b_p.png\",\"width\":250,\"height\":94,\"caption\":\"AraCalma Vilanova\"},\"image\":{\"@id\":\"https:\/\/www.aracalma.com\/ca\/#\/schema\/logo\/image\/\"},\"sameAs\":[\"https:\/\/www.facebook.com\/profile.php?id=100094464087030\",\"https:\/\/www.instagram.com\/aracalmawellness\/\"]}]}<\/script>\n<!-- \/ Yoast SEO plugin. -->","yoast_head_json":{"title":"Contorn corporal - AraCalma Vilanova i la Geltr\u00fa","robots":{"index":"index","follow":"follow","max-snippet":"max-snippet:-1","max-image-preview":"max-image-preview:large","max-video-preview":"max-video-preview:-1"},"canonical":"https:\/\/www.aracalma.com\/ca\/especialitats\/contorno-corporal\/","og_locale":"ca_ES","og_type":"article","og_title":"Contorn corporal - AraCalma Vilanova i la Geltr\u00fa","og_description":"Contorno corporal Tractaments espec\u00edfics corporals Tractar de forma personalitzada les principals alteracions corporals com s\u00f3n cel\u00b7lulitis, greix localitzat, flacciditat i estries &#8230; 35 min 1 zona 55\u20ac | 50 min 2 zones 75\u20ac Saber-ne m\u00e9s LPG Cellu M6 Alliance T\u00e8cnica 100% natural i no invasiva. Tractaments intel\u00b7ligents que s&#8217;adapten a la necessitat i desitjos de [&hellip;]","og_url":"https:\/\/www.aracalma.com\/ca\/especialitats\/contorno-corporal\/","og_site_name":"AraCalma Vilanova i la Geltr\u00fa","article_publisher":"https:\/\/www.facebook.com\/profile.php?id=100094464087030","article_modified_time":"2025-06-16T07:56:25+00:00","og_image":[{"width":1000,"height":800,"url":"https:\/\/www.aracalma.com\/wp-content\/uploads\/2023\/09\/definitiva.jpg","type":"image\/jpeg"}],"twitter_card":"summary_large_image","twitter_misc":{"Temps estimat de lectura":"2 minuts"},"schema":{"@context":"https:\/\/schema.org","@graph":[{"@type":"WebPage","@id":"https:\/\/www.aracalma.com\/ca\/especialitats\/contorno-corporal\/","url":"https:\/\/www.aracalma.com\/ca\/especialitats\/contorno-corporal\/","name":"Contorn corporal - AraCalma Vilanova i la Geltr\u00fa","isPartOf":{"@id":"https:\/\/www.aracalma.com\/ca\/#website"},"primaryImageOfPage":{"@id":"https:\/\/www.aracalma.com\/ca\/especialitats\/contorno-corporal\/#primaryimage"},"image":{"@id":"https:\/\/www.aracalma.com\/ca\/especialitats\/contorno-corporal\/#primaryimage"},"thumbnailUrl":"https:\/\/www.aracalma.com\/wp-content\/uploads\/2023\/09\/definitiva.jpg","datePublished":"2023-05-12T08:41:48+00:00","dateModified":"2025-06-16T07:56:25+00:00","breadcrumb":{"@id":"https:\/\/www.aracalma.com\/ca\/especialitats\/contorno-corporal\/#breadcrumb"},"inLanguage":"ca","potentialAction":[{"@type":"ReadAction","target":["https:\/\/www.aracalma.com\/ca\/especialitats\/contorno-corporal\/"]}]},{"@type":"ImageObject","inLanguage":"ca","@id":"https:\/\/www.aracalma.com\/ca\/especialitats\/contorno-corporal\/#primaryimage","url":"https:\/\/www.aracalma.com\/wp-content\/uploads\/2023\/09\/definitiva.jpg","contentUrl":"https:\/\/www.aracalma.com\/wp-content\/uploads\/2023\/09\/definitiva.jpg"},{"@type":"BreadcrumbList","@id":"https:\/\/www.aracalma.com\/ca\/especialitats\/contorno-corporal\/#breadcrumb","itemListElement":[{"@type":"ListItem","position":1,"name":"Portada","item":"https:\/\/www.aracalma.com\/ca\/"},{"@type":"ListItem","position":2,"name":"Especialitats","item":"https:\/\/www.aracalma.com\/ca\/especialitats\/"},{"@type":"ListItem","position":3,"name":"Contorn corporal"}]},{"@type":"WebSite","@id":"https:\/\/www.aracalma.com\/ca\/#website","url":"https:\/\/www.aracalma.com\/ca\/","name":"AraCalma Vilanova","description":"Espai de Benestar","publisher":{"@id":"https:\/\/www.aracalma.com\/ca\/#organization"},"potentialAction":[{"@type":"SearchAction","target":{"@type":"EntryPoint","urlTemplate":"https:\/\/www.aracalma.com\/ca\/?s={search_term_string}"},"query-input":{"@type":"PropertyValueSpecification","valueRequired":true,"valueName":"search_term_string"}}],"inLanguage":"ca"},{"@type":"Organization","@id":"https:\/\/www.aracalma.com\/ca\/#organization","name":"AraCalma Vilanova","url":"https:\/\/www.aracalma.com\/ca\/","logo":{"@type":"ImageObject","inLanguage":"ca","@id":"https:\/\/www.aracalma.com\/ca\/#\/schema\/logo\/image\/","url":"https:\/\/www.aracalma.com\/wp-content\/uploads\/2023\/05\/logo_AraCalma_b_p.png","contentUrl":"https:\/\/www.aracalma.com\/wp-content\/uploads\/2023\/05\/logo_AraCalma_b_p.png","width":250,"height":94,"caption":"AraCalma Vilanova"},"image":{"@id":"https:\/\/www.aracalma.com\/ca\/#\/schema\/logo\/image\/"},"sameAs":["https:\/\/www.facebook.com\/profile.php?id=100094464087030","https:\/\/www.instagram.com\/aracalmawellness\/"]}]}},"_links":{"self":[{"href":"https:\/\/www.aracalma.com\/ca\/wp-json\/wp\/v2\/pages\/2795","targetHints":{"allow":["GET"]}}],"collection":[{"href":"https:\/\/www.aracalma.com\/ca\/wp-json\/wp\/v2\/pages"}],"about":[{"href":"https:\/\/www.aracalma.com\/ca\/wp-json\/wp\/v2\/types\/page"}],"author":[{"embeddable":true,"href":"https:\/\/www.aracalma.com\/ca\/wp-json\/wp\/v2\/users\/2"}],"replies":[{"embeddable":true,"href":"https:\/\/www.aracalma.com\/ca\/wp-json\/wp\/v2\/comments?post=2795"}],"version-history":[{"count":13,"href":"https:\/\/www.aracalma.com\/ca\/wp-json\/wp\/v2\/pages\/2795\/revisions"}],"predecessor-version":[{"id":6186,"href":"https:\/\/www.aracalma.com\/ca\/wp-json\/wp\/v2\/pages\/2795\/revisions\/6186"}],"up":[{"embeddable":true,"href":"https:\/\/www.aracalma.com\/ca\/wp-json\/wp\/v2\/pages\/2721"}],"wp:attachment":[{"href":"https:\/\/www.aracalma.com\/ca\/wp-json\/wp\/v2\/media?parent=2795"}],"curies":[{"name":"wp","href":"https:\/\/api.w.org\/{rel}","templated":true}]}}