{"id":2779,"date":"2023-05-12T07:09:30","date_gmt":"2023-05-12T07:09:30","guid":{"rendered":"https:\/\/www.aracalma.com\/experiencies-ara-calma\/tratamientos-faciales\/"},"modified":"2026-04-01T08:15:09","modified_gmt":"2026-04-01T08:15:09","slug":"tratamientos-faciales","status":"publish","type":"page","link":"https:\/\/www.aracalma.com\/ca\/experiencies-ara-calma\/tratamientos-faciales\/","title":{"rendered":"Tractaments Facials"},"content":{"rendered":"\t\t<div data-elementor-type=\"wp-post\" data-elementor-id=\"2779\" class=\"elementor elementor-2779 elementor-752\">\n\t\t\t\t\t\t<section class=\"elementor-section elementor-top-section elementor-element elementor-element-66e796b elementor-section-height-min-height elementor-section-boxed elementor-section-height-default elementor-section-items-middle\" data-id=\"66e796b\" data-element_type=\"section\" data-settings=\"{&quot;background_background&quot;:&quot;classic&quot;}\">\n\t\t\t\t\t\t\t<div class=\"elementor-background-overlay\"><\/div>\n\t\t\t\t\t\t\t<div class=\"elementor-container elementor-column-gap-no\">\n\t\t\t\t\t<div class=\"elementor-column elementor-col-100 elementor-top-column elementor-element elementor-element-bb16189\" data-id=\"bb16189\" data-element_type=\"column\">\n\t\t\t<div class=\"elementor-widget-wrap elementor-element-populated\">\n\t\t\t\t\t\t<div class=\"elementor-element elementor-element-9999588 elementor-widget elementor-widget-heading\" data-id=\"9999588\" data-element_type=\"widget\" data-widget_type=\"heading.default\">\n\t\t\t\t<div class=\"elementor-widget-container\">\n\t\t\t\t\t<h1 class=\"elementor-heading-title elementor-size-default\">Tractaments facials<\/h1>\t\t\t\t<\/div>\n\t\t\t\t<\/div>\n\t\t\t\t\t<\/div>\n\t\t<\/div>\n\t\t\t\t\t<\/div>\n\t\t<\/section>\n\t\t<div class=\"elementor-element elementor-element-e86e554 e-flex e-con-boxed e-con e-parent\" data-id=\"e86e554\" data-element_type=\"container\">\n\t\t\t\t\t<div class=\"e-con-inner\">\n\t\t\t\t<div class=\"elementor-element elementor-element-4cc813d elementor-widget elementor-widget-uael-infobox\" data-id=\"4cc813d\" data-element_type=\"widget\" data-widget_type=\"uael-infobox.default\">\n\t\t\t\t<div class=\"elementor-widget-container\">\n\t\t\t\t\t\n<div class=\"uael-module-content uael-infobox  uael-infobox-link-type-none\">\n\t<div class=\"uael-infobox-left-right-wrap\">\n\t\t\t\t\t\t<div class=\"uael-infobox-content\">\n\t\t\t\t\t\t<div class='uael-infobox-title-wrap'><h6 class=\"uael-infobox-title-prefix elementor-inline-editing\" data-elementor-setting-key=\"infobox_title_prefix\" data-elementor-inline-editing-toolbar=\"basic\" >\u200b<\/h6><\/div>\t\t\t\t\t\t\t\t\t<div class=\"uael-infobox-text-wrap\">\n\t\t\t\t<div class=\"uael-infobox-text elementor-inline-editing\" data-elementor-setting-key=\"infobox_description\" data-elementor-inline-editing-toolbar=\"advanced\">\n\t\t\t\t\tEls massatges s\u00f3n una t\u00e8cnica terap\u00e8utica que implica la manipulaci\u00f3 dels teixits tous del cos amb l'objectiu de millorar la circulaci\u00f3 sangu\u00ednia, alleujar el dolor i reduir l'estr\u00e8s.\t\t\t\t<\/div>\n\t\t\t\t\t\n\t\t\t\t\t\t\t<\/div>\n\t\t<\/div>\n\t\t\t<\/div>\n<\/div>\n\t\t\t\t<\/div>\n\t\t\t\t<\/div>\n\t\t\t\t\t<\/div>\n\t\t\t\t<\/div>\n\t\t<div class=\"elementor-element elementor-element-2883fd8 e-con-full e-flex e-con e-parent\" data-id=\"2883fd8\" data-element_type=\"container\">\n\t\t<div class=\"elementor-element elementor-element-951ddbb e-con-full e-flex e-con e-child\" data-id=\"951ddbb\" data-element_type=\"container\" data-settings=\"{&quot;background_background&quot;:&quot;classic&quot;}\">\n\t\t\t\t<div class=\"elementor-element elementor-element-82bf6c1 elementor-widget elementor-widget-image\" data-id=\"82bf6c1\" data-element_type=\"widget\" data-widget_type=\"image.default\">\n\t\t\t\t<div class=\"elementor-widget-container\">\n\t\t\t\t\t\t\t\t\t\t\t\t\t\t\t<img fetchpriority=\"high\" decoding=\"async\" width=\"1000\" height=\"800\" src=\"https:\/\/www.aracalma.com\/wp-content\/uploads\/2023\/10\/Aquapure.jpg\" class=\"attachment-large size-large wp-image-3420\" alt=\"Tractament d&#039;Aquapure a AraCalma Vilanova i la Geltr\u00fa\" srcset=\"https:\/\/www.aracalma.com\/wp-content\/uploads\/2023\/10\/Aquapure.jpg 1000w, https:\/\/www.aracalma.com\/wp-content\/uploads\/2023\/10\/Aquapure-300x240.jpg 300w, https:\/\/www.aracalma.com\/wp-content\/uploads\/2023\/10\/Aquapure-768x614.jpg 768w, https:\/\/www.aracalma.com\/wp-content\/uploads\/2023\/10\/Aquapure-600x480.jpg 600w, https:\/\/www.aracalma.com\/wp-content\/uploads\/2023\/10\/Aquapure-100x80.jpg 100w\" sizes=\"(max-width: 1000px) 100vw, 1000px\" \/>\t\t\t\t\t\t\t\t\t\t\t\t\t\t\t<\/div>\n\t\t\t\t<\/div>\n\t\t\t\t<div class=\"elementor-element elementor-element-8d97c4d elementor-widget elementor-widget-uael-infobox\" data-id=\"8d97c4d\" data-element_type=\"widget\" data-widget_type=\"uael-infobox.default\">\n\t\t\t\t<div class=\"elementor-widget-container\">\n\t\t\t\t\t\n<div class=\"uael-module-content uael-infobox  uael-infobox-left  uael-infobox-link-type-none\">\n\t<div class=\"uael-infobox-left-right-wrap\">\n\t\t\t\t\t\t<div class=\"uael-infobox-content\">\n\t\t\t\t\t\t<div class='uael-infobox-title-wrap'><h3 class=\"uael-infobox-title elementor-inline-editing\" data-elementor-setting-key=\"infobox_title\" data-elementor-inline-editing-toolbar=\"basic\" >Aquapure <\/h3><\/div>\t\t\t\t\t\t\t\t\t<div class=\"uael-infobox-text-wrap\">\n\t\t\t\t<div class=\"uael-infobox-text elementor-inline-editing\" data-elementor-setting-key=\"infobox_description\" data-elementor-inline-editing-toolbar=\"advanced\">\n\t\t\t\t\tSistema de cura facial intel\u00b7ligent. Una combinaci\u00f3 d\u00b4extractes naturals, \u00e0cid hialur\u00f2nic i un complex de p\u00e8ptids ...\n<br>\n<hr style=\"width:50px;margin-top:10px;margin-bottom:10px;height:2px;background:#fff\">\n<span class=\"daurat\">60 min 110\u20ac<\/span>\n\t\t\t\t<\/div>\n\t\t\t\t\t\n\t\t\t\t\t\t\t<\/div>\n\t\t<\/div>\n\t\t\t<\/div>\n<\/div>\n\t\t\t\t<\/div>\n\t\t\t\t<\/div>\n\t\t\t\t<div class=\"elementor-element elementor-element-17811cc elementor-align-center elementor-widget elementor-widget-button\" data-id=\"17811cc\" data-element_type=\"widget\" data-widget_type=\"button.default\">\n\t\t\t\t<div class=\"elementor-widget-container\">\n\t\t\t\t\t\t\t\t\t<div class=\"elementor-button-wrapper\">\n\t\t\t\t\t<a class=\"elementor-button elementor-button-link elementor-size-sm\" href=\"https:\/\/www.aracalma.com\/ca\/producto\/aquapure-premium-gold\/\">\n\t\t\t\t\t\t<span class=\"elementor-button-content-wrapper\">\n\t\t\t\t\t\t\t\t\t<span class=\"elementor-button-text\">Saber-ne m\u00e9s<\/span>\n\t\t\t\t\t<\/span>\n\t\t\t\t\t<\/a>\n\t\t\t\t<\/div>\n\t\t\t\t\t\t\t\t<\/div>\n\t\t\t\t<\/div>\n\t\t\t\t<\/div>\n\t\t<div class=\"elementor-element elementor-element-2d9f292 e-con-full e-flex e-con e-child\" data-id=\"2d9f292\" data-element_type=\"container\" data-settings=\"{&quot;background_background&quot;:&quot;classic&quot;}\">\n\t\t\t\t<div class=\"elementor-element elementor-element-6361573 elementor-widget elementor-widget-image\" data-id=\"6361573\" data-element_type=\"widget\" data-widget_type=\"image.default\">\n\t\t\t\t<div class=\"elementor-widget-container\">\n\t\t\t\t\t\t\t\t\t\t\t\t\t\t\t<img decoding=\"async\" width=\"1000\" height=\"800\" src=\"https:\/\/www.aracalma.com\/wp-content\/uploads\/2023\/10\/higiene-facial-.jpg\" class=\"attachment-large size-large wp-image-3422\" alt=\"Higiene facial a Vilanova i la Geltr\u00fa, Ara Calma\" srcset=\"https:\/\/www.aracalma.com\/wp-content\/uploads\/2023\/10\/higiene-facial-.jpg 1000w, https:\/\/www.aracalma.com\/wp-content\/uploads\/2023\/10\/higiene-facial--300x240.jpg 300w, https:\/\/www.aracalma.com\/wp-content\/uploads\/2023\/10\/higiene-facial--768x614.jpg 768w, https:\/\/www.aracalma.com\/wp-content\/uploads\/2023\/10\/higiene-facial--600x480.jpg 600w, https:\/\/www.aracalma.com\/wp-content\/uploads\/2023\/10\/higiene-facial--100x80.jpg 100w\" sizes=\"(max-width: 1000px) 100vw, 1000px\" \/>\t\t\t\t\t\t\t\t\t\t\t\t\t\t\t<\/div>\n\t\t\t\t<\/div>\n\t\t\t\t<div class=\"elementor-element elementor-element-90efb30 elementor-widget elementor-widget-uael-infobox\" data-id=\"90efb30\" data-element_type=\"widget\" data-widget_type=\"uael-infobox.default\">\n\t\t\t\t<div class=\"elementor-widget-container\">\n\t\t\t\t\t\n<div class=\"uael-module-content uael-infobox  uael-infobox-left  uael-infobox-link-type-none\">\n\t<div class=\"uael-infobox-left-right-wrap\">\n\t\t\t\t\t\t<div class=\"uael-infobox-content\">\n\t\t\t\t\t\t<div class='uael-infobox-title-wrap'><h3 class=\"uael-infobox-title elementor-inline-editing\" data-elementor-setting-key=\"infobox_title\" data-elementor-inline-editing-toolbar=\"basic\" >Higiene Facial<\/h3><\/div>\t\t\t\t\t\t\t\t\t<div class=\"uael-infobox-text-wrap\">\n\t\t\t\t<div class=\"uael-infobox-text elementor-inline-editing\" data-elementor-setting-key=\"infobox_description\" data-elementor-inline-editing-toolbar=\"advanced\">\n\t\t\t\t\t<p>Abans de fer qualsevol tractament facial espec\u00edfic ja sigui d'est\u00e8tica com de medicina est\u00e8tica, \u00e9s recomanable fer una higiene facial profunda ...<\/p>\n<hr style=\"width:50px;margin-top:10px;margin-bottom:10px;height:2px;background:#fff\">\n<p><span class=\"daurat\">60 min 75\u20ac<\/span><\/p>\t\t\t\t<\/div>\n\t\t\t\t\t\n\t\t\t\t\t\t\t<\/div>\n\t\t<\/div>\n\t\t\t<\/div>\n<\/div>\n\t\t\t\t<\/div>\n\t\t\t\t<\/div>\n\t\t\t\t<div class=\"elementor-element elementor-element-7339a2b elementor-align-center elementor-widget elementor-widget-button\" data-id=\"7339a2b\" data-element_type=\"widget\" data-widget_type=\"button.default\">\n\t\t\t\t<div class=\"elementor-widget-container\">\n\t\t\t\t\t\t\t\t\t<div class=\"elementor-button-wrapper\">\n\t\t\t\t\t<a class=\"elementor-button elementor-button-link elementor-size-sm\" href=\"https:\/\/www.aracalma.com\/ca\/producto\/higiene-facial-ara-calma\/\">\n\t\t\t\t\t\t<span class=\"elementor-button-content-wrapper\">\n\t\t\t\t\t\t\t\t\t<span class=\"elementor-button-text\">Saber-ne m\u00e9s<\/span>\n\t\t\t\t\t<\/span>\n\t\t\t\t\t<\/a>\n\t\t\t\t<\/div>\n\t\t\t\t\t\t\t\t<\/div>\n\t\t\t\t<\/div>\n\t\t\t\t<\/div>\n\t\t<div class=\"elementor-element elementor-element-36a61b1 e-con-full e-flex e-con e-child\" data-id=\"36a61b1\" data-element_type=\"container\" data-settings=\"{&quot;background_background&quot;:&quot;classic&quot;}\">\n\t\t\t\t<div class=\"elementor-element elementor-element-3dbfd46 elementor-widget elementor-widget-image\" data-id=\"3dbfd46\" data-element_type=\"widget\" data-widget_type=\"image.default\">\n\t\t\t\t<div class=\"elementor-widget-container\">\n\t\t\t\t\t\t\t\t\t\t\t\t\t\t\t<img decoding=\"async\" width=\"1000\" height=\"800\" src=\"https:\/\/www.aracalma.com\/wp-content\/uploads\/2023\/10\/Higiene-perfecta.jpg\" class=\"attachment-large size-large wp-image-3424\" alt=\"Higiene facial perfecte a AraCalma Vilanova i la Geltr\u00fa\" srcset=\"https:\/\/www.aracalma.com\/wp-content\/uploads\/2023\/10\/Higiene-perfecta.jpg 1000w, https:\/\/www.aracalma.com\/wp-content\/uploads\/2023\/10\/Higiene-perfecta-300x240.jpg 300w, https:\/\/www.aracalma.com\/wp-content\/uploads\/2023\/10\/Higiene-perfecta-768x614.jpg 768w, https:\/\/www.aracalma.com\/wp-content\/uploads\/2023\/10\/Higiene-perfecta-600x480.jpg 600w, https:\/\/www.aracalma.com\/wp-content\/uploads\/2023\/10\/Higiene-perfecta-100x80.jpg 100w\" sizes=\"(max-width: 1000px) 100vw, 1000px\" \/>\t\t\t\t\t\t\t\t\t\t\t\t\t\t\t<\/div>\n\t\t\t\t<\/div>\n\t\t\t\t<div class=\"elementor-element elementor-element-5537dd2 elementor-widget elementor-widget-uael-infobox\" data-id=\"5537dd2\" data-element_type=\"widget\" data-widget_type=\"uael-infobox.default\">\n\t\t\t\t<div class=\"elementor-widget-container\">\n\t\t\t\t\t\n<div class=\"uael-module-content uael-infobox  uael-infobox-left  uael-infobox-link-type-none\">\n\t<div class=\"uael-infobox-left-right-wrap\">\n\t\t\t\t\t\t<div class=\"uael-infobox-content\">\n\t\t\t\t\t\t<div class='uael-infobox-title-wrap'><h3 class=\"uael-infobox-title elementor-inline-editing\" data-elementor-setting-key=\"infobox_title\" data-elementor-inline-editing-toolbar=\"basic\" >Hygiene Parfaite<\/h3><\/div>\t\t\t\t\t\t\t\t\t<div class=\"uael-infobox-text-wrap\">\n\t\t\t\t<div class=\"uael-infobox-text elementor-inline-editing\" data-elementor-setting-key=\"infobox_description\" data-elementor-inline-editing-toolbar=\"advanced\">\n\t\t\t\t\t<p>Higiene facial profunda realitzada amb productes org\u00e0nics i vegans que ajuda a la pell desfer-se de totes les seves impureses ...<br>\n<br><\/p>\n<hr style=\"width:50px;margin-top:10px;margin-bottom:10px;height:2px;background:#fff\">\n<p><span class=\"daurat\">75 min 95\u20ac<\/span><\/p>\t\t\t\t<\/div>\n\t\t\t\t\t\n\t\t\t\t\t\t\t<\/div>\n\t\t<\/div>\n\t\t\t<\/div>\n<\/div>\n\t\t\t\t<\/div>\n\t\t\t\t<\/div>\n\t\t\t\t<div class=\"elementor-element elementor-element-9c29b56 elementor-align-center elementor-widget elementor-widget-button\" data-id=\"9c29b56\" data-element_type=\"widget\" data-widget_type=\"button.default\">\n\t\t\t\t<div class=\"elementor-widget-container\">\n\t\t\t\t\t\t\t\t\t<div class=\"elementor-button-wrapper\">\n\t\t\t\t\t<a class=\"elementor-button elementor-button-link elementor-size-sm\" href=\"https:\/\/www.aracalma.com\/ca\/producto\/ara-calma-hygiene-parfaite\/\">\n\t\t\t\t\t\t<span class=\"elementor-button-content-wrapper\">\n\t\t\t\t\t\t\t\t\t<span class=\"elementor-button-text\">Saber-ne m\u00e9s<\/span>\n\t\t\t\t\t<\/span>\n\t\t\t\t\t<\/a>\n\t\t\t\t<\/div>\n\t\t\t\t\t\t\t\t<\/div>\n\t\t\t\t<\/div>\n\t\t\t\t<\/div>\n\t\t\t\t<\/div>\n\t\t<div class=\"elementor-element elementor-element-4b2a3ba e-con-full e-flex e-con e-parent\" data-id=\"4b2a3ba\" data-element_type=\"container\">\n\t\t<div class=\"elementor-element elementor-element-a98fc10 e-con-full e-flex e-con e-child\" data-id=\"a98fc10\" data-element_type=\"container\" data-settings=\"{&quot;background_background&quot;:&quot;classic&quot;}\">\n\t\t\t\t<div class=\"elementor-element elementor-element-0796c83 elementor-widget elementor-widget-image\" data-id=\"0796c83\" data-element_type=\"widget\" data-widget_type=\"image.default\">\n\t\t\t\t<div class=\"elementor-widget-container\">\n\t\t\t\t\t\t\t\t\t\t\t\t\t\t\t<img loading=\"lazy\" decoding=\"async\" width=\"733\" height=\"587\" src=\"https:\/\/www.aracalma.com\/wp-content\/uploads\/2023\/10\/image002.jpg\" class=\"attachment-large size-large wp-image-3429\" alt=\"\" srcset=\"https:\/\/www.aracalma.com\/wp-content\/uploads\/2023\/10\/image002.jpg 733w, https:\/\/www.aracalma.com\/wp-content\/uploads\/2023\/10\/image002-300x240.jpg 300w, https:\/\/www.aracalma.com\/wp-content\/uploads\/2023\/10\/image002-600x480.jpg 600w, https:\/\/www.aracalma.com\/wp-content\/uploads\/2023\/10\/image002-100x80.jpg 100w\" sizes=\"(max-width: 733px) 100vw, 733px\" \/>\t\t\t\t\t\t\t\t\t\t\t\t\t\t\t<\/div>\n\t\t\t\t<\/div>\n\t\t\t\t<div class=\"elementor-element elementor-element-7aec900 elementor-widget elementor-widget-uael-infobox\" data-id=\"7aec900\" data-element_type=\"widget\" data-widget_type=\"uael-infobox.default\">\n\t\t\t\t<div class=\"elementor-widget-container\">\n\t\t\t\t\t\n<div class=\"uael-module-content uael-infobox  uael-infobox-left  uael-infobox-link-type-none\">\n\t<div class=\"uael-infobox-left-right-wrap\">\n\t\t\t\t\t\t<div class=\"uael-infobox-content\">\n\t\t\t\t\t\t<div class='uael-infobox-title-wrap'><h3 class=\"uael-infobox-title elementor-inline-editing\" data-elementor-setting-key=\"infobox_title\" data-elementor-inline-editing-toolbar=\"basic\" >Facial Drenant<\/h3><\/div>\t\t\t\t\t\t\t\t\t<div class=\"uael-infobox-text-wrap\">\n\t\t\t\t<div class=\"uael-infobox-text elementor-inline-editing\" data-elementor-setting-key=\"infobox_description\" data-elementor-inline-editing-toolbar=\"advanced\">\n\t\t\t\t\tTractament facial ultra d\u00e9tox que ajuda les pells apagades i afectades per la pol\u00b7luci\u00f3 a recuperar un aspecte fresc i saludable ...<br>\n<hr style=\"width:50px;margin-top:10px;margin-bottom:10px;height:2px;background:#fff\">\n<span class=\"daurat\">75 min 85\u20ac<\/span>\n\t\t\t\t<\/div>\n\t\t\t\t\t\n\t\t\t\t\t\t\t<\/div>\n\t\t<\/div>\n\t\t\t<\/div>\n<\/div>\n\t\t\t\t<\/div>\n\t\t\t\t<\/div>\n\t\t\t\t<div class=\"elementor-element elementor-element-96fa819 elementor-align-center elementor-widget elementor-widget-button\" data-id=\"96fa819\" data-element_type=\"widget\" data-widget_type=\"button.default\">\n\t\t\t\t<div class=\"elementor-widget-container\">\n\t\t\t\t\t\t\t\t\t<div class=\"elementor-button-wrapper\">\n\t\t\t\t\t<a class=\"elementor-button elementor-button-link elementor-size-sm\" href=\"https:\/\/www.aracalma.com\/ca\/producto\/ara-calma-detox-treatment\/\">\n\t\t\t\t\t\t<span class=\"elementor-button-content-wrapper\">\n\t\t\t\t\t\t\t\t\t<span class=\"elementor-button-text\">Saber-ne m\u00e9s<\/span>\n\t\t\t\t\t<\/span>\n\t\t\t\t\t<\/a>\n\t\t\t\t<\/div>\n\t\t\t\t\t\t\t\t<\/div>\n\t\t\t\t<\/div>\n\t\t\t\t<\/div>\n\t\t<div class=\"elementor-element elementor-element-5182ef6 e-con-full e-flex e-con e-child\" data-id=\"5182ef6\" data-element_type=\"container\" data-settings=\"{&quot;background_background&quot;:&quot;classic&quot;}\">\n\t\t\t\t<div class=\"elementor-element elementor-element-c947451 elementor-widget elementor-widget-image\" data-id=\"c947451\" data-element_type=\"widget\" data-widget_type=\"image.default\">\n\t\t\t\t<div class=\"elementor-widget-container\">\n\t\t\t\t\t\t\t\t\t\t\t\t\t\t\t<img loading=\"lazy\" decoding=\"async\" width=\"1000\" height=\"800\" src=\"https:\/\/www.aracalma.com\/wp-content\/uploads\/2023\/10\/herbal-facial.jpg\" class=\"attachment-large size-large wp-image-3433\" alt=\"Tractament pell grassa a AraCalma Vilanova i la Geltr\u00fa\" srcset=\"https:\/\/www.aracalma.com\/wp-content\/uploads\/2023\/10\/herbal-facial.jpg 1000w, https:\/\/www.aracalma.com\/wp-content\/uploads\/2023\/10\/herbal-facial-300x240.jpg 300w, https:\/\/www.aracalma.com\/wp-content\/uploads\/2023\/10\/herbal-facial-768x614.jpg 768w, https:\/\/www.aracalma.com\/wp-content\/uploads\/2023\/10\/herbal-facial-600x480.jpg 600w, https:\/\/www.aracalma.com\/wp-content\/uploads\/2023\/10\/herbal-facial-100x80.jpg 100w\" sizes=\"(max-width: 1000px) 100vw, 1000px\" \/>\t\t\t\t\t\t\t\t\t\t\t\t\t\t\t<\/div>\n\t\t\t\t<\/div>\n\t\t\t\t<div class=\"elementor-element elementor-element-2af5315 elementor-widget elementor-widget-uael-infobox\" data-id=\"2af5315\" data-element_type=\"widget\" data-widget_type=\"uael-infobox.default\">\n\t\t\t\t<div class=\"elementor-widget-container\">\n\t\t\t\t\t\n<div class=\"uael-module-content uael-infobox  uael-infobox-left  uael-infobox-link-type-none\">\n\t<div class=\"uael-infobox-left-right-wrap\">\n\t\t\t\t\t\t<div class=\"uael-infobox-content\">\n\t\t\t\t\t\t<div class='uael-infobox-title-wrap'><h3 class=\"uael-infobox-title elementor-inline-editing\" data-elementor-setting-key=\"infobox_title\" data-elementor-inline-editing-toolbar=\"basic\" >Facial Pell Grassa<\/h3><\/div>\t\t\t\t\t\t\t\t\t<div class=\"uael-infobox-text-wrap\">\n\t\t\t\t<div class=\"uael-infobox-text elementor-inline-editing\" data-elementor-setting-key=\"infobox_description\" data-elementor-inline-editing-toolbar=\"advanced\">\n\t\t\t\t\tTractament facial purificant especialment desenvolupat per a les pells greixoses. Gr\u00e0cies als seus actius astringents com la sal  ...\n<br>\n<hr style=\"width:50px;margin-top:10px;margin-bottom:10px;height:2px;background:#fff\">\n<span class=\"daurat\">75 min 85\u20ac<\/span>\n\t\t\t\t<\/div>\n\t\t\t\t\t\n\t\t\t\t\t\t\t<\/div>\n\t\t<\/div>\n\t\t\t<\/div>\n<\/div>\n\t\t\t\t<\/div>\n\t\t\t\t<\/div>\n\t\t\t\t<div class=\"elementor-element elementor-element-f43e909 elementor-align-center elementor-widget elementor-widget-button\" data-id=\"f43e909\" data-element_type=\"widget\" data-widget_type=\"button.default\">\n\t\t\t\t<div class=\"elementor-widget-container\">\n\t\t\t\t\t\t\t\t\t<div class=\"elementor-button-wrapper\">\n\t\t\t\t\t<a class=\"elementor-button elementor-button-link elementor-size-sm\" href=\"https:\/\/www.aracalma.com\/ca\/producto\/ara-calma-herbal-treatment\/\">\n\t\t\t\t\t\t<span class=\"elementor-button-content-wrapper\">\n\t\t\t\t\t\t\t\t\t<span class=\"elementor-button-text\">Saber-ne m\u00e9s<\/span>\n\t\t\t\t\t<\/span>\n\t\t\t\t\t<\/a>\n\t\t\t\t<\/div>\n\t\t\t\t\t\t\t\t<\/div>\n\t\t\t\t<\/div>\n\t\t\t\t<\/div>\n\t\t<div class=\"elementor-element elementor-element-9b01c4c e-con-full e-flex e-con e-child\" data-id=\"9b01c4c\" data-element_type=\"container\" data-settings=\"{&quot;background_background&quot;:&quot;classic&quot;}\">\n\t\t\t\t<div class=\"elementor-element elementor-element-37bd3f7 elementor-widget elementor-widget-image\" data-id=\"37bd3f7\" data-element_type=\"widget\" data-widget_type=\"image.default\">\n\t\t\t\t<div class=\"elementor-widget-container\">\n\t\t\t\t\t\t\t\t\t\t\t\t\t\t\t<img loading=\"lazy\" decoding=\"async\" width=\"1000\" height=\"800\" src=\"https:\/\/www.aracalma.com\/wp-content\/uploads\/2023\/10\/beautician-applying-facial-mask-to-woman-at-spa-2022-12-16-09-37-23-utc.jpg\" class=\"attachment-large size-large wp-image-3436\" alt=\"Tractament facial reafirmant a Vilanova i la Geltr\u00fa, AraCalma\" srcset=\"https:\/\/www.aracalma.com\/wp-content\/uploads\/2023\/10\/beautician-applying-facial-mask-to-woman-at-spa-2022-12-16-09-37-23-utc.jpg 1000w, https:\/\/www.aracalma.com\/wp-content\/uploads\/2023\/10\/beautician-applying-facial-mask-to-woman-at-spa-2022-12-16-09-37-23-utc-300x240.jpg 300w, https:\/\/www.aracalma.com\/wp-content\/uploads\/2023\/10\/beautician-applying-facial-mask-to-woman-at-spa-2022-12-16-09-37-23-utc-768x614.jpg 768w, https:\/\/www.aracalma.com\/wp-content\/uploads\/2023\/10\/beautician-applying-facial-mask-to-woman-at-spa-2022-12-16-09-37-23-utc-600x480.jpg 600w, https:\/\/www.aracalma.com\/wp-content\/uploads\/2023\/10\/beautician-applying-facial-mask-to-woman-at-spa-2022-12-16-09-37-23-utc-100x80.jpg 100w\" sizes=\"(max-width: 1000px) 100vw, 1000px\" \/>\t\t\t\t\t\t\t\t\t\t\t\t\t\t\t<\/div>\n\t\t\t\t<\/div>\n\t\t\t\t<div class=\"elementor-element elementor-element-2f6257e elementor-widget elementor-widget-uael-infobox\" data-id=\"2f6257e\" data-element_type=\"widget\" data-widget_type=\"uael-infobox.default\">\n\t\t\t\t<div class=\"elementor-widget-container\">\n\t\t\t\t\t\n<div class=\"uael-module-content uael-infobox  uael-infobox-left  uael-infobox-link-type-none\">\n\t<div class=\"uael-infobox-left-right-wrap\">\n\t\t\t\t\t\t<div class=\"uael-infobox-content\">\n\t\t\t\t\t\t<div class='uael-infobox-title-wrap'><h3 class=\"uael-infobox-title elementor-inline-editing\" data-elementor-setting-key=\"infobox_title\" data-elementor-inline-editing-toolbar=\"basic\" >Facial Reafirmant<\/h3><\/div>\t\t\t\t\t\t\t\t\t<div class=\"uael-infobox-text-wrap\">\n\t\t\t\t<div class=\"uael-infobox-text elementor-inline-editing\" data-elementor-setting-key=\"infobox_description\" data-elementor-inline-editing-toolbar=\"advanced\">\n\t\t\t\t\tTractament facial reafirmant realitzat amb cosm\u00e8tics i m\u00e0scares que disposen d'un alt contingut en actius regeneradors i antiedat ...\n<br>\n<hr style=\"width:50px;margin-top:10px;margin-bottom:10px;height:2px;background:#fff\">\n<span class=\"daurat\">75 min 100\u20ac<\/span>\n\t\t\t\t<\/div>\n\t\t\t\t\t\n\t\t\t\t\t\t\t<\/div>\n\t\t<\/div>\n\t\t\t<\/div>\n<\/div>\n\t\t\t\t<\/div>\n\t\t\t\t<\/div>\n\t\t\t\t<div class=\"elementor-element elementor-element-dbc3005 elementor-align-center elementor-widget elementor-widget-button\" data-id=\"dbc3005\" data-element_type=\"widget\" data-widget_type=\"button.default\">\n\t\t\t\t<div class=\"elementor-widget-container\">\n\t\t\t\t\t\t\t\t\t<div class=\"elementor-button-wrapper\">\n\t\t\t\t\t<a class=\"elementor-button elementor-button-link elementor-size-sm\" href=\"https:\/\/www.aracalma.com\/ca\/producto\/ara-calma-lifting-experience\/\">\n\t\t\t\t\t\t<span class=\"elementor-button-content-wrapper\">\n\t\t\t\t\t\t\t\t\t<span class=\"elementor-button-text\">Saber-ne m\u00e9s<\/span>\n\t\t\t\t\t<\/span>\n\t\t\t\t\t<\/a>\n\t\t\t\t<\/div>\n\t\t\t\t\t\t\t\t<\/div>\n\t\t\t\t<\/div>\n\t\t\t\t<\/div>\n\t\t\t\t<\/div>\n\t\t<div class=\"elementor-element elementor-element-90d795a e-con-full e-flex e-con e-parent\" data-id=\"90d795a\" data-element_type=\"container\">\n\t\t<div class=\"elementor-element elementor-element-4e68335 e-con-full e-flex e-con e-child\" data-id=\"4e68335\" data-element_type=\"container\" data-settings=\"{&quot;background_background&quot;:&quot;classic&quot;}\">\n\t\t\t\t<div class=\"elementor-element elementor-element-0cadc99 elementor-widget elementor-widget-image\" data-id=\"0cadc99\" data-element_type=\"widget\" data-widget_type=\"image.default\">\n\t\t\t\t<div class=\"elementor-widget-container\">\n\t\t\t\t\t\t\t\t\t\t\t\t\t\t\t<img loading=\"lazy\" decoding=\"async\" width=\"1000\" height=\"800\" src=\"https:\/\/www.aracalma.com\/wp-content\/uploads\/2023\/10\/kisaku-masaje.jpg\" class=\"attachment-large size-large wp-image-3438\" alt=\"Massatge floral amb pindes, AraCalma Vilanova i la Geltr\u00fa\" srcset=\"https:\/\/www.aracalma.com\/wp-content\/uploads\/2023\/10\/kisaku-masaje.jpg 1000w, https:\/\/www.aracalma.com\/wp-content\/uploads\/2023\/10\/kisaku-masaje-300x240.jpg 300w, https:\/\/www.aracalma.com\/wp-content\/uploads\/2023\/10\/kisaku-masaje-768x614.jpg 768w, https:\/\/www.aracalma.com\/wp-content\/uploads\/2023\/10\/kisaku-masaje-600x480.jpg 600w, https:\/\/www.aracalma.com\/wp-content\/uploads\/2023\/10\/kisaku-masaje-100x80.jpg 100w\" sizes=\"(max-width: 1000px) 100vw, 1000px\" \/>\t\t\t\t\t\t\t\t\t\t\t\t\t\t\t<\/div>\n\t\t\t\t<\/div>\n\t\t\t\t<div class=\"elementor-element elementor-element-10539d6 elementor-widget elementor-widget-uael-infobox\" data-id=\"10539d6\" data-element_type=\"widget\" data-widget_type=\"uael-infobox.default\">\n\t\t\t\t<div class=\"elementor-widget-container\">\n\t\t\t\t\t\n<div class=\"uael-module-content uael-infobox  uael-infobox-left  uael-infobox-link-type-none\">\n\t<div class=\"uael-infobox-left-right-wrap\">\n\t\t\t\t\t\t<div class=\"uael-infobox-content\">\n\t\t\t\t\t\t<div class='uael-infobox-title-wrap'><h3 class=\"uael-infobox-title elementor-inline-editing\" data-elementor-setting-key=\"infobox_title\" data-elementor-inline-editing-toolbar=\"basic\" >Massatge Floral amb Pindes<\/h3><\/div>\t\t\t\t\t\t\t\t\t<div class=\"uael-infobox-text-wrap\">\n\t\t\t\t<div class=\"uael-infobox-text elementor-inline-editing\" data-elementor-setting-key=\"infobox_description\" data-elementor-inline-editing-toolbar=\"advanced\">\n\t\t\t\t\t<p>Tractament antiedat per combatre les l\u00ednies d'expressi\u00f3, que uneix els principis actius de les flors seg\u00fcents: ...\n<\/p>\n<hr style=\"width:50px;margin-top:10px;margin-bottom:10px;height:2px;background:#fff\">\n<p><span class=\"daurat\">60 min 65\u20ac<\/span><\/p>\t\t\t\t<\/div>\n\t\t\t\t\t\n\t\t\t\t\t\t\t<\/div>\n\t\t<\/div>\n\t\t\t<\/div>\n<\/div>\n\t\t\t\t<\/div>\n\t\t\t\t<\/div>\n\t\t\t\t<div class=\"elementor-element elementor-element-d5cbf64 elementor-align-center elementor-widget elementor-widget-button\" data-id=\"d5cbf64\" data-element_type=\"widget\" data-widget_type=\"button.default\">\n\t\t\t\t<div class=\"elementor-widget-container\">\n\t\t\t\t\t\t\t\t\t<div class=\"elementor-button-wrapper\">\n\t\t\t\t\t<a class=\"elementor-button elementor-button-link elementor-size-sm\" href=\"https:\/\/www.aracalma.com\/ca\/producto\/ara-calma-kisaku-massage\/\">\n\t\t\t\t\t\t<span class=\"elementor-button-content-wrapper\">\n\t\t\t\t\t\t\t\t\t<span class=\"elementor-button-text\">Saber-ne m\u00e9s<\/span>\n\t\t\t\t\t<\/span>\n\t\t\t\t\t<\/a>\n\t\t\t\t<\/div>\n\t\t\t\t\t\t\t\t<\/div>\n\t\t\t\t<\/div>\n\t\t\t\t<\/div>\n\t\t<div class=\"elementor-element elementor-element-c2e3303 e-con-full e-flex e-con e-child\" data-id=\"c2e3303\" data-element_type=\"container\" data-settings=\"{&quot;background_background&quot;:&quot;classic&quot;}\">\n\t\t\t\t<div class=\"elementor-element elementor-element-483d33e elementor-widget elementor-widget-image\" data-id=\"483d33e\" data-element_type=\"widget\" data-widget_type=\"image.default\">\n\t\t\t\t<div class=\"elementor-widget-container\">\n\t\t\t\t\t\t\t\t\t\t\t\t\t\t\t<img loading=\"lazy\" decoding=\"async\" width=\"1000\" height=\"800\" src=\"https:\/\/www.aracalma.com\/wp-content\/uploads\/2023\/10\/facial-hombre.jpg\" class=\"attachment-large size-large wp-image-3440\" alt=\"Massatge facial per home, AraCalma Vilanova i la Geltr\u00fa\" srcset=\"https:\/\/www.aracalma.com\/wp-content\/uploads\/2023\/10\/facial-hombre.jpg 1000w, https:\/\/www.aracalma.com\/wp-content\/uploads\/2023\/10\/facial-hombre-300x240.jpg 300w, https:\/\/www.aracalma.com\/wp-content\/uploads\/2023\/10\/facial-hombre-768x614.jpg 768w, https:\/\/www.aracalma.com\/wp-content\/uploads\/2023\/10\/facial-hombre-600x480.jpg 600w, https:\/\/www.aracalma.com\/wp-content\/uploads\/2023\/10\/facial-hombre-100x80.jpg 100w\" sizes=\"(max-width: 1000px) 100vw, 1000px\" \/>\t\t\t\t\t\t\t\t\t\t\t\t\t\t\t<\/div>\n\t\t\t\t<\/div>\n\t\t\t\t<div class=\"elementor-element elementor-element-a4f5edb elementor-widget elementor-widget-uael-infobox\" data-id=\"a4f5edb\" data-element_type=\"widget\" data-widget_type=\"uael-infobox.default\">\n\t\t\t\t<div class=\"elementor-widget-container\">\n\t\t\t\t\t\n<div class=\"uael-module-content uael-infobox  uael-infobox-left  uael-infobox-link-type-none\">\n\t<div class=\"uael-infobox-left-right-wrap\">\n\t\t\t\t\t\t<div class=\"uael-infobox-content\">\n\t\t\t\t\t\t<div class='uael-infobox-title-wrap'><h3 class=\"uael-infobox-title elementor-inline-editing\" data-elementor-setting-key=\"infobox_title\" data-elementor-inline-editing-toolbar=\"basic\" >Pell Madura<\/h3><\/div>\t\t\t\t\t\t\t\t\t<div class=\"uael-infobox-text-wrap\">\n\t\t\t\t<div class=\"uael-infobox-text elementor-inline-editing\" data-elementor-setting-key=\"infobox_description\" data-elementor-inline-editing-toolbar=\"advanced\">\n\t\t\t\t\tAquest tractament regenerador est\u00e0 indicat per a les pells m\u00e9s castigades i desnodrides ...<br><br>\n\n<hr style=\"width:50px;margin-top:10px;margin-bottom:10px;height:2px;background:#fff\">\n<span class=\"daurat\">75 min 100\u20ac<\/span>\n\t\t\t\t<\/div>\n\t\t\t\t\t\n\t\t\t\t\t\t\t<\/div>\n\t\t<\/div>\n\t\t\t<\/div>\n<\/div>\n\t\t\t\t<\/div>\n\t\t\t\t<\/div>\n\t\t\t\t<div class=\"elementor-element elementor-element-aa4542c elementor-align-center elementor-widget elementor-widget-button\" data-id=\"aa4542c\" data-element_type=\"widget\" data-widget_type=\"button.default\">\n\t\t\t\t<div class=\"elementor-widget-container\">\n\t\t\t\t\t\t\t\t\t<div class=\"elementor-button-wrapper\">\n\t\t\t\t\t<a class=\"elementor-button elementor-button-link elementor-size-sm\" href=\"https:\/\/www.aracalma.com\/ca\/producto\/ara-calma-skin-repair\/\">\n\t\t\t\t\t\t<span class=\"elementor-button-content-wrapper\">\n\t\t\t\t\t\t\t\t\t<span class=\"elementor-button-text\">Saber-ne m\u00e9s<\/span>\n\t\t\t\t\t<\/span>\n\t\t\t\t\t<\/a>\n\t\t\t\t<\/div>\n\t\t\t\t\t\t\t\t<\/div>\n\t\t\t\t<\/div>\n\t\t\t\t<\/div>\n\t\t<div class=\"elementor-element elementor-element-fa6532e e-con-full e-flex e-con e-child\" data-id=\"fa6532e\" data-element_type=\"container\" data-settings=\"{&quot;background_background&quot;:&quot;classic&quot;}\">\n\t\t\t\t<div class=\"elementor-element elementor-element-fc3fc73 elementor-widget elementor-widget-image\" data-id=\"fc3fc73\" data-element_type=\"widget\" data-widget_type=\"image.default\">\n\t\t\t\t<div class=\"elementor-widget-container\">\n\t\t\t\t\t\t\t\t\t\t\t\t\t\t\t<img loading=\"lazy\" decoding=\"async\" width=\"1000\" height=\"800\" src=\"https:\/\/www.aracalma.com\/wp-content\/uploads\/2025\/03\/Tratamiento-Hydra-Defense.jpg\" class=\"attachment-large size-large wp-image-5770\" alt=\"Tractament Hydra Defe\u0300nse\" srcset=\"https:\/\/www.aracalma.com\/wp-content\/uploads\/2025\/03\/Tratamiento-Hydra-Defense.jpg 1000w, https:\/\/www.aracalma.com\/wp-content\/uploads\/2025\/03\/Tratamiento-Hydra-Defense-300x240.jpg 300w, https:\/\/www.aracalma.com\/wp-content\/uploads\/2025\/03\/Tratamiento-Hydra-Defense-768x614.jpg 768w, https:\/\/www.aracalma.com\/wp-content\/uploads\/2025\/03\/Tratamiento-Hydra-Defense-600x480.jpg 600w, https:\/\/www.aracalma.com\/wp-content\/uploads\/2025\/03\/Tratamiento-Hydra-Defense-100x80.jpg 100w\" sizes=\"(max-width: 1000px) 100vw, 1000px\" \/>\t\t\t\t\t\t\t\t\t\t\t\t\t\t\t<\/div>\n\t\t\t\t<\/div>\n\t\t\t\t<div class=\"elementor-element elementor-element-06cd646 elementor-widget elementor-widget-uael-infobox\" data-id=\"06cd646\" data-element_type=\"widget\" data-widget_type=\"uael-infobox.default\">\n\t\t\t\t<div class=\"elementor-widget-container\">\n\t\t\t\t\t\n<div class=\"uael-module-content uael-infobox  uael-infobox-left  uael-infobox-link-type-none\">\n\t<div class=\"uael-infobox-left-right-wrap\">\n\t\t\t\t\t\t<div class=\"uael-infobox-content\">\n\t\t\t\t\t\t<div class='uael-infobox-title-wrap'><h3 class=\"uael-infobox-title elementor-inline-editing\" data-elementor-setting-key=\"infobox_title\" data-elementor-inline-editing-toolbar=\"basic\" >Hydra Def\u00e8nse<\/h3><\/div>\t\t\t\t\t\t\t\t\t<div class=\"uael-infobox-text-wrap\">\n\t\t\t\t<div class=\"uael-infobox-text elementor-inline-editing\" data-elementor-setting-key=\"infobox_description\" data-elementor-inline-editing-toolbar=\"advanced\">\n\t\t\t\t\tAquest tractament facial aporta una hidrataci\u00f3 intensa i una defensa superior per a la pell,...<br><br>\n\n<hr style=\"width:50px;margin-top:10px;margin-bottom:10px;height:2px;background:#fff\">\n<span class=\"daurat\">75 min 90\u20ac<\/span>\n\t\t\t\t<\/div>\n\t\t\t\t\t\n\t\t\t\t\t\t\t<\/div>\n\t\t<\/div>\n\t\t\t<\/div>\n<\/div>\n\t\t\t\t<\/div>\n\t\t\t\t<\/div>\n\t\t\t\t<div class=\"elementor-element elementor-element-765df2d elementor-align-center elementor-widget elementor-widget-button\" data-id=\"765df2d\" data-element_type=\"widget\" data-widget_type=\"button.default\">\n\t\t\t\t<div class=\"elementor-widget-container\">\n\t\t\t\t\t\t\t\t\t<div class=\"elementor-button-wrapper\">\n\t\t\t\t\t<a class=\"elementor-button elementor-button-link elementor-size-sm\" href=\"https:\/\/www.aracalma.com\/ca\/producto\/tractament-hydra-defense\">\n\t\t\t\t\t\t<span class=\"elementor-button-content-wrapper\">\n\t\t\t\t\t\t\t\t\t<span class=\"elementor-button-text\">Saber-ne m\u00e9s<\/span>\n\t\t\t\t\t<\/span>\n\t\t\t\t\t<\/a>\n\t\t\t\t<\/div>\n\t\t\t\t\t\t\t\t<\/div>\n\t\t\t\t<\/div>\n\t\t\t\t<\/div>\n\t\t\t\t<\/div>\n\t\t<div class=\"elementor-element elementor-element-c37ab24 e-con-full e-flex e-con e-parent\" data-id=\"c37ab24\" data-element_type=\"container\">\n\t\t<div class=\"elementor-element elementor-element-ba15ba6 e-con-full e-flex e-con e-child\" data-id=\"ba15ba6\" data-element_type=\"container\" data-settings=\"{&quot;background_background&quot;:&quot;classic&quot;}\">\n\t\t\t\t<div class=\"elementor-element elementor-element-ecbfc7d elementor-widget elementor-widget-image\" data-id=\"ecbfc7d\" data-element_type=\"widget\" data-widget_type=\"image.default\">\n\t\t\t\t<div class=\"elementor-widget-container\">\n\t\t\t\t\t\t\t\t\t\t\t\t\t\t\t<img loading=\"lazy\" decoding=\"async\" width=\"1000\" height=\"800\" src=\"https:\/\/www.aracalma.com\/wp-content\/uploads\/2026\/03\/foto-web-AC-facial.jpg\" class=\"attachment-large size-large wp-image-7004\" alt=\"Tractament facial org\u00e0nic\" srcset=\"https:\/\/www.aracalma.com\/wp-content\/uploads\/2026\/03\/foto-web-AC-facial.jpg 1000w, https:\/\/www.aracalma.com\/wp-content\/uploads\/2026\/03\/foto-web-AC-facial-300x240.jpg 300w, https:\/\/www.aracalma.com\/wp-content\/uploads\/2026\/03\/foto-web-AC-facial-768x614.jpg 768w, https:\/\/www.aracalma.com\/wp-content\/uploads\/2026\/03\/foto-web-AC-facial-600x480.jpg 600w, https:\/\/www.aracalma.com\/wp-content\/uploads\/2026\/03\/foto-web-AC-facial-100x80.jpg 100w\" sizes=\"(max-width: 1000px) 100vw, 1000px\" \/>\t\t\t\t\t\t\t\t\t\t\t\t\t\t\t<\/div>\n\t\t\t\t<\/div>\n\t\t\t\t<div class=\"elementor-element elementor-element-99cc94c elementor-widget elementor-widget-uael-infobox\" data-id=\"99cc94c\" data-element_type=\"widget\" data-widget_type=\"uael-infobox.default\">\n\t\t\t\t<div class=\"elementor-widget-container\">\n\t\t\t\t\t\n<div class=\"uael-module-content uael-infobox  uael-infobox-left  uael-infobox-link-type-none\">\n\t<div class=\"uael-infobox-left-right-wrap\">\n\t\t\t\t\t\t<div class=\"uael-infobox-content\">\n\t\t\t\t\t\t<div class='uael-infobox-title-wrap'><h3 class=\"uael-infobox-title elementor-inline-editing\" data-elementor-setting-key=\"infobox_title\" data-elementor-inline-editing-toolbar=\"basic\" >Organic Timeless Glow:Ritual Anti-Edat amb Oli Org\u00e0nic<\/h3><\/div>\t\t\t\t\t\t\t\t\t<div class=\"uael-infobox-text-wrap\">\n\t\t\t\t<div class=\"uael-infobox-text elementor-inline-editing\" data-elementor-setting-key=\"infobox_description\" data-elementor-inline-editing-toolbar=\"advanced\">\n\t\t\t\t\t<p>Especial mes de Mar\u00e7 <p>\n     Aquest mar\u00e7, us oferim un tractament facial sensorial que combina t\u00e8cniques manuals precises amb olis org\u00e0nics d'alta qualitat, seleccionats per les seves propietats nutritives i regeneradores. Millora l'elasticitat, enforteix la barrera cut\u00e0nia i restaura la lluminositat de la pell que busca una cura antienvelliment natural i sofisticada. Una experi\u00e8ncia pr\u00e8mium que equilibra l'efic\u00e0cia i el benestar en cada aplicaci\u00f3.<\/p>\n<hr style=\"width:50px;margin-top:10px;margin-bottom:10px;height:2px;background:#fff\">\n<p><span class=\"daurat\">50 min 75\u20ac (preu habitual 85\u20ac)<\/span><\/p>\t\t\t\t<\/div>\n\t\t\t\t\t\n\t\t\t\t\t\t\t<\/div>\n\t\t<\/div>\n\t\t\t<\/div>\n<\/div>\n\t\t\t\t<\/div>\n\t\t\t\t<\/div>\n\t\t\t\t<div class=\"elementor-element elementor-element-33baf31 elementor-align-center elementor-widget elementor-widget-button\" data-id=\"33baf31\" data-element_type=\"widget\" data-widget_type=\"button.default\">\n\t\t\t\t<div class=\"elementor-widget-container\">\n\t\t\t\t\t\t\t\t\t<div class=\"elementor-button-wrapper\">\n\t\t\t\t\t<a class=\"elementor-button elementor-button-link elementor-size-sm\" href=\"https:\/\/www.aracalma.com\/ca\/producto\/organic-timeless-glowritual-anti-edat-amb-oli-organic\/\">\n\t\t\t\t\t\t<span class=\"elementor-button-content-wrapper\">\n\t\t\t\t\t\t\t\t\t<span class=\"elementor-button-text\">Saber-ne m\u00e9s<\/span>\n\t\t\t\t\t<\/span>\n\t\t\t\t\t<\/a>\n\t\t\t\t<\/div>\n\t\t\t\t\t\t\t\t<\/div>\n\t\t\t\t<\/div>\n\t\t\t\t<\/div>\n\t\t<div class=\"elementor-element elementor-element-7a78a33 e-con-full e-flex e-con e-child\" data-id=\"7a78a33\" data-element_type=\"container\" data-settings=\"{&quot;background_background&quot;:&quot;classic&quot;}\">\n\t\t\t\t<\/div>\n\t\t<div class=\"elementor-element elementor-element-127fed8 e-con-full e-flex e-con e-child\" data-id=\"127fed8\" data-element_type=\"container\" data-settings=\"{&quot;background_background&quot;:&quot;classic&quot;}\">\n\t\t\t\t<\/div>\n\t\t\t\t<\/div>\n\t\t\t\t<\/div>\n\t\t","protected":false},"excerpt":{"rendered":"<p>Tractaments facials \u200b Els massatges s\u00f3n una t\u00e8cnica terap\u00e8utica que implica la manipulaci\u00f3 dels teixits tous del cos amb l&#8217;objectiu de millorar la circulaci\u00f3 sangu\u00ednia, alleujar el dolor i reduir l&#8217;estr\u00e8s. Aquapure Sistema de cura facial intel\u00b7ligent. Una combinaci\u00f3 d\u00b4extractes naturals, \u00e0cid hialur\u00f2nic i un complex de p\u00e8ptids &#8230; 60 min 110\u20ac Saber-ne m\u00e9s Higiene [&hellip;]<\/p>\n","protected":false},"author":2,"featured_media":0,"parent":2714,"menu_order":0,"comment_status":"closed","ping_status":"closed","template":"","meta":{"site-sidebar-layout":"default","site-content-layout":"page-builder","ast-site-content-layout":"full-width-container","site-content-style":"unboxed","site-sidebar-style":"unboxed","ast-global-header-display":"","ast-banner-title-visibility":"","ast-main-header-display":"","ast-hfb-above-header-display":"","ast-hfb-below-header-display":"","ast-hfb-mobile-header-display":"","site-post-title":"disabled","ast-breadcrumbs-content":"","ast-featured-img":"disabled","footer-sml-layout":"","theme-transparent-header-meta":"","adv-header-id-meta":"","stick-header-meta":"default","header-above-stick-meta":"","header-main-stick-meta":"","header-below-stick-meta":"","astra-migrate-meta-layouts":"set","ast-page-background-enabled":"default","ast-page-background-meta":{"desktop":{"background-color":"","background-image":"","background-repeat":"repeat","background-position":"center center","background-size":"auto","background-attachment":"scroll","background-type":"","background-media":"","overlay-type":"","overlay-color":"","overlay-opacity":"","overlay-gradient":""},"tablet":{"background-color":"","background-image":"","background-repeat":"repeat","background-position":"center center","background-size":"auto","background-attachment":"scroll","background-type":"","background-media":"","overlay-type":"","overlay-color":"","overlay-opacity":"","overlay-gradient":""},"mobile":{"background-color":"","background-image":"","background-repeat":"repeat","background-position":"center center","background-size":"auto","background-attachment":"scroll","background-type":"","background-media":"","overlay-type":"","overlay-color":"","overlay-opacity":"","overlay-gradient":""}},"ast-content-background-meta":{"desktop":{"background-color":"var(--ast-global-color-5)","background-image":"","background-repeat":"repeat","background-position":"center center","background-size":"auto","background-attachment":"scroll","background-type":"","background-media":"","overlay-type":"","overlay-color":"","overlay-opacity":"","overlay-gradient":""},"tablet":{"background-color":"var(--ast-global-color-5)","background-image":"","background-repeat":"repeat","background-position":"center center","background-size":"auto","background-attachment":"scroll","background-type":"","background-media":"","overlay-type":"","overlay-color":"","overlay-opacity":"","overlay-gradient":""},"mobile":{"background-color":"var(--ast-global-color-5)","background-image":"","background-repeat":"repeat","background-position":"center center","background-size":"auto","background-attachment":"scroll","background-type":"","background-media":"","overlay-type":"","overlay-color":"","overlay-opacity":"","overlay-gradient":""}},"footnotes":""},"class_list":["post-2779","page","type-page","status-publish","hentry"],"yoast_head":"<!-- This site is optimized with the Yoast SEO plugin v25.5 - https:\/\/yoast.com\/wordpress\/plugins\/seo\/ -->\n<title>Tractaments Facials - AraCalma Vilanova i la Geltr\u00fa<\/title>\n<meta name=\"robots\" content=\"index, follow, max-snippet:-1, max-image-preview:large, max-video-preview:-1\" \/>\n<link rel=\"canonical\" href=\"https:\/\/www.aracalma.com\/ca\/experiencies-ara-calma\/tratamientos-faciales\/\" \/>\n<meta property=\"og:locale\" content=\"ca_ES\" \/>\n<meta property=\"og:type\" content=\"article\" \/>\n<meta property=\"og:title\" content=\"Tractaments Facials - AraCalma Vilanova i la Geltr\u00fa\" \/>\n<meta property=\"og:description\" content=\"Tractaments facials \u200b Els massatges s\u00f3n una t\u00e8cnica terap\u00e8utica que implica la manipulaci\u00f3 dels teixits tous del cos amb l&#8217;objectiu de millorar la circulaci\u00f3 sangu\u00ednia, alleujar el dolor i reduir l&#8217;estr\u00e8s. Aquapure Sistema de cura facial intel\u00b7ligent. Una combinaci\u00f3 d\u00b4extractes naturals, \u00e0cid hialur\u00f2nic i un complex de p\u00e8ptids &#8230; 60 min 110\u20ac Saber-ne m\u00e9s Higiene [&hellip;]\" \/>\n<meta property=\"og:url\" content=\"https:\/\/www.aracalma.com\/ca\/experiencies-ara-calma\/tratamientos-faciales\/\" \/>\n<meta property=\"og:site_name\" content=\"AraCalma Vilanova i la Geltr\u00fa\" \/>\n<meta property=\"article:publisher\" content=\"https:\/\/www.facebook.com\/profile.php?id=100094464087030\" \/>\n<meta property=\"article:modified_time\" content=\"2026-04-01T08:15:09+00:00\" \/>\n<meta property=\"og:image\" content=\"https:\/\/www.aracalma.com\/wp-content\/uploads\/2023\/10\/Aquapure.jpg\" \/>\n\t<meta property=\"og:image:width\" content=\"1000\" \/>\n\t<meta property=\"og:image:height\" content=\"800\" \/>\n\t<meta property=\"og:image:type\" content=\"image\/jpeg\" \/>\n<meta name=\"twitter:card\" content=\"summary_large_image\" \/>\n<meta name=\"twitter:label1\" content=\"Temps estimat de lectura\" \/>\n\t<meta name=\"twitter:data1\" content=\"4 minuts\" \/>\n<script type=\"application\/ld+json\" class=\"yoast-schema-graph\">{\"@context\":\"https:\/\/schema.org\",\"@graph\":[{\"@type\":\"WebPage\",\"@id\":\"https:\/\/www.aracalma.com\/ca\/experiencies-ara-calma\/tratamientos-faciales\/\",\"url\":\"https:\/\/www.aracalma.com\/ca\/experiencies-ara-calma\/tratamientos-faciales\/\",\"name\":\"Tractaments Facials - AraCalma Vilanova i la Geltr\u00fa\",\"isPartOf\":{\"@id\":\"https:\/\/www.aracalma.com\/ca\/#website\"},\"primaryImageOfPage\":{\"@id\":\"https:\/\/www.aracalma.com\/ca\/experiencies-ara-calma\/tratamientos-faciales\/#primaryimage\"},\"image\":{\"@id\":\"https:\/\/www.aracalma.com\/ca\/experiencies-ara-calma\/tratamientos-faciales\/#primaryimage\"},\"thumbnailUrl\":\"https:\/\/www.aracalma.com\/wp-content\/uploads\/2023\/10\/Aquapure.jpg\",\"datePublished\":\"2023-05-12T07:09:30+00:00\",\"dateModified\":\"2026-04-01T08:15:09+00:00\",\"breadcrumb\":{\"@id\":\"https:\/\/www.aracalma.com\/ca\/experiencies-ara-calma\/tratamientos-faciales\/#breadcrumb\"},\"inLanguage\":\"ca\",\"potentialAction\":[{\"@type\":\"ReadAction\",\"target\":[\"https:\/\/www.aracalma.com\/ca\/experiencies-ara-calma\/tratamientos-faciales\/\"]}]},{\"@type\":\"ImageObject\",\"inLanguage\":\"ca\",\"@id\":\"https:\/\/www.aracalma.com\/ca\/experiencies-ara-calma\/tratamientos-faciales\/#primaryimage\",\"url\":\"https:\/\/www.aracalma.com\/wp-content\/uploads\/2023\/10\/Aquapure.jpg\",\"contentUrl\":\"https:\/\/www.aracalma.com\/wp-content\/uploads\/2023\/10\/Aquapure.jpg\"},{\"@type\":\"BreadcrumbList\",\"@id\":\"https:\/\/www.aracalma.com\/ca\/experiencies-ara-calma\/tratamientos-faciales\/#breadcrumb\",\"itemListElement\":[{\"@type\":\"ListItem\",\"position\":1,\"name\":\"Portada\",\"item\":\"https:\/\/www.aracalma.com\/ca\/\"},{\"@type\":\"ListItem\",\"position\":2,\"name\":\"Experi\u00e8ncies AraCalma\",\"item\":\"https:\/\/www.aracalma.com\/ca\/experiencies-ara-calma\/\"},{\"@type\":\"ListItem\",\"position\":3,\"name\":\"Tractaments Facials\"}]},{\"@type\":\"WebSite\",\"@id\":\"https:\/\/www.aracalma.com\/ca\/#website\",\"url\":\"https:\/\/www.aracalma.com\/ca\/\",\"name\":\"AraCalma Vilanova\",\"description\":\"Espai de Benestar\",\"publisher\":{\"@id\":\"https:\/\/www.aracalma.com\/ca\/#organization\"},\"potentialAction\":[{\"@type\":\"SearchAction\",\"target\":{\"@type\":\"EntryPoint\",\"urlTemplate\":\"https:\/\/www.aracalma.com\/ca\/?s={search_term_string}\"},\"query-input\":{\"@type\":\"PropertyValueSpecification\",\"valueRequired\":true,\"valueName\":\"search_term_string\"}}],\"inLanguage\":\"ca\"},{\"@type\":\"Organization\",\"@id\":\"https:\/\/www.aracalma.com\/ca\/#organization\",\"name\":\"AraCalma Vilanova\",\"url\":\"https:\/\/www.aracalma.com\/ca\/\",\"logo\":{\"@type\":\"ImageObject\",\"inLanguage\":\"ca\",\"@id\":\"https:\/\/www.aracalma.com\/ca\/#\/schema\/logo\/image\/\",\"url\":\"https:\/\/www.aracalma.com\/wp-content\/uploads\/2023\/05\/logo_AraCalma_b_p.png\",\"contentUrl\":\"https:\/\/www.aracalma.com\/wp-content\/uploads\/2023\/05\/logo_AraCalma_b_p.png\",\"width\":250,\"height\":94,\"caption\":\"AraCalma Vilanova\"},\"image\":{\"@id\":\"https:\/\/www.aracalma.com\/ca\/#\/schema\/logo\/image\/\"},\"sameAs\":[\"https:\/\/www.facebook.com\/profile.php?id=100094464087030\",\"https:\/\/www.instagram.com\/aracalmawellness\/\"]}]}<\/script>\n<!-- \/ Yoast SEO plugin. -->","yoast_head_json":{"title":"Tractaments Facials - AraCalma Vilanova i la Geltr\u00fa","robots":{"index":"index","follow":"follow","max-snippet":"max-snippet:-1","max-image-preview":"max-image-preview:large","max-video-preview":"max-video-preview:-1"},"canonical":"https:\/\/www.aracalma.com\/ca\/experiencies-ara-calma\/tratamientos-faciales\/","og_locale":"ca_ES","og_type":"article","og_title":"Tractaments Facials - AraCalma Vilanova i la Geltr\u00fa","og_description":"Tractaments facials \u200b Els massatges s\u00f3n una t\u00e8cnica terap\u00e8utica que implica la manipulaci\u00f3 dels teixits tous del cos amb l&#8217;objectiu de millorar la circulaci\u00f3 sangu\u00ednia, alleujar el dolor i reduir l&#8217;estr\u00e8s. Aquapure Sistema de cura facial intel\u00b7ligent. Una combinaci\u00f3 d\u00b4extractes naturals, \u00e0cid hialur\u00f2nic i un complex de p\u00e8ptids &#8230; 60 min 110\u20ac Saber-ne m\u00e9s Higiene [&hellip;]","og_url":"https:\/\/www.aracalma.com\/ca\/experiencies-ara-calma\/tratamientos-faciales\/","og_site_name":"AraCalma Vilanova i la Geltr\u00fa","article_publisher":"https:\/\/www.facebook.com\/profile.php?id=100094464087030","article_modified_time":"2026-04-01T08:15:09+00:00","og_image":[{"width":1000,"height":800,"url":"https:\/\/www.aracalma.com\/wp-content\/uploads\/2023\/10\/Aquapure.jpg","type":"image\/jpeg"}],"twitter_card":"summary_large_image","twitter_misc":{"Temps estimat de lectura":"4 minuts"},"schema":{"@context":"https:\/\/schema.org","@graph":[{"@type":"WebPage","@id":"https:\/\/www.aracalma.com\/ca\/experiencies-ara-calma\/tratamientos-faciales\/","url":"https:\/\/www.aracalma.com\/ca\/experiencies-ara-calma\/tratamientos-faciales\/","name":"Tractaments Facials - AraCalma Vilanova i la Geltr\u00fa","isPartOf":{"@id":"https:\/\/www.aracalma.com\/ca\/#website"},"primaryImageOfPage":{"@id":"https:\/\/www.aracalma.com\/ca\/experiencies-ara-calma\/tratamientos-faciales\/#primaryimage"},"image":{"@id":"https:\/\/www.aracalma.com\/ca\/experiencies-ara-calma\/tratamientos-faciales\/#primaryimage"},"thumbnailUrl":"https:\/\/www.aracalma.com\/wp-content\/uploads\/2023\/10\/Aquapure.jpg","datePublished":"2023-05-12T07:09:30+00:00","dateModified":"2026-04-01T08:15:09+00:00","breadcrumb":{"@id":"https:\/\/www.aracalma.com\/ca\/experiencies-ara-calma\/tratamientos-faciales\/#breadcrumb"},"inLanguage":"ca","potentialAction":[{"@type":"ReadAction","target":["https:\/\/www.aracalma.com\/ca\/experiencies-ara-calma\/tratamientos-faciales\/"]}]},{"@type":"ImageObject","inLanguage":"ca","@id":"https:\/\/www.aracalma.com\/ca\/experiencies-ara-calma\/tratamientos-faciales\/#primaryimage","url":"https:\/\/www.aracalma.com\/wp-content\/uploads\/2023\/10\/Aquapure.jpg","contentUrl":"https:\/\/www.aracalma.com\/wp-content\/uploads\/2023\/10\/Aquapure.jpg"},{"@type":"BreadcrumbList","@id":"https:\/\/www.aracalma.com\/ca\/experiencies-ara-calma\/tratamientos-faciales\/#breadcrumb","itemListElement":[{"@type":"ListItem","position":1,"name":"Portada","item":"https:\/\/www.aracalma.com\/ca\/"},{"@type":"ListItem","position":2,"name":"Experi\u00e8ncies AraCalma","item":"https:\/\/www.aracalma.com\/ca\/experiencies-ara-calma\/"},{"@type":"ListItem","position":3,"name":"Tractaments Facials"}]},{"@type":"WebSite","@id":"https:\/\/www.aracalma.com\/ca\/#website","url":"https:\/\/www.aracalma.com\/ca\/","name":"AraCalma Vilanova","description":"Espai de Benestar","publisher":{"@id":"https:\/\/www.aracalma.com\/ca\/#organization"},"potentialAction":[{"@type":"SearchAction","target":{"@type":"EntryPoint","urlTemplate":"https:\/\/www.aracalma.com\/ca\/?s={search_term_string}"},"query-input":{"@type":"PropertyValueSpecification","valueRequired":true,"valueName":"search_term_string"}}],"inLanguage":"ca"},{"@type":"Organization","@id":"https:\/\/www.aracalma.com\/ca\/#organization","name":"AraCalma Vilanova","url":"https:\/\/www.aracalma.com\/ca\/","logo":{"@type":"ImageObject","inLanguage":"ca","@id":"https:\/\/www.aracalma.com\/ca\/#\/schema\/logo\/image\/","url":"https:\/\/www.aracalma.com\/wp-content\/uploads\/2023\/05\/logo_AraCalma_b_p.png","contentUrl":"https:\/\/www.aracalma.com\/wp-content\/uploads\/2023\/05\/logo_AraCalma_b_p.png","width":250,"height":94,"caption":"AraCalma Vilanova"},"image":{"@id":"https:\/\/www.aracalma.com\/ca\/#\/schema\/logo\/image\/"},"sameAs":["https:\/\/www.facebook.com\/profile.php?id=100094464087030","https:\/\/www.instagram.com\/aracalmawellness\/"]}]}},"_links":{"self":[{"href":"https:\/\/www.aracalma.com\/ca\/wp-json\/wp\/v2\/pages\/2779","targetHints":{"allow":["GET"]}}],"collection":[{"href":"https:\/\/www.aracalma.com\/ca\/wp-json\/wp\/v2\/pages"}],"about":[{"href":"https:\/\/www.aracalma.com\/ca\/wp-json\/wp\/v2\/types\/page"}],"author":[{"embeddable":true,"href":"https:\/\/www.aracalma.com\/ca\/wp-json\/wp\/v2\/users\/2"}],"replies":[{"embeddable":true,"href":"https:\/\/www.aracalma.com\/ca\/wp-json\/wp\/v2\/comments?post=2779"}],"version-history":[{"count":34,"href":"https:\/\/www.aracalma.com\/ca\/wp-json\/wp\/v2\/pages\/2779\/revisions"}],"predecessor-version":[{"id":7130,"href":"https:\/\/www.aracalma.com\/ca\/wp-json\/wp\/v2\/pages\/2779\/revisions\/7130"}],"up":[{"embeddable":true,"href":"https:\/\/www.aracalma.com\/ca\/wp-json\/wp\/v2\/pages\/2714"}],"wp:attachment":[{"href":"https:\/\/www.aracalma.com\/ca\/wp-json\/wp\/v2\/media?parent=2779"}],"curies":[{"name":"wp","href":"https:\/\/api.w.org\/{rel}","templated":true}]}}