{"id":2764,"date":"2023-05-11T16:21:20","date_gmt":"2023-05-11T16:21:20","guid":{"rendered":"https:\/\/www.aracalma.com\/experiencies-ara-calma\/tratamientos-corporales\/"},"modified":"2026-02-25T12:02:12","modified_gmt":"2026-02-25T12:02:12","slug":"tractaments-corporals","status":"publish","type":"page","link":"https:\/\/www.aracalma.com\/ca\/experiencies-ara-calma\/tractaments-corporals\/","title":{"rendered":"Tractaments Corporals"},"content":{"rendered":"\t\t<div data-elementor-type=\"wp-post\" data-elementor-id=\"2764\" class=\"elementor elementor-2764 elementor-743\">\n\t\t\t\t\t\t<section class=\"elementor-section elementor-top-section elementor-element elementor-element-66e796b elementor-section-height-min-height elementor-section-boxed elementor-section-height-default elementor-section-items-middle\" data-id=\"66e796b\" data-element_type=\"section\" data-settings=\"{&quot;background_background&quot;:&quot;classic&quot;}\">\n\t\t\t\t\t\t\t<div class=\"elementor-background-overlay\"><\/div>\n\t\t\t\t\t\t\t<div class=\"elementor-container elementor-column-gap-no\">\n\t\t\t\t\t<div class=\"elementor-column elementor-col-100 elementor-top-column elementor-element elementor-element-bb16189\" data-id=\"bb16189\" data-element_type=\"column\">\n\t\t\t<div class=\"elementor-widget-wrap elementor-element-populated\">\n\t\t\t\t\t\t<div class=\"elementor-element elementor-element-9999588 elementor-widget elementor-widget-heading\" data-id=\"9999588\" data-element_type=\"widget\" data-widget_type=\"heading.default\">\n\t\t\t\t<div class=\"elementor-widget-container\">\n\t\t\t\t\t<h1 class=\"elementor-heading-title elementor-size-default\">Tractaments corporals<\/h1>\t\t\t\t<\/div>\n\t\t\t\t<\/div>\n\t\t\t\t\t<\/div>\n\t\t<\/div>\n\t\t\t\t\t<\/div>\n\t\t<\/section>\n\t\t<div class=\"elementor-element elementor-element-c034c5a e-flex e-con-boxed e-con e-parent\" data-id=\"c034c5a\" data-element_type=\"container\">\n\t\t\t\t\t<div class=\"e-con-inner\">\n\t\t\t\t<div class=\"elementor-element elementor-element-a9e7a38 elementor-widget elementor-widget-uael-infobox\" data-id=\"a9e7a38\" data-element_type=\"widget\" data-widget_type=\"uael-infobox.default\">\n\t\t\t\t<div class=\"elementor-widget-container\">\n\t\t\t\t\t\n<div class=\"uael-module-content uael-infobox  uael-infobox-link-type-none\">\n\t<div class=\"uael-infobox-left-right-wrap\">\n\t\t\t\t\t\t<div class=\"uael-infobox-content\">\n\t\t\t\t\t\t<div class='uael-infobox-title-wrap'><h6 class=\"uael-infobox-title-prefix elementor-inline-editing\" data-elementor-setting-key=\"infobox_title_prefix\" data-elementor-inline-editing-toolbar=\"basic\" >\u200b<\/h6><\/div>\t\t\t\t\t\t\t\t\t<div class=\"uael-infobox-text-wrap\">\n\t\t\t\t<div class=\"uael-infobox-text elementor-inline-editing\" data-elementor-setting-key=\"infobox_description\" data-elementor-inline-editing-toolbar=\"advanced\">\n\t\t\t\t\tEls tractaments corporals s\u00f3n una s\u00e8rie de t\u00e8cniques i ter\u00e0pies enfocades a millorar l'aparen\u00e7a f\u00edsica i el benestar del cos.\t\t\t\t<\/div>\n\t\t\t\t\t\n\t\t\t\t\t\t\t<\/div>\n\t\t<\/div>\n\t\t\t<\/div>\n<\/div>\n\t\t\t\t<\/div>\n\t\t\t\t<\/div>\n\t\t\t\t\t<\/div>\n\t\t\t\t<\/div>\n\t\t<div class=\"elementor-element elementor-element-cae6625 e-con-full e-flex e-con e-parent\" data-id=\"cae6625\" data-element_type=\"container\">\n\t\t<div class=\"elementor-element elementor-element-cc0dc10 e-con-full e-flex e-con e-child\" data-id=\"cc0dc10\" data-element_type=\"container\" data-settings=\"{&quot;background_background&quot;:&quot;classic&quot;}\">\n\t\t\t\t<div class=\"elementor-element elementor-element-7b55975 elementor-widget elementor-widget-image\" data-id=\"7b55975\" data-element_type=\"widget\" data-widget_type=\"image.default\">\n\t\t\t\t<div class=\"elementor-widget-container\">\n\t\t\t\t\t\t\t\t\t\t\t\t\t\t\t<img fetchpriority=\"high\" decoding=\"async\" width=\"1000\" height=\"800\" src=\"https:\/\/www.aracalma.com\/wp-content\/uploads\/2023\/09\/scrub-.jpg\" class=\"attachment-large size-large wp-image-3411\" alt=\"Exfoliaci\u00f3n &amp; Masaje a Vilanova y la Geltr\u00fa\" srcset=\"https:\/\/www.aracalma.com\/wp-content\/uploads\/2023\/09\/scrub-.jpg 1000w, https:\/\/www.aracalma.com\/wp-content\/uploads\/2023\/09\/scrub--300x240.jpg 300w, https:\/\/www.aracalma.com\/wp-content\/uploads\/2023\/09\/scrub--768x614.jpg 768w, https:\/\/www.aracalma.com\/wp-content\/uploads\/2023\/09\/scrub--600x480.jpg 600w, https:\/\/www.aracalma.com\/wp-content\/uploads\/2023\/09\/scrub--100x80.jpg 100w\" sizes=\"(max-width: 1000px) 100vw, 1000px\" \/>\t\t\t\t\t\t\t\t\t\t\t\t\t\t\t<\/div>\n\t\t\t\t<\/div>\n\t\t\t\t<div class=\"elementor-element elementor-element-fddf4e3 elementor-widget elementor-widget-uael-infobox\" data-id=\"fddf4e3\" data-element_type=\"widget\" data-widget_type=\"uael-infobox.default\">\n\t\t\t\t<div class=\"elementor-widget-container\">\n\t\t\t\t\t\n<div class=\"uael-module-content uael-infobox  uael-infobox-left  uael-infobox-link-type-none\">\n\t<div class=\"uael-infobox-left-right-wrap\">\n\t\t\t\t\t\t<div class=\"uael-infobox-content\">\n\t\t\t\t\t\t<div class='uael-infobox-title-wrap'><h3 class=\"uael-infobox-title elementor-inline-editing\" data-elementor-setting-key=\"infobox_title\" data-elementor-inline-editing-toolbar=\"basic\" >Exfoliaci\u00f3 &amp; Massatge<\/h3><\/div>\t\t\t\t\t\t\t\t\t<div class=\"uael-infobox-text-wrap\">\n\t\t\t\t<div class=\"uael-infobox-text elementor-inline-editing\" data-elementor-setting-key=\"infobox_description\" data-elementor-inline-editing-toolbar=\"advanced\">\n\t\t\t\t\t<p>Profunda exfoliaci\u00f3 corporal org\u00e0nica i vegana mitjan\u00e7ant diferents sals i olis essencials que ajuda a la pell a ...<br>\n<br><\/p>\n<hr style=\"width:50px;margin-top:10px;margin-bottom:10px;height:2px;background:#fff\">\n<p><span class=\"daurat\">60 min 95\u20ac<\/span><\/p>\t\t\t\t<\/div>\n\t\t\t\t\t\n\t\t\t\t\t\t\t<\/div>\n\t\t<\/div>\n\t\t\t<\/div>\n<\/div>\n\t\t\t\t<\/div>\n\t\t\t\t<\/div>\n\t\t\t\t<div class=\"elementor-element elementor-element-f190845 elementor-align-center elementor-widget elementor-widget-button\" data-id=\"f190845\" data-element_type=\"widget\" data-widget_type=\"button.default\">\n\t\t\t\t<div class=\"elementor-widget-container\">\n\t\t\t\t\t\t\t\t\t<div class=\"elementor-button-wrapper\">\n\t\t\t\t\t<a class=\"elementor-button elementor-button-link elementor-size-sm\" href=\"https:\/\/www.aracalma.com\/ca\/producto\/ara-calma-scrub-massage\/\">\n\t\t\t\t\t\t<span class=\"elementor-button-content-wrapper\">\n\t\t\t\t\t\t\t\t\t<span class=\"elementor-button-text\">Saber-ne m\u00e9s<\/span>\n\t\t\t\t\t<\/span>\n\t\t\t\t\t<\/a>\n\t\t\t\t<\/div>\n\t\t\t\t\t\t\t\t<\/div>\n\t\t\t\t<\/div>\n\t\t\t\t<\/div>\n\t\t<div class=\"elementor-element elementor-element-14b75a2 e-con-full e-flex e-con e-child\" data-id=\"14b75a2\" data-element_type=\"container\" data-settings=\"{&quot;background_background&quot;:&quot;classic&quot;}\">\n\t\t\t\t<div class=\"elementor-element elementor-element-2df3eaa elementor-widget elementor-widget-image\" data-id=\"2df3eaa\" data-element_type=\"widget\" data-widget_type=\"image.default\">\n\t\t\t\t<div class=\"elementor-widget-container\">\n\t\t\t\t\t\t\t\t\t\t\t\t\t\t\t<img decoding=\"async\" width=\"1000\" height=\"800\" src=\"https:\/\/www.aracalma.com\/wp-content\/uploads\/2023\/09\/definitiva.jpg\" class=\"attachment-large size-large wp-image-3406\" alt=\"Tratamiento drenante a Vilanova y la Geltr\u00fa\" srcset=\"https:\/\/www.aracalma.com\/wp-content\/uploads\/2023\/09\/definitiva.jpg 1000w, https:\/\/www.aracalma.com\/wp-content\/uploads\/2023\/09\/definitiva-300x240.jpg 300w, https:\/\/www.aracalma.com\/wp-content\/uploads\/2023\/09\/definitiva-768x614.jpg 768w, https:\/\/www.aracalma.com\/wp-content\/uploads\/2023\/09\/definitiva-600x480.jpg 600w, https:\/\/www.aracalma.com\/wp-content\/uploads\/2023\/09\/definitiva-100x80.jpg 100w\" sizes=\"(max-width: 1000px) 100vw, 1000px\" \/>\t\t\t\t\t\t\t\t\t\t\t\t\t\t\t<\/div>\n\t\t\t\t<\/div>\n\t\t\t\t<div class=\"elementor-element elementor-element-5d7f5fb elementor-widget elementor-widget-uael-infobox\" data-id=\"5d7f5fb\" data-element_type=\"widget\" data-widget_type=\"uael-infobox.default\">\n\t\t\t\t<div class=\"elementor-widget-container\">\n\t\t\t\t\t\n<div class=\"uael-module-content uael-infobox  uael-infobox-left  uael-infobox-link-type-none\">\n\t<div class=\"uael-infobox-left-right-wrap\">\n\t\t\t\t\t\t<div class=\"uael-infobox-content\">\n\t\t\t\t\t\t<div class='uael-infobox-title-wrap'><h3 class=\"uael-infobox-title elementor-inline-editing\" data-elementor-setting-key=\"infobox_title\" data-elementor-inline-editing-toolbar=\"basic\" >Tractament Drenant<\/h3><\/div>\t\t\t\t\t\t\t\t\t<div class=\"uael-infobox-text-wrap\">\n\t\t\t\t<div class=\"uael-infobox-text elementor-inline-editing\" data-elementor-setting-key=\"infobox_description\" data-elementor-inline-editing-toolbar=\"advanced\">\n\t\t\t\t\t<p>Tractament corporal especialment dissenyat per drenar, detoxificar i reduir la silueta. Recolzat per olis i la t\u00e8cnica de Maderoter\u00e0pia ...<br>\n<br><\/p>\n<hr style=\"width:50px;margin-top:10px;margin-bottom:10px;height:2px;background:#fff\">\n<p><span class=\"daurat\">60 min 95\u20ac<\/span><\/p>\t\t\t\t<\/div>\n\t\t\t\t\t\n\t\t\t\t\t\t\t<\/div>\n\t\t<\/div>\n\t\t\t<\/div>\n<\/div>\n\t\t\t\t<\/div>\n\t\t\t\t<\/div>\n\t\t\t\t<div class=\"elementor-element elementor-element-ab6ce53 elementor-align-center elementor-widget elementor-widget-button\" data-id=\"ab6ce53\" data-element_type=\"widget\" data-widget_type=\"button.default\">\n\t\t\t\t<div class=\"elementor-widget-container\">\n\t\t\t\t\t\t\t\t\t<div class=\"elementor-button-wrapper\">\n\t\t\t\t\t<a class=\"elementor-button elementor-button-link elementor-size-sm\" href=\"https:\/\/www.aracalma.com\/ca\/producto\/ara-calma-detox-draining-treatment\/\">\n\t\t\t\t\t\t<span class=\"elementor-button-content-wrapper\">\n\t\t\t\t\t\t\t\t\t<span class=\"elementor-button-text\">Saber-ne m\u00e9s<\/span>\n\t\t\t\t\t<\/span>\n\t\t\t\t\t<\/a>\n\t\t\t\t<\/div>\n\t\t\t\t\t\t\t\t<\/div>\n\t\t\t\t<\/div>\n\t\t\t\t<\/div>\n\t\t<div class=\"elementor-element elementor-element-5096391 e-con-full e-flex e-con e-child\" data-id=\"5096391\" data-element_type=\"container\" data-settings=\"{&quot;background_background&quot;:&quot;classic&quot;}\">\n\t\t\t\t<div class=\"elementor-element elementor-element-1bdff1d elementor-widget elementor-widget-image\" data-id=\"1bdff1d\" data-element_type=\"widget\" data-widget_type=\"image.default\">\n\t\t\t\t<div class=\"elementor-widget-container\">\n\t\t\t\t\t\t\t\t\t\t\t\t\t\t\t<img decoding=\"async\" width=\"1000\" height=\"800\" src=\"https:\/\/www.aracalma.com\/wp-content\/uploads\/2023\/09\/definitiva-remodelacion.jpg\" class=\"attachment-large size-large wp-image-3409\" alt=\"Tratamiento reductor en Vilanova y la Geltr\u00fa, Ara Calma\" srcset=\"https:\/\/www.aracalma.com\/wp-content\/uploads\/2023\/09\/definitiva-remodelacion.jpg 1000w, https:\/\/www.aracalma.com\/wp-content\/uploads\/2023\/09\/definitiva-remodelacion-300x240.jpg 300w, https:\/\/www.aracalma.com\/wp-content\/uploads\/2023\/09\/definitiva-remodelacion-768x614.jpg 768w, https:\/\/www.aracalma.com\/wp-content\/uploads\/2023\/09\/definitiva-remodelacion-600x480.jpg 600w, https:\/\/www.aracalma.com\/wp-content\/uploads\/2023\/09\/definitiva-remodelacion-100x80.jpg 100w\" sizes=\"(max-width: 1000px) 100vw, 1000px\" \/>\t\t\t\t\t\t\t\t\t\t\t\t\t\t\t<\/div>\n\t\t\t\t<\/div>\n\t\t\t\t<div class=\"elementor-element elementor-element-9e78dbe elementor-widget elementor-widget-uael-infobox\" data-id=\"9e78dbe\" data-element_type=\"widget\" data-widget_type=\"uael-infobox.default\">\n\t\t\t\t<div class=\"elementor-widget-container\">\n\t\t\t\t\t\n<div class=\"uael-module-content uael-infobox  uael-infobox-left  uael-infobox-link-type-none\">\n\t<div class=\"uael-infobox-left-right-wrap\">\n\t\t\t\t\t\t<div class=\"uael-infobox-content\">\n\t\t\t\t\t\t<div class='uael-infobox-title-wrap'><h3 class=\"uael-infobox-title elementor-inline-editing\" data-elementor-setting-key=\"infobox_title\" data-elementor-inline-editing-toolbar=\"basic\" >Tractament Reductor<\/h3><\/div>\t\t\t\t\t\t\t\t\t<div class=\"uael-infobox-text-wrap\">\n\t\t\t\t<div class=\"uael-infobox-text elementor-inline-editing\" data-elementor-setting-key=\"infobox_description\" data-elementor-inline-editing-toolbar=\"advanced\">\n\t\t\t\t\t<p>Tractament profund realitzat amb productes org\u00e0nics i vegans d'alta qualitat especialment dissenyat per tractar el greix localitzat<br>\n<br><\/p>\n<hr style=\"width:50px;margin-top:10px;margin-bottom:10px;height:2px;background:#fff\">\n<p><span class=\"daurat\">60 min 95\u20ac<\/span><\/p>\t\t\t\t<\/div>\n\t\t\t\t\t\n\t\t\t\t\t\t\t<\/div>\n\t\t<\/div>\n\t\t\t<\/div>\n<\/div>\n\t\t\t\t<\/div>\n\t\t\t\t<\/div>\n\t\t\t\t<div class=\"elementor-element elementor-element-61b5fcb elementor-align-center elementor-widget elementor-widget-button\" data-id=\"61b5fcb\" data-element_type=\"widget\" data-widget_type=\"button.default\">\n\t\t\t\t<div class=\"elementor-widget-container\">\n\t\t\t\t\t\t\t\t\t<div class=\"elementor-button-wrapper\">\n\t\t\t\t\t<a class=\"elementor-button elementor-button-link elementor-size-sm\" href=\"https:\/\/www.aracalma.com\/ca\/producto\/ara-calma-silhouette-treatment\/\">\n\t\t\t\t\t\t<span class=\"elementor-button-content-wrapper\">\n\t\t\t\t\t\t\t\t\t<span class=\"elementor-button-text\">Saber-ne m\u00e9s<\/span>\n\t\t\t\t\t<\/span>\n\t\t\t\t\t<\/a>\n\t\t\t\t<\/div>\n\t\t\t\t\t\t\t\t<\/div>\n\t\t\t\t<\/div>\n\t\t\t\t<\/div>\n\t\t\t\t<\/div>\n\t\t<div class=\"elementor-element elementor-element-4bf2074 e-con-full e-flex e-con e-parent\" data-id=\"4bf2074\" data-element_type=\"container\">\n\t\t<div class=\"elementor-element elementor-element-991c1ff e-con-full e-flex e-con e-child\" data-id=\"991c1ff\" data-element_type=\"container\" data-settings=\"{&quot;background_background&quot;:&quot;classic&quot;}\">\n\t\t\t\t<div class=\"elementor-element elementor-element-282a369 elementor-widget elementor-widget-image\" data-id=\"282a369\" data-element_type=\"widget\" data-widget_type=\"image.default\">\n\t\t\t\t<div class=\"elementor-widget-container\">\n\t\t\t\t\t\t\t\t\t\t\t\t\t\t\t<img loading=\"lazy\" decoding=\"async\" width=\"1000\" height=\"800\" src=\"https:\/\/www.aracalma.com\/wp-content\/uploads\/2023\/09\/anti-cellulite-madero-therapy-massage-2021-08-26-16-53-31-utc.jpg\" class=\"attachment-large size-large wp-image-3349\" alt=\"Masaje Detox, Vilanova i la Geltr\u00fa, Ara Calma\" srcset=\"https:\/\/www.aracalma.com\/wp-content\/uploads\/2023\/09\/anti-cellulite-madero-therapy-massage-2021-08-26-16-53-31-utc.jpg 1000w, https:\/\/www.aracalma.com\/wp-content\/uploads\/2023\/09\/anti-cellulite-madero-therapy-massage-2021-08-26-16-53-31-utc-300x240.jpg 300w, https:\/\/www.aracalma.com\/wp-content\/uploads\/2023\/09\/anti-cellulite-madero-therapy-massage-2021-08-26-16-53-31-utc-768x614.jpg 768w, https:\/\/www.aracalma.com\/wp-content\/uploads\/2023\/09\/anti-cellulite-madero-therapy-massage-2021-08-26-16-53-31-utc-600x480.jpg 600w, https:\/\/www.aracalma.com\/wp-content\/uploads\/2023\/09\/anti-cellulite-madero-therapy-massage-2021-08-26-16-53-31-utc-100x80.jpg 100w\" sizes=\"(max-width: 1000px) 100vw, 1000px\" \/>\t\t\t\t\t\t\t\t\t\t\t\t\t\t\t<\/div>\n\t\t\t\t<\/div>\n\t\t\t\t<div class=\"elementor-element elementor-element-e0cb260 elementor-widget elementor-widget-uael-infobox\" data-id=\"e0cb260\" data-element_type=\"widget\" data-widget_type=\"uael-infobox.default\">\n\t\t\t\t<div class=\"elementor-widget-container\">\n\t\t\t\t\t\n<div class=\"uael-module-content uael-infobox  uael-infobox-left  uael-infobox-link-type-none\">\n\t<div class=\"uael-infobox-left-right-wrap\">\n\t\t\t\t\t\t<div class=\"uael-infobox-content\">\n\t\t\t\t\t\t<div class='uael-infobox-title-wrap'><h3 class=\"uael-infobox-title elementor-inline-editing\" data-elementor-setting-key=\"infobox_title\" data-elementor-inline-editing-toolbar=\"basic\" >Reafirmant amb maderoter\u00e0pia<\/h3><\/div>\t\t\t\t\t\t\t\t\t<div class=\"uael-infobox-text-wrap\">\n\t\t\t\t<div class=\"uael-infobox-text elementor-inline-editing\" data-elementor-setting-key=\"infobox_description\" data-elementor-inline-editing-toolbar=\"advanced\">\n\t\t\t\t\t<p>Tractament corporal dissenyat per reafirmar intensament els teixits. Recolzat per la t\u00e8cnica de la Maderoter\u00e0pia ...<br><\/p>\n<hr style=\"width:50px;margin-top:10px;margin-bottom:10px;height:2px;background:#fff\">\n<p><span class=\"daurat\">60 min 95\u20ac<\/span><\/p>\t\t\t\t<\/div>\n\t\t\t\t\t\n\t\t\t\t\t\t\t<\/div>\n\t\t<\/div>\n\t\t\t<\/div>\n<\/div>\n\t\t\t\t<\/div>\n\t\t\t\t<\/div>\n\t\t\t\t<div class=\"elementor-element elementor-element-d95a169 elementor-align-center elementor-widget elementor-widget-button\" data-id=\"d95a169\" data-element_type=\"widget\" data-widget_type=\"button.default\">\n\t\t\t\t<div class=\"elementor-widget-container\">\n\t\t\t\t\t\t\t\t\t<div class=\"elementor-button-wrapper\">\n\t\t\t\t\t<a class=\"elementor-button elementor-button-link elementor-size-sm\" href=\"https:\/\/www.aracalma.com\/ca\/producto\/ara-calma-firming-treatment\/\">\n\t\t\t\t\t\t<span class=\"elementor-button-content-wrapper\">\n\t\t\t\t\t\t\t\t\t<span class=\"elementor-button-text\">Saber-ne m\u00e9s<\/span>\n\t\t\t\t\t<\/span>\n\t\t\t\t\t<\/a>\n\t\t\t\t<\/div>\n\t\t\t\t\t\t\t\t<\/div>\n\t\t\t\t<\/div>\n\t\t\t\t<\/div>\n\t\t<div class=\"elementor-element elementor-element-4018dd2 e-con-full e-flex e-con e-child\" data-id=\"4018dd2\" data-element_type=\"container\">\n\t\t\t\t<\/div>\n\t\t<div class=\"elementor-element elementor-element-2a840be e-con-full e-flex e-con e-child\" data-id=\"2a840be\" data-element_type=\"container\">\n\t\t\t\t<\/div>\n\t\t\t\t<\/div>\n\t\t\t\t<\/div>\n\t\t","protected":false},"excerpt":{"rendered":"<p>Tractaments corporals \u200b Els tractaments corporals s\u00f3n una s\u00e8rie de t\u00e8cniques i ter\u00e0pies enfocades a millorar l&#8217;aparen\u00e7a f\u00edsica i el benestar del cos. Exfoliaci\u00f3 &amp; Massatge Profunda exfoliaci\u00f3 corporal org\u00e0nica i vegana mitjan\u00e7ant diferents sals i olis essencials que ajuda a la pell a &#8230; 60 min 95\u20ac Saber-ne m\u00e9s Tractament Drenant Tractament corporal especialment [&hellip;]<\/p>\n","protected":false},"author":2,"featured_media":0,"parent":2714,"menu_order":0,"comment_status":"closed","ping_status":"closed","template":"","meta":{"site-sidebar-layout":"default","site-content-layout":"page-builder","ast-site-content-layout":"full-width-container","site-content-style":"unboxed","site-sidebar-style":"unboxed","ast-global-header-display":"","ast-banner-title-visibility":"","ast-main-header-display":"","ast-hfb-above-header-display":"","ast-hfb-below-header-display":"","ast-hfb-mobile-header-display":"","site-post-title":"disabled","ast-breadcrumbs-content":"","ast-featured-img":"disabled","footer-sml-layout":"","theme-transparent-header-meta":"","adv-header-id-meta":"","stick-header-meta":"default","header-above-stick-meta":"","header-main-stick-meta":"","header-below-stick-meta":"","astra-migrate-meta-layouts":"set","ast-page-background-enabled":"default","ast-page-background-meta":{"desktop":{"background-color":"","background-image":"","background-repeat":"repeat","background-position":"center center","background-size":"auto","background-attachment":"scroll","background-type":"","background-media":"","overlay-type":"","overlay-color":"","overlay-opacity":"","overlay-gradient":""},"tablet":{"background-color":"","background-image":"","background-repeat":"repeat","background-position":"center center","background-size":"auto","background-attachment":"scroll","background-type":"","background-media":"","overlay-type":"","overlay-color":"","overlay-opacity":"","overlay-gradient":""},"mobile":{"background-color":"","background-image":"","background-repeat":"repeat","background-position":"center center","background-size":"auto","background-attachment":"scroll","background-type":"","background-media":"","overlay-type":"","overlay-color":"","overlay-opacity":"","overlay-gradient":""}},"ast-content-background-meta":{"desktop":{"background-color":"var(--ast-global-color-5)","background-image":"","background-repeat":"repeat","background-position":"center center","background-size":"auto","background-attachment":"scroll","background-type":"","background-media":"","overlay-type":"","overlay-color":"","overlay-opacity":"","overlay-gradient":""},"tablet":{"background-color":"var(--ast-global-color-5)","background-image":"","background-repeat":"repeat","background-position":"center center","background-size":"auto","background-attachment":"scroll","background-type":"","background-media":"","overlay-type":"","overlay-color":"","overlay-opacity":"","overlay-gradient":""},"mobile":{"background-color":"var(--ast-global-color-5)","background-image":"","background-repeat":"repeat","background-position":"center center","background-size":"auto","background-attachment":"scroll","background-type":"","background-media":"","overlay-type":"","overlay-color":"","overlay-opacity":"","overlay-gradient":""}},"footnotes":""},"class_list":["post-2764","page","type-page","status-publish","hentry"],"yoast_head":"<!-- This site is optimized with the Yoast SEO plugin v25.5 - https:\/\/yoast.com\/wordpress\/plugins\/seo\/ -->\n<title>Tractaments Corporals - AraCalma Vilanova i la Geltr\u00fa<\/title>\n<meta name=\"robots\" content=\"index, follow, max-snippet:-1, max-image-preview:large, max-video-preview:-1\" \/>\n<link rel=\"canonical\" href=\"https:\/\/www.aracalma.com\/ca\/experiencies-ara-calma\/tractaments-corporals\/\" \/>\n<meta property=\"og:locale\" content=\"ca_ES\" \/>\n<meta property=\"og:type\" content=\"article\" \/>\n<meta property=\"og:title\" content=\"Tractaments Corporals - AraCalma Vilanova i la Geltr\u00fa\" \/>\n<meta property=\"og:description\" content=\"Tractaments corporals \u200b Els tractaments corporals s\u00f3n una s\u00e8rie de t\u00e8cniques i ter\u00e0pies enfocades a millorar l&#8217;aparen\u00e7a f\u00edsica i el benestar del cos. Exfoliaci\u00f3 &amp; Massatge Profunda exfoliaci\u00f3 corporal org\u00e0nica i vegana mitjan\u00e7ant diferents sals i olis essencials que ajuda a la pell a &#8230; 60 min 95\u20ac Saber-ne m\u00e9s Tractament Drenant Tractament corporal especialment [&hellip;]\" \/>\n<meta property=\"og:url\" content=\"https:\/\/www.aracalma.com\/ca\/experiencies-ara-calma\/tractaments-corporals\/\" \/>\n<meta property=\"og:site_name\" content=\"AraCalma Vilanova i la Geltr\u00fa\" \/>\n<meta property=\"article:publisher\" content=\"https:\/\/www.facebook.com\/profile.php?id=100094464087030\" \/>\n<meta property=\"article:modified_time\" content=\"2026-02-25T12:02:12+00:00\" \/>\n<meta property=\"og:image\" content=\"https:\/\/www.aracalma.com\/wp-content\/uploads\/2023\/09\/scrub-.jpg\" \/>\n\t<meta property=\"og:image:width\" content=\"1000\" \/>\n\t<meta property=\"og:image:height\" content=\"800\" \/>\n\t<meta property=\"og:image:type\" content=\"image\/jpeg\" \/>\n<meta name=\"twitter:card\" content=\"summary_large_image\" \/>\n<meta name=\"twitter:label1\" content=\"Temps estimat de lectura\" \/>\n\t<meta name=\"twitter:data1\" content=\"2 minuts\" \/>\n<script type=\"application\/ld+json\" class=\"yoast-schema-graph\">{\"@context\":\"https:\/\/schema.org\",\"@graph\":[{\"@type\":\"WebPage\",\"@id\":\"https:\/\/www.aracalma.com\/ca\/experiencies-ara-calma\/tractaments-corporals\/\",\"url\":\"https:\/\/www.aracalma.com\/ca\/experiencies-ara-calma\/tractaments-corporals\/\",\"name\":\"Tractaments Corporals - AraCalma Vilanova i la Geltr\u00fa\",\"isPartOf\":{\"@id\":\"https:\/\/www.aracalma.com\/ca\/#website\"},\"primaryImageOfPage\":{\"@id\":\"https:\/\/www.aracalma.com\/ca\/experiencies-ara-calma\/tractaments-corporals\/#primaryimage\"},\"image\":{\"@id\":\"https:\/\/www.aracalma.com\/ca\/experiencies-ara-calma\/tractaments-corporals\/#primaryimage\"},\"thumbnailUrl\":\"https:\/\/www.aracalma.com\/wp-content\/uploads\/2023\/09\/scrub-.jpg\",\"datePublished\":\"2023-05-11T16:21:20+00:00\",\"dateModified\":\"2026-02-25T12:02:12+00:00\",\"breadcrumb\":{\"@id\":\"https:\/\/www.aracalma.com\/ca\/experiencies-ara-calma\/tractaments-corporals\/#breadcrumb\"},\"inLanguage\":\"ca\",\"potentialAction\":[{\"@type\":\"ReadAction\",\"target\":[\"https:\/\/www.aracalma.com\/ca\/experiencies-ara-calma\/tractaments-corporals\/\"]}]},{\"@type\":\"ImageObject\",\"inLanguage\":\"ca\",\"@id\":\"https:\/\/www.aracalma.com\/ca\/experiencies-ara-calma\/tractaments-corporals\/#primaryimage\",\"url\":\"https:\/\/www.aracalma.com\/wp-content\/uploads\/2023\/09\/scrub-.jpg\",\"contentUrl\":\"https:\/\/www.aracalma.com\/wp-content\/uploads\/2023\/09\/scrub-.jpg\"},{\"@type\":\"BreadcrumbList\",\"@id\":\"https:\/\/www.aracalma.com\/ca\/experiencies-ara-calma\/tractaments-corporals\/#breadcrumb\",\"itemListElement\":[{\"@type\":\"ListItem\",\"position\":1,\"name\":\"Portada\",\"item\":\"https:\/\/www.aracalma.com\/ca\/\"},{\"@type\":\"ListItem\",\"position\":2,\"name\":\"Experi\u00e8ncies AraCalma\",\"item\":\"https:\/\/www.aracalma.com\/ca\/experiencies-ara-calma\/\"},{\"@type\":\"ListItem\",\"position\":3,\"name\":\"Tractaments Corporals\"}]},{\"@type\":\"WebSite\",\"@id\":\"https:\/\/www.aracalma.com\/ca\/#website\",\"url\":\"https:\/\/www.aracalma.com\/ca\/\",\"name\":\"AraCalma Vilanova\",\"description\":\"Espai de Benestar\",\"publisher\":{\"@id\":\"https:\/\/www.aracalma.com\/ca\/#organization\"},\"potentialAction\":[{\"@type\":\"SearchAction\",\"target\":{\"@type\":\"EntryPoint\",\"urlTemplate\":\"https:\/\/www.aracalma.com\/ca\/?s={search_term_string}\"},\"query-input\":{\"@type\":\"PropertyValueSpecification\",\"valueRequired\":true,\"valueName\":\"search_term_string\"}}],\"inLanguage\":\"ca\"},{\"@type\":\"Organization\",\"@id\":\"https:\/\/www.aracalma.com\/ca\/#organization\",\"name\":\"AraCalma Vilanova\",\"url\":\"https:\/\/www.aracalma.com\/ca\/\",\"logo\":{\"@type\":\"ImageObject\",\"inLanguage\":\"ca\",\"@id\":\"https:\/\/www.aracalma.com\/ca\/#\/schema\/logo\/image\/\",\"url\":\"https:\/\/www.aracalma.com\/wp-content\/uploads\/2023\/05\/logo_AraCalma_b_p.png\",\"contentUrl\":\"https:\/\/www.aracalma.com\/wp-content\/uploads\/2023\/05\/logo_AraCalma_b_p.png\",\"width\":250,\"height\":94,\"caption\":\"AraCalma Vilanova\"},\"image\":{\"@id\":\"https:\/\/www.aracalma.com\/ca\/#\/schema\/logo\/image\/\"},\"sameAs\":[\"https:\/\/www.facebook.com\/profile.php?id=100094464087030\",\"https:\/\/www.instagram.com\/aracalmawellness\/\"]}]}<\/script>\n<!-- \/ Yoast SEO plugin. -->","yoast_head_json":{"title":"Tractaments Corporals - AraCalma Vilanova i la Geltr\u00fa","robots":{"index":"index","follow":"follow","max-snippet":"max-snippet:-1","max-image-preview":"max-image-preview:large","max-video-preview":"max-video-preview:-1"},"canonical":"https:\/\/www.aracalma.com\/ca\/experiencies-ara-calma\/tractaments-corporals\/","og_locale":"ca_ES","og_type":"article","og_title":"Tractaments Corporals - AraCalma Vilanova i la Geltr\u00fa","og_description":"Tractaments corporals \u200b Els tractaments corporals s\u00f3n una s\u00e8rie de t\u00e8cniques i ter\u00e0pies enfocades a millorar l&#8217;aparen\u00e7a f\u00edsica i el benestar del cos. Exfoliaci\u00f3 &amp; Massatge Profunda exfoliaci\u00f3 corporal org\u00e0nica i vegana mitjan\u00e7ant diferents sals i olis essencials que ajuda a la pell a &#8230; 60 min 95\u20ac Saber-ne m\u00e9s Tractament Drenant Tractament corporal especialment [&hellip;]","og_url":"https:\/\/www.aracalma.com\/ca\/experiencies-ara-calma\/tractaments-corporals\/","og_site_name":"AraCalma Vilanova i la Geltr\u00fa","article_publisher":"https:\/\/www.facebook.com\/profile.php?id=100094464087030","article_modified_time":"2026-02-25T12:02:12+00:00","og_image":[{"width":1000,"height":800,"url":"https:\/\/www.aracalma.com\/wp-content\/uploads\/2023\/09\/scrub-.jpg","type":"image\/jpeg"}],"twitter_card":"summary_large_image","twitter_misc":{"Temps estimat de lectura":"2 minuts"},"schema":{"@context":"https:\/\/schema.org","@graph":[{"@type":"WebPage","@id":"https:\/\/www.aracalma.com\/ca\/experiencies-ara-calma\/tractaments-corporals\/","url":"https:\/\/www.aracalma.com\/ca\/experiencies-ara-calma\/tractaments-corporals\/","name":"Tractaments Corporals - AraCalma Vilanova i la Geltr\u00fa","isPartOf":{"@id":"https:\/\/www.aracalma.com\/ca\/#website"},"primaryImageOfPage":{"@id":"https:\/\/www.aracalma.com\/ca\/experiencies-ara-calma\/tractaments-corporals\/#primaryimage"},"image":{"@id":"https:\/\/www.aracalma.com\/ca\/experiencies-ara-calma\/tractaments-corporals\/#primaryimage"},"thumbnailUrl":"https:\/\/www.aracalma.com\/wp-content\/uploads\/2023\/09\/scrub-.jpg","datePublished":"2023-05-11T16:21:20+00:00","dateModified":"2026-02-25T12:02:12+00:00","breadcrumb":{"@id":"https:\/\/www.aracalma.com\/ca\/experiencies-ara-calma\/tractaments-corporals\/#breadcrumb"},"inLanguage":"ca","potentialAction":[{"@type":"ReadAction","target":["https:\/\/www.aracalma.com\/ca\/experiencies-ara-calma\/tractaments-corporals\/"]}]},{"@type":"ImageObject","inLanguage":"ca","@id":"https:\/\/www.aracalma.com\/ca\/experiencies-ara-calma\/tractaments-corporals\/#primaryimage","url":"https:\/\/www.aracalma.com\/wp-content\/uploads\/2023\/09\/scrub-.jpg","contentUrl":"https:\/\/www.aracalma.com\/wp-content\/uploads\/2023\/09\/scrub-.jpg"},{"@type":"BreadcrumbList","@id":"https:\/\/www.aracalma.com\/ca\/experiencies-ara-calma\/tractaments-corporals\/#breadcrumb","itemListElement":[{"@type":"ListItem","position":1,"name":"Portada","item":"https:\/\/www.aracalma.com\/ca\/"},{"@type":"ListItem","position":2,"name":"Experi\u00e8ncies AraCalma","item":"https:\/\/www.aracalma.com\/ca\/experiencies-ara-calma\/"},{"@type":"ListItem","position":3,"name":"Tractaments Corporals"}]},{"@type":"WebSite","@id":"https:\/\/www.aracalma.com\/ca\/#website","url":"https:\/\/www.aracalma.com\/ca\/","name":"AraCalma Vilanova","description":"Espai de Benestar","publisher":{"@id":"https:\/\/www.aracalma.com\/ca\/#organization"},"potentialAction":[{"@type":"SearchAction","target":{"@type":"EntryPoint","urlTemplate":"https:\/\/www.aracalma.com\/ca\/?s={search_term_string}"},"query-input":{"@type":"PropertyValueSpecification","valueRequired":true,"valueName":"search_term_string"}}],"inLanguage":"ca"},{"@type":"Organization","@id":"https:\/\/www.aracalma.com\/ca\/#organization","name":"AraCalma Vilanova","url":"https:\/\/www.aracalma.com\/ca\/","logo":{"@type":"ImageObject","inLanguage":"ca","@id":"https:\/\/www.aracalma.com\/ca\/#\/schema\/logo\/image\/","url":"https:\/\/www.aracalma.com\/wp-content\/uploads\/2023\/05\/logo_AraCalma_b_p.png","contentUrl":"https:\/\/www.aracalma.com\/wp-content\/uploads\/2023\/05\/logo_AraCalma_b_p.png","width":250,"height":94,"caption":"AraCalma Vilanova"},"image":{"@id":"https:\/\/www.aracalma.com\/ca\/#\/schema\/logo\/image\/"},"sameAs":["https:\/\/www.facebook.com\/profile.php?id=100094464087030","https:\/\/www.instagram.com\/aracalmawellness\/"]}]}},"_links":{"self":[{"href":"https:\/\/www.aracalma.com\/ca\/wp-json\/wp\/v2\/pages\/2764","targetHints":{"allow":["GET"]}}],"collection":[{"href":"https:\/\/www.aracalma.com\/ca\/wp-json\/wp\/v2\/pages"}],"about":[{"href":"https:\/\/www.aracalma.com\/ca\/wp-json\/wp\/v2\/types\/page"}],"author":[{"embeddable":true,"href":"https:\/\/www.aracalma.com\/ca\/wp-json\/wp\/v2\/users\/2"}],"replies":[{"embeddable":true,"href":"https:\/\/www.aracalma.com\/ca\/wp-json\/wp\/v2\/comments?post=2764"}],"version-history":[{"count":25,"href":"https:\/\/www.aracalma.com\/ca\/wp-json\/wp\/v2\/pages\/2764\/revisions"}],"predecessor-version":[{"id":6956,"href":"https:\/\/www.aracalma.com\/ca\/wp-json\/wp\/v2\/pages\/2764\/revisions\/6956"}],"up":[{"embeddable":true,"href":"https:\/\/www.aracalma.com\/ca\/wp-json\/wp\/v2\/pages\/2714"}],"wp:attachment":[{"href":"https:\/\/www.aracalma.com\/ca\/wp-json\/wp\/v2\/media?parent=2764"}],"curies":[{"name":"wp","href":"https:\/\/api.w.org\/{rel}","templated":true}]}}