{"id":2749,"date":"2023-05-11T15:59:38","date_gmt":"2023-05-11T15:59:38","guid":{"rendered":"https:\/\/www.aracalma.com\/experiencies-ara-calma\/rituales\/"},"modified":"2025-09-17T17:32:46","modified_gmt":"2025-09-17T17:32:46","slug":"rituals","status":"publish","type":"page","link":"https:\/\/www.aracalma.com\/ca\/experiencies-ara-calma\/rituals\/","title":{"rendered":"Rituals"},"content":{"rendered":"\t\t<div data-elementor-type=\"wp-post\" data-elementor-id=\"2749\" class=\"elementor elementor-2749 elementor-728\">\n\t\t\t\t\t\t<section class=\"elementor-section elementor-top-section elementor-element elementor-element-66e796b elementor-section-height-min-height elementor-section-boxed elementor-section-height-default elementor-section-items-middle\" data-id=\"66e796b\" data-element_type=\"section\" data-settings=\"{&quot;background_background&quot;:&quot;classic&quot;}\">\n\t\t\t\t\t\t\t<div class=\"elementor-background-overlay\"><\/div>\n\t\t\t\t\t\t\t<div class=\"elementor-container elementor-column-gap-no\">\n\t\t\t\t\t<div class=\"elementor-column elementor-col-100 elementor-top-column elementor-element elementor-element-bb16189\" data-id=\"bb16189\" data-element_type=\"column\">\n\t\t\t<div class=\"elementor-widget-wrap elementor-element-populated\">\n\t\t\t\t\t\t<div class=\"elementor-element elementor-element-9999588 elementor-widget elementor-widget-heading\" data-id=\"9999588\" data-element_type=\"widget\" data-widget_type=\"heading.default\">\n\t\t\t\t<div class=\"elementor-widget-container\">\n\t\t\t\t\t<h1 class=\"elementor-heading-title elementor-size-default\">Rituals<\/h1>\t\t\t\t<\/div>\n\t\t\t\t<\/div>\n\t\t\t\t\t<\/div>\n\t\t<\/div>\n\t\t\t\t\t<\/div>\n\t\t<\/section>\n\t\t<div class=\"elementor-element elementor-element-7ef664f e-flex e-con-boxed e-con e-parent\" data-id=\"7ef664f\" data-element_type=\"container\">\n\t\t\t\t\t<div class=\"e-con-inner\">\n\t\t\t\t<div class=\"elementor-element elementor-element-af4328d elementor-widget elementor-widget-uael-infobox\" data-id=\"af4328d\" data-element_type=\"widget\" data-widget_type=\"uael-infobox.default\">\n\t\t\t\t<div class=\"elementor-widget-container\">\n\t\t\t\t\t\n<div class=\"uael-module-content uael-infobox  uael-infobox-link-type-none\">\n\t<div class=\"uael-infobox-left-right-wrap\">\n\t\t\t\t\t\t<div class=\"uael-infobox-content\">\n\t\t\t\t\t\t<div class='uael-infobox-title-wrap'><h2 class=\"uael-infobox-title elementor-inline-editing\" data-elementor-setting-key=\"infobox_title\" data-elementor-inline-editing-toolbar=\"basic\" >Viatges Ara Calma<\/h2><\/div>\t\t\t\t\t\t\t\t\t<div class=\"uael-infobox-text-wrap\">\n\t\t\t\t<div class=\"uael-infobox-text elementor-inline-editing\" data-elementor-setting-key=\"infobox_description\" data-elementor-inline-editing-toolbar=\"advanced\">\n\t\t\t\t\tEl mateix concepte d'aquests rituals, es basa en els antics i preciosos rituals de bellesa orientals, transmesos de generaci\u00f3 en generaci\u00f3.<br><br>\n  Els Viatges Ara Calma, pretenen animar-lo a somiar, a viatjar, a descobrir horitzons llunyans, portant-lo a les terres del sol, on cos i ment redescobreixen l'ess\u00e8ncia mateixa de la relaxaci\u00f3 i el benestar.\n\t\t\t\t<\/div>\n\t\t\t\t\t\n\t\t\t\t\t\t\t<\/div>\n\t\t<\/div>\n\t\t\t<\/div>\n<\/div>\n\t\t\t\t<\/div>\n\t\t\t\t<\/div>\n\t\t\t\t\t<\/div>\n\t\t\t\t<\/div>\n\t\t<div class=\"elementor-element elementor-element-dcad271 e-con-full e-flex e-con e-parent\" data-id=\"dcad271\" data-element_type=\"container\">\n\t\t<div class=\"elementor-element elementor-element-faed177 e-con-full e-flex e-con e-child\" data-id=\"faed177\" data-element_type=\"container\" data-settings=\"{&quot;background_background&quot;:&quot;classic&quot;}\">\n\t\t\t\t<div class=\"elementor-element elementor-element-81d4989 elementor-widget elementor-widget-image\" data-id=\"81d4989\" data-element_type=\"widget\" data-widget_type=\"image.default\">\n\t\t\t\t<div class=\"elementor-widget-container\">\n\t\t\t\t\t\t\t\t\t\t\t\t\t\t\t<img fetchpriority=\"high\" decoding=\"async\" width=\"1000\" height=\"800\" src=\"https:\/\/www.aracalma.com\/wp-content\/uploads\/2023\/09\/malasia.jpg\" class=\"attachment-large size-large wp-image-3373\" alt=\"Ritual oriental para relajar cuerpo y mente en Vilanova i la Geltr\u00fa\" srcset=\"https:\/\/www.aracalma.com\/wp-content\/uploads\/2023\/09\/malasia.jpg 1000w, https:\/\/www.aracalma.com\/wp-content\/uploads\/2023\/09\/malasia-300x240.jpg 300w, https:\/\/www.aracalma.com\/wp-content\/uploads\/2023\/09\/malasia-768x614.jpg 768w, https:\/\/www.aracalma.com\/wp-content\/uploads\/2023\/09\/malasia-600x480.jpg 600w, https:\/\/www.aracalma.com\/wp-content\/uploads\/2023\/09\/malasia-100x80.jpg 100w\" sizes=\"(max-width: 1000px) 100vw, 1000px\" \/>\t\t\t\t\t\t\t\t\t\t\t\t\t\t\t<\/div>\n\t\t\t\t<\/div>\n\t\t\t\t<div class=\"elementor-element elementor-element-9db6700 elementor-widget elementor-widget-uael-infobox\" data-id=\"9db6700\" data-element_type=\"widget\" data-widget_type=\"uael-infobox.default\">\n\t\t\t\t<div class=\"elementor-widget-container\">\n\t\t\t\t\t\n<div class=\"uael-module-content uael-infobox  uael-infobox-left  uael-infobox-link-type-none\">\n\t<div class=\"uael-infobox-left-right-wrap\">\n\t\t\t\t\t\t<div class=\"uael-infobox-content\">\n\t\t\t\t\t\t<div class='uael-infobox-title-wrap'><h3 class=\"uael-infobox-title elementor-inline-editing\" data-elementor-setting-key=\"infobox_title\" data-elementor-inline-editing-toolbar=\"basic\" >Ritual Viatge a Mal\u00e0isia<\/h3><\/div>\t\t\t\t\t\t\t\t\t<div class=\"uael-infobox-text-wrap\">\n\t\t\t\t<div class=\"uael-infobox-text elementor-inline-editing\" data-elementor-setting-key=\"infobox_description\" data-elementor-inline-editing-toolbar=\"advanced\">\n\t\t\t\t\tMal\u00e0isia, aquesta pen\u00ednsula rica en cultures, rituals de benestar i tractaments tradicionals. El Ritual utilitza una barreja de flors tropicals i gessam\u00ed ...\n<br>\n<hr style=\"width:50px;margin-top:10px;margin-bottom:10px;height:2px;background:#fff\">\n<span class=\"daurat\"> 75 min per 95\u20ac<\/span>\n\t\t\t\t<\/div>\n\t\t\t\t\t\n\t\t\t\t\t\t\t<\/div>\n\t\t<\/div>\n\t\t\t<\/div>\n<\/div>\n\t\t\t\t<\/div>\n\t\t\t\t<\/div>\n\t\t\t\t<div class=\"elementor-element elementor-element-84b5390 elementor-align-center elementor-widget elementor-widget-button\" data-id=\"84b5390\" data-element_type=\"widget\" data-widget_type=\"button.default\">\n\t\t\t\t<div class=\"elementor-widget-container\">\n\t\t\t\t\t\t\t\t\t<div class=\"elementor-button-wrapper\">\n\t\t\t\t\t<a class=\"elementor-button elementor-button-link elementor-size-sm\" href=\"https:\/\/www.aracalma.com\/ca\/producto\/viatge-a-malasia\/\">\n\t\t\t\t\t\t<span class=\"elementor-button-content-wrapper\">\n\t\t\t\t\t\t\t\t\t<span class=\"elementor-button-text\">Saber-ne m\u00e9s<\/span>\n\t\t\t\t\t<\/span>\n\t\t\t\t\t<\/a>\n\t\t\t\t<\/div>\n\t\t\t\t\t\t\t\t<\/div>\n\t\t\t\t<\/div>\n\t\t\t\t<\/div>\n\t\t<div class=\"elementor-element elementor-element-aa0ae31 e-con-full e-flex e-con e-child\" data-id=\"aa0ae31\" data-element_type=\"container\" data-settings=\"{&quot;background_background&quot;:&quot;classic&quot;}\">\n\t\t\t\t<div class=\"elementor-element elementor-element-e305d34 elementor-widget elementor-widget-image\" data-id=\"e305d34\" data-element_type=\"widget\" data-widget_type=\"image.default\">\n\t\t\t\t<div class=\"elementor-widget-container\">\n\t\t\t\t\t\t\t\t\t\t\t\t\t\t\t<img decoding=\"async\" width=\"1001\" height=\"799\" src=\"https:\/\/www.aracalma.com\/wp-content\/uploads\/2023\/09\/udaipur.jpg\" class=\"attachment-large size-large wp-image-3377\" alt=\"Ritual oriental para relajar cuerpo y mente en Vilanova i la Geltr\u00fa\" srcset=\"https:\/\/www.aracalma.com\/wp-content\/uploads\/2023\/09\/udaipur.jpg 1001w, https:\/\/www.aracalma.com\/wp-content\/uploads\/2023\/09\/udaipur-300x239.jpg 300w, https:\/\/www.aracalma.com\/wp-content\/uploads\/2023\/09\/udaipur-768x613.jpg 768w, https:\/\/www.aracalma.com\/wp-content\/uploads\/2023\/09\/udaipur-600x479.jpg 600w, https:\/\/www.aracalma.com\/wp-content\/uploads\/2023\/09\/udaipur-100x80.jpg 100w\" sizes=\"(max-width: 1001px) 100vw, 1001px\" \/>\t\t\t\t\t\t\t\t\t\t\t\t\t\t\t<\/div>\n\t\t\t\t<\/div>\n\t\t\t\t<div class=\"elementor-element elementor-element-bda26d4 elementor-widget elementor-widget-uael-infobox\" data-id=\"bda26d4\" data-element_type=\"widget\" data-widget_type=\"uael-infobox.default\">\n\t\t\t\t<div class=\"elementor-widget-container\">\n\t\t\t\t\t\n<div class=\"uael-module-content uael-infobox  uael-infobox-left  uael-infobox-link-type-none\">\n\t<div class=\"uael-infobox-left-right-wrap\">\n\t\t\t\t\t\t<div class=\"uael-infobox-content\">\n\t\t\t\t\t\t<div class='uael-infobox-title-wrap'><h3 class=\"uael-infobox-title elementor-inline-editing\" data-elementor-setting-key=\"infobox_title\" data-elementor-inline-editing-toolbar=\"basic\" >Ritual Viatge a Udaipur<\/h3><\/div>\t\t\t\t\t\t\t\t\t<div class=\"uael-infobox-text-wrap\">\n\t\t\t\t<div class=\"uael-infobox-text elementor-inline-editing\" data-elementor-setting-key=\"infobox_description\" data-elementor-inline-editing-toolbar=\"advanced\">\n\t\t\t\t\tUn viatge de relaxaci\u00f3 profundament encantador al cor de la bellesa \u00edndia gr\u00e0cies a les notes de mesc, encens i vainilla ...\u00a0\n<br>\n<hr style=\"width:50px;margin-top:10px;margin-bottom:10px;height:2px;background:#fff\">\n<span class=\"daurat\">75 min per 95\u20ac\n<\/span>\n\t\t\t\t<\/div>\n\t\t\t\t\t\n\t\t\t\t\t\t\t<\/div>\n\t\t<\/div>\n\t\t\t<\/div>\n<\/div>\n\t\t\t\t<\/div>\n\t\t\t\t<\/div>\n\t\t\t\t<div class=\"elementor-element elementor-element-6e4853d elementor-align-center elementor-widget elementor-widget-button\" data-id=\"6e4853d\" data-element_type=\"widget\" data-widget_type=\"button.default\">\n\t\t\t\t<div class=\"elementor-widget-container\">\n\t\t\t\t\t\t\t\t\t<div class=\"elementor-button-wrapper\">\n\t\t\t\t\t<a class=\"elementor-button elementor-button-link elementor-size-sm\" href=\"https:\/\/www.aracalma.com\/ca\/producto\/viatge-a-udaipur\/\">\n\t\t\t\t\t\t<span class=\"elementor-button-content-wrapper\">\n\t\t\t\t\t\t\t\t\t<span class=\"elementor-button-text\">Saber-ne m\u00e9s<\/span>\n\t\t\t\t\t<\/span>\n\t\t\t\t\t<\/a>\n\t\t\t\t<\/div>\n\t\t\t\t\t\t\t\t<\/div>\n\t\t\t\t<\/div>\n\t\t\t\t<\/div>\n\t\t<div class=\"elementor-element elementor-element-82c9eda e-con-full e-flex e-con e-child\" data-id=\"82c9eda\" data-element_type=\"container\" data-settings=\"{&quot;background_background&quot;:&quot;classic&quot;}\">\n\t\t\t\t<div class=\"elementor-element elementor-element-df90e0d elementor-widget elementor-widget-image\" data-id=\"df90e0d\" data-element_type=\"widget\" data-widget_type=\"image.default\">\n\t\t\t\t<div class=\"elementor-widget-container\">\n\t\t\t\t\t\t\t\t\t\t\t\t\t\t\t<img decoding=\"async\" width=\"1000\" height=\"800\" src=\"https:\/\/www.aracalma.com\/wp-content\/uploads\/2023\/09\/oriente.jpg\" class=\"attachment-large size-large wp-image-3375\" alt=\"Ritual oriental para relajar cuerpo y mente en Vilanova i la Geltr\u00fa\" srcset=\"https:\/\/www.aracalma.com\/wp-content\/uploads\/2023\/09\/oriente.jpg 1000w, https:\/\/www.aracalma.com\/wp-content\/uploads\/2023\/09\/oriente-300x240.jpg 300w, https:\/\/www.aracalma.com\/wp-content\/uploads\/2023\/09\/oriente-768x614.jpg 768w, https:\/\/www.aracalma.com\/wp-content\/uploads\/2023\/09\/oriente-600x480.jpg 600w, https:\/\/www.aracalma.com\/wp-content\/uploads\/2023\/09\/oriente-100x80.jpg 100w\" sizes=\"(max-width: 1000px) 100vw, 1000px\" \/>\t\t\t\t\t\t\t\t\t\t\t\t\t\t\t<\/div>\n\t\t\t\t<\/div>\n\t\t\t\t<div class=\"elementor-element elementor-element-7aba036 elementor-widget elementor-widget-uael-infobox\" data-id=\"7aba036\" data-element_type=\"widget\" data-widget_type=\"uael-infobox.default\">\n\t\t\t\t<div class=\"elementor-widget-container\">\n\t\t\t\t\t\n<div class=\"uael-module-content uael-infobox  uael-infobox-left  uael-infobox-link-type-none\">\n\t<div class=\"uael-infobox-left-right-wrap\">\n\t\t\t\t\t\t<div class=\"uael-infobox-content\">\n\t\t\t\t\t\t<div class='uael-infobox-title-wrap'><h3 class=\"uael-infobox-title elementor-inline-editing\" data-elementor-setting-key=\"infobox_title\" data-elementor-inline-editing-toolbar=\"basic\" >Ritual Viatge a Orient<\/h3><\/div>\t\t\t\t\t\t\t\t\t<div class=\"uael-infobox-text-wrap\">\n\t\t\t\t<div class=\"uael-infobox-text elementor-inline-editing\" data-elementor-setting-key=\"infobox_description\" data-elementor-inline-editing-toolbar=\"advanced\">\n\t\t\t\t\tL' ambre, el mesc i el s\u00e0ndal s'uneixen al voltant d'una frag\u00e0ncia amb notes captivadores i encisadors \u2026 <br>\n<hr style=\"width:50px;margin-top:10px;margin-bottom:10px;height:2px;background:#fff\">\n<span class=\"daurat\">75 min per 95\u20ac\n<\/span>\n\t\t\t\t<\/div>\n\t\t\t\t\t\n\t\t\t\t\t\t\t<\/div>\n\t\t<\/div>\n\t\t\t<\/div>\n<\/div>\n\t\t\t\t<\/div>\n\t\t\t\t<\/div>\n\t\t\t\t<div class=\"elementor-element elementor-element-ea1835e elementor-align-center elementor-widget elementor-widget-button\" data-id=\"ea1835e\" data-element_type=\"widget\" data-widget_type=\"button.default\">\n\t\t\t\t<div class=\"elementor-widget-container\">\n\t\t\t\t\t\t\t\t\t<div class=\"elementor-button-wrapper\">\n\t\t\t\t\t<a class=\"elementor-button elementor-button-link elementor-size-sm\" href=\"https:\/\/www.aracalma.com\/ca\/producto\/viatge-a-orient\/\">\n\t\t\t\t\t\t<span class=\"elementor-button-content-wrapper\">\n\t\t\t\t\t\t\t\t\t<span class=\"elementor-button-text\">Saber-ne m\u00e9s<\/span>\n\t\t\t\t\t<\/span>\n\t\t\t\t\t<\/a>\n\t\t\t\t<\/div>\n\t\t\t\t\t\t\t\t<\/div>\n\t\t\t\t<\/div>\n\t\t\t\t<\/div>\n\t\t\t\t<\/div>\n\t\t<div class=\"elementor-element elementor-element-f611644 e-con-full e-flex e-con e-parent\" data-id=\"f611644\" data-element_type=\"container\">\n\t\t<div class=\"elementor-element elementor-element-cbd7164 e-con-full e-flex e-con e-child\" data-id=\"cbd7164\" data-element_type=\"container\" data-settings=\"{&quot;background_background&quot;:&quot;classic&quot;}\">\n\t\t\t\t<div class=\"elementor-element elementor-element-010e9c7 elementor-widget elementor-widget-image\" data-id=\"010e9c7\" data-element_type=\"widget\" data-widget_type=\"image.default\">\n\t\t\t\t<div class=\"elementor-widget-container\">\n\t\t\t\t\t\t\t\t\t\t\t\t\t\t\t<img loading=\"lazy\" decoding=\"async\" width=\"1000\" height=\"800\" src=\"https:\/\/www.aracalma.com\/wp-content\/uploads\/2025\/02\/Bono-regalo.jpg\" class=\"attachment-large size-large wp-image-5333\" alt=\"Bo Regalo AraCalma\" srcset=\"https:\/\/www.aracalma.com\/wp-content\/uploads\/2025\/02\/Bono-regalo.jpg 1000w, https:\/\/www.aracalma.com\/wp-content\/uploads\/2025\/02\/Bono-regalo-300x240.jpg 300w, https:\/\/www.aracalma.com\/wp-content\/uploads\/2025\/02\/Bono-regalo-768x614.jpg 768w, https:\/\/www.aracalma.com\/wp-content\/uploads\/2025\/02\/Bono-regalo-600x480.jpg 600w, https:\/\/www.aracalma.com\/wp-content\/uploads\/2025\/02\/Bono-regalo-100x80.jpg 100w\" sizes=\"(max-width: 1000px) 100vw, 1000px\" \/>\t\t\t\t\t\t\t\t\t\t\t\t\t\t\t<\/div>\n\t\t\t\t<\/div>\n\t\t\t\t<div class=\"elementor-element elementor-element-b2f39af elementor-widget elementor-widget-uael-infobox\" data-id=\"b2f39af\" data-element_type=\"widget\" data-widget_type=\"uael-infobox.default\">\n\t\t\t\t<div class=\"elementor-widget-container\">\n\t\t\t\t\t\n<div class=\"uael-module-content uael-infobox  uael-infobox-left  uael-infobox-link-type-none\">\n\t<div class=\"uael-infobox-left-right-wrap\">\n\t\t\t\t\t\t<div class=\"uael-infobox-content\">\n\t\t\t\t\t\t<div class='uael-infobox-title-wrap'><h3 class=\"uael-infobox-title elementor-inline-editing\" data-elementor-setting-key=\"infobox_title\" data-elementor-inline-editing-toolbar=\"basic\" >Regala una Experi\u00e8ncia<\/h3><\/div>\t\t\t\t\t\t\t\t\t<div class=\"uael-infobox-text-wrap\">\n\t\t\t\t<div class=\"uael-infobox-text elementor-inline-editing\" data-elementor-setting-key=\"infobox_description\" data-elementor-inline-editing-toolbar=\"advanced\">\n\t\t\t\t\tTria l'import i deixa que la persona afortunada descobreixi una experi\u00e8ncia personalitzada al nostre exclusiu centre de benestar. \n\n\n\n<br>\n<hr style=\"width:50px;margin-top:10px;margin-bottom:10px;height:2px;background:#fff\">\n<span class=\"daurat\">De 150\u20ac a 500\u20ac<\/span>\n\t\t\t\t<\/div>\n\t\t\t\t\t\n\t\t\t\t\t\t\t<\/div>\n\t\t<\/div>\n\t\t\t<\/div>\n<\/div>\n\t\t\t\t<\/div>\n\t\t\t\t<\/div>\n\t\t\t\t<div class=\"elementor-element elementor-element-dcf1a6d elementor-align-center elementor-widget elementor-widget-button\" data-id=\"dcf1a6d\" data-element_type=\"widget\" data-widget_type=\"button.default\">\n\t\t\t\t<div class=\"elementor-widget-container\">\n\t\t\t\t\t\t\t\t\t<div class=\"elementor-button-wrapper\">\n\t\t\t\t\t<a class=\"elementor-button elementor-button-link elementor-size-sm\" href=\"https:\/\/www.aracalma.com\/ca\/producto\/bo-regal-per-a-tractament-wellness\/\">\n\t\t\t\t\t\t<span class=\"elementor-button-content-wrapper\">\n\t\t\t\t\t\t\t\t\t<span class=\"elementor-button-text\">Saber-ne m\u00e9s<\/span>\n\t\t\t\t\t<\/span>\n\t\t\t\t\t<\/a>\n\t\t\t\t<\/div>\n\t\t\t\t\t\t\t\t<\/div>\n\t\t\t\t<\/div>\n\t\t\t\t<\/div>\n\t\t<div class=\"elementor-element elementor-element-627ce81 e-con-full e-flex e-con e-child\" data-id=\"627ce81\" data-element_type=\"container\" data-settings=\"{&quot;background_background&quot;:&quot;classic&quot;}\">\n\t\t\t\t<\/div>\n\t\t\t\t<\/div>\n\t\t<div class=\"elementor-element elementor-element-50971c3 e-flex e-con-boxed e-con e-parent\" data-id=\"50971c3\" data-element_type=\"container\">\n\t\t\t\t\t<div class=\"e-con-inner\">\n\t\t\t\t<div class=\"elementor-element elementor-element-547845d elementor-widget elementor-widget-uael-infobox\" data-id=\"547845d\" data-element_type=\"widget\" data-widget_type=\"uael-infobox.default\">\n\t\t\t\t<div class=\"elementor-widget-container\">\n\t\t\t\t\t\n<div class=\"uael-module-content uael-infobox  uael-infobox-link-type-none\">\n\t<div class=\"uael-infobox-left-right-wrap\">\n\t\t\t\t\t\t<div class=\"uael-infobox-content\">\n\t\t\t\t\t\t<div class='uael-infobox-title-wrap'><h2 class=\"uael-infobox-title elementor-inline-editing\" data-elementor-setting-key=\"infobox_title\" data-elementor-inline-editing-toolbar=\"basic\" >Altres Rituals Ara Calma<\/h2><\/div>\t\t\t\t\t\t\t\t\t<div class=\"uael-infobox-text-wrap\">\n\t\t\t\t<div class=\"uael-infobox-text elementor-inline-editing\" data-elementor-setting-key=\"infobox_description\" data-elementor-inline-editing-toolbar=\"advanced\">\n\t\t\t\t\t\t\t\t\t<\/div>\n\t\t\t\t\t\n\t\t\t\t\t\t\t<\/div>\n\t\t<\/div>\n\t\t\t<\/div>\n<\/div>\n\t\t\t\t<\/div>\n\t\t\t\t<\/div>\n\t\t\t\t\t<\/div>\n\t\t\t\t<\/div>\n\t\t<div class=\"elementor-element elementor-element-2db03f2 e-con-full e-flex e-con e-parent\" data-id=\"2db03f2\" data-element_type=\"container\">\n\t\t<div class=\"elementor-element elementor-element-098bf7f e-con-full e-flex e-con e-child\" data-id=\"098bf7f\" data-element_type=\"container\" data-settings=\"{&quot;background_background&quot;:&quot;classic&quot;}\">\n\t\t\t\t<div class=\"elementor-element elementor-element-e9fb451 elementor-widget elementor-widget-image\" data-id=\"e9fb451\" data-element_type=\"widget\" data-widget_type=\"image.default\">\n\t\t\t\t<div class=\"elementor-widget-container\">\n\t\t\t\t\t\t\t\t\t\t\t\t\t\t\t<img loading=\"lazy\" decoding=\"async\" width=\"1000\" height=\"800\" src=\"https:\/\/www.aracalma.com\/wp-content\/uploads\/2023\/09\/mindfullness.jpg\" class=\"attachment-large size-large wp-image-3383\" alt=\"Masaje relajante y Facial Flash en Vilanova i la Geltr\u00fa en Ara Calma\" srcset=\"https:\/\/www.aracalma.com\/wp-content\/uploads\/2023\/09\/mindfullness.jpg 1000w, https:\/\/www.aracalma.com\/wp-content\/uploads\/2023\/09\/mindfullness-300x240.jpg 300w, https:\/\/www.aracalma.com\/wp-content\/uploads\/2023\/09\/mindfullness-768x614.jpg 768w, https:\/\/www.aracalma.com\/wp-content\/uploads\/2023\/09\/mindfullness-600x480.jpg 600w, https:\/\/www.aracalma.com\/wp-content\/uploads\/2023\/09\/mindfullness-100x80.jpg 100w\" sizes=\"(max-width: 1000px) 100vw, 1000px\" \/>\t\t\t\t\t\t\t\t\t\t\t\t\t\t\t<\/div>\n\t\t\t\t<\/div>\n\t\t\t\t<div class=\"elementor-element elementor-element-c4fe5fd elementor-widget elementor-widget-uael-infobox\" data-id=\"c4fe5fd\" data-element_type=\"widget\" data-widget_type=\"uael-infobox.default\">\n\t\t\t\t<div class=\"elementor-widget-container\">\n\t\t\t\t\t\n<div class=\"uael-module-content uael-infobox  uael-infobox-left  uael-infobox-link-type-none\">\n\t<div class=\"uael-infobox-left-right-wrap\">\n\t\t\t\t\t\t<div class=\"uael-infobox-content\">\n\t\t\t\t\t\t<div class='uael-infobox-title-wrap'><h3 class=\"uael-infobox-title elementor-inline-editing\" data-elementor-setting-key=\"infobox_title\" data-elementor-inline-editing-toolbar=\"basic\" >Massatge Relaxant &amp; Facial Flash<\/h3><\/div>\t\t\t\t\t\t\t\t\t<div class=\"uael-infobox-text-wrap\">\n\t\t\t\t<div class=\"uael-infobox-text elementor-inline-editing\" data-elementor-setting-key=\"infobox_description\" data-elementor-inline-editing-toolbar=\"advanced\">\n\t\t\t\t\tMeravell\u00f3s ritual ultra envoltant realitzat amb olis especialment escollits per despertar tots els sentits, ...\n\n\n<br>\n<hr style=\"width:50px;margin-top:10px;margin-bottom:10px;height:2px;background:#fff\">\n<span class=\"daurat\"> 60 min per 80\u20ac<\/span>\n\t\t\t\t<\/div>\n\t\t\t\t\t\n\t\t\t\t\t\t\t<\/div>\n\t\t<\/div>\n\t\t\t<\/div>\n<\/div>\n\t\t\t\t<\/div>\n\t\t\t\t<\/div>\n\t\t\t\t<div class=\"elementor-element elementor-element-161c98d elementor-align-center elementor-widget elementor-widget-button\" data-id=\"161c98d\" data-element_type=\"widget\" data-widget_type=\"button.default\">\n\t\t\t\t<div class=\"elementor-widget-container\">\n\t\t\t\t\t\t\t\t\t<div class=\"elementor-button-wrapper\">\n\t\t\t\t\t<a class=\"elementor-button elementor-button-link elementor-size-sm\" href=\"https:\/\/www.aracalma.com\/ca\/producto\/ara-calma-relaxing-massage-facial-flash\/\">\n\t\t\t\t\t\t<span class=\"elementor-button-content-wrapper\">\n\t\t\t\t\t\t\t\t\t<span class=\"elementor-button-text\">Saber-ne m\u00e9s<\/span>\n\t\t\t\t\t<\/span>\n\t\t\t\t\t<\/a>\n\t\t\t\t<\/div>\n\t\t\t\t\t\t\t\t<\/div>\n\t\t\t\t<\/div>\n\t\t\t\t<\/div>\n\t\t<div class=\"elementor-element elementor-element-2a2eee1 e-con-full e-flex e-con e-child\" data-id=\"2a2eee1\" data-element_type=\"container\" data-settings=\"{&quot;background_background&quot;:&quot;classic&quot;}\">\n\t\t\t\t<div class=\"elementor-element elementor-element-5947e32 elementor-widget elementor-widget-image\" data-id=\"5947e32\" data-element_type=\"widget\" data-widget_type=\"image.default\">\n\t\t\t\t<div class=\"elementor-widget-container\">\n\t\t\t\t\t\t\t\t\t\t\t\t\t\t\t<img loading=\"lazy\" decoding=\"async\" width=\"1000\" height=\"800\" src=\"https:\/\/www.aracalma.com\/wp-content\/uploads\/2023\/09\/75449557_m_normal_none.jpg\" class=\"attachment-large size-large wp-image-3387\" alt=\"Ritual hidratante facial en Vilanova i la Geltr\u00fa en Ara Calma\" srcset=\"https:\/\/www.aracalma.com\/wp-content\/uploads\/2023\/09\/75449557_m_normal_none.jpg 1000w, https:\/\/www.aracalma.com\/wp-content\/uploads\/2023\/09\/75449557_m_normal_none-300x240.jpg 300w, https:\/\/www.aracalma.com\/wp-content\/uploads\/2023\/09\/75449557_m_normal_none-768x614.jpg 768w, https:\/\/www.aracalma.com\/wp-content\/uploads\/2023\/09\/75449557_m_normal_none-600x480.jpg 600w, https:\/\/www.aracalma.com\/wp-content\/uploads\/2023\/09\/75449557_m_normal_none-100x80.jpg 100w\" sizes=\"(max-width: 1000px) 100vw, 1000px\" \/>\t\t\t\t\t\t\t\t\t\t\t\t\t\t\t<\/div>\n\t\t\t\t<\/div>\n\t\t\t\t<div class=\"elementor-element elementor-element-0b52891 elementor-widget elementor-widget-uael-infobox\" data-id=\"0b52891\" data-element_type=\"widget\" data-widget_type=\"uael-infobox.default\">\n\t\t\t\t<div class=\"elementor-widget-container\">\n\t\t\t\t\t\n<div class=\"uael-module-content uael-infobox  uael-infobox-left  uael-infobox-link-type-none\">\n\t<div class=\"uael-infobox-left-right-wrap\">\n\t\t\t\t\t\t<div class=\"uael-infobox-content\">\n\t\t\t\t\t\t<div class='uael-infobox-title-wrap'><h3 class=\"uael-infobox-title elementor-inline-editing\" data-elementor-setting-key=\"infobox_title\" data-elementor-inline-editing-toolbar=\"basic\" >Ritual Hidratant Facial &amp; Corporal<\/h3><\/div>\t\t\t\t\t\t\t\t\t<div class=\"uael-infobox-text-wrap\">\n\t\t\t\t<div class=\"uael-infobox-text elementor-inline-editing\" data-elementor-setting-key=\"infobox_description\" data-elementor-inline-editing-toolbar=\"advanced\">\n\t\t\t\t\tIntens ritual facial i corporal realitzat amb actius ultra nutritius, dissenyat per tornar a la pell la seva frescor, hidrataci\u00f3 i joventut ...\n\n<br>\n<hr style=\"width:50px;margin-top:10px;margin-bottom:10px;height:2px;background:#fff\">\n<span class=\"daurat\">75 min per 90\u20ac\n<\/span>\n\t\t\t\t<\/div>\n\t\t\t\t\t\n\t\t\t\t\t\t\t<\/div>\n\t\t<\/div>\n\t\t\t<\/div>\n<\/div>\n\t\t\t\t<\/div>\n\t\t\t\t<\/div>\n\t\t\t\t<div class=\"elementor-element elementor-element-3d9d3ff elementor-align-center elementor-widget elementor-widget-button\" data-id=\"3d9d3ff\" data-element_type=\"widget\" data-widget_type=\"button.default\">\n\t\t\t\t<div class=\"elementor-widget-container\">\n\t\t\t\t\t\t\t\t\t<div class=\"elementor-button-wrapper\">\n\t\t\t\t\t<a class=\"elementor-button elementor-button-link elementor-size-sm\" href=\"https:\/\/www.aracalma.com\/ca\/producto\/ara-calma-hydra-intense-ritual\/\">\n\t\t\t\t\t\t<span class=\"elementor-button-content-wrapper\">\n\t\t\t\t\t\t\t\t\t<span class=\"elementor-button-text\">Saber-ne m\u00e9s<\/span>\n\t\t\t\t\t<\/span>\n\t\t\t\t\t<\/a>\n\t\t\t\t<\/div>\n\t\t\t\t\t\t\t\t<\/div>\n\t\t\t\t<\/div>\n\t\t\t\t<\/div>\n\t\t<div class=\"elementor-element elementor-element-a755f90 e-con-full e-flex e-con e-child\" data-id=\"a755f90\" data-element_type=\"container\" data-settings=\"{&quot;background_background&quot;:&quot;classic&quot;}\">\n\t\t\t\t<div class=\"elementor-element elementor-element-f1d66b3 elementor-widget elementor-widget-image\" data-id=\"f1d66b3\" data-element_type=\"widget\" data-widget_type=\"image.default\">\n\t\t\t\t<div class=\"elementor-widget-container\">\n\t\t\t\t\t\t\t\t\t\t\t\t\t\t\t<img loading=\"lazy\" decoding=\"async\" width=\"1000\" height=\"800\" src=\"https:\/\/www.aracalma.com\/wp-content\/uploads\/2023\/09\/masaje-relax.jpg\" class=\"attachment-large size-large wp-image-3385\" alt=\"Ritual facial y corporal Mindfullness en Vilanova i la Geltr\u00fa en Ara Calma\" srcset=\"https:\/\/www.aracalma.com\/wp-content\/uploads\/2023\/09\/masaje-relax.jpg 1000w, https:\/\/www.aracalma.com\/wp-content\/uploads\/2023\/09\/masaje-relax-300x240.jpg 300w, https:\/\/www.aracalma.com\/wp-content\/uploads\/2023\/09\/masaje-relax-768x614.jpg 768w, https:\/\/www.aracalma.com\/wp-content\/uploads\/2023\/09\/masaje-relax-600x480.jpg 600w, https:\/\/www.aracalma.com\/wp-content\/uploads\/2023\/09\/masaje-relax-100x80.jpg 100w\" sizes=\"(max-width: 1000px) 100vw, 1000px\" \/>\t\t\t\t\t\t\t\t\t\t\t\t\t\t\t<\/div>\n\t\t\t\t<\/div>\n\t\t\t\t<div class=\"elementor-element elementor-element-7431a08 elementor-widget elementor-widget-uael-infobox\" data-id=\"7431a08\" data-element_type=\"widget\" data-widget_type=\"uael-infobox.default\">\n\t\t\t\t<div class=\"elementor-widget-container\">\n\t\t\t\t\t\n<div class=\"uael-module-content uael-infobox  uael-infobox-left  uael-infobox-link-type-none\">\n\t<div class=\"uael-infobox-left-right-wrap\">\n\t\t\t\t\t\t<div class=\"uael-infobox-content\">\n\t\t\t\t\t\t<div class='uael-infobox-title-wrap'><h3 class=\"uael-infobox-title elementor-inline-editing\" data-elementor-setting-key=\"infobox_title\" data-elementor-inline-editing-toolbar=\"basic\" >Ritual Mindfulness Facial &amp; Corporal<\/h3><\/div>\t\t\t\t\t\t\t\t\t<div class=\"uael-infobox-text-wrap\">\n\t\t\t\t<div class=\"uael-infobox-text elementor-inline-editing\" data-elementor-setting-key=\"infobox_description\" data-elementor-inline-editing-toolbar=\"advanced\">\n\t\t\t\t\tImprescindible ritual facial i corporal que combina a la perfecci\u00f3 una cura purificant amb un agradable moment de relaxaci\u00f3 ....<br>\n<hr style=\"width:50px;margin-top:10px;margin-bottom:10px;height:2px;background:#fff\">\n<span class=\"daurat\">90 min per 100\u20ac\n<\/span>\n\t\t\t\t<\/div>\n\t\t\t\t\t\n\t\t\t\t\t\t\t<\/div>\n\t\t<\/div>\n\t\t\t<\/div>\n<\/div>\n\t\t\t\t<\/div>\n\t\t\t\t<\/div>\n\t\t\t\t<div class=\"elementor-element elementor-element-07a738e elementor-align-center elementor-widget elementor-widget-button\" data-id=\"07a738e\" data-element_type=\"widget\" data-widget_type=\"button.default\">\n\t\t\t\t<div class=\"elementor-widget-container\">\n\t\t\t\t\t\t\t\t\t<div class=\"elementor-button-wrapper\">\n\t\t\t\t\t<a class=\"elementor-button elementor-button-link elementor-size-sm\" href=\"https:\/\/www.aracalma.com\/ca\/producto\/ritual-mindfulness\/\">\n\t\t\t\t\t\t<span class=\"elementor-button-content-wrapper\">\n\t\t\t\t\t\t\t\t\t<span class=\"elementor-button-text\">Saber-ne m\u00e9s<\/span>\n\t\t\t\t\t<\/span>\n\t\t\t\t\t<\/a>\n\t\t\t\t<\/div>\n\t\t\t\t\t\t\t\t<\/div>\n\t\t\t\t<\/div>\n\t\t\t\t<\/div>\n\t\t\t\t<\/div>\n\t\t<div class=\"elementor-element elementor-element-ed6420a e-con-full e-flex e-con e-parent\" data-id=\"ed6420a\" data-element_type=\"container\">\n\t\t<div class=\"elementor-element elementor-element-7c0a7f1 e-con-full e-flex e-con e-child\" data-id=\"7c0a7f1\" data-element_type=\"container\" data-settings=\"{&quot;background_background&quot;:&quot;classic&quot;}\">\n\t\t\t\t<div class=\"elementor-element elementor-element-c32d8b3 elementor-widget elementor-widget-image\" data-id=\"c32d8b3\" data-element_type=\"widget\" data-widget_type=\"image.default\">\n\t\t\t\t<div class=\"elementor-widget-container\">\n\t\t\t\t\t\t\t\t\t\t\t\t\t\t\t<img loading=\"lazy\" decoding=\"async\" width=\"1001\" height=\"800\" src=\"https:\/\/www.aracalma.com\/wp-content\/uploads\/2023\/09\/206009447_m_normal_none.jpg\" class=\"attachment-large size-large wp-image-3389\" alt=\"Ritual Luxury Experience en Vilanova i la Geltr\u00fa en Ara Calma\" srcset=\"https:\/\/www.aracalma.com\/wp-content\/uploads\/2023\/09\/206009447_m_normal_none.jpg 1001w, https:\/\/www.aracalma.com\/wp-content\/uploads\/2023\/09\/206009447_m_normal_none-300x240.jpg 300w, https:\/\/www.aracalma.com\/wp-content\/uploads\/2023\/09\/206009447_m_normal_none-768x614.jpg 768w, https:\/\/www.aracalma.com\/wp-content\/uploads\/2023\/09\/206009447_m_normal_none-600x480.jpg 600w, https:\/\/www.aracalma.com\/wp-content\/uploads\/2023\/09\/206009447_m_normal_none-100x80.jpg 100w\" sizes=\"(max-width: 1001px) 100vw, 1001px\" \/>\t\t\t\t\t\t\t\t\t\t\t\t\t\t\t<\/div>\n\t\t\t\t<\/div>\n\t\t\t\t<div class=\"elementor-element elementor-element-ef99fb7 elementor-widget elementor-widget-uael-infobox\" data-id=\"ef99fb7\" data-element_type=\"widget\" data-widget_type=\"uael-infobox.default\">\n\t\t\t\t<div class=\"elementor-widget-container\">\n\t\t\t\t\t\n<div class=\"uael-module-content uael-infobox  uael-infobox-left  uael-infobox-link-type-none\">\n\t<div class=\"uael-infobox-left-right-wrap\">\n\t\t\t\t\t\t<div class=\"uael-infobox-content\">\n\t\t\t\t\t\t<div class='uael-infobox-title-wrap'><h3 class=\"uael-infobox-title elementor-inline-editing\" data-elementor-setting-key=\"infobox_title\" data-elementor-inline-editing-toolbar=\"basic\" >Ritual Luxury Experience <\/h3><\/div>\t\t\t\t\t\t\t\t\t<div class=\"uael-infobox-text-wrap\">\n\t\t\t\t<div class=\"uael-infobox-text elementor-inline-editing\" data-elementor-setting-key=\"infobox_description\" data-elementor-inline-editing-toolbar=\"advanced\">\n\t\t\t\t\t<p>Exclusiu i extraordinari ritual facial i corporal que allibera les tensions corporals acumulades i torna a la cara...<\/p>\n<p><br><\/p>\n<hr style=\"width:50px;margin-top:10px;margin-bottom:10px;height:2px;background:#fff\">\n<p><span class=\"daurat\">120 min per 135\u20ac<\/span><\/p>\t\t\t\t<\/div>\n\t\t\t\t\t\n\t\t\t\t\t\t\t<\/div>\n\t\t<\/div>\n\t\t\t<\/div>\n<\/div>\n\t\t\t\t<\/div>\n\t\t\t\t<\/div>\n\t\t\t\t<div class=\"elementor-element elementor-element-7f942f9 elementor-align-center elementor-widget elementor-widget-button\" data-id=\"7f942f9\" data-element_type=\"widget\" data-widget_type=\"button.default\">\n\t\t\t\t<div class=\"elementor-widget-container\">\n\t\t\t\t\t\t\t\t\t<div class=\"elementor-button-wrapper\">\n\t\t\t\t\t<a class=\"elementor-button elementor-button-link elementor-size-sm\" href=\"https:\/\/www.aracalma.com\/ca\/producto\/ara-calma-luxury-experience-ritual\/\">\n\t\t\t\t\t\t<span class=\"elementor-button-content-wrapper\">\n\t\t\t\t\t\t\t\t\t<span class=\"elementor-button-text\">Saber-ne m\u00e9s<\/span>\n\t\t\t\t\t<\/span>\n\t\t\t\t\t<\/a>\n\t\t\t\t<\/div>\n\t\t\t\t\t\t\t\t<\/div>\n\t\t\t\t<\/div>\n\t\t\t\t<\/div>\n\t\t<div class=\"elementor-element elementor-element-a37cbc6 e-con-full e-flex e-con e-child\" data-id=\"a37cbc6\" data-element_type=\"container\" data-settings=\"{&quot;background_background&quot;:&quot;classic&quot;}\">\n\t\t\t\t<div class=\"elementor-element elementor-element-d269c69 elementor-widget elementor-widget-image\" data-id=\"d269c69\" data-element_type=\"widget\" data-widget_type=\"image.default\">\n\t\t\t\t<div class=\"elementor-widget-container\">\n\t\t\t\t\t\t\t\t\t\t\t\t\t\t\t<img loading=\"lazy\" decoding=\"async\" width=\"1000\" height=\"800\" src=\"https:\/\/www.aracalma.com\/wp-content\/uploads\/2023\/09\/stone-massage.jpg\" class=\"attachment-large size-large wp-image-3381\" alt=\"Masaje con Piedras Volc\u00e1nicas en Vilanova i la Geltr\u00fa en Ara Calma\" srcset=\"https:\/\/www.aracalma.com\/wp-content\/uploads\/2023\/09\/stone-massage.jpg 1000w, https:\/\/www.aracalma.com\/wp-content\/uploads\/2023\/09\/stone-massage-300x240.jpg 300w, https:\/\/www.aracalma.com\/wp-content\/uploads\/2023\/09\/stone-massage-768x614.jpg 768w, https:\/\/www.aracalma.com\/wp-content\/uploads\/2023\/09\/stone-massage-600x480.jpg 600w, https:\/\/www.aracalma.com\/wp-content\/uploads\/2023\/09\/stone-massage-100x80.jpg 100w\" sizes=\"(max-width: 1000px) 100vw, 1000px\" \/>\t\t\t\t\t\t\t\t\t\t\t\t\t\t\t<\/div>\n\t\t\t\t<\/div>\n\t\t\t\t<div class=\"elementor-element elementor-element-23e15f3 elementor-widget elementor-widget-uael-infobox\" data-id=\"23e15f3\" data-element_type=\"widget\" data-widget_type=\"uael-infobox.default\">\n\t\t\t\t<div class=\"elementor-widget-container\">\n\t\t\t\t\t\n<div class=\"uael-module-content uael-infobox  uael-infobox-left  uael-infobox-link-type-none\">\n\t<div class=\"uael-infobox-left-right-wrap\">\n\t\t\t\t\t\t<div class=\"uael-infobox-content\">\n\t\t\t\t\t\t<div class='uael-infobox-title-wrap'><h3 class=\"uael-infobox-title elementor-inline-editing\" data-elementor-setting-key=\"infobox_title\" data-elementor-inline-editing-toolbar=\"basic\" >Massatge amb pedres volc\u00e0niques<\/h3><\/div>\t\t\t\t\t\t\t\t\t<div class=\"uael-infobox-text-wrap\">\n\t\t\t\t<div class=\"uael-infobox-text elementor-inline-editing\" data-elementor-setting-key=\"infobox_description\" data-elementor-inline-editing-toolbar=\"advanced\">\n\t\t\t\t\tDins les ter\u00e0pies geotermals, aquest massatge s'associa a les propietats terap\u00e8utiques de les pedres volc\u00e0niques ...<br>\n<hr style=\"width:50px;margin-top:10px;margin-bottom:10px;height:2px;background:#fff\">\n<span class=\"daurat\">75 min per 85\u20ac\n<\/span>\n\t\t\t\t<\/div>\n\t\t\t\t\t\n\t\t\t\t\t\t\t<\/div>\n\t\t<\/div>\n\t\t\t<\/div>\n<\/div>\n\t\t\t\t<\/div>\n\t\t\t\t<\/div>\n\t\t\t\t<div class=\"elementor-element elementor-element-91df4cc elementor-align-center elementor-widget elementor-widget-button\" data-id=\"91df4cc\" data-element_type=\"widget\" data-widget_type=\"button.default\">\n\t\t\t\t<div class=\"elementor-widget-container\">\n\t\t\t\t\t\t\t\t\t<div class=\"elementor-button-wrapper\">\n\t\t\t\t\t<a class=\"elementor-button elementor-button-link elementor-size-sm\" href=\"https:\/\/www.aracalma.com\/ca\/producto\/hot-stone-massage\/\">\n\t\t\t\t\t\t<span class=\"elementor-button-content-wrapper\">\n\t\t\t\t\t\t\t\t\t<span class=\"elementor-button-text\">Saber-ne m\u00e9s<\/span>\n\t\t\t\t\t<\/span>\n\t\t\t\t\t<\/a>\n\t\t\t\t<\/div>\n\t\t\t\t\t\t\t\t<\/div>\n\t\t\t\t<\/div>\n\t\t\t\t<\/div>\n\t\t<div class=\"elementor-element elementor-element-7253075 e-con-full e-flex e-con e-child\" data-id=\"7253075\" data-element_type=\"container\">\n\t\t\t\t<\/div>\n\t\t\t\t<\/div>\n\t\t\t\t<\/div>\n\t\t","protected":false},"excerpt":{"rendered":"<p>Rituals Viatges Ara Calma El mateix concepte d&#8217;aquests rituals, es basa en els antics i preciosos rituals de bellesa orientals, transmesos de generaci\u00f3 en generaci\u00f3. Els Viatges Ara Calma, pretenen animar-lo a somiar, a viatjar, a descobrir horitzons llunyans, portant-lo a les terres del sol, on cos i ment redescobreixen l&#8217;ess\u00e8ncia mateixa de la relaxaci\u00f3 [&hellip;]<\/p>\n","protected":false},"author":2,"featured_media":0,"parent":2714,"menu_order":0,"comment_status":"closed","ping_status":"closed","template":"","meta":{"site-sidebar-layout":"default","site-content-layout":"page-builder","ast-site-content-layout":"full-width-container","site-content-style":"unboxed","site-sidebar-style":"unboxed","ast-global-header-display":"","ast-banner-title-visibility":"","ast-main-header-display":"","ast-hfb-above-header-display":"","ast-hfb-below-header-display":"","ast-hfb-mobile-header-display":"","site-post-title":"disabled","ast-breadcrumbs-content":"","ast-featured-img":"disabled","footer-sml-layout":"","theme-transparent-header-meta":"","adv-header-id-meta":"","stick-header-meta":"default","header-above-stick-meta":"","header-main-stick-meta":"","header-below-stick-meta":"","astra-migrate-meta-layouts":"set","ast-page-background-enabled":"default","ast-page-background-meta":{"desktop":{"background-color":"","background-image":"","background-repeat":"repeat","background-position":"center center","background-size":"auto","background-attachment":"scroll","background-type":"","background-media":"","overlay-type":"","overlay-color":"","overlay-opacity":"","overlay-gradient":""},"tablet":{"background-color":"","background-image":"","background-repeat":"repeat","background-position":"center center","background-size":"auto","background-attachment":"scroll","background-type":"","background-media":"","overlay-type":"","overlay-color":"","overlay-opacity":"","overlay-gradient":""},"mobile":{"background-color":"","background-image":"","background-repeat":"repeat","background-position":"center center","background-size":"auto","background-attachment":"scroll","background-type":"","background-media":"","overlay-type":"","overlay-color":"","overlay-opacity":"","overlay-gradient":""}},"ast-content-background-meta":{"desktop":{"background-color":"var(--ast-global-color-5)","background-image":"","background-repeat":"repeat","background-position":"center center","background-size":"auto","background-attachment":"scroll","background-type":"","background-media":"","overlay-type":"","overlay-color":"","overlay-opacity":"","overlay-gradient":""},"tablet":{"background-color":"var(--ast-global-color-5)","background-image":"","background-repeat":"repeat","background-position":"center center","background-size":"auto","background-attachment":"scroll","background-type":"","background-media":"","overlay-type":"","overlay-color":"","overlay-opacity":"","overlay-gradient":""},"mobile":{"background-color":"var(--ast-global-color-5)","background-image":"","background-repeat":"repeat","background-position":"center center","background-size":"auto","background-attachment":"scroll","background-type":"","background-media":"","overlay-type":"","overlay-color":"","overlay-opacity":"","overlay-gradient":""}},"footnotes":""},"class_list":["post-2749","page","type-page","status-publish","hentry"],"yoast_head":"<!-- This site is optimized with the Yoast SEO plugin v25.5 - https:\/\/yoast.com\/wordpress\/plugins\/seo\/ -->\n<title>Rituals - AraCalma Vilanova i la Geltr\u00fa<\/title>\n<meta name=\"robots\" content=\"index, follow, max-snippet:-1, max-image-preview:large, max-video-preview:-1\" \/>\n<link rel=\"canonical\" href=\"https:\/\/www.aracalma.com\/ca\/experiencies-ara-calma\/rituals\/\" \/>\n<meta property=\"og:locale\" content=\"ca_ES\" \/>\n<meta property=\"og:type\" content=\"article\" \/>\n<meta property=\"og:title\" content=\"Rituals - AraCalma Vilanova i la Geltr\u00fa\" \/>\n<meta property=\"og:description\" content=\"Rituals Viatges Ara Calma El mateix concepte d&#8217;aquests rituals, es basa en els antics i preciosos rituals de bellesa orientals, transmesos de generaci\u00f3 en generaci\u00f3. Els Viatges Ara Calma, pretenen animar-lo a somiar, a viatjar, a descobrir horitzons llunyans, portant-lo a les terres del sol, on cos i ment redescobreixen l&#8217;ess\u00e8ncia mateixa de la relaxaci\u00f3 [&hellip;]\" \/>\n<meta property=\"og:url\" content=\"https:\/\/www.aracalma.com\/ca\/experiencies-ara-calma\/rituals\/\" \/>\n<meta property=\"og:site_name\" content=\"AraCalma Vilanova i la Geltr\u00fa\" \/>\n<meta property=\"article:publisher\" content=\"https:\/\/www.facebook.com\/profile.php?id=100094464087030\" \/>\n<meta property=\"article:modified_time\" content=\"2025-09-17T17:32:46+00:00\" \/>\n<meta property=\"og:image\" content=\"https:\/\/www.aracalma.com\/wp-content\/uploads\/2023\/09\/malasia.jpg\" \/>\n\t<meta property=\"og:image:width\" content=\"1000\" \/>\n\t<meta property=\"og:image:height\" content=\"800\" \/>\n\t<meta property=\"og:image:type\" content=\"image\/jpeg\" \/>\n<meta name=\"twitter:card\" content=\"summary_large_image\" \/>\n<meta name=\"twitter:label1\" content=\"Temps estimat de lectura\" \/>\n\t<meta name=\"twitter:data1\" content=\"4 minuts\" \/>\n<script type=\"application\/ld+json\" class=\"yoast-schema-graph\">{\"@context\":\"https:\/\/schema.org\",\"@graph\":[{\"@type\":\"WebPage\",\"@id\":\"https:\/\/www.aracalma.com\/ca\/experiencies-ara-calma\/rituals\/\",\"url\":\"https:\/\/www.aracalma.com\/ca\/experiencies-ara-calma\/rituals\/\",\"name\":\"Rituals - AraCalma Vilanova i la Geltr\u00fa\",\"isPartOf\":{\"@id\":\"https:\/\/www.aracalma.com\/ca\/#website\"},\"primaryImageOfPage\":{\"@id\":\"https:\/\/www.aracalma.com\/ca\/experiencies-ara-calma\/rituals\/#primaryimage\"},\"image\":{\"@id\":\"https:\/\/www.aracalma.com\/ca\/experiencies-ara-calma\/rituals\/#primaryimage\"},\"thumbnailUrl\":\"https:\/\/www.aracalma.com\/wp-content\/uploads\/2023\/09\/malasia.jpg\",\"datePublished\":\"2023-05-11T15:59:38+00:00\",\"dateModified\":\"2025-09-17T17:32:46+00:00\",\"breadcrumb\":{\"@id\":\"https:\/\/www.aracalma.com\/ca\/experiencies-ara-calma\/rituals\/#breadcrumb\"},\"inLanguage\":\"ca\",\"potentialAction\":[{\"@type\":\"ReadAction\",\"target\":[\"https:\/\/www.aracalma.com\/ca\/experiencies-ara-calma\/rituals\/\"]}]},{\"@type\":\"ImageObject\",\"inLanguage\":\"ca\",\"@id\":\"https:\/\/www.aracalma.com\/ca\/experiencies-ara-calma\/rituals\/#primaryimage\",\"url\":\"https:\/\/www.aracalma.com\/wp-content\/uploads\/2023\/09\/malasia.jpg\",\"contentUrl\":\"https:\/\/www.aracalma.com\/wp-content\/uploads\/2023\/09\/malasia.jpg\"},{\"@type\":\"BreadcrumbList\",\"@id\":\"https:\/\/www.aracalma.com\/ca\/experiencies-ara-calma\/rituals\/#breadcrumb\",\"itemListElement\":[{\"@type\":\"ListItem\",\"position\":1,\"name\":\"Portada\",\"item\":\"https:\/\/www.aracalma.com\/ca\/\"},{\"@type\":\"ListItem\",\"position\":2,\"name\":\"Experi\u00e8ncies AraCalma\",\"item\":\"https:\/\/www.aracalma.com\/ca\/experiencies-ara-calma\/\"},{\"@type\":\"ListItem\",\"position\":3,\"name\":\"Rituals\"}]},{\"@type\":\"WebSite\",\"@id\":\"https:\/\/www.aracalma.com\/ca\/#website\",\"url\":\"https:\/\/www.aracalma.com\/ca\/\",\"name\":\"AraCalma Vilanova\",\"description\":\"Espai de Benestar\",\"publisher\":{\"@id\":\"https:\/\/www.aracalma.com\/ca\/#organization\"},\"potentialAction\":[{\"@type\":\"SearchAction\",\"target\":{\"@type\":\"EntryPoint\",\"urlTemplate\":\"https:\/\/www.aracalma.com\/ca\/?s={search_term_string}\"},\"query-input\":{\"@type\":\"PropertyValueSpecification\",\"valueRequired\":true,\"valueName\":\"search_term_string\"}}],\"inLanguage\":\"ca\"},{\"@type\":\"Organization\",\"@id\":\"https:\/\/www.aracalma.com\/ca\/#organization\",\"name\":\"AraCalma Vilanova\",\"url\":\"https:\/\/www.aracalma.com\/ca\/\",\"logo\":{\"@type\":\"ImageObject\",\"inLanguage\":\"ca\",\"@id\":\"https:\/\/www.aracalma.com\/ca\/#\/schema\/logo\/image\/\",\"url\":\"https:\/\/www.aracalma.com\/wp-content\/uploads\/2023\/05\/logo_AraCalma_b_p.png\",\"contentUrl\":\"https:\/\/www.aracalma.com\/wp-content\/uploads\/2023\/05\/logo_AraCalma_b_p.png\",\"width\":250,\"height\":94,\"caption\":\"AraCalma Vilanova\"},\"image\":{\"@id\":\"https:\/\/www.aracalma.com\/ca\/#\/schema\/logo\/image\/\"},\"sameAs\":[\"https:\/\/www.facebook.com\/profile.php?id=100094464087030\",\"https:\/\/www.instagram.com\/aracalmawellness\/\"]}]}<\/script>\n<!-- \/ Yoast SEO plugin. -->","yoast_head_json":{"title":"Rituals - AraCalma Vilanova i la Geltr\u00fa","robots":{"index":"index","follow":"follow","max-snippet":"max-snippet:-1","max-image-preview":"max-image-preview:large","max-video-preview":"max-video-preview:-1"},"canonical":"https:\/\/www.aracalma.com\/ca\/experiencies-ara-calma\/rituals\/","og_locale":"ca_ES","og_type":"article","og_title":"Rituals - AraCalma Vilanova i la Geltr\u00fa","og_description":"Rituals Viatges Ara Calma El mateix concepte d&#8217;aquests rituals, es basa en els antics i preciosos rituals de bellesa orientals, transmesos de generaci\u00f3 en generaci\u00f3. Els Viatges Ara Calma, pretenen animar-lo a somiar, a viatjar, a descobrir horitzons llunyans, portant-lo a les terres del sol, on cos i ment redescobreixen l&#8217;ess\u00e8ncia mateixa de la relaxaci\u00f3 [&hellip;]","og_url":"https:\/\/www.aracalma.com\/ca\/experiencies-ara-calma\/rituals\/","og_site_name":"AraCalma Vilanova i la Geltr\u00fa","article_publisher":"https:\/\/www.facebook.com\/profile.php?id=100094464087030","article_modified_time":"2025-09-17T17:32:46+00:00","og_image":[{"width":1000,"height":800,"url":"https:\/\/www.aracalma.com\/wp-content\/uploads\/2023\/09\/malasia.jpg","type":"image\/jpeg"}],"twitter_card":"summary_large_image","twitter_misc":{"Temps estimat de lectura":"4 minuts"},"schema":{"@context":"https:\/\/schema.org","@graph":[{"@type":"WebPage","@id":"https:\/\/www.aracalma.com\/ca\/experiencies-ara-calma\/rituals\/","url":"https:\/\/www.aracalma.com\/ca\/experiencies-ara-calma\/rituals\/","name":"Rituals - AraCalma Vilanova i la Geltr\u00fa","isPartOf":{"@id":"https:\/\/www.aracalma.com\/ca\/#website"},"primaryImageOfPage":{"@id":"https:\/\/www.aracalma.com\/ca\/experiencies-ara-calma\/rituals\/#primaryimage"},"image":{"@id":"https:\/\/www.aracalma.com\/ca\/experiencies-ara-calma\/rituals\/#primaryimage"},"thumbnailUrl":"https:\/\/www.aracalma.com\/wp-content\/uploads\/2023\/09\/malasia.jpg","datePublished":"2023-05-11T15:59:38+00:00","dateModified":"2025-09-17T17:32:46+00:00","breadcrumb":{"@id":"https:\/\/www.aracalma.com\/ca\/experiencies-ara-calma\/rituals\/#breadcrumb"},"inLanguage":"ca","potentialAction":[{"@type":"ReadAction","target":["https:\/\/www.aracalma.com\/ca\/experiencies-ara-calma\/rituals\/"]}]},{"@type":"ImageObject","inLanguage":"ca","@id":"https:\/\/www.aracalma.com\/ca\/experiencies-ara-calma\/rituals\/#primaryimage","url":"https:\/\/www.aracalma.com\/wp-content\/uploads\/2023\/09\/malasia.jpg","contentUrl":"https:\/\/www.aracalma.com\/wp-content\/uploads\/2023\/09\/malasia.jpg"},{"@type":"BreadcrumbList","@id":"https:\/\/www.aracalma.com\/ca\/experiencies-ara-calma\/rituals\/#breadcrumb","itemListElement":[{"@type":"ListItem","position":1,"name":"Portada","item":"https:\/\/www.aracalma.com\/ca\/"},{"@type":"ListItem","position":2,"name":"Experi\u00e8ncies AraCalma","item":"https:\/\/www.aracalma.com\/ca\/experiencies-ara-calma\/"},{"@type":"ListItem","position":3,"name":"Rituals"}]},{"@type":"WebSite","@id":"https:\/\/www.aracalma.com\/ca\/#website","url":"https:\/\/www.aracalma.com\/ca\/","name":"AraCalma Vilanova","description":"Espai de Benestar","publisher":{"@id":"https:\/\/www.aracalma.com\/ca\/#organization"},"potentialAction":[{"@type":"SearchAction","target":{"@type":"EntryPoint","urlTemplate":"https:\/\/www.aracalma.com\/ca\/?s={search_term_string}"},"query-input":{"@type":"PropertyValueSpecification","valueRequired":true,"valueName":"search_term_string"}}],"inLanguage":"ca"},{"@type":"Organization","@id":"https:\/\/www.aracalma.com\/ca\/#organization","name":"AraCalma Vilanova","url":"https:\/\/www.aracalma.com\/ca\/","logo":{"@type":"ImageObject","inLanguage":"ca","@id":"https:\/\/www.aracalma.com\/ca\/#\/schema\/logo\/image\/","url":"https:\/\/www.aracalma.com\/wp-content\/uploads\/2023\/05\/logo_AraCalma_b_p.png","contentUrl":"https:\/\/www.aracalma.com\/wp-content\/uploads\/2023\/05\/logo_AraCalma_b_p.png","width":250,"height":94,"caption":"AraCalma Vilanova"},"image":{"@id":"https:\/\/www.aracalma.com\/ca\/#\/schema\/logo\/image\/"},"sameAs":["https:\/\/www.facebook.com\/profile.php?id=100094464087030","https:\/\/www.instagram.com\/aracalmawellness\/"]}]}},"_links":{"self":[{"href":"https:\/\/www.aracalma.com\/ca\/wp-json\/wp\/v2\/pages\/2749","targetHints":{"allow":["GET"]}}],"collection":[{"href":"https:\/\/www.aracalma.com\/ca\/wp-json\/wp\/v2\/pages"}],"about":[{"href":"https:\/\/www.aracalma.com\/ca\/wp-json\/wp\/v2\/types\/page"}],"author":[{"embeddable":true,"href":"https:\/\/www.aracalma.com\/ca\/wp-json\/wp\/v2\/users\/2"}],"replies":[{"embeddable":true,"href":"https:\/\/www.aracalma.com\/ca\/wp-json\/wp\/v2\/comments?post=2749"}],"version-history":[{"count":34,"href":"https:\/\/www.aracalma.com\/ca\/wp-json\/wp\/v2\/pages\/2749\/revisions"}],"predecessor-version":[{"id":6421,"href":"https:\/\/www.aracalma.com\/ca\/wp-json\/wp\/v2\/pages\/2749\/revisions\/6421"}],"up":[{"embeddable":true,"href":"https:\/\/www.aracalma.com\/ca\/wp-json\/wp\/v2\/pages\/2714"}],"wp:attachment":[{"href":"https:\/\/www.aracalma.com\/ca\/wp-json\/wp\/v2\/media?parent=2749"}],"curies":[{"name":"wp","href":"https:\/\/api.w.org\/{rel}","templated":true}]}}