{"id":2740,"date":"2023-04-04T07:45:48","date_gmt":"2023-04-04T07:45:48","guid":{"rendered":"https:\/\/www.aracalma.com\/experiencies-ara-calma\/masajes\/"},"modified":"2026-04-14T07:51:44","modified_gmt":"2026-04-14T07:51:44","slug":"massatges","status":"publish","type":"page","link":"https:\/\/www.aracalma.com\/ca\/experiencies-ara-calma\/massatges\/","title":{"rendered":"Massatges"},"content":{"rendered":"\t\t<div data-elementor-type=\"wp-post\" data-elementor-id=\"2740\" class=\"elementor elementor-2740 elementor-548\">\n\t\t\t\t\t\t<section class=\"elementor-section elementor-top-section elementor-element elementor-element-66e796b elementor-section-height-min-height elementor-section-boxed elementor-section-height-default elementor-section-items-middle\" data-id=\"66e796b\" data-element_type=\"section\" data-settings=\"{&quot;background_background&quot;:&quot;classic&quot;}\">\n\t\t\t\t\t\t\t<div class=\"elementor-background-overlay\"><\/div>\n\t\t\t\t\t\t\t<div class=\"elementor-container elementor-column-gap-no\">\n\t\t\t\t\t<div class=\"elementor-column elementor-col-100 elementor-top-column elementor-element elementor-element-bb16189\" data-id=\"bb16189\" data-element_type=\"column\">\n\t\t\t<div class=\"elementor-widget-wrap elementor-element-populated\">\n\t\t\t\t\t\t<div class=\"elementor-element elementor-element-9999588 elementor-widget elementor-widget-heading\" data-id=\"9999588\" data-element_type=\"widget\" data-widget_type=\"heading.default\">\n\t\t\t\t<div class=\"elementor-widget-container\">\n\t\t\t\t\t<h1 class=\"elementor-heading-title elementor-size-default\">Massatges<\/h1>\t\t\t\t<\/div>\n\t\t\t\t<\/div>\n\t\t\t\t\t<\/div>\n\t\t<\/div>\n\t\t\t\t\t<\/div>\n\t\t<\/section>\n\t\t<div class=\"elementor-element elementor-element-4879847 e-flex e-con-boxed e-con e-parent\" data-id=\"4879847\" data-element_type=\"container\">\n\t\t\t\t\t<div class=\"e-con-inner\">\n\t\t\t\t<div class=\"elementor-element elementor-element-a115806 elementor-widget elementor-widget-heading\" data-id=\"a115806\" data-element_type=\"widget\" data-widget_type=\"heading.default\">\n\t\t\t\t<div class=\"elementor-widget-container\">\n\t\t\t\t\t<h2 class=\"elementor-heading-title elementor-size-default\">Troba el teu Massatge Ideal<\/h2>\t\t\t\t<\/div>\n\t\t\t\t<\/div>\n\t\t\t\t<div class=\"elementor-element elementor-element-0d94bf1 elementor-widget elementor-widget-uael-infobox\" data-id=\"0d94bf1\" data-element_type=\"widget\" data-widget_type=\"uael-infobox.default\">\n\t\t\t\t<div class=\"elementor-widget-container\">\n\t\t\t\t\t\n<div class=\"uael-module-content uael-infobox  uael-infobox-link-type-none\">\n\t<div class=\"uael-infobox-left-right-wrap\">\n\t\t\t\t\t\t<div class=\"uael-infobox-content\">\n\t\t\t\t\t\t<div class='uael-infobox-title-wrap'><h6 class=\"uael-infobox-title-prefix elementor-inline-editing\" data-elementor-setting-key=\"infobox_title_prefix\" data-elementor-inline-editing-toolbar=\"basic\" >\u200b<\/h6><\/div>\t\t\t\t\t\t\t\t\t<div class=\"uael-infobox-text-wrap\">\n\t\t\t\t<div class=\"uael-infobox-text elementor-inline-editing\" data-elementor-setting-key=\"infobox_description\" data-elementor-inline-editing-toolbar=\"advanced\">\n\t\t\t\t\tGaudir d'un bon massatge \u00e9s m\u00e9s que un moment de relaxaci\u00f3; \u00e9s una t\u00e8cnica terap\u00e8utica que ajuda a millorar la circulaci\u00f3 sangu\u00ednia, alleujar tensions musculars i reduir l'estr\u00e8s acumulat. A Vilanova i la Geltr\u00fa, oferim massatges personalitzats que combinen benestar i cura, adaptant-se a les necessitats de cada client.\t\t\t\t<\/div>\n\t\t\t\t\t\n\t\t\t\t\t\t\t<\/div>\n\t\t<\/div>\n\t\t\t<\/div>\n<\/div>\n\t\t\t\t<\/div>\n\t\t\t\t<\/div>\n\t\t\t\t\t<\/div>\n\t\t\t\t<\/div>\n\t\t<div class=\"elementor-element elementor-element-648bafa e-con-full e-flex e-con e-parent\" data-id=\"648bafa\" data-element_type=\"container\">\n\t\t<div class=\"elementor-element elementor-element-2aac6e1 e-con-full e-flex e-con e-child\" data-id=\"2aac6e1\" data-element_type=\"container\" data-settings=\"{&quot;background_background&quot;:&quot;classic&quot;}\">\n\t\t\t\t<div class=\"elementor-element elementor-element-5e49b7e elementor-widget elementor-widget-image\" data-id=\"5e49b7e\" data-element_type=\"widget\" data-widget_type=\"image.default\">\n\t\t\t\t<div class=\"elementor-widget-container\">\n\t\t\t\t\t\t\t\t\t\t\t\t\t\t\t<img fetchpriority=\"high\" decoding=\"async\" width=\"1000\" height=\"800\" src=\"https:\/\/www.aracalma.com\/wp-content\/uploads\/2023\/09\/anti-cellulite-madero-therapy-massage-2021-08-26-16-53-31-utc.jpg\" class=\"attachment-large size-large wp-image-3349\" alt=\"Masaje Detox, Vilanova i la Geltr\u00fa, Ara Calma\" srcset=\"https:\/\/www.aracalma.com\/wp-content\/uploads\/2023\/09\/anti-cellulite-madero-therapy-massage-2021-08-26-16-53-31-utc.jpg 1000w, https:\/\/www.aracalma.com\/wp-content\/uploads\/2023\/09\/anti-cellulite-madero-therapy-massage-2021-08-26-16-53-31-utc-300x240.jpg 300w, https:\/\/www.aracalma.com\/wp-content\/uploads\/2023\/09\/anti-cellulite-madero-therapy-massage-2021-08-26-16-53-31-utc-768x614.jpg 768w, https:\/\/www.aracalma.com\/wp-content\/uploads\/2023\/09\/anti-cellulite-madero-therapy-massage-2021-08-26-16-53-31-utc-600x480.jpg 600w, https:\/\/www.aracalma.com\/wp-content\/uploads\/2023\/09\/anti-cellulite-madero-therapy-massage-2021-08-26-16-53-31-utc-100x80.jpg 100w\" sizes=\"(max-width: 1000px) 100vw, 1000px\" \/>\t\t\t\t\t\t\t\t\t\t\t\t\t\t\t<\/div>\n\t\t\t\t<\/div>\n\t\t\t\t<div class=\"elementor-element elementor-element-45865d9 elementor-widget elementor-widget-uael-infobox\" data-id=\"45865d9\" data-element_type=\"widget\" data-widget_type=\"uael-infobox.default\">\n\t\t\t\t<div class=\"elementor-widget-container\">\n\t\t\t\t\t\n<div class=\"uael-module-content uael-infobox  uael-infobox-left  uael-infobox-link-type-none\">\n\t<div class=\"uael-infobox-left-right-wrap\">\n\t\t\t\t\t\t<div class=\"uael-infobox-content\">\n\t\t\t\t\t\t<div class='uael-infobox-title-wrap'><h3 class=\"uael-infobox-title elementor-inline-editing\" data-elementor-setting-key=\"infobox_title\" data-elementor-inline-editing-toolbar=\"basic\" >Massatge Detox<\/h3><\/div>\t\t\t\t\t\t\t\t\t<div class=\"uael-infobox-text-wrap\">\n\t\t\t\t<div class=\"uael-infobox-text elementor-inline-editing\" data-elementor-setting-key=\"infobox_description\" data-elementor-inline-editing-toolbar=\"advanced\">\n\t\t\t\t\tEl massatge Detox combina olis essencials detoxificantes amb t\u00e8cniques manuals espec\u00edfiques per a estimular l'eliminaci\u00f3 de toxines, millorar la circulaci\u00f3 i revitalitzar el cos. Ideal per a sentir-te m\u00e9s lleuger, equilibrat i ple d'energia.<br>\n<hr style=\"width:50px;margin-top:10px;margin-bottom:10px;height:2px;background:#fff\">\n<span class=\"daurat\">60 min  70\u20ac | 90 min 100\u20ac<\/span>\n\t\t\t\t<\/div>\n\t\t\t\t\t\n\t\t\t\t\t\t\t<\/div>\n\t\t<\/div>\n\t\t\t<\/div>\n<\/div>\n\t\t\t\t<\/div>\n\t\t\t\t<\/div>\n\t\t\t\t<div class=\"elementor-element elementor-element-9d40074 elementor-align-center elementor-widget elementor-widget-button\" data-id=\"9d40074\" data-element_type=\"widget\" data-widget_type=\"button.default\">\n\t\t\t\t<div class=\"elementor-widget-container\">\n\t\t\t\t\t\t\t\t\t<div class=\"elementor-button-wrapper\">\n\t\t\t\t\t<a class=\"elementor-button elementor-button-link elementor-size-sm\" href=\"https:\/\/www.aracalma.com\/ca\/producto\/calma-detox-massage\/\">\n\t\t\t\t\t\t<span class=\"elementor-button-content-wrapper\">\n\t\t\t\t\t\t\t\t\t<span class=\"elementor-button-text\">Saber-ne m\u00e9s<\/span>\n\t\t\t\t\t<\/span>\n\t\t\t\t\t<\/a>\n\t\t\t\t<\/div>\n\t\t\t\t\t\t\t\t<\/div>\n\t\t\t\t<\/div>\n\t\t\t\t<\/div>\n\t\t<div class=\"elementor-element elementor-element-d30a883 e-con-full e-flex e-con e-child\" data-id=\"d30a883\" data-element_type=\"container\" data-settings=\"{&quot;background_background&quot;:&quot;classic&quot;}\">\n\t\t\t\t<div class=\"elementor-element elementor-element-1ca7540 elementor-widget elementor-widget-image\" data-id=\"1ca7540\" data-element_type=\"widget\" data-widget_type=\"image.default\">\n\t\t\t\t<div class=\"elementor-widget-container\">\n\t\t\t\t\t\t\t\t\t\t\t\t\t\t\t<img decoding=\"async\" width=\"1000\" height=\"800\" src=\"https:\/\/www.aracalma.com\/wp-content\/uploads\/2023\/09\/masajes.jpg\" class=\"attachment-large size-large wp-image-3351\" alt=\"Masaje relajante, Vilanova i la Geltr\u00fa, Ara Calma\" srcset=\"https:\/\/www.aracalma.com\/wp-content\/uploads\/2023\/09\/masajes.jpg 1000w, https:\/\/www.aracalma.com\/wp-content\/uploads\/2023\/09\/masajes-300x240.jpg 300w, https:\/\/www.aracalma.com\/wp-content\/uploads\/2023\/09\/masajes-768x614.jpg 768w, https:\/\/www.aracalma.com\/wp-content\/uploads\/2023\/09\/masajes-600x480.jpg 600w, https:\/\/www.aracalma.com\/wp-content\/uploads\/2023\/09\/masajes-100x80.jpg 100w\" sizes=\"(max-width: 1000px) 100vw, 1000px\" \/>\t\t\t\t\t\t\t\t\t\t\t\t\t\t\t<\/div>\n\t\t\t\t<\/div>\n\t\t\t\t<div class=\"elementor-element elementor-element-88d690d elementor-widget elementor-widget-uael-infobox\" data-id=\"88d690d\" data-element_type=\"widget\" data-widget_type=\"uael-infobox.default\">\n\t\t\t\t<div class=\"elementor-widget-container\">\n\t\t\t\t\t\n<div class=\"uael-module-content uael-infobox  uael-infobox-left  uael-infobox-link-type-none\">\n\t<div class=\"uael-infobox-left-right-wrap\">\n\t\t\t\t\t\t<div class=\"uael-infobox-content\">\n\t\t\t\t\t\t<div class='uael-infobox-title-wrap'><h3 class=\"uael-infobox-title elementor-inline-editing\" data-elementor-setting-key=\"infobox_title\" data-elementor-inline-editing-toolbar=\"basic\" >Massatge Relaxant<\/h3><\/div>\t\t\t\t\t\t\t\t\t<div class=\"uael-infobox-text-wrap\">\n\t\t\t\t<div class=\"uael-infobox-text elementor-inline-editing\" data-elementor-setting-key=\"infobox_description\" data-elementor-inline-editing-toolbar=\"advanced\">\n\t\t\t\t\t<p>El massatge relaxant utilitza moviments envoltants i olis essencials per a alliberar tensions, reduir l'estr\u00e8s i promoure una profunda sensaci\u00f3 de calma. Perfecte per als qui busquen desconnectar i recuperar l'equilibri emocional.<br><\/p>\n<hr style=\"width:50px;margin-top:10px;margin-bottom:10px;height:2px;background:#fff\">\n<p><span class=\"daurat\">30 min 45\u20ac | 60 min 80\u20ac<\/span><\/p>\t\t\t\t<\/div>\n\t\t\t\t\t\n\t\t\t\t\t\t\t<\/div>\n\t\t<\/div>\n\t\t\t<\/div>\n<\/div>\n\t\t\t\t<\/div>\n\t\t\t\t<\/div>\n\t\t\t\t<div class=\"elementor-element elementor-element-0b4d572 elementor-align-center elementor-widget elementor-widget-button\" data-id=\"0b4d572\" data-element_type=\"widget\" data-widget_type=\"button.default\">\n\t\t\t\t<div class=\"elementor-widget-container\">\n\t\t\t\t\t\t\t\t\t<div class=\"elementor-button-wrapper\">\n\t\t\t\t\t<a class=\"elementor-button elementor-button-link elementor-size-sm\" href=\"https:\/\/www.aracalma.com\/ca\/producto\/calma-relaxing-massage\/\">\n\t\t\t\t\t\t<span class=\"elementor-button-content-wrapper\">\n\t\t\t\t\t\t\t\t\t<span class=\"elementor-button-text\">Saber-ne m\u00e9s<\/span>\n\t\t\t\t\t<\/span>\n\t\t\t\t\t<\/a>\n\t\t\t\t<\/div>\n\t\t\t\t\t\t\t\t<\/div>\n\t\t\t\t<\/div>\n\t\t\t\t<\/div>\n\t\t<div class=\"elementor-element elementor-element-03699e3 e-con-full e-flex e-con e-child\" data-id=\"03699e3\" data-element_type=\"container\" data-settings=\"{&quot;background_background&quot;:&quot;classic&quot;}\">\n\t\t\t\t<div class=\"elementor-element elementor-element-6c05e9a elementor-widget elementor-widget-image\" data-id=\"6c05e9a\" data-element_type=\"widget\" data-widget_type=\"image.default\">\n\t\t\t\t<div class=\"elementor-widget-container\">\n\t\t\t\t\t\t\t\t\t\t\t\t\t\t\t<img decoding=\"async\" width=\"1000\" height=\"800\" src=\"https:\/\/www.aracalma.com\/wp-content\/uploads\/2023\/09\/masajes-2.jpg\" class=\"attachment-large size-large wp-image-3353\" alt=\"Masaje antiestr\u00e9s, Vilanova i la Geltr\u00fa, Ara Calma\" srcset=\"https:\/\/www.aracalma.com\/wp-content\/uploads\/2023\/09\/masajes-2.jpg 1000w, https:\/\/www.aracalma.com\/wp-content\/uploads\/2023\/09\/masajes-2-300x240.jpg 300w, https:\/\/www.aracalma.com\/wp-content\/uploads\/2023\/09\/masajes-2-768x614.jpg 768w, https:\/\/www.aracalma.com\/wp-content\/uploads\/2023\/09\/masajes-2-600x480.jpg 600w, https:\/\/www.aracalma.com\/wp-content\/uploads\/2023\/09\/masajes-2-100x80.jpg 100w\" sizes=\"(max-width: 1000px) 100vw, 1000px\" \/>\t\t\t\t\t\t\t\t\t\t\t\t\t\t\t<\/div>\n\t\t\t\t<\/div>\n\t\t\t\t<div class=\"elementor-element elementor-element-1d999a4 elementor-widget elementor-widget-uael-infobox\" data-id=\"1d999a4\" data-element_type=\"widget\" data-widget_type=\"uael-infobox.default\">\n\t\t\t\t<div class=\"elementor-widget-container\">\n\t\t\t\t\t\n<div class=\"uael-module-content uael-infobox  uael-infobox-left  uael-infobox-link-type-none\">\n\t<div class=\"uael-infobox-left-right-wrap\">\n\t\t\t\t\t\t<div class=\"uael-infobox-content\">\n\t\t\t\t\t\t<div class='uael-infobox-title-wrap'><h3 class=\"uael-infobox-title elementor-inline-editing\" data-elementor-setting-key=\"infobox_title\" data-elementor-inline-editing-toolbar=\"basic\" >Massatge Anti Estr\u00e8s<\/h3><\/div>\t\t\t\t\t\t\t\t\t<div class=\"uael-infobox-text-wrap\">\n\t\t\t\t<div class=\"uael-infobox-text elementor-inline-editing\" data-elementor-setting-key=\"infobox_description\" data-elementor-inline-editing-toolbar=\"advanced\">\n\t\t\t\t\t<p>El massatge anti-estr\u00e8s combina olis descontracturants i una pressi\u00f3 ferma per a alleujar tensions acumulades, reduir l'estr\u00e8s i relaxar profundament el cos. Ideal per a recuperar l'energia i el benestar.<br><\/p>\n<hr style=\"width:50px;margin-top:10px;margin-bottom:10px;height:2px;background:#fff\">\n<p><span class=\"daurat\">30 min 50\u20ac | 60 min 90\u20ac<\/span><\/p>\t\t\t\t<\/div>\n\t\t\t\t\t\n\t\t\t\t\t\t\t<\/div>\n\t\t<\/div>\n\t\t\t<\/div>\n<\/div>\n\t\t\t\t<\/div>\n\t\t\t\t<\/div>\n\t\t\t\t<div class=\"elementor-element elementor-element-110f0e1 elementor-align-center elementor-widget elementor-widget-button\" data-id=\"110f0e1\" data-element_type=\"widget\" data-widget_type=\"button.default\">\n\t\t\t\t<div class=\"elementor-widget-container\">\n\t\t\t\t\t\t\t\t\t<div class=\"elementor-button-wrapper\">\n\t\t\t\t\t<a class=\"elementor-button elementor-button-link elementor-size-sm\" href=\"https:\/\/www.aracalma.com\/ca\/producto\/calma-decontracting-massage\/\">\n\t\t\t\t\t\t<span class=\"elementor-button-content-wrapper\">\n\t\t\t\t\t\t\t\t\t<span class=\"elementor-button-text\">Saber-ne m\u00e9s<\/span>\n\t\t\t\t\t<\/span>\n\t\t\t\t\t<\/a>\n\t\t\t\t<\/div>\n\t\t\t\t\t\t\t\t<\/div>\n\t\t\t\t<\/div>\n\t\t\t\t<\/div>\n\t\t\t\t<\/div>\n\t\t<div class=\"elementor-element elementor-element-9e8635a e-con-full e-flex e-con e-parent\" data-id=\"9e8635a\" data-element_type=\"container\">\n\t\t<div class=\"elementor-element elementor-element-179e2cf e-con-full e-flex e-con e-child\" data-id=\"179e2cf\" data-element_type=\"container\" data-settings=\"{&quot;background_background&quot;:&quot;classic&quot;}\">\n\t\t\t\t<div class=\"elementor-element elementor-element-dcb0538 elementor-widget elementor-widget-image\" data-id=\"dcb0538\" data-element_type=\"widget\" data-widget_type=\"image.default\">\n\t\t\t\t<div class=\"elementor-widget-container\">\n\t\t\t\t\t\t\t\t\t\t\t\t\t\t\t<img loading=\"lazy\" decoding=\"async\" width=\"1000\" height=\"800\" src=\"https:\/\/www.aracalma.com\/wp-content\/uploads\/2023\/09\/masaje-3.jpg\" class=\"attachment-large size-large wp-image-3355\" alt=\"Masaje experiencia 360, Vilanova i la Geltr\u00fa, Ara Calma\" srcset=\"https:\/\/www.aracalma.com\/wp-content\/uploads\/2023\/09\/masaje-3.jpg 1000w, https:\/\/www.aracalma.com\/wp-content\/uploads\/2023\/09\/masaje-3-300x240.jpg 300w, https:\/\/www.aracalma.com\/wp-content\/uploads\/2023\/09\/masaje-3-768x614.jpg 768w, https:\/\/www.aracalma.com\/wp-content\/uploads\/2023\/09\/masaje-3-600x480.jpg 600w, https:\/\/www.aracalma.com\/wp-content\/uploads\/2023\/09\/masaje-3-100x80.jpg 100w\" sizes=\"(max-width: 1000px) 100vw, 1000px\" \/>\t\t\t\t\t\t\t\t\t\t\t\t\t\t\t<\/div>\n\t\t\t\t<\/div>\n\t\t\t\t<div class=\"elementor-element elementor-element-1dfa87d elementor-widget elementor-widget-uael-infobox\" data-id=\"1dfa87d\" data-element_type=\"widget\" data-widget_type=\"uael-infobox.default\">\n\t\t\t\t<div class=\"elementor-widget-container\">\n\t\t\t\t\t\n<div class=\"uael-module-content uael-infobox  uael-infobox-left  uael-infobox-link-type-none\">\n\t<div class=\"uael-infobox-left-right-wrap\">\n\t\t\t\t\t\t<div class=\"uael-infobox-content\">\n\t\t\t\t\t\t<div class='uael-infobox-title-wrap'><h3 class=\"uael-infobox-title elementor-inline-editing\" data-elementor-setting-key=\"infobox_title\" data-elementor-inline-editing-toolbar=\"basic\" >Massatge Experi\u00e8ncia 360<\/h3><\/div>\t\t\t\t\t\t\t\t\t<div class=\"uael-infobox-text-wrap\">\n\t\t\t\t<div class=\"uael-infobox-text elementor-inline-editing\" data-elementor-setting-key=\"infobox_description\" data-elementor-inline-editing-toolbar=\"advanced\">\n\t\t\t\t\tEl massatge Experi\u00e8ncia 360 combina unes t\u00e8cniques descontracturants facials i corporals amb olis vegetals, \u00c0rnica, Patxuli i Clau. Una experi\u00e8ncia \u00fanica que relaxa, revitalitza i equilibra cos i ment.<br>\n<hr style=\"width:50px;margin-top:10px;margin-bottom:10px;height:2px;background:#fff\">\n<span class=\"daurat\">75 min 100\u20ac<\/span>\n\t\t\t\t<\/div>\n\t\t\t\t\t\n\t\t\t\t\t\t\t<\/div>\n\t\t<\/div>\n\t\t\t<\/div>\n<\/div>\n\t\t\t\t<\/div>\n\t\t\t\t<\/div>\n\t\t\t\t<div class=\"elementor-element elementor-element-7a1ff9f elementor-align-center elementor-widget elementor-widget-button\" data-id=\"7a1ff9f\" data-element_type=\"widget\" data-widget_type=\"button.default\">\n\t\t\t\t<div class=\"elementor-widget-container\">\n\t\t\t\t\t\t\t\t\t<div class=\"elementor-button-wrapper\">\n\t\t\t\t\t<a class=\"elementor-button elementor-button-link elementor-size-sm\" href=\"https:\/\/www.aracalma.com\/ca\/producto\/calma-global-experience-massage\/\">\n\t\t\t\t\t\t<span class=\"elementor-button-content-wrapper\">\n\t\t\t\t\t\t\t\t\t<span class=\"elementor-button-text\">Saber-ne m\u00e9s<\/span>\n\t\t\t\t\t<\/span>\n\t\t\t\t\t<\/a>\n\t\t\t\t<\/div>\n\t\t\t\t\t\t\t\t<\/div>\n\t\t\t\t<\/div>\n\t\t\t\t<\/div>\n\t\t<div class=\"elementor-element elementor-element-5d7a6ba e-con-full e-flex e-con e-child\" data-id=\"5d7a6ba\" data-element_type=\"container\" data-settings=\"{&quot;background_background&quot;:&quot;classic&quot;}\">\n\t\t\t\t<div class=\"elementor-element elementor-element-90e5c90 elementor-widget elementor-widget-image\" data-id=\"90e5c90\" data-element_type=\"widget\" data-widget_type=\"image.default\">\n\t\t\t\t<div class=\"elementor-widget-container\">\n\t\t\t\t\t\t\t\t\t\t\t\t\t\t\t<img loading=\"lazy\" decoding=\"async\" width=\"1000\" height=\"800\" src=\"https:\/\/www.aracalma.com\/wp-content\/uploads\/2023\/09\/leg-massage.jpg\" class=\"attachment-large size-large wp-image-3357\" alt=\"Masaje de piernas, Vilanova i la Geltr\u00fa, Ara Calma\" srcset=\"https:\/\/www.aracalma.com\/wp-content\/uploads\/2023\/09\/leg-massage.jpg 1000w, https:\/\/www.aracalma.com\/wp-content\/uploads\/2023\/09\/leg-massage-300x240.jpg 300w, https:\/\/www.aracalma.com\/wp-content\/uploads\/2023\/09\/leg-massage-768x614.jpg 768w, https:\/\/www.aracalma.com\/wp-content\/uploads\/2023\/09\/leg-massage-600x480.jpg 600w, https:\/\/www.aracalma.com\/wp-content\/uploads\/2023\/09\/leg-massage-100x80.jpg 100w\" sizes=\"(max-width: 1000px) 100vw, 1000px\" \/>\t\t\t\t\t\t\t\t\t\t\t\t\t\t\t<\/div>\n\t\t\t\t<\/div>\n\t\t\t\t<div class=\"elementor-element elementor-element-f1eae54 elementor-widget elementor-widget-uael-infobox\" data-id=\"f1eae54\" data-element_type=\"widget\" data-widget_type=\"uael-infobox.default\">\n\t\t\t\t<div class=\"elementor-widget-container\">\n\t\t\t\t\t\n<div class=\"uael-module-content uael-infobox  uael-infobox-left  uael-infobox-link-type-none\">\n\t<div class=\"uael-infobox-left-right-wrap\">\n\t\t\t\t\t\t<div class=\"uael-infobox-content\">\n\t\t\t\t\t\t<div class='uael-infobox-title-wrap'><h3 class=\"uael-infobox-title elementor-inline-editing\" data-elementor-setting-key=\"infobox_title\" data-elementor-inline-editing-toolbar=\"basic\" >Massatge de cames<\/h3><\/div>\t\t\t\t\t\t\t\t\t<div class=\"uael-infobox-text-wrap\">\n\t\t\t\t<div class=\"uael-infobox-text elementor-inline-editing\" data-elementor-setting-key=\"infobox_description\" data-elementor-inline-editing-toolbar=\"advanced\">\n\t\t\t\t\t<p>El massatge de cames combina t\u00e8cniques circulat\u00f2ries per a alleujar la sensaci\u00f3 de cansament i pesadesa, reduint la retenci\u00f3 de l\u00edquids i millorant la vitalitat. Ideal per a cames lleugeres i revitalitzades.<br><\/p>\n<hr style=\"width:50px;margin-top:10px;margin-bottom:10px;height:2px;background:#fff\">\n<p><span class=\"daurat\">30 min 45\u20ac<\/span><\/p>\t\t\t\t<\/div>\n\t\t\t\t\t\n\t\t\t\t\t\t\t<\/div>\n\t\t<\/div>\n\t\t\t<\/div>\n<\/div>\n\t\t\t\t<\/div>\n\t\t\t\t<\/div>\n\t\t\t\t<div class=\"elementor-element elementor-element-3209314 elementor-align-center elementor-widget elementor-widget-button\" data-id=\"3209314\" data-element_type=\"widget\" data-widget_type=\"button.default\">\n\t\t\t\t<div class=\"elementor-widget-container\">\n\t\t\t\t\t\t\t\t\t<div class=\"elementor-button-wrapper\">\n\t\t\t\t\t<a class=\"elementor-button elementor-button-link elementor-size-sm\" href=\"https:\/\/www.aracalma.com\/ca\/producto\/calma-legs-massage\/\">\n\t\t\t\t\t\t<span class=\"elementor-button-content-wrapper\">\n\t\t\t\t\t\t\t\t\t<span class=\"elementor-button-text\">Saber-ne m\u00e9s<\/span>\n\t\t\t\t\t<\/span>\n\t\t\t\t\t<\/a>\n\t\t\t\t<\/div>\n\t\t\t\t\t\t\t\t<\/div>\n\t\t\t\t<\/div>\n\t\t\t\t<\/div>\n\t\t<div class=\"elementor-element elementor-element-9d7481a e-con-full e-flex e-con e-child\" data-id=\"9d7481a\" data-element_type=\"container\" data-settings=\"{&quot;background_background&quot;:&quot;classic&quot;}\">\n\t\t\t\t<div class=\"elementor-element elementor-element-76b3a05 elementor-widget elementor-widget-image\" data-id=\"76b3a05\" data-element_type=\"widget\" data-widget_type=\"image.default\">\n\t\t\t\t<div class=\"elementor-widget-container\">\n\t\t\t\t\t\t\t\t\t\t\t\t\t\t\t<img loading=\"lazy\" decoding=\"async\" width=\"1000\" height=\"800\" src=\"https:\/\/www.aracalma.com\/wp-content\/uploads\/2023\/09\/drenaje-linfatico.jpg\" class=\"attachment-large size-large wp-image-3359\" alt=\"Drenaje linf\u00e1tico, Vilanova i la Geltr\u00fa, Ara Calma\" srcset=\"https:\/\/www.aracalma.com\/wp-content\/uploads\/2023\/09\/drenaje-linfatico.jpg 1000w, https:\/\/www.aracalma.com\/wp-content\/uploads\/2023\/09\/drenaje-linfatico-300x240.jpg 300w, https:\/\/www.aracalma.com\/wp-content\/uploads\/2023\/09\/drenaje-linfatico-768x614.jpg 768w, https:\/\/www.aracalma.com\/wp-content\/uploads\/2023\/09\/drenaje-linfatico-600x480.jpg 600w, https:\/\/www.aracalma.com\/wp-content\/uploads\/2023\/09\/drenaje-linfatico-100x80.jpg 100w\" sizes=\"(max-width: 1000px) 100vw, 1000px\" \/>\t\t\t\t\t\t\t\t\t\t\t\t\t\t\t<\/div>\n\t\t\t\t<\/div>\n\t\t\t\t<div class=\"elementor-element elementor-element-5e790a7 elementor-widget elementor-widget-uael-infobox\" data-id=\"5e790a7\" data-element_type=\"widget\" data-widget_type=\"uael-infobox.default\">\n\t\t\t\t<div class=\"elementor-widget-container\">\n\t\t\t\t\t\n<div class=\"uael-module-content uael-infobox  uael-infobox-left  uael-infobox-link-type-none\">\n\t<div class=\"uael-infobox-left-right-wrap\">\n\t\t\t\t\t\t<div class=\"uael-infobox-content\">\n\t\t\t\t\t\t<div class='uael-infobox-title-wrap'><h3 class=\"uael-infobox-title elementor-inline-editing\" data-elementor-setting-key=\"infobox_title\" data-elementor-inline-editing-toolbar=\"basic\" >Drenatge Limf\u00e0tic<\/h3><\/div>\t\t\t\t\t\t\t\t\t<div class=\"uael-infobox-text-wrap\">\n\t\t\t\t<div class=\"uael-infobox-text elementor-inline-editing\" data-elementor-setting-key=\"infobox_description\" data-elementor-inline-editing-toolbar=\"advanced\">\n\t\t\t\t\t<p>El massatge de drenatge limf\u00e0tic utilitza moviments suaus, lents i r\u00edtmics per a estimular el sistema limf\u00e0tic, afavorint l'eliminaci\u00f3 de toxines, reduint la retenci\u00f3 de l\u00edquids i promovent una sensaci\u00f3 de benestar profund.<br><\/p>\n<hr style=\"width:50px;margin-top:10px;margin-bottom:10px;height:2px;background:#fff\">\n<p><span class=\"daurat\">30 min  45\u20ac<\/span><\/p>\t\t\t\t<\/div>\n\t\t\t\t\t\n\t\t\t\t\t\t\t<\/div>\n\t\t<\/div>\n\t\t\t<\/div>\n<\/div>\n\t\t\t\t<\/div>\n\t\t\t\t<\/div>\n\t\t\t\t<div class=\"elementor-element elementor-element-a096153 elementor-align-center elementor-widget elementor-widget-button\" data-id=\"a096153\" data-element_type=\"widget\" data-widget_type=\"button.default\">\n\t\t\t\t<div class=\"elementor-widget-container\">\n\t\t\t\t\t\t\t\t\t<div class=\"elementor-button-wrapper\">\n\t\t\t\t\t<a class=\"elementor-button elementor-button-link elementor-size-sm\" href=\"https:\/\/www.aracalma.com\/ca\/producto\/calma-lymphatic-drainage\/\">\n\t\t\t\t\t\t<span class=\"elementor-button-content-wrapper\">\n\t\t\t\t\t\t\t\t\t<span class=\"elementor-button-text\">Saber-ne m\u00e9s<\/span>\n\t\t\t\t\t<\/span>\n\t\t\t\t\t<\/a>\n\t\t\t\t<\/div>\n\t\t\t\t\t\t\t\t<\/div>\n\t\t\t\t<\/div>\n\t\t\t\t<\/div>\n\t\t\t\t<\/div>\n\t\t<div class=\"elementor-element elementor-element-14b5751 e-con-full e-flex e-con e-parent\" data-id=\"14b5751\" data-element_type=\"container\">\n\t\t<div class=\"elementor-element elementor-element-b23f5df e-con-full e-flex e-con e-child\" data-id=\"b23f5df\" data-element_type=\"container\" data-settings=\"{&quot;background_background&quot;:&quot;classic&quot;}\">\n\t\t\t\t<div class=\"elementor-element elementor-element-ec894e3 elementor-widget elementor-widget-image\" data-id=\"ec894e3\" data-element_type=\"widget\" data-widget_type=\"image.default\">\n\t\t\t\t<div class=\"elementor-widget-container\">\n\t\t\t\t\t\t\t\t\t\t\t\t\t\t\t<img loading=\"lazy\" decoding=\"async\" width=\"1000\" height=\"800\" src=\"https:\/\/www.aracalma.com\/wp-content\/uploads\/2023\/09\/masaje-con-aromaterapia.jpg\" class=\"attachment-large size-large wp-image-3361\" alt=\"Masaje de aromaterapia, Vilanova i la Geltr\u00fa, Ara Calma\" srcset=\"https:\/\/www.aracalma.com\/wp-content\/uploads\/2023\/09\/masaje-con-aromaterapia.jpg 1000w, https:\/\/www.aracalma.com\/wp-content\/uploads\/2023\/09\/masaje-con-aromaterapia-300x240.jpg 300w, https:\/\/www.aracalma.com\/wp-content\/uploads\/2023\/09\/masaje-con-aromaterapia-768x614.jpg 768w, https:\/\/www.aracalma.com\/wp-content\/uploads\/2023\/09\/masaje-con-aromaterapia-600x480.jpg 600w, https:\/\/www.aracalma.com\/wp-content\/uploads\/2023\/09\/masaje-con-aromaterapia-100x80.jpg 100w\" sizes=\"(max-width: 1000px) 100vw, 1000px\" \/>\t\t\t\t\t\t\t\t\t\t\t\t\t\t\t<\/div>\n\t\t\t\t<\/div>\n\t\t\t\t<div class=\"elementor-element elementor-element-64f97e0 elementor-widget elementor-widget-uael-infobox\" data-id=\"64f97e0\" data-element_type=\"widget\" data-widget_type=\"uael-infobox.default\">\n\t\t\t\t<div class=\"elementor-widget-container\">\n\t\t\t\t\t\n<div class=\"uael-module-content uael-infobox  uael-infobox-left  uael-infobox-link-type-none\">\n\t<div class=\"uael-infobox-left-right-wrap\">\n\t\t\t\t\t\t<div class=\"uael-infobox-content\">\n\t\t\t\t\t\t<div class='uael-infobox-title-wrap'><h3 class=\"uael-infobox-title elementor-inline-editing\" data-elementor-setting-key=\"infobox_title\" data-elementor-inline-editing-toolbar=\"basic\" >Massatge d'Aromater\u00e0pia<\/h3><\/div>\t\t\t\t\t\t\t\t\t<div class=\"uael-infobox-text-wrap\">\n\t\t\t\t<div class=\"uael-infobox-text elementor-inline-editing\" data-elementor-setting-key=\"infobox_description\" data-elementor-inline-editing-toolbar=\"advanced\">\n\t\t\t\t\t<p>El masaje de aromaterapia combina aceites esenciales con propiedades relajantes y equilibrantes para el sistema nervioso. Un tratamiento perfecto para desconectar, aliviar tensiones y disfrutar de un bienestar total.<\/p>\n<hr style=\"width:50px;margin-top:10px;margin-bottom:10px;height:2px;background:#fff\">\n<p><span class=\"daurat\">50 min 70\u20ac<\/span><\/p>\t\t\t\t<\/div>\n\t\t\t\t\t\n\t\t\t\t\t\t\t<\/div>\n\t\t<\/div>\n\t\t\t<\/div>\n<\/div>\n\t\t\t\t<\/div>\n\t\t\t\t<\/div>\n\t\t\t\t<div class=\"elementor-element elementor-element-7394a2b elementor-align-center elementor-widget elementor-widget-button\" data-id=\"7394a2b\" data-element_type=\"widget\" data-widget_type=\"button.default\">\n\t\t\t\t<div class=\"elementor-widget-container\">\n\t\t\t\t\t\t\t\t\t<div class=\"elementor-button-wrapper\">\n\t\t\t\t\t<a class=\"elementor-button elementor-button-link elementor-size-sm\" href=\"https:\/\/www.aracalma.com\/ca\/producto\/calma-aromatherapy-massage\/\">\n\t\t\t\t\t\t<span class=\"elementor-button-content-wrapper\">\n\t\t\t\t\t\t\t\t\t<span class=\"elementor-button-text\">Saber-ne m\u00e9s<\/span>\n\t\t\t\t\t<\/span>\n\t\t\t\t\t<\/a>\n\t\t\t\t<\/div>\n\t\t\t\t\t\t\t\t<\/div>\n\t\t\t\t<\/div>\n\t\t\t\t<\/div>\n\t\t<div class=\"elementor-element elementor-element-299e6b1 e-con-full e-flex e-con e-child\" data-id=\"299e6b1\" data-element_type=\"container\" data-settings=\"{&quot;background_background&quot;:&quot;classic&quot;}\">\n\t\t\t\t<div class=\"elementor-element elementor-element-40a2020 elementor-widget elementor-widget-image\" data-id=\"40a2020\" data-element_type=\"widget\" data-widget_type=\"image.default\">\n\t\t\t\t<div class=\"elementor-widget-container\">\n\t\t\t\t\t\t\t\t\t\t\t\t\t\t\t<img loading=\"lazy\" decoding=\"async\" width=\"1001\" height=\"800\" src=\"https:\/\/www.aracalma.com\/wp-content\/uploads\/2023\/09\/reflexoterapia.jpg\" class=\"attachment-large size-large wp-image-3363\" alt=\"Reflexoterapia, Vilanova i la Geltr\u00fa, Ara Calma\" srcset=\"https:\/\/www.aracalma.com\/wp-content\/uploads\/2023\/09\/reflexoterapia.jpg 1001w, https:\/\/www.aracalma.com\/wp-content\/uploads\/2023\/09\/reflexoterapia-300x240.jpg 300w, https:\/\/www.aracalma.com\/wp-content\/uploads\/2023\/09\/reflexoterapia-768x614.jpg 768w, https:\/\/www.aracalma.com\/wp-content\/uploads\/2023\/09\/reflexoterapia-600x480.jpg 600w, https:\/\/www.aracalma.com\/wp-content\/uploads\/2023\/09\/reflexoterapia-100x80.jpg 100w\" sizes=\"(max-width: 1001px) 100vw, 1001px\" \/>\t\t\t\t\t\t\t\t\t\t\t\t\t\t\t<\/div>\n\t\t\t\t<\/div>\n\t\t\t\t<div class=\"elementor-element elementor-element-e55c1f7 elementor-widget elementor-widget-uael-infobox\" data-id=\"e55c1f7\" data-element_type=\"widget\" data-widget_type=\"uael-infobox.default\">\n\t\t\t\t<div class=\"elementor-widget-container\">\n\t\t\t\t\t\n<div class=\"uael-module-content uael-infobox  uael-infobox-left  uael-infobox-link-type-none\">\n\t<div class=\"uael-infobox-left-right-wrap\">\n\t\t\t\t\t\t<div class=\"uael-infobox-content\">\n\t\t\t\t\t\t<div class='uael-infobox-title-wrap'><h3 class=\"uael-infobox-title elementor-inline-editing\" data-elementor-setting-key=\"infobox_title\" data-elementor-inline-editing-toolbar=\"basic\" >Reflexoter\u00e0pia<\/h3><\/div>\t\t\t\t\t\t\t\t\t<div class=\"uael-infobox-text-wrap\">\n\t\t\t\t<div class=\"uael-infobox-text elementor-inline-editing\" data-elementor-setting-key=\"infobox_description\" data-elementor-inline-editing-toolbar=\"advanced\">\n\t\t\t\t\tEl massatge de reflexoter\u00e0pia aplica pressi\u00f3 en \u00e0rees reflecteixes espec\u00edfiques del cos per a estimular punts clau, alleujar tensions i millorar l'equilibri f\u00edsic i emocional. Un m\u00e8tode natural i efectiu per al benestar integral.\u00a0\n<hr style=\"width:50px;margin-top:10px;margin-bottom:10px;height:2px;background:#fff\">\n<span class=\"daurat\">45 min 50\u20ac<\/span>\t\t\t\t<\/div>\n\t\t\t\t\t\n\t\t\t\t\t\t\t<\/div>\n\t\t<\/div>\n\t\t\t<\/div>\n<\/div>\n\t\t\t\t<\/div>\n\t\t\t\t<\/div>\n\t\t\t\t<div class=\"elementor-element elementor-element-fa15d76 elementor-align-center elementor-widget elementor-widget-button\" data-id=\"fa15d76\" data-element_type=\"widget\" data-widget_type=\"button.default\">\n\t\t\t\t<div class=\"elementor-widget-container\">\n\t\t\t\t\t\t\t\t\t<div class=\"elementor-button-wrapper\">\n\t\t\t\t\t<a class=\"elementor-button elementor-button-link elementor-size-sm\" href=\"https:\/\/www.aracalma.com\/ca\/producto\/calma-reflexotherapy\/\">\n\t\t\t\t\t\t<span class=\"elementor-button-content-wrapper\">\n\t\t\t\t\t\t\t\t\t<span class=\"elementor-button-text\">Saber-ne m\u00e9s<\/span>\n\t\t\t\t\t<\/span>\n\t\t\t\t\t<\/a>\n\t\t\t\t<\/div>\n\t\t\t\t\t\t\t\t<\/div>\n\t\t\t\t<\/div>\n\t\t\t\t<\/div>\n\t\t<div class=\"elementor-element elementor-element-ac2ad46 e-con-full e-flex e-con e-child\" data-id=\"ac2ad46\" data-element_type=\"container\" data-settings=\"{&quot;background_background&quot;:&quot;classic&quot;}\">\n\t\t\t\t<div class=\"elementor-element elementor-element-3affbab elementor-widget elementor-widget-image\" data-id=\"3affbab\" data-element_type=\"widget\" data-widget_type=\"image.default\">\n\t\t\t\t<div class=\"elementor-widget-container\">\n\t\t\t\t\t\t\t\t\t\t\t\t\t\t\t<img loading=\"lazy\" decoding=\"async\" width=\"1000\" height=\"800\" src=\"https:\/\/www.aracalma.com\/wp-content\/uploads\/2023\/09\/spouses-resting-after-relaxing-massage-therapy-lyi-2022-12-16-07-56-16-utc-3-1.jpg\" class=\"attachment-large size-large wp-image-3367\" alt=\"Reflexoterapia, Vilanova i la Geltr\u00fa, Ara Calma\" srcset=\"https:\/\/www.aracalma.com\/wp-content\/uploads\/2023\/09\/spouses-resting-after-relaxing-massage-therapy-lyi-2022-12-16-07-56-16-utc-3-1.jpg 1000w, https:\/\/www.aracalma.com\/wp-content\/uploads\/2023\/09\/spouses-resting-after-relaxing-massage-therapy-lyi-2022-12-16-07-56-16-utc-3-1-300x240.jpg 300w, https:\/\/www.aracalma.com\/wp-content\/uploads\/2023\/09\/spouses-resting-after-relaxing-massage-therapy-lyi-2022-12-16-07-56-16-utc-3-1-768x614.jpg 768w, https:\/\/www.aracalma.com\/wp-content\/uploads\/2023\/09\/spouses-resting-after-relaxing-massage-therapy-lyi-2022-12-16-07-56-16-utc-3-1-600x480.jpg 600w, https:\/\/www.aracalma.com\/wp-content\/uploads\/2023\/09\/spouses-resting-after-relaxing-massage-therapy-lyi-2022-12-16-07-56-16-utc-3-1-100x80.jpg 100w\" sizes=\"(max-width: 1000px) 100vw, 1000px\" \/>\t\t\t\t\t\t\t\t\t\t\t\t\t\t\t<\/div>\n\t\t\t\t<\/div>\n\t\t\t\t<div class=\"elementor-element elementor-element-e22b6de elementor-widget elementor-widget-uael-infobox\" data-id=\"e22b6de\" data-element_type=\"widget\" data-widget_type=\"uael-infobox.default\">\n\t\t\t\t<div class=\"elementor-widget-container\">\n\t\t\t\t\t\n<div class=\"uael-module-content uael-infobox  uael-infobox-left  uael-infobox-link-type-none\">\n\t<div class=\"uael-infobox-left-right-wrap\">\n\t\t\t\t\t\t<div class=\"uael-infobox-content\">\n\t\t\t\t\t\t<div class='uael-infobox-title-wrap'><h3 class=\"uael-infobox-title elementor-inline-editing\" data-elementor-setting-key=\"infobox_title\" data-elementor-inline-editing-toolbar=\"basic\" >Massatge Especial Parelles<\/h3><\/div>\t\t\t\t\t\t\t\t\t<div class=\"uael-infobox-text-wrap\">\n\t\t\t\t<div class=\"uael-infobox-text elementor-inline-editing\" data-elementor-setting-key=\"infobox_description\" data-elementor-inline-editing-toolbar=\"advanced\">\n\t\t\t\t\t<p>Gaudeix d'un moment \u00fanic a la nostra cabina especial per a parelles, dissenyada per a oferir un espai exclusiu i privat. Relaxa't al costat de qui m\u00e9s estimes amb tractaments personalitzats que connecten cos i ment.<br><\/p>\n<hr style=\"width:50px;margin-top:10px;margin-bottom:10px;height:2px;background:#fff\">\n<p><span class=\"daurat\">50 min + extra (cava, infusi\u00f3...) x 2p  150\u20ac<br>50 min + extra (cava, infusi\u00f3...) + 15 min sauna x 2 p 185\u20ac<br>\n<\/span><\/p>\t\t\t\t<\/div>\n\t\t\t\t\t\n\t\t\t\t\t\t\t<\/div>\n\t\t<\/div>\n\t\t\t<\/div>\n<\/div>\n\t\t\t\t<\/div>\n\t\t\t\t<\/div>\n\t\t\t\t<div class=\"elementor-element elementor-element-f96da8f elementor-align-center elementor-widget elementor-widget-button\" data-id=\"f96da8f\" data-element_type=\"widget\" data-widget_type=\"button.default\">\n\t\t\t\t<div class=\"elementor-widget-container\">\n\t\t\t\t\t\t\t\t\t<div class=\"elementor-button-wrapper\">\n\t\t\t\t\t<a class=\"elementor-button elementor-button-link elementor-size-sm\" href=\"https:\/\/www.aracalma.com\/ca\/producto\/especial-parelles\/\">\n\t\t\t\t\t\t<span class=\"elementor-button-content-wrapper\">\n\t\t\t\t\t\t\t\t\t<span class=\"elementor-button-text\">Saber-ne m\u00e9s<\/span>\n\t\t\t\t\t<\/span>\n\t\t\t\t\t<\/a>\n\t\t\t\t<\/div>\n\t\t\t\t\t\t\t\t<\/div>\n\t\t\t\t<\/div>\n\t\t\t\t<\/div>\n\t\t\t\t<\/div>\n\t\t<div class=\"elementor-element elementor-element-d24e1ad e-con-full e-flex e-con e-parent\" data-id=\"d24e1ad\" data-element_type=\"container\">\n\t\t<div class=\"elementor-element elementor-element-e858822 e-con-full e-flex e-con e-child\" data-id=\"e858822\" data-element_type=\"container\" data-settings=\"{&quot;background_background&quot;:&quot;classic&quot;}\">\n\t\t\t\t<div class=\"elementor-element elementor-element-8dd014f elementor-widget elementor-widget-image\" data-id=\"8dd014f\" data-element_type=\"widget\" data-widget_type=\"image.default\">\n\t\t\t\t<div class=\"elementor-widget-container\">\n\t\t\t\t\t\t\t\t\t\t\t\t\t\t\t<img loading=\"lazy\" decoding=\"async\" width=\"1000\" height=\"800\" src=\"https:\/\/www.aracalma.com\/wp-content\/uploads\/2026\/03\/foto-web-AC.jpg\" class=\"attachment-large size-large wp-image-7002\" alt=\"regal dia del pare\" srcset=\"https:\/\/www.aracalma.com\/wp-content\/uploads\/2026\/03\/foto-web-AC.jpg 1000w, https:\/\/www.aracalma.com\/wp-content\/uploads\/2026\/03\/foto-web-AC-300x240.jpg 300w, https:\/\/www.aracalma.com\/wp-content\/uploads\/2026\/03\/foto-web-AC-768x614.jpg 768w, https:\/\/www.aracalma.com\/wp-content\/uploads\/2026\/03\/foto-web-AC-600x480.jpg 600w, https:\/\/www.aracalma.com\/wp-content\/uploads\/2026\/03\/foto-web-AC-100x80.jpg 100w\" sizes=\"(max-width: 1000px) 100vw, 1000px\" \/>\t\t\t\t\t\t\t\t\t\t\t\t\t\t\t<\/div>\n\t\t\t\t<\/div>\n\t\t\t\t<div class=\"elementor-element elementor-element-1d391d0 elementor-widget elementor-widget-uael-infobox\" data-id=\"1d391d0\" data-element_type=\"widget\" data-widget_type=\"uael-infobox.default\">\n\t\t\t\t<div class=\"elementor-widget-container\">\n\t\t\t\t\t\n<div class=\"uael-module-content uael-infobox  uael-infobox-left  uael-infobox-link-type-none\">\n\t<div class=\"uael-infobox-left-right-wrap\">\n\t\t\t\t\t\t<div class=\"uael-infobox-content\">\n\t\t\t\t\t\t<div class='uael-infobox-title-wrap'><h3 class=\"uael-infobox-title elementor-inline-editing\" data-elementor-setting-key=\"infobox_title\" data-elementor-inline-editing-toolbar=\"basic\" >The Gentleman\u2019s Reset: Renovaci\u00f3 i Equilibri<\/h3><\/div>\t\t\t\t\t\t\t\t\t<div class=\"uael-infobox-text-wrap\">\n\t\t\t\t<div class=\"uael-infobox-text elementor-inline-editing\" data-elementor-setting-key=\"infobox_description\" data-elementor-inline-editing-toolbar=\"advanced\">\n\t\t\t\t\t<p>Especial dia del pare<\/p>Una experi\u00e8ncia dissenyada per a ell que combina un massatge de relaxaci\u00f3 muscular profunda amb un exfoliant corporal renovador. El tractament allibera la tensi\u00f3 muscular acumulada, millora la circulaci\u00f3 i restitueix la lleugeresa al cos, mentre que l'exfoliaci\u00f3 refina la textura de la pell i la reactiva. Un ritual pr\u00e8mium dissenyat per restaurar l'energia, el benestar i la pres\u00e8ncia en una data especial.<\/p>\n<hr style=\"width:50px;margin-top:10px;margin-bottom:10px;height:2px;background:#fff\">\n<p><span class=\"daurat\">60 min 90\u20ac (regal peeling corporal)<\/span><\/p>\t\t\t\t<\/div>\n\t\t\t\t\t\n\t\t\t\t\t\t\t<\/div>\n\t\t<\/div>\n\t\t\t<\/div>\n<\/div>\n\t\t\t\t<\/div>\n\t\t\t\t<\/div>\n\t\t\t\t<div class=\"elementor-element elementor-element-7cd9941 elementor-align-center elementor-widget elementor-widget-button\" data-id=\"7cd9941\" data-element_type=\"widget\" data-widget_type=\"button.default\">\n\t\t\t\t<div class=\"elementor-widget-container\">\n\t\t\t\t\t\t\t\t\t<div class=\"elementor-button-wrapper\">\n\t\t\t\t\t<a class=\"elementor-button elementor-button-link elementor-size-sm\" href=\"https:\/\/www.aracalma.com\/ca\/producto\/the-gentlemans-reset-renovacio-i-equilibri\/\/\">\n\t\t\t\t\t\t<span class=\"elementor-button-content-wrapper\">\n\t\t\t\t\t\t\t\t\t<span class=\"elementor-button-text\">Saber-ne m\u00e9s<\/span>\n\t\t\t\t\t<\/span>\n\t\t\t\t\t<\/a>\n\t\t\t\t<\/div>\n\t\t\t\t\t\t\t\t<\/div>\n\t\t\t\t<\/div>\n\t\t\t\t<\/div>\n\t\t<div class=\"elementor-element elementor-element-e108430 e-con-full e-flex e-con e-child\" data-id=\"e108430\" data-element_type=\"container\" data-settings=\"{&quot;background_background&quot;:&quot;classic&quot;}\">\n\t\t\t\t<\/div>\n\t\t<div class=\"elementor-element elementor-element-1ac870d e-con-full e-flex e-con e-child\" data-id=\"1ac870d\" data-element_type=\"container\" data-settings=\"{&quot;background_background&quot;:&quot;classic&quot;}\">\n\t\t\t\t<\/div>\n\t\t\t\t<\/div>\n\t\t\t\t<\/div>\n\t\t","protected":false},"excerpt":{"rendered":"<p>Massatges Troba el teu Massatge Ideal \u200b Gaudir d&#8217;un bon massatge \u00e9s m\u00e9s que un moment de relaxaci\u00f3; \u00e9s una t\u00e8cnica terap\u00e8utica que ajuda a millorar la circulaci\u00f3 sangu\u00ednia, alleujar tensions musculars i reduir l&#8217;estr\u00e8s acumulat. A Vilanova i la Geltr\u00fa, oferim massatges personalitzats que combinen benestar i cura, adaptant-se a les necessitats de cada [&hellip;]<\/p>\n","protected":false},"author":2,"featured_media":0,"parent":2714,"menu_order":0,"comment_status":"closed","ping_status":"closed","template":"","meta":{"site-sidebar-layout":"default","site-content-layout":"page-builder","ast-site-content-layout":"full-width-container","site-content-style":"unboxed","site-sidebar-style":"unboxed","ast-global-header-display":"","ast-banner-title-visibility":"","ast-main-header-display":"","ast-hfb-above-header-display":"","ast-hfb-below-header-display":"","ast-hfb-mobile-header-display":"","site-post-title":"disabled","ast-breadcrumbs-content":"","ast-featured-img":"disabled","footer-sml-layout":"","theme-transparent-header-meta":"","adv-header-id-meta":"","stick-header-meta":"default","header-above-stick-meta":"","header-main-stick-meta":"","header-below-stick-meta":"","astra-migrate-meta-layouts":"set","ast-page-background-enabled":"default","ast-page-background-meta":{"desktop":{"background-color":"","background-image":"","background-repeat":"repeat","background-position":"center center","background-size":"auto","background-attachment":"scroll","background-type":"","background-media":"","overlay-type":"","overlay-color":"","overlay-opacity":"","overlay-gradient":""},"tablet":{"background-color":"","background-image":"","background-repeat":"repeat","background-position":"center center","background-size":"auto","background-attachment":"scroll","background-type":"","background-media":"","overlay-type":"","overlay-color":"","overlay-opacity":"","overlay-gradient":""},"mobile":{"background-color":"","background-image":"","background-repeat":"repeat","background-position":"center center","background-size":"auto","background-attachment":"scroll","background-type":"","background-media":"","overlay-type":"","overlay-color":"","overlay-opacity":"","overlay-gradient":""}},"ast-content-background-meta":{"desktop":{"background-color":"var(--ast-global-color-5)","background-image":"","background-repeat":"repeat","background-position":"center center","background-size":"auto","background-attachment":"scroll","background-type":"","background-media":"","overlay-type":"","overlay-color":"","overlay-opacity":"","overlay-gradient":""},"tablet":{"background-color":"var(--ast-global-color-5)","background-image":"","background-repeat":"repeat","background-position":"center center","background-size":"auto","background-attachment":"scroll","background-type":"","background-media":"","overlay-type":"","overlay-color":"","overlay-opacity":"","overlay-gradient":""},"mobile":{"background-color":"var(--ast-global-color-5)","background-image":"","background-repeat":"repeat","background-position":"center center","background-size":"auto","background-attachment":"scroll","background-type":"","background-media":"","overlay-type":"","overlay-color":"","overlay-opacity":"","overlay-gradient":""}},"footnotes":""},"class_list":["post-2740","page","type-page","status-publish","hentry"],"yoast_head":"<!-- This site is optimized with the Yoast SEO plugin v25.5 - https:\/\/yoast.com\/wordpress\/plugins\/seo\/ -->\n<title>Massatges - AraCalma Vilanova i la Geltr\u00fa<\/title>\n<meta name=\"description\" content=\"Descobreix els massatges d\u2019Ara Calma, com el Detox, relaxant o antiestr\u00e8s, realitzats amb olis naturals. Massatges a Vilanova i la Geltr\u00fa.\" \/>\n<meta name=\"robots\" content=\"index, follow, max-snippet:-1, max-image-preview:large, max-video-preview:-1\" \/>\n<link rel=\"canonical\" href=\"https:\/\/www.aracalma.com\/ca\/experiencies-ara-calma\/massatges\/\" \/>\n<meta property=\"og:locale\" content=\"ca_ES\" \/>\n<meta property=\"og:type\" content=\"article\" \/>\n<meta property=\"og:title\" content=\"Massatges - AraCalma Vilanova i la Geltr\u00fa\" \/>\n<meta property=\"og:description\" content=\"Descobreix els massatges d\u2019Ara Calma, com el Detox, relaxant o antiestr\u00e8s, realitzats amb olis naturals. Massatges a Vilanova i la Geltr\u00fa.\" \/>\n<meta property=\"og:url\" content=\"https:\/\/www.aracalma.com\/ca\/experiencies-ara-calma\/massatges\/\" \/>\n<meta property=\"og:site_name\" content=\"AraCalma Vilanova i la Geltr\u00fa\" \/>\n<meta property=\"article:publisher\" content=\"https:\/\/www.facebook.com\/profile.php?id=100094464087030\" \/>\n<meta property=\"article:modified_time\" content=\"2026-04-14T07:51:44+00:00\" \/>\n<meta property=\"og:image\" content=\"https:\/\/www.aracalma.com\/wp-content\/uploads\/2023\/09\/anti-cellulite-madero-therapy-massage-2021-08-26-16-53-31-utc.jpg\" \/>\n\t<meta property=\"og:image:width\" content=\"1000\" \/>\n\t<meta property=\"og:image:height\" content=\"800\" \/>\n\t<meta property=\"og:image:type\" content=\"image\/jpeg\" \/>\n<meta name=\"twitter:card\" content=\"summary_large_image\" \/>\n<meta name=\"twitter:label1\" content=\"Temps estimat de lectura\" \/>\n\t<meta name=\"twitter:data1\" content=\"5 minuts\" \/>\n<script type=\"application\/ld+json\" class=\"yoast-schema-graph\">{\"@context\":\"https:\/\/schema.org\",\"@graph\":[{\"@type\":\"WebPage\",\"@id\":\"https:\/\/www.aracalma.com\/ca\/experiencies-ara-calma\/massatges\/\",\"url\":\"https:\/\/www.aracalma.com\/ca\/experiencies-ara-calma\/massatges\/\",\"name\":\"Massatges - AraCalma Vilanova i la Geltr\u00fa\",\"isPartOf\":{\"@id\":\"https:\/\/www.aracalma.com\/ca\/#website\"},\"primaryImageOfPage\":{\"@id\":\"https:\/\/www.aracalma.com\/ca\/experiencies-ara-calma\/massatges\/#primaryimage\"},\"image\":{\"@id\":\"https:\/\/www.aracalma.com\/ca\/experiencies-ara-calma\/massatges\/#primaryimage\"},\"thumbnailUrl\":\"https:\/\/www.aracalma.com\/wp-content\/uploads\/2023\/09\/anti-cellulite-madero-therapy-massage-2021-08-26-16-53-31-utc.jpg\",\"datePublished\":\"2023-04-04T07:45:48+00:00\",\"dateModified\":\"2026-04-14T07:51:44+00:00\",\"description\":\"Descobreix els massatges d\u2019Ara Calma, com el Detox, relaxant o antiestr\u00e8s, realitzats amb olis naturals. Massatges a Vilanova i la Geltr\u00fa.\",\"breadcrumb\":{\"@id\":\"https:\/\/www.aracalma.com\/ca\/experiencies-ara-calma\/massatges\/#breadcrumb\"},\"inLanguage\":\"ca\",\"potentialAction\":[{\"@type\":\"ReadAction\",\"target\":[\"https:\/\/www.aracalma.com\/ca\/experiencies-ara-calma\/massatges\/\"]}]},{\"@type\":\"ImageObject\",\"inLanguage\":\"ca\",\"@id\":\"https:\/\/www.aracalma.com\/ca\/experiencies-ara-calma\/massatges\/#primaryimage\",\"url\":\"https:\/\/www.aracalma.com\/wp-content\/uploads\/2023\/09\/anti-cellulite-madero-therapy-massage-2021-08-26-16-53-31-utc.jpg\",\"contentUrl\":\"https:\/\/www.aracalma.com\/wp-content\/uploads\/2023\/09\/anti-cellulite-madero-therapy-massage-2021-08-26-16-53-31-utc.jpg\"},{\"@type\":\"BreadcrumbList\",\"@id\":\"https:\/\/www.aracalma.com\/ca\/experiencies-ara-calma\/massatges\/#breadcrumb\",\"itemListElement\":[{\"@type\":\"ListItem\",\"position\":1,\"name\":\"Portada\",\"item\":\"https:\/\/www.aracalma.com\/ca\/\"},{\"@type\":\"ListItem\",\"position\":2,\"name\":\"Experi\u00e8ncies AraCalma\",\"item\":\"https:\/\/www.aracalma.com\/ca\/experiencies-ara-calma\/\"},{\"@type\":\"ListItem\",\"position\":3,\"name\":\"Massatges\"}]},{\"@type\":\"WebSite\",\"@id\":\"https:\/\/www.aracalma.com\/ca\/#website\",\"url\":\"https:\/\/www.aracalma.com\/ca\/\",\"name\":\"AraCalma Vilanova\",\"description\":\"Espai de Benestar\",\"publisher\":{\"@id\":\"https:\/\/www.aracalma.com\/ca\/#organization\"},\"potentialAction\":[{\"@type\":\"SearchAction\",\"target\":{\"@type\":\"EntryPoint\",\"urlTemplate\":\"https:\/\/www.aracalma.com\/ca\/?s={search_term_string}\"},\"query-input\":{\"@type\":\"PropertyValueSpecification\",\"valueRequired\":true,\"valueName\":\"search_term_string\"}}],\"inLanguage\":\"ca\"},{\"@type\":\"Organization\",\"@id\":\"https:\/\/www.aracalma.com\/ca\/#organization\",\"name\":\"AraCalma Vilanova\",\"url\":\"https:\/\/www.aracalma.com\/ca\/\",\"logo\":{\"@type\":\"ImageObject\",\"inLanguage\":\"ca\",\"@id\":\"https:\/\/www.aracalma.com\/ca\/#\/schema\/logo\/image\/\",\"url\":\"https:\/\/www.aracalma.com\/wp-content\/uploads\/2023\/05\/logo_AraCalma_b_p.png\",\"contentUrl\":\"https:\/\/www.aracalma.com\/wp-content\/uploads\/2023\/05\/logo_AraCalma_b_p.png\",\"width\":250,\"height\":94,\"caption\":\"AraCalma Vilanova\"},\"image\":{\"@id\":\"https:\/\/www.aracalma.com\/ca\/#\/schema\/logo\/image\/\"},\"sameAs\":[\"https:\/\/www.facebook.com\/profile.php?id=100094464087030\",\"https:\/\/www.instagram.com\/aracalmawellness\/\"]}]}<\/script>\n<!-- \/ Yoast SEO plugin. -->","yoast_head_json":{"title":"Massatges - AraCalma Vilanova i la Geltr\u00fa","description":"Descobreix els massatges d\u2019Ara Calma, com el Detox, relaxant o antiestr\u00e8s, realitzats amb olis naturals. Massatges a Vilanova i la Geltr\u00fa.","robots":{"index":"index","follow":"follow","max-snippet":"max-snippet:-1","max-image-preview":"max-image-preview:large","max-video-preview":"max-video-preview:-1"},"canonical":"https:\/\/www.aracalma.com\/ca\/experiencies-ara-calma\/massatges\/","og_locale":"ca_ES","og_type":"article","og_title":"Massatges - AraCalma Vilanova i la Geltr\u00fa","og_description":"Descobreix els massatges d\u2019Ara Calma, com el Detox, relaxant o antiestr\u00e8s, realitzats amb olis naturals. Massatges a Vilanova i la Geltr\u00fa.","og_url":"https:\/\/www.aracalma.com\/ca\/experiencies-ara-calma\/massatges\/","og_site_name":"AraCalma Vilanova i la Geltr\u00fa","article_publisher":"https:\/\/www.facebook.com\/profile.php?id=100094464087030","article_modified_time":"2026-04-14T07:51:44+00:00","og_image":[{"width":1000,"height":800,"url":"https:\/\/www.aracalma.com\/wp-content\/uploads\/2023\/09\/anti-cellulite-madero-therapy-massage-2021-08-26-16-53-31-utc.jpg","type":"image\/jpeg"}],"twitter_card":"summary_large_image","twitter_misc":{"Temps estimat de lectura":"5 minuts"},"schema":{"@context":"https:\/\/schema.org","@graph":[{"@type":"WebPage","@id":"https:\/\/www.aracalma.com\/ca\/experiencies-ara-calma\/massatges\/","url":"https:\/\/www.aracalma.com\/ca\/experiencies-ara-calma\/massatges\/","name":"Massatges - AraCalma Vilanova i la Geltr\u00fa","isPartOf":{"@id":"https:\/\/www.aracalma.com\/ca\/#website"},"primaryImageOfPage":{"@id":"https:\/\/www.aracalma.com\/ca\/experiencies-ara-calma\/massatges\/#primaryimage"},"image":{"@id":"https:\/\/www.aracalma.com\/ca\/experiencies-ara-calma\/massatges\/#primaryimage"},"thumbnailUrl":"https:\/\/www.aracalma.com\/wp-content\/uploads\/2023\/09\/anti-cellulite-madero-therapy-massage-2021-08-26-16-53-31-utc.jpg","datePublished":"2023-04-04T07:45:48+00:00","dateModified":"2026-04-14T07:51:44+00:00","description":"Descobreix els massatges d\u2019Ara Calma, com el Detox, relaxant o antiestr\u00e8s, realitzats amb olis naturals. Massatges a Vilanova i la Geltr\u00fa.","breadcrumb":{"@id":"https:\/\/www.aracalma.com\/ca\/experiencies-ara-calma\/massatges\/#breadcrumb"},"inLanguage":"ca","potentialAction":[{"@type":"ReadAction","target":["https:\/\/www.aracalma.com\/ca\/experiencies-ara-calma\/massatges\/"]}]},{"@type":"ImageObject","inLanguage":"ca","@id":"https:\/\/www.aracalma.com\/ca\/experiencies-ara-calma\/massatges\/#primaryimage","url":"https:\/\/www.aracalma.com\/wp-content\/uploads\/2023\/09\/anti-cellulite-madero-therapy-massage-2021-08-26-16-53-31-utc.jpg","contentUrl":"https:\/\/www.aracalma.com\/wp-content\/uploads\/2023\/09\/anti-cellulite-madero-therapy-massage-2021-08-26-16-53-31-utc.jpg"},{"@type":"BreadcrumbList","@id":"https:\/\/www.aracalma.com\/ca\/experiencies-ara-calma\/massatges\/#breadcrumb","itemListElement":[{"@type":"ListItem","position":1,"name":"Portada","item":"https:\/\/www.aracalma.com\/ca\/"},{"@type":"ListItem","position":2,"name":"Experi\u00e8ncies AraCalma","item":"https:\/\/www.aracalma.com\/ca\/experiencies-ara-calma\/"},{"@type":"ListItem","position":3,"name":"Massatges"}]},{"@type":"WebSite","@id":"https:\/\/www.aracalma.com\/ca\/#website","url":"https:\/\/www.aracalma.com\/ca\/","name":"AraCalma Vilanova","description":"Espai de Benestar","publisher":{"@id":"https:\/\/www.aracalma.com\/ca\/#organization"},"potentialAction":[{"@type":"SearchAction","target":{"@type":"EntryPoint","urlTemplate":"https:\/\/www.aracalma.com\/ca\/?s={search_term_string}"},"query-input":{"@type":"PropertyValueSpecification","valueRequired":true,"valueName":"search_term_string"}}],"inLanguage":"ca"},{"@type":"Organization","@id":"https:\/\/www.aracalma.com\/ca\/#organization","name":"AraCalma Vilanova","url":"https:\/\/www.aracalma.com\/ca\/","logo":{"@type":"ImageObject","inLanguage":"ca","@id":"https:\/\/www.aracalma.com\/ca\/#\/schema\/logo\/image\/","url":"https:\/\/www.aracalma.com\/wp-content\/uploads\/2023\/05\/logo_AraCalma_b_p.png","contentUrl":"https:\/\/www.aracalma.com\/wp-content\/uploads\/2023\/05\/logo_AraCalma_b_p.png","width":250,"height":94,"caption":"AraCalma Vilanova"},"image":{"@id":"https:\/\/www.aracalma.com\/ca\/#\/schema\/logo\/image\/"},"sameAs":["https:\/\/www.facebook.com\/profile.php?id=100094464087030","https:\/\/www.instagram.com\/aracalmawellness\/"]}]}},"_links":{"self":[{"href":"https:\/\/www.aracalma.com\/ca\/wp-json\/wp\/v2\/pages\/2740","targetHints":{"allow":["GET"]}}],"collection":[{"href":"https:\/\/www.aracalma.com\/ca\/wp-json\/wp\/v2\/pages"}],"about":[{"href":"https:\/\/www.aracalma.com\/ca\/wp-json\/wp\/v2\/types\/page"}],"author":[{"embeddable":true,"href":"https:\/\/www.aracalma.com\/ca\/wp-json\/wp\/v2\/users\/2"}],"replies":[{"embeddable":true,"href":"https:\/\/www.aracalma.com\/ca\/wp-json\/wp\/v2\/comments?post=2740"}],"version-history":[{"count":55,"href":"https:\/\/www.aracalma.com\/ca\/wp-json\/wp\/v2\/pages\/2740\/revisions"}],"predecessor-version":[{"id":7166,"href":"https:\/\/www.aracalma.com\/ca\/wp-json\/wp\/v2\/pages\/2740\/revisions\/7166"}],"up":[{"embeddable":true,"href":"https:\/\/www.aracalma.com\/ca\/wp-json\/wp\/v2\/pages\/2714"}],"wp:attachment":[{"href":"https:\/\/www.aracalma.com\/ca\/wp-json\/wp\/v2\/media?parent=2740"}],"curies":[{"name":"wp","href":"https:\/\/api.w.org\/{rel}","templated":true}]}}