{"id":2721,"date":"2023-05-12T07:33:45","date_gmt":"2023-05-12T07:33:45","guid":{"rendered":"https:\/\/www.aracalma.com\/especialidades\/"},"modified":"2025-03-26T17:16:45","modified_gmt":"2025-03-26T17:16:45","slug":"especialitats","status":"publish","type":"page","link":"https:\/\/www.aracalma.com\/ca\/especialitats\/","title":{"rendered":"Especialitats"},"content":{"rendered":"\t\t<div data-elementor-type=\"wp-post\" data-elementor-id=\"2721\" class=\"elementor elementor-2721 elementor-762\">\n\t\t\t\t\t\t<section class=\"elementor-section elementor-top-section elementor-element elementor-element-4280737 elementor-section-height-min-height elementor-section-boxed elementor-section-height-default elementor-section-items-middle\" data-id=\"4280737\" data-element_type=\"section\" data-settings=\"{&quot;background_background&quot;:&quot;classic&quot;}\">\n\t\t\t\t\t\t\t<div class=\"elementor-background-overlay\"><\/div>\n\t\t\t\t\t\t\t<div class=\"elementor-container elementor-column-gap-no\">\n\t\t\t\t\t<div class=\"elementor-column elementor-col-100 elementor-top-column elementor-element elementor-element-66e465d\" data-id=\"66e465d\" data-element_type=\"column\">\n\t\t\t<div class=\"elementor-widget-wrap elementor-element-populated\">\n\t\t\t\t\t\t<div class=\"elementor-element elementor-element-f6c139e elementor-widget elementor-widget-heading\" data-id=\"f6c139e\" data-element_type=\"widget\" data-widget_type=\"heading.default\">\n\t\t\t\t<div class=\"elementor-widget-container\">\n\t\t\t\t\t<h1 class=\"elementor-heading-title elementor-size-default\">Especialitats<\/h1>\t\t\t\t<\/div>\n\t\t\t\t<\/div>\n\t\t\t\t\t<\/div>\n\t\t<\/div>\n\t\t\t\t\t<\/div>\n\t\t<\/section>\n\t\t<div class=\"elementor-element elementor-element-109ed80 e-flex e-con-boxed e-con e-parent\" data-id=\"109ed80\" data-element_type=\"container\">\n\t\t\t\t\t<div class=\"e-con-inner\">\n\t\t\t\t<div class=\"elementor-element elementor-element-4180d3a elementor-widget elementor-widget-uael-infobox\" data-id=\"4180d3a\" data-element_type=\"widget\" data-widget_type=\"uael-infobox.default\">\n\t\t\t\t<div class=\"elementor-widget-container\">\n\t\t\t\t\t\n<div class=\"uael-module-content uael-infobox  uael-infobox-link-type-none\">\n\t<div class=\"uael-infobox-left-right-wrap\">\n\t\t\t\t\t\t<div class=\"uael-infobox-content\">\n\t\t\t\t\t\t<div class='uael-infobox-title-wrap'><h2 class=\"uael-infobox-title elementor-inline-editing\" data-elementor-setting-key=\"infobox_title\" data-elementor-inline-editing-toolbar=\"basic\" >Especialitats Ara calma<\/h2><\/div>\t\t\t\t\t\t\t\t\t<div class=\"uael-infobox-text-wrap\">\n\t\t\t\t<div class=\"uael-infobox-text elementor-inline-editing\" data-elementor-setting-key=\"infobox_description\" data-elementor-inline-editing-toolbar=\"advanced\">\n\t\t\t\t\tBenvinguts al nostre Centre Medical Spa Wellness! Estem encantats d'oferir-vos una \u00e0mplia gamma de serveis especialitzats en cura facial i corporal. El nostre objectiu \u00e9s oferir-te una experi\u00e8ncia \u00fanica i personalitzada per real\u00e7ar la teva bellesa natural i promoure el teu benestar integral. Tractaments facials i corporals personalitzats. El nostre equip d'experts en cura facial i corporal est\u00e0 capacitat per avaluar les necessitats individuals i dissenyar un pla de tractament personalitzat.<br><br>\t\t\t\t<\/div>\n\t\t\t\t\t\n\t\t\t\t\t\t\t<\/div>\n\t\t<\/div>\n\t\t\t<\/div>\n<\/div>\n\t\t\t\t<\/div>\n\t\t\t\t<\/div>\n\t\t\t\t\t<\/div>\n\t\t\t\t<\/div>\n\t\t<div class=\"elementor-element elementor-element-ff26f61 e-con-full e-flex e-con e-parent\" data-id=\"ff26f61\" data-element_type=\"container\">\n\t\t\t\t<div class=\"elementor-element elementor-element-3acef2e elementor-invisible elementor-widget elementor-widget-ucaddon_diagonal_hero\" data-id=\"3acef2e\" data-element_type=\"widget\" data-settings=\"{&quot;_animation&quot;:&quot;fadeIn&quot;}\" data-widget_type=\"ucaddon_diagonal_hero.default\">\n\t\t\t\t<div class=\"elementor-widget-container\">\n\t\t\t\t\t\n<!-- start Diagonal Hero -->\n\t\t<link id='uc_ac_assets_file_uc_fashion_header_css_4046-css' href='https:\/\/www.aracalma.com\/wp-content\/uploads\/ac_assets\/uc_fashion_header\/uc_fashion_header.css' type='text\/css' rel='stylesheet' >\n\t\t<link id='uc_fonts_googleapis_com_css_family_alegreya_400_900italic_900_700italic_700_400italic-css' href='https:\/\/fonts.googleapis.com\/css?family=Alegreya:400,900italic,900,700italic,700,400italic' type='text\/css' rel='stylesheet' >\n\t\t<link id='uc_fonts_googleapis_com_css_family_roboto_400_100_100italic_300italic_400italic_500_500italic_700_700italic_900_900italic-css' href='https:\/\/fonts.googleapis.com\/css?family=Roboto:400,100,100italic,300italic,400italic,500,500italic,700,700italic,900,900italic' type='text\/css' rel='stylesheet' >\n\n<style>\/* widget: Diagonal Hero *\/\n\n#uc_diagonal_hero_elementor_3acef2e\n{\n  display:flex;\n}\n\n#uc_diagonal_hero_elementor_3acef2e .ue-image\n{\n  background-image:url(https:\/\/www.aracalma.com\/wp-content\/uploads\/2024\/03\/rejoveniment.jpg);\n  background-size:cover;\n  flex-shrink:0;\n  flex-grow:0;\n  position:relative;\n  overflow:hidden;\n}\n\n#uc_diagonal_hero_elementor_3acef2e .ue-image-overlay\n{\n  position:absolute;\n  top:0;\n  left:0;\n  right:0;\n  bottom:0;\n  height:100%;\n  width:100%;\n}\n\n\n#uc_diagonal_hero_elementor_3acef2e .ue-content\n{\n  display:flex;\n  align-items:center;\n  justify-content:center;\n  flex-grow:1;\n}\n\n#uc_diagonal_hero_elementor_3acef2e .ue-content > div\n{\n  width:100%;\n}\n.ue-title\n{\n  font-size:52px;\n}\n\n#uc_diagonal_hero_elementor_3acef2e .ue-btn-wrap\n{\n  width:100%;\n}\n#uc_diagonal_hero_elementor_3acef2e .ue-btn\n{\n  transition:0.3s;\n  text-decoration:none;\n  text-align:center;\n}\n\n#uc_diagonal_hero_elementor_3acef2e .ue-separator\n{\n  display:inline-block;\n}\n\n<\/style>\n\n<div id=\"uc_diagonal_hero_elementor_3acef2e\" class=\"diagonal_hero\">\n  <div class=\"ue-content\">\n    <div>\n      <div class=\"ue-template\"><\/div>\n      <div class=\"ue-title\">Rejoveniment<\/div>\n      \n      <div class=\"ue-separator-wrapper\">\n        <div class=\"ue-separator\"><\/div>\n      <\/div>\n      \n      <div class=\"ue-sub-title\"><\/div>\n      \n      <div class=\"ue-btn-wrap\"><a  class=\"ue-btn \" href=\"https:\/\/www.aracalma.com\/ca\/especialitats\/rejuvenecimiento\/\" >Descobreix-los<\/a><\/div>\n      \n      <div class=\"ue-template\"><\/div>\n    <\/div>\n  <\/div>\n  <div class=\"ue-image\">\n    \n\t\n\n  \t\t  \n  <\/div>\n  \n<\/div>\n<!-- end Diagonal Hero -->\t\t\t\t<\/div>\n\t\t\t\t<\/div>\n\t\t\t\t<\/div>\n\t\t<div class=\"elementor-element elementor-element-1a52fa9 e-con-full e-flex e-con e-parent\" data-id=\"1a52fa9\" data-element_type=\"container\">\n\t\t\t\t<div class=\"elementor-element elementor-element-9a28f3d elementor-invisible elementor-widget elementor-widget-ucaddon_diagonal_hero\" data-id=\"9a28f3d\" data-element_type=\"widget\" data-settings=\"{&quot;_animation&quot;:&quot;fadeIn&quot;}\" data-widget_type=\"ucaddon_diagonal_hero.default\">\n\t\t\t\t<div class=\"elementor-widget-container\">\n\t\t\t\t\t\n<!-- start Diagonal Hero -->\n\n<style>\/* widget: Diagonal Hero *\/\n\n#uc_diagonal_hero_elementor_9a28f3d\n{\n  display:flex;\n}\n\n#uc_diagonal_hero_elementor_9a28f3d .ue-image\n{\n  background-image:url(https:\/\/www.aracalma.com\/wp-content\/uploads\/2023\/09\/anti-cellulite-madero-therapy-hand-massage-2021-08-26-16-53-31-utc.jpg);\n  background-size:cover;\n  flex-shrink:0;\n  flex-grow:0;\n  position:relative;\n  overflow:hidden;\n}\n\n#uc_diagonal_hero_elementor_9a28f3d .ue-image-overlay\n{\n  position:absolute;\n  top:0;\n  left:0;\n  right:0;\n  bottom:0;\n  height:100%;\n  width:100%;\n}\n\n\n#uc_diagonal_hero_elementor_9a28f3d .ue-content\n{\n  display:flex;\n  align-items:center;\n  justify-content:center;\n  flex-grow:1;\n}\n\n#uc_diagonal_hero_elementor_9a28f3d .ue-content > div\n{\n  width:100%;\n}\n.ue-title\n{\n  font-size:52px;\n}\n\n#uc_diagonal_hero_elementor_9a28f3d .ue-btn-wrap\n{\n  width:100%;\n}\n#uc_diagonal_hero_elementor_9a28f3d .ue-btn\n{\n  transition:0.3s;\n  text-decoration:none;\n  text-align:center;\n}\n\n#uc_diagonal_hero_elementor_9a28f3d .ue-separator\n{\n  display:inline-block;\n}\n\n<\/style>\n\n<div id=\"uc_diagonal_hero_elementor_9a28f3d\" class=\"diagonal_hero\">\n  <div class=\"ue-content\">\n    <div>\n      <div class=\"ue-template\"><\/div>\n      <div class=\"ue-title\">Contorn corporal<\/div>\n      \n      <div class=\"ue-separator-wrapper\">\n        <div class=\"ue-separator\"><\/div>\n      <\/div>\n      \n      <div class=\"ue-sub-title\"><\/div>\n      \n      <div class=\"ue-btn-wrap\"><a  class=\"ue-btn \" href=\"https:\/\/www.aracalma.com\/ca\/especialitats\/contorno-corporal\/\" >Descobreix-los<\/a><\/div>\n      \n      <div class=\"ue-template\"><\/div>\n    <\/div>\n  <\/div>\n  <div class=\"ue-image\">\n    \n\t\n\n  \t\t  \n  <\/div>\n  \n<\/div>\n<!-- end Diagonal Hero -->\t\t\t\t<\/div>\n\t\t\t\t<\/div>\n\t\t\t\t<\/div>\n\t\t\t\t<\/div>\n\t\t","protected":false},"excerpt":{"rendered":"<p>Especialitats Especialitats Ara calma Benvinguts al nostre Centre Medical Spa Wellness! Estem encantats d&#8217;oferir-vos una \u00e0mplia gamma de serveis especialitzats en cura facial i corporal. El nostre objectiu \u00e9s oferir-te una experi\u00e8ncia \u00fanica i personalitzada per real\u00e7ar la teva bellesa natural i promoure el teu benestar integral. Tractaments facials i corporals personalitzats. El nostre equip [&hellip;]<\/p>\n","protected":false},"author":2,"featured_media":0,"parent":0,"menu_order":0,"comment_status":"closed","ping_status":"closed","template":"","meta":{"site-sidebar-layout":"default","site-content-layout":"page-builder","ast-site-content-layout":"full-width-container","site-content-style":"unboxed","site-sidebar-style":"unboxed","ast-global-header-display":"","ast-banner-title-visibility":"","ast-main-header-display":"","ast-hfb-above-header-display":"","ast-hfb-below-header-display":"","ast-hfb-mobile-header-display":"","site-post-title":"disabled","ast-breadcrumbs-content":"","ast-featured-img":"disabled","footer-sml-layout":"","theme-transparent-header-meta":"","adv-header-id-meta":"","stick-header-meta":"default","header-above-stick-meta":"","header-main-stick-meta":"","header-below-stick-meta":"","astra-migrate-meta-layouts":"set","ast-page-background-enabled":"default","ast-page-background-meta":{"desktop":{"background-color":"","background-image":"","background-repeat":"repeat","background-position":"center center","background-size":"auto","background-attachment":"scroll","background-type":"","background-media":"","overlay-type":"","overlay-color":"","overlay-opacity":"","overlay-gradient":""},"tablet":{"background-color":"","background-image":"","background-repeat":"repeat","background-position":"center center","background-size":"auto","background-attachment":"scroll","background-type":"","background-media":"","overlay-type":"","overlay-color":"","overlay-opacity":"","overlay-gradient":""},"mobile":{"background-color":"","background-image":"","background-repeat":"repeat","background-position":"center center","background-size":"auto","background-attachment":"scroll","background-type":"","background-media":"","overlay-type":"","overlay-color":"","overlay-opacity":"","overlay-gradient":""}},"ast-content-background-meta":{"desktop":{"background-color":"var(--ast-global-color-5)","background-image":"","background-repeat":"repeat","background-position":"center center","background-size":"auto","background-attachment":"scroll","background-type":"","background-media":"","overlay-type":"","overlay-color":"","overlay-opacity":"","overlay-gradient":""},"tablet":{"background-color":"var(--ast-global-color-5)","background-image":"","background-repeat":"repeat","background-position":"center center","background-size":"auto","background-attachment":"scroll","background-type":"","background-media":"","overlay-type":"","overlay-color":"","overlay-opacity":"","overlay-gradient":""},"mobile":{"background-color":"var(--ast-global-color-5)","background-image":"","background-repeat":"repeat","background-position":"center center","background-size":"auto","background-attachment":"scroll","background-type":"","background-media":"","overlay-type":"","overlay-color":"","overlay-opacity":"","overlay-gradient":""}},"footnotes":""},"class_list":["post-2721","page","type-page","status-publish","hentry"],"yoast_head":"<!-- This site is optimized with the Yoast SEO plugin v25.5 - https:\/\/yoast.com\/wordpress\/plugins\/seo\/ -->\n<title>Especialitats - AraCalma Vilanova i la Geltr\u00fa<\/title>\n<meta name=\"robots\" content=\"index, follow, max-snippet:-1, max-image-preview:large, max-video-preview:-1\" \/>\n<link rel=\"canonical\" href=\"https:\/\/www.aracalma.com\/ca\/especialitats\/\" \/>\n<meta property=\"og:locale\" content=\"ca_ES\" \/>\n<meta property=\"og:type\" content=\"article\" \/>\n<meta property=\"og:title\" content=\"Especialitats - AraCalma Vilanova i la Geltr\u00fa\" \/>\n<meta property=\"og:description\" content=\"Especialitats Especialitats Ara calma Benvinguts al nostre Centre Medical Spa Wellness! Estem encantats d&#8217;oferir-vos una \u00e0mplia gamma de serveis especialitzats en cura facial i corporal. El nostre objectiu \u00e9s oferir-te una experi\u00e8ncia \u00fanica i personalitzada per real\u00e7ar la teva bellesa natural i promoure el teu benestar integral. Tractaments facials i corporals personalitzats. El nostre equip [&hellip;]\" \/>\n<meta property=\"og:url\" content=\"https:\/\/www.aracalma.com\/ca\/especialitats\/\" \/>\n<meta property=\"og:site_name\" content=\"AraCalma Vilanova i la Geltr\u00fa\" \/>\n<meta property=\"article:publisher\" content=\"https:\/\/www.facebook.com\/profile.php?id=100094464087030\" \/>\n<meta property=\"article:modified_time\" content=\"2025-03-26T17:16:45+00:00\" \/>\n<meta name=\"twitter:card\" content=\"summary_large_image\" \/>\n<meta name=\"twitter:label1\" content=\"Temps estimat de lectura\" \/>\n\t<meta name=\"twitter:data1\" content=\"1 minut\" \/>\n<script type=\"application\/ld+json\" class=\"yoast-schema-graph\">{\"@context\":\"https:\/\/schema.org\",\"@graph\":[{\"@type\":\"WebPage\",\"@id\":\"https:\/\/www.aracalma.com\/ca\/especialitats\/\",\"url\":\"https:\/\/www.aracalma.com\/ca\/especialitats\/\",\"name\":\"Especialitats - AraCalma Vilanova i la Geltr\u00fa\",\"isPartOf\":{\"@id\":\"https:\/\/www.aracalma.com\/ca\/#website\"},\"datePublished\":\"2023-05-12T07:33:45+00:00\",\"dateModified\":\"2025-03-26T17:16:45+00:00\",\"breadcrumb\":{\"@id\":\"https:\/\/www.aracalma.com\/ca\/especialitats\/#breadcrumb\"},\"inLanguage\":\"ca\",\"potentialAction\":[{\"@type\":\"ReadAction\",\"target\":[\"https:\/\/www.aracalma.com\/ca\/especialitats\/\"]}]},{\"@type\":\"BreadcrumbList\",\"@id\":\"https:\/\/www.aracalma.com\/ca\/especialitats\/#breadcrumb\",\"itemListElement\":[{\"@type\":\"ListItem\",\"position\":1,\"name\":\"Portada\",\"item\":\"https:\/\/www.aracalma.com\/ca\/\"},{\"@type\":\"ListItem\",\"position\":2,\"name\":\"Especialitats\"}]},{\"@type\":\"WebSite\",\"@id\":\"https:\/\/www.aracalma.com\/ca\/#website\",\"url\":\"https:\/\/www.aracalma.com\/ca\/\",\"name\":\"AraCalma Vilanova\",\"description\":\"Espai de Benestar\",\"publisher\":{\"@id\":\"https:\/\/www.aracalma.com\/ca\/#organization\"},\"potentialAction\":[{\"@type\":\"SearchAction\",\"target\":{\"@type\":\"EntryPoint\",\"urlTemplate\":\"https:\/\/www.aracalma.com\/ca\/?s={search_term_string}\"},\"query-input\":{\"@type\":\"PropertyValueSpecification\",\"valueRequired\":true,\"valueName\":\"search_term_string\"}}],\"inLanguage\":\"ca\"},{\"@type\":\"Organization\",\"@id\":\"https:\/\/www.aracalma.com\/ca\/#organization\",\"name\":\"AraCalma Vilanova\",\"url\":\"https:\/\/www.aracalma.com\/ca\/\",\"logo\":{\"@type\":\"ImageObject\",\"inLanguage\":\"ca\",\"@id\":\"https:\/\/www.aracalma.com\/ca\/#\/schema\/logo\/image\/\",\"url\":\"https:\/\/www.aracalma.com\/wp-content\/uploads\/2023\/05\/logo_AraCalma_b_p.png\",\"contentUrl\":\"https:\/\/www.aracalma.com\/wp-content\/uploads\/2023\/05\/logo_AraCalma_b_p.png\",\"width\":250,\"height\":94,\"caption\":\"AraCalma Vilanova\"},\"image\":{\"@id\":\"https:\/\/www.aracalma.com\/ca\/#\/schema\/logo\/image\/\"},\"sameAs\":[\"https:\/\/www.facebook.com\/profile.php?id=100094464087030\",\"https:\/\/www.instagram.com\/aracalmawellness\/\"]}]}<\/script>\n<!-- \/ Yoast SEO plugin. -->","yoast_head_json":{"title":"Especialitats - AraCalma Vilanova i la Geltr\u00fa","robots":{"index":"index","follow":"follow","max-snippet":"max-snippet:-1","max-image-preview":"max-image-preview:large","max-video-preview":"max-video-preview:-1"},"canonical":"https:\/\/www.aracalma.com\/ca\/especialitats\/","og_locale":"ca_ES","og_type":"article","og_title":"Especialitats - AraCalma Vilanova i la Geltr\u00fa","og_description":"Especialitats Especialitats Ara calma Benvinguts al nostre Centre Medical Spa Wellness! Estem encantats d&#8217;oferir-vos una \u00e0mplia gamma de serveis especialitzats en cura facial i corporal. El nostre objectiu \u00e9s oferir-te una experi\u00e8ncia \u00fanica i personalitzada per real\u00e7ar la teva bellesa natural i promoure el teu benestar integral. Tractaments facials i corporals personalitzats. El nostre equip [&hellip;]","og_url":"https:\/\/www.aracalma.com\/ca\/especialitats\/","og_site_name":"AraCalma Vilanova i la Geltr\u00fa","article_publisher":"https:\/\/www.facebook.com\/profile.php?id=100094464087030","article_modified_time":"2025-03-26T17:16:45+00:00","twitter_card":"summary_large_image","twitter_misc":{"Temps estimat de lectura":"1 minut"},"schema":{"@context":"https:\/\/schema.org","@graph":[{"@type":"WebPage","@id":"https:\/\/www.aracalma.com\/ca\/especialitats\/","url":"https:\/\/www.aracalma.com\/ca\/especialitats\/","name":"Especialitats - AraCalma Vilanova i la Geltr\u00fa","isPartOf":{"@id":"https:\/\/www.aracalma.com\/ca\/#website"},"datePublished":"2023-05-12T07:33:45+00:00","dateModified":"2025-03-26T17:16:45+00:00","breadcrumb":{"@id":"https:\/\/www.aracalma.com\/ca\/especialitats\/#breadcrumb"},"inLanguage":"ca","potentialAction":[{"@type":"ReadAction","target":["https:\/\/www.aracalma.com\/ca\/especialitats\/"]}]},{"@type":"BreadcrumbList","@id":"https:\/\/www.aracalma.com\/ca\/especialitats\/#breadcrumb","itemListElement":[{"@type":"ListItem","position":1,"name":"Portada","item":"https:\/\/www.aracalma.com\/ca\/"},{"@type":"ListItem","position":2,"name":"Especialitats"}]},{"@type":"WebSite","@id":"https:\/\/www.aracalma.com\/ca\/#website","url":"https:\/\/www.aracalma.com\/ca\/","name":"AraCalma Vilanova","description":"Espai de Benestar","publisher":{"@id":"https:\/\/www.aracalma.com\/ca\/#organization"},"potentialAction":[{"@type":"SearchAction","target":{"@type":"EntryPoint","urlTemplate":"https:\/\/www.aracalma.com\/ca\/?s={search_term_string}"},"query-input":{"@type":"PropertyValueSpecification","valueRequired":true,"valueName":"search_term_string"}}],"inLanguage":"ca"},{"@type":"Organization","@id":"https:\/\/www.aracalma.com\/ca\/#organization","name":"AraCalma Vilanova","url":"https:\/\/www.aracalma.com\/ca\/","logo":{"@type":"ImageObject","inLanguage":"ca","@id":"https:\/\/www.aracalma.com\/ca\/#\/schema\/logo\/image\/","url":"https:\/\/www.aracalma.com\/wp-content\/uploads\/2023\/05\/logo_AraCalma_b_p.png","contentUrl":"https:\/\/www.aracalma.com\/wp-content\/uploads\/2023\/05\/logo_AraCalma_b_p.png","width":250,"height":94,"caption":"AraCalma Vilanova"},"image":{"@id":"https:\/\/www.aracalma.com\/ca\/#\/schema\/logo\/image\/"},"sameAs":["https:\/\/www.facebook.com\/profile.php?id=100094464087030","https:\/\/www.instagram.com\/aracalmawellness\/"]}]}},"_links":{"self":[{"href":"https:\/\/www.aracalma.com\/ca\/wp-json\/wp\/v2\/pages\/2721","targetHints":{"allow":["GET"]}}],"collection":[{"href":"https:\/\/www.aracalma.com\/ca\/wp-json\/wp\/v2\/pages"}],"about":[{"href":"https:\/\/www.aracalma.com\/ca\/wp-json\/wp\/v2\/types\/page"}],"author":[{"embeddable":true,"href":"https:\/\/www.aracalma.com\/ca\/wp-json\/wp\/v2\/users\/2"}],"replies":[{"embeddable":true,"href":"https:\/\/www.aracalma.com\/ca\/wp-json\/wp\/v2\/comments?post=2721"}],"version-history":[{"count":1,"href":"https:\/\/www.aracalma.com\/ca\/wp-json\/wp\/v2\/pages\/2721\/revisions"}],"predecessor-version":[{"id":5906,"href":"https:\/\/www.aracalma.com\/ca\/wp-json\/wp\/v2\/pages\/2721\/revisions\/5906"}],"wp:attachment":[{"href":"https:\/\/www.aracalma.com\/ca\/wp-json\/wp\/v2\/media?parent=2721"}],"curies":[{"name":"wp","href":"https:\/\/api.w.org\/{rel}","templated":true}]}}