{"id":2714,"date":"2023-04-04T07:37:03","date_gmt":"2023-04-04T07:37:03","guid":{"rendered":"https:\/\/www.aracalma.com\/experiencias-ara-calma\/"},"modified":"2025-03-26T17:18:43","modified_gmt":"2025-03-26T17:18:43","slug":"experiencies-ara-calma","status":"publish","type":"page","link":"https:\/\/www.aracalma.com\/ca\/experiencies-ara-calma\/","title":{"rendered":"Experi\u00e8ncies AraCalma"},"content":{"rendered":"\t\t<div data-elementor-type=\"wp-post\" data-elementor-id=\"2714\" class=\"elementor elementor-2714 elementor-538\">\n\t\t\t\t\t\t<section class=\"elementor-section elementor-top-section elementor-element elementor-element-4280737 elementor-section-height-min-height elementor-section-boxed elementor-section-height-default elementor-section-items-middle\" data-id=\"4280737\" data-element_type=\"section\" data-settings=\"{&quot;background_background&quot;:&quot;classic&quot;}\">\n\t\t\t\t\t\t\t<div class=\"elementor-background-overlay\"><\/div>\n\t\t\t\t\t\t\t<div class=\"elementor-container elementor-column-gap-no\">\n\t\t\t\t\t<div class=\"elementor-column elementor-col-100 elementor-top-column elementor-element elementor-element-66e465d\" data-id=\"66e465d\" data-element_type=\"column\">\n\t\t\t<div class=\"elementor-widget-wrap elementor-element-populated\">\n\t\t\t\t\t\t<div class=\"elementor-element elementor-element-f6c139e elementor-widget elementor-widget-heading\" data-id=\"f6c139e\" data-element_type=\"widget\" data-widget_type=\"heading.default\">\n\t\t\t\t<div class=\"elementor-widget-container\">\n\t\t\t\t\t<h1 class=\"elementor-heading-title elementor-size-default\">Experi\u00e8ncies Ara Calma<\/h1>\t\t\t\t<\/div>\n\t\t\t\t<\/div>\n\t\t\t\t\t<\/div>\n\t\t<\/div>\n\t\t\t\t\t<\/div>\n\t\t<\/section>\n\t\t<div class=\"elementor-element elementor-element-fb22c2b e-flex e-con-boxed e-con e-parent\" data-id=\"fb22c2b\" data-element_type=\"container\">\n\t\t\t\t\t<div class=\"e-con-inner\">\n\t\t\t\t<div class=\"elementor-element elementor-element-1b3dd9e elementor-widget elementor-widget-uael-infobox\" data-id=\"1b3dd9e\" data-element_type=\"widget\" data-widget_type=\"uael-infobox.default\">\n\t\t\t\t<div class=\"elementor-widget-container\">\n\t\t\t\t\t\n<div class=\"uael-module-content uael-infobox  uael-infobox-link-type-none\">\n\t<div class=\"uael-infobox-left-right-wrap\">\n\t\t\t\t\t\t<div class=\"uael-infobox-content\">\n\t\t\t\t\t\t<div class='uael-infobox-title-wrap'><h6 class=\"uael-infobox-title-prefix elementor-inline-editing\" data-elementor-setting-key=\"infobox_title_prefix\" data-elementor-inline-editing-toolbar=\"basic\" >\u200b<\/h6><\/div>\t\t\t\t\t\t\t\t\t<div class=\"uael-infobox-text-wrap\">\n\t\t\t\t<div class=\"uael-infobox-text elementor-inline-editing\" data-elementor-setting-key=\"infobox_description\" data-elementor-inline-editing-toolbar=\"advanced\">\n\t\t\t\t\tPensant en el benestar del teu cos i en la pau de la teva \u00e0nima. Un complet men\u00fa de tractaments que us faran gaudir d'un moment \u00fanic que us acompanyar\u00e0 durant un temps per prolongar la vostra experi\u00e8ncia al nostre spa m\u00e9s enll\u00e0 de la vostra estada amb nosaltres.\t\t\t\t<\/div>\n\t\t\t\t\t\n\t\t\t\t\t\t\t<\/div>\n\t\t<\/div>\n\t\t\t<\/div>\n<\/div>\n\t\t\t\t<\/div>\n\t\t\t\t<\/div>\n\t\t\t\t\t<\/div>\n\t\t\t\t<\/div>\n\t\t<div class=\"elementor-element elementor-element-ac3b398 e-con-full e-flex e-con e-parent\" data-id=\"ac3b398\" data-element_type=\"container\">\n\t\t\t\t<div class=\"elementor-element elementor-element-fce3233 elementor-invisible elementor-widget elementor-widget-ucaddon_diagonal_hero\" data-id=\"fce3233\" data-element_type=\"widget\" data-settings=\"{&quot;_animation&quot;:&quot;fadeIn&quot;}\" data-widget_type=\"ucaddon_diagonal_hero.default\">\n\t\t\t\t<div class=\"elementor-widget-container\">\n\t\t\t\t\t\n<!-- start Diagonal Hero -->\n\t\t<link id='uc_ac_assets_file_uc_fashion_header_css_4046-css' href='https:\/\/www.aracalma.com\/wp-content\/uploads\/ac_assets\/uc_fashion_header\/uc_fashion_header.css' type='text\/css' rel='stylesheet' >\n\t\t<link id='uc_fonts_googleapis_com_css_family_alegreya_400_900italic_900_700italic_700_400italic-css' href='https:\/\/fonts.googleapis.com\/css?family=Alegreya:400,900italic,900,700italic,700,400italic' type='text\/css' rel='stylesheet' >\n\t\t<link id='uc_fonts_googleapis_com_css_family_roboto_400_100_100italic_300italic_400italic_500_500italic_700_700italic_900_900italic-css' href='https:\/\/fonts.googleapis.com\/css?family=Roboto:400,100,100italic,300italic,400italic,500,500italic,700,700italic,900,900italic' type='text\/css' rel='stylesheet' >\n\n<style>\/* widget: Diagonal Hero *\/\n\n#uc_diagonal_hero_elementor_fce3233\n{\n  display:flex;\n}\n\n#uc_diagonal_hero_elementor_fce3233 .ue-image\n{\n  background-image:url(https:\/\/www.aracalma.com\/wp-content\/uploads\/2024\/03\/masajes.jpg);\n  background-size:cover;\n  flex-shrink:0;\n  flex-grow:0;\n  position:relative;\n  overflow:hidden;\n}\n\n#uc_diagonal_hero_elementor_fce3233 .ue-image-overlay\n{\n  position:absolute;\n  top:0;\n  left:0;\n  right:0;\n  bottom:0;\n  height:100%;\n  width:100%;\n}\n\n\n#uc_diagonal_hero_elementor_fce3233 .ue-content\n{\n  display:flex;\n  align-items:center;\n  justify-content:center;\n  flex-grow:1;\n}\n\n#uc_diagonal_hero_elementor_fce3233 .ue-content > div\n{\n  width:100%;\n}\n.ue-title\n{\n  font-size:52px;\n}\n\n#uc_diagonal_hero_elementor_fce3233 .ue-btn-wrap\n{\n  width:100%;\n}\n#uc_diagonal_hero_elementor_fce3233 .ue-btn\n{\n  transition:0.3s;\n  text-decoration:none;\n  text-align:center;\n}\n\n#uc_diagonal_hero_elementor_fce3233 .ue-separator\n{\n  display:inline-block;\n}\n\n<\/style>\n\n<div id=\"uc_diagonal_hero_elementor_fce3233\" class=\"diagonal_hero\">\n  <div class=\"ue-content\">\n    <div>\n      <div class=\"ue-template\"><\/div>\n      <div class=\"ue-title\">Massatges<\/div>\n      \n      <div class=\"ue-separator-wrapper\">\n        <div class=\"ue-separator\"><\/div>\n      <\/div>\n      \n      <div class=\"ue-sub-title\">Els massatges s\u00f3n una t\u00e8cnica terap\u00e8utica que implica la manipulaci\u00f3 dels teixits tous del cos amb l'objectiu de millorar la circulaci\u00f3 sangu\u00ednia, alleujar el dolor i reduir l'estr\u00e8s.<\/div>\n      \n      <div class=\"ue-btn-wrap\"><a  class=\"ue-btn \" href=\"https:\/\/www.aracalma.com\/ca\/experiencies-ara-calma\/massatges\/\" >Descobreix-los<\/a><\/div>\n      \n      <div class=\"ue-template\"><\/div>\n    <\/div>\n  <\/div>\n  <div class=\"ue-image\">\n    \n\t\n\n  \t\t  \n  <\/div>\n  \n<\/div>\n<!-- end Diagonal Hero -->\t\t\t\t<\/div>\n\t\t\t\t<\/div>\n\t\t\t\t<\/div>\n\t\t<div class=\"elementor-element elementor-element-a75e274 e-con-full e-flex e-con e-parent\" data-id=\"a75e274\" data-element_type=\"container\">\n\t\t\t\t<div class=\"elementor-element elementor-element-1d49675 elementor-invisible elementor-widget elementor-widget-ucaddon_diagonal_hero\" data-id=\"1d49675\" data-element_type=\"widget\" data-settings=\"{&quot;_animation&quot;:&quot;fadeIn&quot;}\" data-widget_type=\"ucaddon_diagonal_hero.default\">\n\t\t\t\t<div class=\"elementor-widget-container\">\n\t\t\t\t\t\n<!-- start Diagonal Hero -->\n\n<style>\/* widget: Diagonal Hero *\/\n\n#uc_diagonal_hero_elementor_1d49675\n{\n  display:flex;\n}\n\n#uc_diagonal_hero_elementor_1d49675 .ue-image\n{\n  background-image:url(https:\/\/www.aracalma.com\/wp-content\/uploads\/2024\/03\/rituales.jpg);\n  background-size:cover;\n  flex-shrink:0;\n  flex-grow:0;\n  position:relative;\n  overflow:hidden;\n}\n\n#uc_diagonal_hero_elementor_1d49675 .ue-image-overlay\n{\n  position:absolute;\n  top:0;\n  left:0;\n  right:0;\n  bottom:0;\n  height:100%;\n  width:100%;\n}\n\n\n#uc_diagonal_hero_elementor_1d49675 .ue-content\n{\n  display:flex;\n  align-items:center;\n  justify-content:center;\n  flex-grow:1;\n}\n\n#uc_diagonal_hero_elementor_1d49675 .ue-content > div\n{\n  width:100%;\n}\n.ue-title\n{\n  font-size:52px;\n}\n\n#uc_diagonal_hero_elementor_1d49675 .ue-btn-wrap\n{\n  width:100%;\n}\n#uc_diagonal_hero_elementor_1d49675 .ue-btn\n{\n  transition:0.3s;\n  text-decoration:none;\n  text-align:center;\n}\n\n#uc_diagonal_hero_elementor_1d49675 .ue-separator\n{\n  display:inline-block;\n}\n\n<\/style>\n\n<div id=\"uc_diagonal_hero_elementor_1d49675\" class=\"diagonal_hero\">\n  <div class=\"ue-content\">\n    <div>\n      <div class=\"ue-template\"><\/div>\n      <div class=\"ue-title\">Rituals<\/div>\n      \n      <div class=\"ue-separator-wrapper\">\n        <div class=\"ue-separator\"><\/div>\n      <\/div>\n      \n      <div class=\"ue-sub-title\">Els rituals de bellesa s\u00f3n una s\u00e8rie de pr\u00e0ctiques i h\u00e0bits que busquen millorar l'aparen\u00e7a f\u00edsica i mantenir una pell saludable.<\/div>\n      \n      <div class=\"ue-btn-wrap\"><a  class=\"ue-btn \" href=\"https:\/\/www.aracalma.com\/ca\/experiencies-ara-calma\/rituals\/\" >Descobreix-los<\/a><\/div>\n      \n      <div class=\"ue-template\"><\/div>\n    <\/div>\n  <\/div>\n  <div class=\"ue-image\">\n    \n\t\n\n  \t\t  \n  <\/div>\n  \n<\/div>\n<!-- end Diagonal Hero -->\t\t\t\t<\/div>\n\t\t\t\t<\/div>\n\t\t\t\t<\/div>\n\t\t<div class=\"elementor-element elementor-element-5080fa4 e-con-full e-flex e-con e-parent\" data-id=\"5080fa4\" data-element_type=\"container\">\n\t\t\t\t<div class=\"elementor-element elementor-element-4361ca9 elementor-invisible elementor-widget elementor-widget-ucaddon_diagonal_hero\" data-id=\"4361ca9\" data-element_type=\"widget\" data-settings=\"{&quot;_animation&quot;:&quot;fadeIn&quot;}\" data-widget_type=\"ucaddon_diagonal_hero.default\">\n\t\t\t\t<div class=\"elementor-widget-container\">\n\t\t\t\t\t\n<!-- start Diagonal Hero -->\n\n<style>\/* widget: Diagonal Hero *\/\n\n#uc_diagonal_hero_elementor_4361ca9\n{\n  display:flex;\n}\n\n#uc_diagonal_hero_elementor_4361ca9 .ue-image\n{\n  background-image:url(https:\/\/www.aracalma.com\/wp-content\/uploads\/2024\/03\/tratamientos-corporales.jpg);\n  background-size:cover;\n  flex-shrink:0;\n  flex-grow:0;\n  position:relative;\n  overflow:hidden;\n}\n\n#uc_diagonal_hero_elementor_4361ca9 .ue-image-overlay\n{\n  position:absolute;\n  top:0;\n  left:0;\n  right:0;\n  bottom:0;\n  height:100%;\n  width:100%;\n}\n\n\n#uc_diagonal_hero_elementor_4361ca9 .ue-content\n{\n  display:flex;\n  align-items:center;\n  justify-content:center;\n  flex-grow:1;\n}\n\n#uc_diagonal_hero_elementor_4361ca9 .ue-content > div\n{\n  width:100%;\n}\n.ue-title\n{\n  font-size:52px;\n}\n\n#uc_diagonal_hero_elementor_4361ca9 .ue-btn-wrap\n{\n  width:100%;\n}\n#uc_diagonal_hero_elementor_4361ca9 .ue-btn\n{\n  transition:0.3s;\n  text-decoration:none;\n  text-align:center;\n}\n\n#uc_diagonal_hero_elementor_4361ca9 .ue-separator\n{\n  display:inline-block;\n}\n\n<\/style>\n\n<div id=\"uc_diagonal_hero_elementor_4361ca9\" class=\"diagonal_hero\">\n  <div class=\"ue-content\">\n    <div>\n      <div class=\"ue-template\"><\/div>\n      <div class=\"ue-title\">Tractaments corporals<\/div>\n      \n      <div class=\"ue-separator-wrapper\">\n        <div class=\"ue-separator\"><\/div>\n      <\/div>\n      \n      <div class=\"ue-sub-title\">Els tractaments corporals s\u00f3n una s\u00e8rie de t\u00e8cniques i ter\u00e0pies enfocades a millorar l'aparen\u00e7a f\u00edsica i el benestar del cos.<\/div>\n      \n      <div class=\"ue-btn-wrap\"><a  class=\"ue-btn \" href=\"https:\/\/www.aracalma.com\/ca\/experiencies-ara-calma\/tractaments-corporals\/\" >Descobreix-los<\/a><\/div>\n      \n      <div class=\"ue-template\"><\/div>\n    <\/div>\n  <\/div>\n  <div class=\"ue-image\">\n    \n\t\n\n  \t\t  \n  <\/div>\n  \n<\/div>\n<!-- end Diagonal Hero -->\t\t\t\t<\/div>\n\t\t\t\t<\/div>\n\t\t\t\t<\/div>\n\t\t<div class=\"elementor-element elementor-element-f022a1d e-con-full e-flex e-con e-parent\" data-id=\"f022a1d\" data-element_type=\"container\">\n\t\t\t\t<div class=\"elementor-element elementor-element-e46da29 elementor-invisible elementor-widget elementor-widget-ucaddon_diagonal_hero\" data-id=\"e46da29\" data-element_type=\"widget\" data-settings=\"{&quot;_animation&quot;:&quot;fadeIn&quot;}\" data-widget_type=\"ucaddon_diagonal_hero.default\">\n\t\t\t\t<div class=\"elementor-widget-container\">\n\t\t\t\t\t\n<!-- start Diagonal Hero -->\n\n<style>\/* widget: Diagonal Hero *\/\n\n#uc_diagonal_hero_elementor_e46da29\n{\n  display:flex;\n}\n\n#uc_diagonal_hero_elementor_e46da29 .ue-image\n{\n  background-image:url(https:\/\/www.aracalma.com\/wp-content\/uploads\/2024\/03\/tratamientos-faciales.jpg);\n  background-size:cover;\n  flex-shrink:0;\n  flex-grow:0;\n  position:relative;\n  overflow:hidden;\n}\n\n#uc_diagonal_hero_elementor_e46da29 .ue-image-overlay\n{\n  position:absolute;\n  top:0;\n  left:0;\n  right:0;\n  bottom:0;\n  height:100%;\n  width:100%;\n}\n\n\n#uc_diagonal_hero_elementor_e46da29 .ue-content\n{\n  display:flex;\n  align-items:center;\n  justify-content:center;\n  flex-grow:1;\n}\n\n#uc_diagonal_hero_elementor_e46da29 .ue-content > div\n{\n  width:100%;\n}\n.ue-title\n{\n  font-size:52px;\n}\n\n#uc_diagonal_hero_elementor_e46da29 .ue-btn-wrap\n{\n  width:100%;\n}\n#uc_diagonal_hero_elementor_e46da29 .ue-btn\n{\n  transition:0.3s;\n  text-decoration:none;\n  text-align:center;\n}\n\n#uc_diagonal_hero_elementor_e46da29 .ue-separator\n{\n  display:inline-block;\n}\n\n<\/style>\n\n<div id=\"uc_diagonal_hero_elementor_e46da29\" class=\"diagonal_hero\">\n  <div class=\"ue-content\">\n    <div>\n      <div class=\"ue-template\"><\/div>\n      <div class=\"ue-title\">Tractaments facials<\/div>\n      \n      <div class=\"ue-separator-wrapper\">\n        <div class=\"ue-separator\"><\/div>\n      <\/div>\n      \n      <div class=\"ue-sub-title\">A Ara Calma creiem que la cura exterior tamb\u00e9 \u00e9s fonamental per mantenir-se sa i radiant, per aix\u00f2 comptem amb tractaments especialitzats no invasius que potencien la bellesa natural de la cara.<\/div>\n      \n      <div class=\"ue-btn-wrap\"><a  class=\"ue-btn \" href=\"https:\/\/www.aracalma.com\/ca\/experiencies-ara-calma\/tratamientos-faciales\/\" >Descobreix-los<\/a><\/div>\n      \n      <div class=\"ue-template\"><\/div>\n    <\/div>\n  <\/div>\n  <div class=\"ue-image\">\n    \n\t\n\n  \t\t  \n  <\/div>\n  \n<\/div>\n<!-- end Diagonal Hero -->\t\t\t\t<\/div>\n\t\t\t\t<\/div>\n\t\t\t\t<\/div>\n\t\t\t\t<\/div>\n\t\t","protected":false},"excerpt":{"rendered":"<p>Experi\u00e8ncies Ara Calma \u200b Pensant en el benestar del teu cos i en la pau de la teva \u00e0nima. Un complet men\u00fa de tractaments que us faran gaudir d&#8217;un moment \u00fanic que us acompanyar\u00e0 durant un temps per prolongar la vostra experi\u00e8ncia al nostre spa m\u00e9s enll\u00e0 de la vostra estada amb nosaltres. \/* widget: [&hellip;]<\/p>\n","protected":false},"author":2,"featured_media":0,"parent":0,"menu_order":0,"comment_status":"closed","ping_status":"closed","template":"","meta":{"site-sidebar-layout":"default","site-content-layout":"page-builder","ast-site-content-layout":"full-width-container","site-content-style":"unboxed","site-sidebar-style":"unboxed","ast-global-header-display":"","ast-banner-title-visibility":"","ast-main-header-display":"","ast-hfb-above-header-display":"","ast-hfb-below-header-display":"","ast-hfb-mobile-header-display":"","site-post-title":"disabled","ast-breadcrumbs-content":"","ast-featured-img":"disabled","footer-sml-layout":"","theme-transparent-header-meta":"","adv-header-id-meta":"","stick-header-meta":"default","header-above-stick-meta":"","header-main-stick-meta":"","header-below-stick-meta":"","astra-migrate-meta-layouts":"set","ast-page-background-enabled":"default","ast-page-background-meta":{"desktop":{"background-color":"","background-image":"","background-repeat":"repeat","background-position":"center center","background-size":"auto","background-attachment":"scroll","background-type":"","background-media":"","overlay-type":"","overlay-color":"","overlay-opacity":"","overlay-gradient":""},"tablet":{"background-color":"","background-image":"","background-repeat":"repeat","background-position":"center center","background-size":"auto","background-attachment":"scroll","background-type":"","background-media":"","overlay-type":"","overlay-color":"","overlay-opacity":"","overlay-gradient":""},"mobile":{"background-color":"","background-image":"","background-repeat":"repeat","background-position":"center center","background-size":"auto","background-attachment":"scroll","background-type":"","background-media":"","overlay-type":"","overlay-color":"","overlay-opacity":"","overlay-gradient":""}},"ast-content-background-meta":{"desktop":{"background-color":"var(--ast-global-color-5)","background-image":"","background-repeat":"repeat","background-position":"center center","background-size":"auto","background-attachment":"scroll","background-type":"","background-media":"","overlay-type":"","overlay-color":"","overlay-opacity":"","overlay-gradient":""},"tablet":{"background-color":"var(--ast-global-color-5)","background-image":"","background-repeat":"repeat","background-position":"center center","background-size":"auto","background-attachment":"scroll","background-type":"","background-media":"","overlay-type":"","overlay-color":"","overlay-opacity":"","overlay-gradient":""},"mobile":{"background-color":"var(--ast-global-color-5)","background-image":"","background-repeat":"repeat","background-position":"center center","background-size":"auto","background-attachment":"scroll","background-type":"","background-media":"","overlay-type":"","overlay-color":"","overlay-opacity":"","overlay-gradient":""}},"footnotes":""},"class_list":["post-2714","page","type-page","status-publish","hentry"],"yoast_head":"<!-- This site is optimized with the Yoast SEO plugin v25.5 - https:\/\/yoast.com\/wordpress\/plugins\/seo\/ -->\n<title>Experi\u00e8ncies AraCalma - AraCalma Vilanova i la Geltr\u00fa<\/title>\n<meta name=\"robots\" content=\"index, follow, max-snippet:-1, max-image-preview:large, max-video-preview:-1\" \/>\n<link rel=\"canonical\" href=\"https:\/\/www.aracalma.com\/ca\/experiencies-ara-calma\/\" \/>\n<meta property=\"og:locale\" content=\"ca_ES\" \/>\n<meta property=\"og:type\" content=\"article\" \/>\n<meta property=\"og:title\" content=\"Experi\u00e8ncies AraCalma - AraCalma Vilanova i la Geltr\u00fa\" \/>\n<meta property=\"og:description\" content=\"Experi\u00e8ncies Ara Calma \u200b Pensant en el benestar del teu cos i en la pau de la teva \u00e0nima. Un complet men\u00fa de tractaments que us faran gaudir d&#8217;un moment \u00fanic que us acompanyar\u00e0 durant un temps per prolongar la vostra experi\u00e8ncia al nostre spa m\u00e9s enll\u00e0 de la vostra estada amb nosaltres. \/* widget: [&hellip;]\" \/>\n<meta property=\"og:url\" content=\"https:\/\/www.aracalma.com\/ca\/experiencies-ara-calma\/\" \/>\n<meta property=\"og:site_name\" content=\"AraCalma Vilanova i la Geltr\u00fa\" \/>\n<meta property=\"article:publisher\" content=\"https:\/\/www.facebook.com\/profile.php?id=100094464087030\" \/>\n<meta property=\"article:modified_time\" content=\"2025-03-26T17:18:43+00:00\" \/>\n<meta name=\"twitter:card\" content=\"summary_large_image\" \/>\n<meta name=\"twitter:label1\" content=\"Temps estimat de lectura\" \/>\n\t<meta name=\"twitter:data1\" content=\"2 minuts\" \/>\n<script type=\"application\/ld+json\" class=\"yoast-schema-graph\">{\"@context\":\"https:\/\/schema.org\",\"@graph\":[{\"@type\":\"WebPage\",\"@id\":\"https:\/\/www.aracalma.com\/ca\/experiencies-ara-calma\/\",\"url\":\"https:\/\/www.aracalma.com\/ca\/experiencies-ara-calma\/\",\"name\":\"Experi\u00e8ncies AraCalma - AraCalma Vilanova i la Geltr\u00fa\",\"isPartOf\":{\"@id\":\"https:\/\/www.aracalma.com\/ca\/#website\"},\"datePublished\":\"2023-04-04T07:37:03+00:00\",\"dateModified\":\"2025-03-26T17:18:43+00:00\",\"breadcrumb\":{\"@id\":\"https:\/\/www.aracalma.com\/ca\/experiencies-ara-calma\/#breadcrumb\"},\"inLanguage\":\"ca\",\"potentialAction\":[{\"@type\":\"ReadAction\",\"target\":[\"https:\/\/www.aracalma.com\/ca\/experiencies-ara-calma\/\"]}]},{\"@type\":\"BreadcrumbList\",\"@id\":\"https:\/\/www.aracalma.com\/ca\/experiencies-ara-calma\/#breadcrumb\",\"itemListElement\":[{\"@type\":\"ListItem\",\"position\":1,\"name\":\"Portada\",\"item\":\"https:\/\/www.aracalma.com\/ca\/\"},{\"@type\":\"ListItem\",\"position\":2,\"name\":\"Experi\u00e8ncies AraCalma\"}]},{\"@type\":\"WebSite\",\"@id\":\"https:\/\/www.aracalma.com\/ca\/#website\",\"url\":\"https:\/\/www.aracalma.com\/ca\/\",\"name\":\"AraCalma Vilanova\",\"description\":\"Espai de Benestar\",\"publisher\":{\"@id\":\"https:\/\/www.aracalma.com\/ca\/#organization\"},\"potentialAction\":[{\"@type\":\"SearchAction\",\"target\":{\"@type\":\"EntryPoint\",\"urlTemplate\":\"https:\/\/www.aracalma.com\/ca\/?s={search_term_string}\"},\"query-input\":{\"@type\":\"PropertyValueSpecification\",\"valueRequired\":true,\"valueName\":\"search_term_string\"}}],\"inLanguage\":\"ca\"},{\"@type\":\"Organization\",\"@id\":\"https:\/\/www.aracalma.com\/ca\/#organization\",\"name\":\"AraCalma Vilanova\",\"url\":\"https:\/\/www.aracalma.com\/ca\/\",\"logo\":{\"@type\":\"ImageObject\",\"inLanguage\":\"ca\",\"@id\":\"https:\/\/www.aracalma.com\/ca\/#\/schema\/logo\/image\/\",\"url\":\"https:\/\/www.aracalma.com\/wp-content\/uploads\/2023\/05\/logo_AraCalma_b_p.png\",\"contentUrl\":\"https:\/\/www.aracalma.com\/wp-content\/uploads\/2023\/05\/logo_AraCalma_b_p.png\",\"width\":250,\"height\":94,\"caption\":\"AraCalma Vilanova\"},\"image\":{\"@id\":\"https:\/\/www.aracalma.com\/ca\/#\/schema\/logo\/image\/\"},\"sameAs\":[\"https:\/\/www.facebook.com\/profile.php?id=100094464087030\",\"https:\/\/www.instagram.com\/aracalmawellness\/\"]}]}<\/script>\n<!-- \/ Yoast SEO plugin. -->","yoast_head_json":{"title":"Experi\u00e8ncies AraCalma - AraCalma Vilanova i la Geltr\u00fa","robots":{"index":"index","follow":"follow","max-snippet":"max-snippet:-1","max-image-preview":"max-image-preview:large","max-video-preview":"max-video-preview:-1"},"canonical":"https:\/\/www.aracalma.com\/ca\/experiencies-ara-calma\/","og_locale":"ca_ES","og_type":"article","og_title":"Experi\u00e8ncies AraCalma - AraCalma Vilanova i la Geltr\u00fa","og_description":"Experi\u00e8ncies Ara Calma \u200b Pensant en el benestar del teu cos i en la pau de la teva \u00e0nima. Un complet men\u00fa de tractaments que us faran gaudir d&#8217;un moment \u00fanic que us acompanyar\u00e0 durant un temps per prolongar la vostra experi\u00e8ncia al nostre spa m\u00e9s enll\u00e0 de la vostra estada amb nosaltres. \/* widget: [&hellip;]","og_url":"https:\/\/www.aracalma.com\/ca\/experiencies-ara-calma\/","og_site_name":"AraCalma Vilanova i la Geltr\u00fa","article_publisher":"https:\/\/www.facebook.com\/profile.php?id=100094464087030","article_modified_time":"2025-03-26T17:18:43+00:00","twitter_card":"summary_large_image","twitter_misc":{"Temps estimat de lectura":"2 minuts"},"schema":{"@context":"https:\/\/schema.org","@graph":[{"@type":"WebPage","@id":"https:\/\/www.aracalma.com\/ca\/experiencies-ara-calma\/","url":"https:\/\/www.aracalma.com\/ca\/experiencies-ara-calma\/","name":"Experi\u00e8ncies AraCalma - AraCalma Vilanova i la Geltr\u00fa","isPartOf":{"@id":"https:\/\/www.aracalma.com\/ca\/#website"},"datePublished":"2023-04-04T07:37:03+00:00","dateModified":"2025-03-26T17:18:43+00:00","breadcrumb":{"@id":"https:\/\/www.aracalma.com\/ca\/experiencies-ara-calma\/#breadcrumb"},"inLanguage":"ca","potentialAction":[{"@type":"ReadAction","target":["https:\/\/www.aracalma.com\/ca\/experiencies-ara-calma\/"]}]},{"@type":"BreadcrumbList","@id":"https:\/\/www.aracalma.com\/ca\/experiencies-ara-calma\/#breadcrumb","itemListElement":[{"@type":"ListItem","position":1,"name":"Portada","item":"https:\/\/www.aracalma.com\/ca\/"},{"@type":"ListItem","position":2,"name":"Experi\u00e8ncies AraCalma"}]},{"@type":"WebSite","@id":"https:\/\/www.aracalma.com\/ca\/#website","url":"https:\/\/www.aracalma.com\/ca\/","name":"AraCalma Vilanova","description":"Espai de Benestar","publisher":{"@id":"https:\/\/www.aracalma.com\/ca\/#organization"},"potentialAction":[{"@type":"SearchAction","target":{"@type":"EntryPoint","urlTemplate":"https:\/\/www.aracalma.com\/ca\/?s={search_term_string}"},"query-input":{"@type":"PropertyValueSpecification","valueRequired":true,"valueName":"search_term_string"}}],"inLanguage":"ca"},{"@type":"Organization","@id":"https:\/\/www.aracalma.com\/ca\/#organization","name":"AraCalma Vilanova","url":"https:\/\/www.aracalma.com\/ca\/","logo":{"@type":"ImageObject","inLanguage":"ca","@id":"https:\/\/www.aracalma.com\/ca\/#\/schema\/logo\/image\/","url":"https:\/\/www.aracalma.com\/wp-content\/uploads\/2023\/05\/logo_AraCalma_b_p.png","contentUrl":"https:\/\/www.aracalma.com\/wp-content\/uploads\/2023\/05\/logo_AraCalma_b_p.png","width":250,"height":94,"caption":"AraCalma Vilanova"},"image":{"@id":"https:\/\/www.aracalma.com\/ca\/#\/schema\/logo\/image\/"},"sameAs":["https:\/\/www.facebook.com\/profile.php?id=100094464087030","https:\/\/www.instagram.com\/aracalmawellness\/"]}]}},"_links":{"self":[{"href":"https:\/\/www.aracalma.com\/ca\/wp-json\/wp\/v2\/pages\/2714","targetHints":{"allow":["GET"]}}],"collection":[{"href":"https:\/\/www.aracalma.com\/ca\/wp-json\/wp\/v2\/pages"}],"about":[{"href":"https:\/\/www.aracalma.com\/ca\/wp-json\/wp\/v2\/types\/page"}],"author":[{"embeddable":true,"href":"https:\/\/www.aracalma.com\/ca\/wp-json\/wp\/v2\/users\/2"}],"replies":[{"embeddable":true,"href":"https:\/\/www.aracalma.com\/ca\/wp-json\/wp\/v2\/comments?post=2714"}],"version-history":[{"count":1,"href":"https:\/\/www.aracalma.com\/ca\/wp-json\/wp\/v2\/pages\/2714\/revisions"}],"predecessor-version":[{"id":5908,"href":"https:\/\/www.aracalma.com\/ca\/wp-json\/wp\/v2\/pages\/2714\/revisions\/5908"}],"wp:attachment":[{"href":"https:\/\/www.aracalma.com\/ca\/wp-json\/wp\/v2\/media?parent=2714"}],"curies":[{"name":"wp","href":"https:\/\/api.w.org\/{rel}","templated":true}]}}