{"id":2646,"date":"2023-05-16T15:18:25","date_gmt":"2023-05-16T15:18:25","guid":{"rendered":"https:\/\/www.aracalma.com\/regala-aracalma\/"},"modified":"2025-03-26T17:14:18","modified_gmt":"2025-03-26T17:14:18","slug":"regala-aracalma","status":"publish","type":"page","link":"https:\/\/www.aracalma.com\/ca\/regala-aracalma\/","title":{"rendered":"Regala AraCalma"},"content":{"rendered":"\t\t<div data-elementor-type=\"wp-post\" data-elementor-id=\"2646\" class=\"elementor elementor-2646 elementor-956\">\n\t\t\t\t\t\t<section class=\"elementor-section elementor-top-section elementor-element elementor-element-4280737 elementor-section-height-min-height elementor-section-boxed elementor-section-height-default elementor-section-items-middle\" data-id=\"4280737\" data-element_type=\"section\" data-settings=\"{&quot;background_background&quot;:&quot;classic&quot;}\">\n\t\t\t\t\t\t\t<div class=\"elementor-background-overlay\"><\/div>\n\t\t\t\t\t\t\t<div class=\"elementor-container elementor-column-gap-no\">\n\t\t\t\t\t<div class=\"elementor-column elementor-col-100 elementor-top-column elementor-element elementor-element-66e465d\" data-id=\"66e465d\" data-element_type=\"column\">\n\t\t\t<div class=\"elementor-widget-wrap elementor-element-populated\">\n\t\t\t\t\t\t<div class=\"elementor-element elementor-element-f6c139e elementor-widget elementor-widget-heading\" data-id=\"f6c139e\" data-element_type=\"widget\" data-widget_type=\"heading.default\">\n\t\t\t\t<div class=\"elementor-widget-container\">\n\t\t\t\t\t<h1 class=\"elementor-heading-title elementor-size-default\">Regala AraCalma<\/h1>\t\t\t\t<\/div>\n\t\t\t\t<\/div>\n\t\t\t\t\t<\/div>\n\t\t<\/div>\n\t\t\t\t\t<\/div>\n\t\t<\/section>\n\t\t<div class=\"elementor-element elementor-element-4eb3434 e-flex e-con-boxed e-con e-parent\" data-id=\"4eb3434\" data-element_type=\"container\">\n\t\t\t\t\t<div class=\"e-con-inner\">\n\t\t\t\t<div class=\"elementor-element elementor-element-5a5b2a4 elementor-widget elementor-widget-heading\" data-id=\"5a5b2a4\" data-element_type=\"widget\" data-widget_type=\"heading.default\">\n\t\t\t\t<div class=\"elementor-widget-container\">\n\t\t\t\t\t<h2 class=\"elementor-heading-title elementor-size-default\">Experi\u00e8ncies Ara Calma<\/h2>\t\t\t\t<\/div>\n\t\t\t\t<\/div>\n\t\t\t\t<div class=\"elementor-element elementor-element-25c8286 elementor-widget elementor-widget-text-editor\" data-id=\"25c8286\" data-element_type=\"widget\" data-widget_type=\"text-editor.default\">\n\t\t\t\t<div class=\"elementor-widget-container\">\n\t\t\t\t\t\t\t\t\t<p style=\"text-align: center\">Celebra la bellesa i el benestar amb els regals perfectes del nostre Centre Ara Calma! Si cerques sorprendre a alg\u00fa especial amb un regal \u00fanic i significatiu, els nostres tractaments de cura facial i corporal s\u00f3n l&#8217;elecci\u00f3 ideal. Permet-nos ajudar-te a transmetre el teu amor i estima a trav\u00e9s d&#8217;experi\u00e8ncies rejovenidores i relaxants. Aqu\u00ed us presentem com les nostres propostes poden marcar la difer\u00e8ncia. Experi\u00e8ncies personalitzades: Cadascun dels nostres tractaments est\u00e0 dissenyat per adaptar-se a les necessitats i prefer\u00e8ncies individuals dels nostres clients. En regalar un dels nostres tractaments, estareu brindant una experi\u00e8ncia personalitzada i \u00fanica que s&#8217;ajusta perfectament als desitjos d&#8217;aquesta persona especial. Des d&#8217;un revitalitzant facial fins a un massatge relaxant, estem segurs que trobareu el tractament adequat.<\/p>\t\t\t\t\t\t\t\t<\/div>\n\t\t\t\t<\/div>\n\t\t\t\t\t<\/div>\n\t\t\t\t<\/div>\n\t\t<div class=\"elementor-element elementor-element-7ca210e e-con-full e-flex e-con e-parent\" data-id=\"7ca210e\" data-element_type=\"container\" id=\"masajes\">\n\t\t\t\t<div class=\"elementor-element elementor-element-d8e7117 elementor-widget elementor-widget-heading\" data-id=\"d8e7117\" data-element_type=\"widget\" data-widget_type=\"heading.default\">\n\t\t\t\t<div class=\"elementor-widget-container\">\n\t\t\t\t\t<h3 class=\"elementor-heading-title elementor-size-default\">Massatges<\/h3>\t\t\t\t<\/div>\n\t\t\t\t<\/div>\n\t\t\t\t<div class=\"elementor-element elementor-element-db26683 uael-woo--align-center uael-woo-pagination-align-center uael-sale-flash-circle uael-featured-flash-circle elementor-widget elementor-widget-uael-woo-products\" data-id=\"db26683\" data-element_type=\"widget\" data-settings=\"{&quot;products_columns&quot;:&quot;4&quot;,&quot;products_columns_tablet&quot;:&quot;3&quot;,&quot;products_columns_mobile&quot;:&quot;1&quot;,&quot;pagination_align&quot;:&quot;center&quot;}\" data-widget_type=\"uael-woo-products.grid-default\">\n\t\t\t\t<div class=\"elementor-widget-container\">\n\t\t\t\t\t<div class=\"uael-woocommerce uael-woo-products-grid uael-woo-skin-grid-default uael-woo-query-custom\" data-page=\"2646\" data-skin=\"grid_default\"><div class=\" columns-4 uael-woo-products-inner uael-woo-product__column-4 uael-woo-product__column-tablet-3 uael-woo-product__column-mobile-1\"><ul class=\"products columns-4\">\n\n\n<li class=\" massatges post-7026 product first instock shipping-taxable purchasable product-type-variable\">\n\t<div class=\"uael-woo-product-wrapper uael-prod-auto-align-disabled\">\n\t\t<div class=\"uael-woo-products-thumbnail-wrap\"><div class=\"uael-flash-container \"><\/div><a href=\"https:\/\/www.aracalma.com\/ca\/producto\/the-gentlemans-reset-renovacio-i-equilibri\/\" class=\"woocommerce-LoopProduct-link woocommerce-loop-product__link\"><img fetchpriority=\"high\" decoding=\"async\" width=\"300\" height=\"300\" src=\"https:\/\/www.aracalma.com\/wp-content\/uploads\/2026\/03\/foto-web-AC-300x300.jpg\" class=\"attachment-woocommerce_thumbnail size-woocommerce_thumbnail\" alt=\"regal dia del pare\" \/><\/a><\/div><div class=\"uael-woo-products-summary-wrap uael-auto-align-disabled\"><a href=\"https:\/\/www.aracalma.com\/ca\/producto\/the-gentlemans-reset-renovacio-i-equilibri\/\" class=\"uael-loop-product__link\"><h2 class=\"woocommerce-loop-product__title\">The Gentleman\u2019s Reset: Renovaci\u00f3 i Equilibri<\/h2><\/a>\n\t<span class=\"price\"><span class=\"woocommerce-Price-amount amount\" aria-hidden=\"true\"><bdi>90,00<span class=\"woocommerce-Price-currencySymbol\">&euro;<\/span><\/bdi><\/span> <span aria-hidden=\"true\">&ndash;<\/span> <span class=\"woocommerce-Price-amount amount\" aria-hidden=\"true\"><bdi>110,00<span class=\"woocommerce-Price-currencySymbol\">&euro;<\/span><\/bdi><\/span><span class=\"screen-reader-text\">Interval de preus: 90,00&euro; a 110,00&euro;<\/span><\/span>\n<a href=\"https:\/\/www.aracalma.com\/ca\/producto\/the-gentlemans-reset-renovacio-i-equilibri\/\" aria-describedby=\"woocommerce_loop_add_to_cart_link_describedby_7026\" data-quantity=\"1\" class=\"button product_type_variable add_to_cart_button \" data-product_id=\"7026\" data-product_sku=\"\" aria-label=\"Selecciona opcions per a &ldquo;The Gentleman\u2019s Reset: Renovaci\u00f3 i Equilibri&rdquo;\" rel=\"nofollow\">Comprar<\/a>\t<span id=\"woocommerce_loop_add_to_cart_link_describedby_7026\" class=\"screen-reader-text\">\n\t\tAquest producte t\u00e9 diverses variants. Les opcions es poden triar a la p\u00e0gina del producte\t<\/span>\n<\/div>\t<\/div>\n<\/li>\n\n\n<li class=\" experi\u00e8ncies massatges post-2639 product  instock shipping-taxable purchasable product-type-variable\">\n\t<div class=\"uael-woo-product-wrapper uael-prod-auto-align-disabled\">\n\t\t<div class=\"uael-woo-products-thumbnail-wrap\"><div class=\"uael-flash-container \"><\/div><a href=\"https:\/\/www.aracalma.com\/ca\/producto\/massatge-especial-parelles\/\" class=\"woocommerce-LoopProduct-link woocommerce-loop-product__link\"><img decoding=\"async\" width=\"300\" height=\"300\" src=\"https:\/\/www.aracalma.com\/wp-content\/uploads\/2023\/09\/spouses-resting-after-relaxing-massage-therapy-lyi-2022-12-16-07-56-16-utc-3-1-300x300.jpg\" class=\"attachment-woocommerce_thumbnail size-woocommerce_thumbnail\" alt=\"Reflexoterapia, Vilanova i la Geltr\u00fa, Ara Calma\" \/><\/a><\/div><div class=\"uael-woo-products-summary-wrap uael-auto-align-disabled\"><a href=\"https:\/\/www.aracalma.com\/ca\/producto\/massatge-especial-parelles\/\" class=\"uael-loop-product__link\"><h2 class=\"woocommerce-loop-product__title\">Massatge Especial Parelles<\/h2><\/a>\n\t<span class=\"price\"><span class=\"woocommerce-Price-amount amount\" aria-hidden=\"true\"><bdi>150,00<span class=\"woocommerce-Price-currencySymbol\">&euro;<\/span><\/bdi><\/span> <span aria-hidden=\"true\">&ndash;<\/span> <span class=\"woocommerce-Price-amount amount\" aria-hidden=\"true\"><bdi>185,00<span class=\"woocommerce-Price-currencySymbol\">&euro;<\/span><\/bdi><\/span><span class=\"screen-reader-text\">Interval de preus: 150,00&euro; a 185,00&euro;<\/span><\/span>\n<a href=\"https:\/\/www.aracalma.com\/ca\/producto\/massatge-especial-parelles\/\" aria-describedby=\"woocommerce_loop_add_to_cart_link_describedby_2639\" data-quantity=\"1\" class=\"button product_type_variable add_to_cart_button \" data-product_id=\"2639\" data-product_sku=\"\" aria-label=\"Selecciona opcions per a &ldquo;Massatge Especial Parelles&rdquo;\" rel=\"nofollow\">Comprar<\/a>\t<span id=\"woocommerce_loop_add_to_cart_link_describedby_2639\" class=\"screen-reader-text\">\n\t\tAquest producte t\u00e9 diverses variants. Les opcions es poden triar a la p\u00e0gina del producte\t<\/span>\n<\/div>\t<\/div>\n<\/li>\n\n\n<li class=\" experi\u00e8ncies massatges post-2573 product  instock shipping-taxable purchasable product-type-variable\">\n\t<div class=\"uael-woo-product-wrapper uael-prod-auto-align-disabled\">\n\t\t<div class=\"uael-woo-products-thumbnail-wrap\"><div class=\"uael-flash-container \"><\/div><a href=\"https:\/\/www.aracalma.com\/ca\/producto\/drenatge-limfatic\/\" class=\"woocommerce-LoopProduct-link woocommerce-loop-product__link\"><img decoding=\"async\" width=\"300\" height=\"300\" src=\"https:\/\/www.aracalma.com\/wp-content\/uploads\/2023\/09\/drenaje-linfatico-300x300.jpg\" class=\"attachment-woocommerce_thumbnail size-woocommerce_thumbnail\" alt=\"Drenaje linf\u00e1tico, Vilanova i la Geltr\u00fa, Ara Calma\" \/><\/a><\/div><div class=\"uael-woo-products-summary-wrap uael-auto-align-disabled\"><a href=\"https:\/\/www.aracalma.com\/ca\/producto\/drenatge-limfatic\/\" class=\"uael-loop-product__link\"><h2 class=\"woocommerce-loop-product__title\">Drenatge Limf\u00e0tic<\/h2><\/a>\n\t<span class=\"price\"><span class=\"woocommerce-Price-amount amount\" aria-hidden=\"true\"><bdi>45,00<span class=\"woocommerce-Price-currencySymbol\">&euro;<\/span><\/bdi><\/span> <span aria-hidden=\"true\">&ndash;<\/span> <span class=\"woocommerce-Price-amount amount\" aria-hidden=\"true\"><bdi>57,00<span class=\"woocommerce-Price-currencySymbol\">&euro;<\/span><\/bdi><\/span><span class=\"screen-reader-text\">Interval de preus: 45,00&euro; a 57,00&euro;<\/span><\/span>\n<a href=\"https:\/\/www.aracalma.com\/ca\/producto\/drenatge-limfatic\/\" aria-describedby=\"woocommerce_loop_add_to_cart_link_describedby_2573\" data-quantity=\"1\" class=\"button product_type_variable add_to_cart_button \" data-product_id=\"2573\" data-product_sku=\"\" aria-label=\"Selecciona opcions per a &ldquo;Drenatge Limf\u00e0tic&rdquo;\" rel=\"nofollow\">Comprar<\/a>\t<span id=\"woocommerce_loop_add_to_cart_link_describedby_2573\" class=\"screen-reader-text\">\n\t\tAquest producte t\u00e9 diverses variants. Les opcions es poden triar a la p\u00e0gina del producte\t<\/span>\n<\/div>\t<\/div>\n<\/li>\n\n\n<li class=\" experi\u00e8ncies massatges post-2571 product last instock shipping-taxable purchasable product-type-variable\">\n\t<div class=\"uael-woo-product-wrapper uael-prod-auto-align-disabled\">\n\t\t<div class=\"uael-woo-products-thumbnail-wrap\"><div class=\"uael-flash-container \"><\/div><a href=\"https:\/\/www.aracalma.com\/ca\/producto\/massatge-aromaterapia\/\" class=\"woocommerce-LoopProduct-link woocommerce-loop-product__link\"><img loading=\"lazy\" decoding=\"async\" width=\"300\" height=\"300\" src=\"https:\/\/www.aracalma.com\/wp-content\/uploads\/2023\/09\/masaje-con-aromaterapia-300x300.jpg\" class=\"attachment-woocommerce_thumbnail size-woocommerce_thumbnail\" alt=\"Masaje de aromaterapia, Vilanova i la Geltr\u00fa, Ara Calma\" \/><\/a><\/div><div class=\"uael-woo-products-summary-wrap uael-auto-align-disabled\"><a href=\"https:\/\/www.aracalma.com\/ca\/producto\/massatge-aromaterapia\/\" class=\"uael-loop-product__link\"><h2 class=\"woocommerce-loop-product__title\">Massatge d&#8217;Aromaterapia<\/h2><\/a>\n\t<span class=\"price\"><span class=\"woocommerce-Price-amount amount\" aria-hidden=\"true\"><bdi>70,00<span class=\"woocommerce-Price-currencySymbol\">&euro;<\/span><\/bdi><\/span> <span aria-hidden=\"true\">&ndash;<\/span> <span class=\"woocommerce-Price-amount amount\" aria-hidden=\"true\"><bdi>90,00<span class=\"woocommerce-Price-currencySymbol\">&euro;<\/span><\/bdi><\/span><span class=\"screen-reader-text\">Interval de preus: 70,00&euro; a 90,00&euro;<\/span><\/span>\n<a href=\"https:\/\/www.aracalma.com\/ca\/producto\/massatge-aromaterapia\/\" aria-describedby=\"woocommerce_loop_add_to_cart_link_describedby_2571\" data-quantity=\"1\" class=\"button product_type_variable add_to_cart_button \" data-product_id=\"2571\" data-product_sku=\"\" aria-label=\"Selecciona opcions per a &ldquo;Massatge d&#039;Aromaterapia&rdquo;\" rel=\"nofollow\">Comprar<\/a>\t<span id=\"woocommerce_loop_add_to_cart_link_describedby_2571\" class=\"screen-reader-text\">\n\t\tAquest producte t\u00e9 diverses variants. Les opcions es poden triar a la p\u00e0gina del producte\t<\/span>\n<\/div>\t<\/div>\n<\/li>\n\n\n<li class=\" experi\u00e8ncies massatges post-2569 product first instock shipping-taxable purchasable product-type-variable\">\n\t<div class=\"uael-woo-product-wrapper uael-prod-auto-align-disabled\">\n\t\t<div class=\"uael-woo-products-thumbnail-wrap\"><div class=\"uael-flash-container \"><\/div><a href=\"https:\/\/www.aracalma.com\/ca\/producto\/reflexoterapia\/\" class=\"woocommerce-LoopProduct-link woocommerce-loop-product__link\"><img loading=\"lazy\" decoding=\"async\" width=\"300\" height=\"300\" src=\"https:\/\/www.aracalma.com\/wp-content\/uploads\/2023\/09\/reflexoterapia-300x300.jpg\" class=\"attachment-woocommerce_thumbnail size-woocommerce_thumbnail\" alt=\"Reflexoterapia, Vilanova i la Geltr\u00fa, Ara Calma\" \/><\/a><\/div><div class=\"uael-woo-products-summary-wrap uael-auto-align-disabled\"><a href=\"https:\/\/www.aracalma.com\/ca\/producto\/reflexoterapia\/\" class=\"uael-loop-product__link\"><h2 class=\"woocommerce-loop-product__title\">Reflexoterapia<\/h2><\/a>\n\t<span class=\"price\"><span class=\"woocommerce-Price-amount amount\" aria-hidden=\"true\"><bdi>55,00<span class=\"woocommerce-Price-currencySymbol\">&euro;<\/span><\/bdi><\/span> <span aria-hidden=\"true\">&ndash;<\/span> <span class=\"woocommerce-Price-amount amount\" aria-hidden=\"true\"><bdi>67,00<span class=\"woocommerce-Price-currencySymbol\">&euro;<\/span><\/bdi><\/span><span class=\"screen-reader-text\">Interval de preus: 55,00&euro; a 67,00&euro;<\/span><\/span>\n<a href=\"https:\/\/www.aracalma.com\/ca\/producto\/reflexoterapia\/\" aria-describedby=\"woocommerce_loop_add_to_cart_link_describedby_2569\" data-quantity=\"1\" class=\"button product_type_variable add_to_cart_button \" data-product_id=\"2569\" data-product_sku=\"\" aria-label=\"Selecciona opcions per a &ldquo;Reflexoterapia&rdquo;\" rel=\"nofollow\">Comprar<\/a>\t<span id=\"woocommerce_loop_add_to_cart_link_describedby_2569\" class=\"screen-reader-text\">\n\t\tAquest producte t\u00e9 diverses variants. Les opcions es poden triar a la p\u00e0gina del producte\t<\/span>\n<\/div>\t<\/div>\n<\/li>\n\n\n<li class=\" experi\u00e8ncies massatges post-2567 product  instock shipping-taxable purchasable product-type-variable\">\n\t<div class=\"uael-woo-product-wrapper uael-prod-auto-align-disabled\">\n\t\t<div class=\"uael-woo-products-thumbnail-wrap\"><div class=\"uael-flash-container \"><\/div><a href=\"https:\/\/www.aracalma.com\/ca\/producto\/massatge-de-cames\/\" class=\"woocommerce-LoopProduct-link woocommerce-loop-product__link\"><img loading=\"lazy\" decoding=\"async\" width=\"300\" height=\"300\" src=\"https:\/\/www.aracalma.com\/wp-content\/uploads\/2023\/09\/leg-massage-300x300.jpg\" class=\"attachment-woocommerce_thumbnail size-woocommerce_thumbnail\" alt=\"Masaje de piernas, Vilanova i la Geltr\u00fa, Ara Calma\" \/><\/a><\/div><div class=\"uael-woo-products-summary-wrap uael-auto-align-disabled\"><a href=\"https:\/\/www.aracalma.com\/ca\/producto\/massatge-de-cames\/\" class=\"uael-loop-product__link\"><h2 class=\"woocommerce-loop-product__title\">Massatge de cames<\/h2><\/a>\n\t<span class=\"price\"><span class=\"woocommerce-Price-amount amount\" aria-hidden=\"true\"><bdi>45,00<span class=\"woocommerce-Price-currencySymbol\">&euro;<\/span><\/bdi><\/span> <span aria-hidden=\"true\">&ndash;<\/span> <span class=\"woocommerce-Price-amount amount\" aria-hidden=\"true\"><bdi>57,00<span class=\"woocommerce-Price-currencySymbol\">&euro;<\/span><\/bdi><\/span><span class=\"screen-reader-text\">Interval de preus: 45,00&euro; a 57,00&euro;<\/span><\/span>\n<a href=\"https:\/\/www.aracalma.com\/ca\/producto\/massatge-de-cames\/\" aria-describedby=\"woocommerce_loop_add_to_cart_link_describedby_2567\" data-quantity=\"1\" class=\"button product_type_variable add_to_cart_button \" data-product_id=\"2567\" data-product_sku=\"\" aria-label=\"Selecciona opcions per a &ldquo;Massatge de cames&rdquo;\" rel=\"nofollow\">Comprar<\/a>\t<span id=\"woocommerce_loop_add_to_cart_link_describedby_2567\" class=\"screen-reader-text\">\n\t\tAquest producte t\u00e9 diverses variants. Les opcions es poden triar a la p\u00e0gina del producte\t<\/span>\n<\/div>\t<\/div>\n<\/li>\n\n\n<li class=\" experi\u00e8ncies massatges post-2565 product  instock shipping-taxable purchasable product-type-variable\">\n\t<div class=\"uael-woo-product-wrapper uael-prod-auto-align-disabled\">\n\t\t<div class=\"uael-woo-products-thumbnail-wrap\"><div class=\"uael-flash-container \"><\/div><a href=\"https:\/\/www.aracalma.com\/ca\/producto\/massatge-experiencia-360\/\" class=\"woocommerce-LoopProduct-link woocommerce-loop-product__link\"><img loading=\"lazy\" decoding=\"async\" width=\"300\" height=\"300\" src=\"https:\/\/www.aracalma.com\/wp-content\/uploads\/2023\/09\/masaje-3-300x300.jpg\" class=\"attachment-woocommerce_thumbnail size-woocommerce_thumbnail\" alt=\"Masaje experiencia 360, Vilanova i la Geltr\u00fa, Ara Calma\" \/><\/a><\/div><div class=\"uael-woo-products-summary-wrap uael-auto-align-disabled\"><a href=\"https:\/\/www.aracalma.com\/ca\/producto\/massatge-experiencia-360\/\" class=\"uael-loop-product__link\"><h2 class=\"woocommerce-loop-product__title\">Massatge Experi\u00e8ncia 360<\/h2><\/a>\n\t<span class=\"price\"><span class=\"woocommerce-Price-amount amount\" aria-hidden=\"true\"><bdi>100,00<span class=\"woocommerce-Price-currencySymbol\">&euro;<\/span><\/bdi><\/span> <span aria-hidden=\"true\">&ndash;<\/span> <span class=\"woocommerce-Price-amount amount\" aria-hidden=\"true\"><bdi>120,00<span class=\"woocommerce-Price-currencySymbol\">&euro;<\/span><\/bdi><\/span><span class=\"screen-reader-text\">Interval de preus: 100,00&euro; a 120,00&euro;<\/span><\/span>\n<a href=\"https:\/\/www.aracalma.com\/ca\/producto\/massatge-experiencia-360\/\" aria-describedby=\"woocommerce_loop_add_to_cart_link_describedby_2565\" data-quantity=\"1\" class=\"button product_type_variable add_to_cart_button \" data-product_id=\"2565\" data-product_sku=\"\" aria-label=\"Selecciona opcions per a &ldquo;Massatge Experi\u00e8ncia 360&rdquo;\" rel=\"nofollow\">Comprar<\/a>\t<span id=\"woocommerce_loop_add_to_cart_link_describedby_2565\" class=\"screen-reader-text\">\n\t\tAquest producte t\u00e9 diverses variants. Les opcions es poden triar a la p\u00e0gina del producte\t<\/span>\n<\/div>\t<\/div>\n<\/li>\n\n\n<li class=\" experi\u00e8ncies massatges post-2561 product last instock sale shipping-taxable purchasable product-type-variable\">\n\t<div class=\"uael-woo-product-wrapper uael-prod-auto-align-disabled\">\n\t\t<div class=\"uael-woo-products-thumbnail-wrap\"><div class=\"uael-flash-container double-flash\">\n\t<div class=\"uael-sale-flash-wrap\"><span class=\"uael-onsale\">Sale!<\/span><\/div>\n\t<\/div><a href=\"https:\/\/www.aracalma.com\/ca\/producto\/massatge-descontracturant\/\" class=\"woocommerce-LoopProduct-link woocommerce-loop-product__link\"><img loading=\"lazy\" decoding=\"async\" width=\"300\" height=\"300\" src=\"https:\/\/www.aracalma.com\/wp-content\/uploads\/2023\/09\/masajes-2-300x300.jpg\" class=\"attachment-woocommerce_thumbnail size-woocommerce_thumbnail\" alt=\"Masaje antiestr\u00e9s, Vilanova i la Geltr\u00fa, Ara Calma\" \/><\/a><\/div><div class=\"uael-woo-products-summary-wrap uael-auto-align-disabled\"><a href=\"https:\/\/www.aracalma.com\/ca\/producto\/massatge-descontracturant\/\" class=\"uael-loop-product__link\"><h2 class=\"woocommerce-loop-product__title\">Massatge Descontracturant<\/h2><\/a>\n\t<span class=\"price\"><span class=\"woocommerce-Price-amount amount\" aria-hidden=\"true\"><bdi>50,00<span class=\"woocommerce-Price-currencySymbol\">&euro;<\/span><\/bdi><\/span> <span aria-hidden=\"true\">&ndash;<\/span> <span class=\"woocommerce-Price-amount amount\" aria-hidden=\"true\"><bdi>100,00<span class=\"woocommerce-Price-currencySymbol\">&euro;<\/span><\/bdi><\/span><span class=\"screen-reader-text\">Interval de preus: 50,00&euro; a 100,00&euro;<\/span><\/span>\n<a href=\"https:\/\/www.aracalma.com\/ca\/producto\/massatge-descontracturant\/\" aria-describedby=\"woocommerce_loop_add_to_cart_link_describedby_2561\" data-quantity=\"1\" class=\"button product_type_variable add_to_cart_button \" data-product_id=\"2561\" data-product_sku=\"\" aria-label=\"Selecciona opcions per a &ldquo;Massatge Descontracturant&rdquo;\" rel=\"nofollow\">Comprar<\/a>\t<span id=\"woocommerce_loop_add_to_cart_link_describedby_2561\" class=\"screen-reader-text\">\n\t\tAquest producte t\u00e9 diverses variants. Les opcions es poden triar a la p\u00e0gina del producte\t<\/span>\n<\/div>\t<\/div>\n<\/li>\n\n\n<li class=\" experi\u00e8ncies massatges post-2557 product first instock sale shipping-taxable purchasable product-type-variable\">\n\t<div class=\"uael-woo-product-wrapper uael-prod-auto-align-disabled\">\n\t\t<div class=\"uael-woo-products-thumbnail-wrap\"><div class=\"uael-flash-container double-flash\">\n\t<div class=\"uael-sale-flash-wrap\"><span class=\"uael-onsale\">Sale!<\/span><\/div>\n\t<\/div><a href=\"https:\/\/www.aracalma.com\/ca\/producto\/massatge-relaxant\/\" class=\"woocommerce-LoopProduct-link woocommerce-loop-product__link\"><img loading=\"lazy\" decoding=\"async\" width=\"300\" height=\"300\" src=\"https:\/\/www.aracalma.com\/wp-content\/uploads\/2023\/09\/masajes-300x300.jpg\" class=\"attachment-woocommerce_thumbnail size-woocommerce_thumbnail\" alt=\"Masaje relajante, Vilanova i la Geltr\u00fa, Ara Calma\" \/><\/a><\/div><div class=\"uael-woo-products-summary-wrap uael-auto-align-disabled\"><a href=\"https:\/\/www.aracalma.com\/ca\/producto\/massatge-relaxant\/\" class=\"uael-loop-product__link\"><h2 class=\"woocommerce-loop-product__title\">Massatge Relaxant<\/h2><\/a>\n\t<span class=\"price\"><span class=\"woocommerce-Price-amount amount\" aria-hidden=\"true\"><bdi>45,00<span class=\"woocommerce-Price-currencySymbol\">&euro;<\/span><\/bdi><\/span> <span aria-hidden=\"true\">&ndash;<\/span> <span class=\"woocommerce-Price-amount amount\" aria-hidden=\"true\"><bdi>92,00<span class=\"woocommerce-Price-currencySymbol\">&euro;<\/span><\/bdi><\/span><span class=\"screen-reader-text\">Interval de preus: 45,00&euro; a 92,00&euro;<\/span><\/span>\n<a href=\"https:\/\/www.aracalma.com\/ca\/producto\/massatge-relaxant\/\" aria-describedby=\"woocommerce_loop_add_to_cart_link_describedby_2557\" data-quantity=\"1\" class=\"button product_type_variable add_to_cart_button \" data-product_id=\"2557\" data-product_sku=\"\" aria-label=\"Selecciona opcions per a &ldquo;Massatge Relaxant&rdquo;\" rel=\"nofollow\">Comprar<\/a>\t<span id=\"woocommerce_loop_add_to_cart_link_describedby_2557\" class=\"screen-reader-text\">\n\t\tAquest producte t\u00e9 diverses variants. Les opcions es poden triar a la p\u00e0gina del producte\t<\/span>\n<\/div>\t<\/div>\n<\/li>\n\n\n<li class=\" experi\u00e8ncies massatges post-2553 product  instock shipping-taxable purchasable product-type-variable\">\n\t<div class=\"uael-woo-product-wrapper uael-prod-auto-align-disabled\">\n\t\t<div class=\"uael-woo-products-thumbnail-wrap\"><div class=\"uael-flash-container \"><\/div><a href=\"https:\/\/www.aracalma.com\/ca\/producto\/massatge-detox\/\" class=\"woocommerce-LoopProduct-link woocommerce-loop-product__link\"><img loading=\"lazy\" decoding=\"async\" width=\"300\" height=\"300\" src=\"https:\/\/www.aracalma.com\/wp-content\/uploads\/2023\/09\/anti-cellulite-madero-therapy-massage-2021-08-26-16-53-31-utc-300x300.jpg\" class=\"attachment-woocommerce_thumbnail size-woocommerce_thumbnail\" alt=\"Masaje Detox, Vilanova i la Geltr\u00fa, Ara Calma\" \/><\/a><\/div><div class=\"uael-woo-products-summary-wrap uael-auto-align-disabled\"><a href=\"https:\/\/www.aracalma.com\/ca\/producto\/massatge-detox\/\" class=\"uael-loop-product__link\"><h2 class=\"woocommerce-loop-product__title\">Massatge Detox<\/h2><\/a>\n\t<span class=\"price\"><span class=\"woocommerce-Price-amount amount\" aria-hidden=\"true\"><bdi>70,00<span class=\"woocommerce-Price-currencySymbol\">&euro;<\/span><\/bdi><\/span> <span aria-hidden=\"true\">&ndash;<\/span> <span class=\"woocommerce-Price-amount amount\" aria-hidden=\"true\"><bdi>120,00<span class=\"woocommerce-Price-currencySymbol\">&euro;<\/span><\/bdi><\/span><span class=\"screen-reader-text\">Interval de preus: 70,00&euro; a 120,00&euro;<\/span><\/span>\n<a href=\"https:\/\/www.aracalma.com\/ca\/producto\/massatge-detox\/\" aria-describedby=\"woocommerce_loop_add_to_cart_link_describedby_2553\" data-quantity=\"1\" class=\"button product_type_variable add_to_cart_button \" data-product_id=\"2553\" data-product_sku=\"\" aria-label=\"Selecciona opcions per a &ldquo;Massatge Detox&rdquo;\" rel=\"nofollow\">Comprar<\/a>\t<span id=\"woocommerce_loop_add_to_cart_link_describedby_2553\" class=\"screen-reader-text\">\n\t\tAquest producte t\u00e9 diverses variants. Les opcions es poden triar a la p\u00e0gina del producte\t<\/span>\n<\/div>\t<\/div>\n<\/li>\n<\/ul>\n<\/div><\/div>\t\t\t\t<\/div>\n\t\t\t\t<\/div>\n\t\t\t\t<\/div>\n\t\t<div class=\"elementor-element elementor-element-da3adb5 e-con-full e-flex e-con e-parent\" data-id=\"da3adb5\" data-element_type=\"container\" id=\"rituales\">\n\t\t\t\t<div class=\"elementor-element elementor-element-3f37820 elementor-widget elementor-widget-heading\" data-id=\"3f37820\" data-element_type=\"widget\" data-widget_type=\"heading.default\">\n\t\t\t\t<div class=\"elementor-widget-container\">\n\t\t\t\t\t<h3 class=\"elementor-heading-title elementor-size-default\">Rituals<\/h3>\t\t\t\t<\/div>\n\t\t\t\t<\/div>\n\t\t\t\t<div class=\"elementor-element elementor-element-25c34bb elementor-widget elementor-widget-heading\" data-id=\"25c34bb\" data-element_type=\"widget\" data-widget_type=\"heading.default\">\n\t\t\t\t<div class=\"elementor-widget-container\">\n\t\t\t\t\t<h4 class=\"elementor-heading-title elementor-size-default\">Viatges Ara Calma<\/h4>\t\t\t\t<\/div>\n\t\t\t\t<\/div>\n\t\t\t\t<div class=\"elementor-element elementor-element-4e593f2 uael-woo--align-center uael-woo-pagination-align-center uael-sale-flash-circle uael-featured-flash-circle elementor-widget elementor-widget-uael-woo-products\" data-id=\"4e593f2\" data-element_type=\"widget\" data-settings=\"{&quot;products_columns&quot;:&quot;4&quot;,&quot;products_columns_tablet&quot;:&quot;3&quot;,&quot;products_columns_mobile&quot;:&quot;1&quot;,&quot;pagination_align&quot;:&quot;center&quot;}\" data-widget_type=\"uael-woo-products.grid-default\">\n\t\t\t\t<div class=\"elementor-widget-container\">\n\t\t\t\t\t<div class=\"uael-woocommerce uael-woo-products-grid uael-woo-skin-grid-default uael-woo-query-custom\" data-page=\"2646\" data-skin=\"grid_default\"><div class=\" columns-4 uael-woo-products-inner uael-woo-product__column-4 uael-woo-product__column-tablet-3 uael-woo-product__column-mobile-1\"><ul class=\"products columns-4\">\n\n\n<li class=\" experi\u00e8ncies rituals viatges post-5412 product first instock shipping-taxable purchasable product-type-variable\">\n\t<div class=\"uael-woo-product-wrapper uael-prod-auto-align-disabled\">\n\t\t<div class=\"uael-woo-products-thumbnail-wrap\"><div class=\"uael-flash-container \"><\/div><a href=\"https:\/\/www.aracalma.com\/ca\/producto\/bo-regal-per-a-tractament-wellness\/\" class=\"woocommerce-LoopProduct-link woocommerce-loop-product__link\"><img loading=\"lazy\" decoding=\"async\" width=\"300\" height=\"300\" src=\"https:\/\/www.aracalma.com\/wp-content\/uploads\/2025\/02\/Bono-regalo-300x300.jpg\" class=\"attachment-woocommerce_thumbnail size-woocommerce_thumbnail\" alt=\"Bo Regalo AraCalma\" \/><\/a><\/div><div class=\"uael-woo-products-summary-wrap uael-auto-align-disabled\"><a href=\"https:\/\/www.aracalma.com\/ca\/producto\/bo-regal-per-a-tractament-wellness\/\" class=\"uael-loop-product__link\"><h2 class=\"woocommerce-loop-product__title\">Bo regal per a tractament Wellness<\/h2><\/a>\n\t<span class=\"price\"><span class=\"woocommerce-Price-amount amount\" aria-hidden=\"true\"><bdi>150,00<span class=\"woocommerce-Price-currencySymbol\">&euro;<\/span><\/bdi><\/span> <span aria-hidden=\"true\">&ndash;<\/span> <span class=\"woocommerce-Price-amount amount\" aria-hidden=\"true\"><bdi>500,00<span class=\"woocommerce-Price-currencySymbol\">&euro;<\/span><\/bdi><\/span><span class=\"screen-reader-text\">Interval de preus: 150,00&euro; a 500,00&euro;<\/span><\/span>\n<a href=\"https:\/\/www.aracalma.com\/ca\/producto\/bo-regal-per-a-tractament-wellness\/\" aria-describedby=\"woocommerce_loop_add_to_cart_link_describedby_5412\" data-quantity=\"1\" class=\"button product_type_variable add_to_cart_button \" data-product_id=\"5412\" data-product_sku=\"\" aria-label=\"Selecciona opcions per a &ldquo;Bo regal per a tractament Wellness&rdquo;\" rel=\"nofollow\">Comprar<\/a>\t<span id=\"woocommerce_loop_add_to_cart_link_describedby_5412\" class=\"screen-reader-text\">\n\t\tAquest producte t\u00e9 diverses variants. Les opcions es poden triar a la p\u00e0gina del producte\t<\/span>\n<\/div>\t<\/div>\n<\/li>\n\n\n<li class=\" experi\u00e8ncies rituals viatges post-2581 product  instock shipping-taxable purchasable product-type-variable\">\n\t<div class=\"uael-woo-product-wrapper uael-prod-auto-align-disabled\">\n\t\t<div class=\"uael-woo-products-thumbnail-wrap\"><div class=\"uael-flash-container \"><\/div><a href=\"https:\/\/www.aracalma.com\/ca\/producto\/viatge-a-orient\/\" class=\"woocommerce-LoopProduct-link woocommerce-loop-product__link\"><img loading=\"lazy\" decoding=\"async\" width=\"300\" height=\"300\" src=\"https:\/\/www.aracalma.com\/wp-content\/uploads\/2023\/09\/oriente-300x300.jpg\" class=\"attachment-woocommerce_thumbnail size-woocommerce_thumbnail\" alt=\"Ritual oriental para relajar cuerpo y mente en Vilanova i la Geltr\u00fa\" \/><\/a><\/div><div class=\"uael-woo-products-summary-wrap uael-auto-align-disabled\"><a href=\"https:\/\/www.aracalma.com\/ca\/producto\/viatge-a-orient\/\" class=\"uael-loop-product__link\"><h2 class=\"woocommerce-loop-product__title\">Viatge a Orient<\/h2><\/a>\n\t<span class=\"price\"><span class=\"woocommerce-Price-amount amount\" aria-hidden=\"true\"><bdi>95,00<span class=\"woocommerce-Price-currencySymbol\">&euro;<\/span><\/bdi><\/span> <span aria-hidden=\"true\">&ndash;<\/span> <span class=\"woocommerce-Price-amount amount\" aria-hidden=\"true\"><bdi>115,00<span class=\"woocommerce-Price-currencySymbol\">&euro;<\/span><\/bdi><\/span><span class=\"screen-reader-text\">Interval de preus: 95,00&euro; a 115,00&euro;<\/span><\/span>\n<a href=\"https:\/\/www.aracalma.com\/ca\/producto\/viatge-a-orient\/\" aria-describedby=\"woocommerce_loop_add_to_cart_link_describedby_2581\" data-quantity=\"1\" class=\"button product_type_variable add_to_cart_button \" data-product_id=\"2581\" data-product_sku=\"\" aria-label=\"Selecciona opcions per a &ldquo;Viatge a Orient&rdquo;\" rel=\"nofollow\">Comprar<\/a>\t<span id=\"woocommerce_loop_add_to_cart_link_describedby_2581\" class=\"screen-reader-text\">\n\t\tAquest producte t\u00e9 diverses variants. Les opcions es poden triar a la p\u00e0gina del producte\t<\/span>\n<\/div>\t<\/div>\n<\/li>\n\n\n<li class=\" experi\u00e8ncies rituals viatges post-2578 product  instock shipping-taxable purchasable product-type-variable\">\n\t<div class=\"uael-woo-product-wrapper uael-prod-auto-align-disabled\">\n\t\t<div class=\"uael-woo-products-thumbnail-wrap\"><div class=\"uael-flash-container \"><\/div><a href=\"https:\/\/www.aracalma.com\/ca\/producto\/viatge-a-udaipur\/\" class=\"woocommerce-LoopProduct-link woocommerce-loop-product__link\"><img loading=\"lazy\" decoding=\"async\" width=\"300\" height=\"300\" src=\"https:\/\/www.aracalma.com\/wp-content\/uploads\/2023\/09\/udaipur-300x300.jpg\" class=\"attachment-woocommerce_thumbnail size-woocommerce_thumbnail\" alt=\"Ritual oriental para relajar cuerpo y mente en Vilanova i la Geltr\u00fa\" \/><\/a><\/div><div class=\"uael-woo-products-summary-wrap uael-auto-align-disabled\"><a href=\"https:\/\/www.aracalma.com\/ca\/producto\/viatge-a-udaipur\/\" class=\"uael-loop-product__link\"><h2 class=\"woocommerce-loop-product__title\">Viatge a Udaipur<\/h2><\/a>\n\t<span class=\"price\"><span class=\"woocommerce-Price-amount amount\" aria-hidden=\"true\"><bdi>95,00<span class=\"woocommerce-Price-currencySymbol\">&euro;<\/span><\/bdi><\/span> <span aria-hidden=\"true\">&ndash;<\/span> <span class=\"woocommerce-Price-amount amount\" aria-hidden=\"true\"><bdi>115,00<span class=\"woocommerce-Price-currencySymbol\">&euro;<\/span><\/bdi><\/span><span class=\"screen-reader-text\">Interval de preus: 95,00&euro; a 115,00&euro;<\/span><\/span>\n<a href=\"https:\/\/www.aracalma.com\/ca\/producto\/viatge-a-udaipur\/\" aria-describedby=\"woocommerce_loop_add_to_cart_link_describedby_2578\" data-quantity=\"1\" class=\"button product_type_variable add_to_cart_button \" data-product_id=\"2578\" data-product_sku=\"\" aria-label=\"Selecciona opcions per a &ldquo;Viatge a Udaipur&rdquo;\" rel=\"nofollow\">Comprar<\/a>\t<span id=\"woocommerce_loop_add_to_cart_link_describedby_2578\" class=\"screen-reader-text\">\n\t\tAquest producte t\u00e9 diverses variants. Les opcions es poden triar a la p\u00e0gina del producte\t<\/span>\n<\/div>\t<\/div>\n<\/li>\n\n\n<li class=\" experi\u00e8ncies rituals viatges post-2575 product last instock shipping-taxable purchasable product-type-variable\">\n\t<div class=\"uael-woo-product-wrapper uael-prod-auto-align-disabled\">\n\t\t<div class=\"uael-woo-products-thumbnail-wrap\"><div class=\"uael-flash-container \"><\/div><a href=\"https:\/\/www.aracalma.com\/ca\/producto\/viatge-a-malasia\/\" class=\"woocommerce-LoopProduct-link woocommerce-loop-product__link\"><img loading=\"lazy\" decoding=\"async\" width=\"300\" height=\"300\" src=\"https:\/\/www.aracalma.com\/wp-content\/uploads\/2023\/09\/malasia-300x300.jpg\" class=\"attachment-woocommerce_thumbnail size-woocommerce_thumbnail\" alt=\"Ritual oriental para relajar cuerpo y mente en Vilanova i la Geltr\u00fa\" \/><\/a><\/div><div class=\"uael-woo-products-summary-wrap uael-auto-align-disabled\"><a href=\"https:\/\/www.aracalma.com\/ca\/producto\/viatge-a-malasia\/\" class=\"uael-loop-product__link\"><h2 class=\"woocommerce-loop-product__title\">Viatge a Mal\u00e0isia<\/h2><\/a>\n\t<span class=\"price\"><span class=\"woocommerce-Price-amount amount\" aria-hidden=\"true\"><bdi>95,00<span class=\"woocommerce-Price-currencySymbol\">&euro;<\/span><\/bdi><\/span> <span aria-hidden=\"true\">&ndash;<\/span> <span class=\"woocommerce-Price-amount amount\" aria-hidden=\"true\"><bdi>115,00<span class=\"woocommerce-Price-currencySymbol\">&euro;<\/span><\/bdi><\/span><span class=\"screen-reader-text\">Interval de preus: 95,00&euro; a 115,00&euro;<\/span><\/span>\n<a href=\"https:\/\/www.aracalma.com\/ca\/producto\/viatge-a-malasia\/\" aria-describedby=\"woocommerce_loop_add_to_cart_link_describedby_2575\" data-quantity=\"1\" class=\"button product_type_variable add_to_cart_button \" data-product_id=\"2575\" data-product_sku=\"\" aria-label=\"Selecciona opcions per a &ldquo;Viatge a Mal\u00e0isia&rdquo;\" rel=\"nofollow\">Comprar<\/a>\t<span id=\"woocommerce_loop_add_to_cart_link_describedby_2575\" class=\"screen-reader-text\">\n\t\tAquest producte t\u00e9 diverses variants. Les opcions es poden triar a la p\u00e0gina del producte\t<\/span>\n<\/div>\t<\/div>\n<\/li>\n<\/ul>\n<\/div><\/div>\t\t\t\t<\/div>\n\t\t\t\t<\/div>\n\t\t\t\t<div class=\"elementor-element elementor-element-ac98af8 elementor-widget elementor-widget-heading\" data-id=\"ac98af8\" data-element_type=\"widget\" data-widget_type=\"heading.default\">\n\t\t\t\t<div class=\"elementor-widget-container\">\n\t\t\t\t\t<h4 class=\"elementor-heading-title elementor-size-default\">Altres rituals Ara Calma<\/h4>\t\t\t\t<\/div>\n\t\t\t\t<\/div>\n\t\t\t\t<div class=\"elementor-element elementor-element-fcd27a0 uael-woo--align-center uael-woo-pagination-align-center uael-sale-flash-circle uael-featured-flash-circle elementor-widget elementor-widget-uael-woo-products\" data-id=\"fcd27a0\" data-element_type=\"widget\" data-settings=\"{&quot;products_columns&quot;:&quot;4&quot;,&quot;products_columns_tablet&quot;:&quot;3&quot;,&quot;products_columns_mobile&quot;:&quot;1&quot;,&quot;pagination_align&quot;:&quot;center&quot;}\" data-widget_type=\"uael-woo-products.grid-default\">\n\t\t\t\t<div class=\"elementor-widget-container\">\n\t\t\t\t\t<div class=\"uael-woocommerce uael-woo-products-grid uael-woo-skin-grid-default uael-woo-query-custom\" data-page=\"2646\" data-skin=\"grid_default\"><div class=\" columns-4 uael-woo-products-inner uael-woo-product__column-4 uael-woo-product__column-tablet-3 uael-woo-product__column-mobile-1\"><ul class=\"products columns-4\">\n\n\n<li class=\" altres rituals experi\u00e8ncies rituals post-2595 product first instock shipping-taxable purchasable product-type-variable\">\n\t<div class=\"uael-woo-product-wrapper uael-prod-auto-align-disabled\">\n\t\t<div class=\"uael-woo-products-thumbnail-wrap\"><div class=\"uael-flash-container \"><\/div><a href=\"https:\/\/www.aracalma.com\/ca\/producto\/massatge-amb-pedres-volcaniques\/\" class=\"woocommerce-LoopProduct-link woocommerce-loop-product__link\"><img loading=\"lazy\" decoding=\"async\" width=\"300\" height=\"300\" src=\"https:\/\/www.aracalma.com\/wp-content\/uploads\/2023\/09\/stone-massage-300x300.jpg\" class=\"attachment-woocommerce_thumbnail size-woocommerce_thumbnail\" alt=\"Masaje con Piedras Volc\u00e1nicas en Vilanova i la Geltr\u00fa en Ara Calma\" \/><\/a><\/div><div class=\"uael-woo-products-summary-wrap uael-auto-align-disabled\"><a href=\"https:\/\/www.aracalma.com\/ca\/producto\/massatge-amb-pedres-volcaniques\/\" class=\"uael-loop-product__link\"><h2 class=\"woocommerce-loop-product__title\">Massatge amb Pedres Volc\u00e0niques<\/h2><\/a>\n\t<span class=\"price\"><span class=\"woocommerce-Price-amount amount\" aria-hidden=\"true\"><bdi>95,00<span class=\"woocommerce-Price-currencySymbol\">&euro;<\/span><\/bdi><\/span> <span aria-hidden=\"true\">&ndash;<\/span> <span class=\"woocommerce-Price-amount amount\" aria-hidden=\"true\"><bdi>115,00<span class=\"woocommerce-Price-currencySymbol\">&euro;<\/span><\/bdi><\/span><span class=\"screen-reader-text\">Interval de preus: 95,00&euro; a 115,00&euro;<\/span><\/span>\n<a href=\"https:\/\/www.aracalma.com\/ca\/producto\/massatge-amb-pedres-volcaniques\/\" aria-describedby=\"woocommerce_loop_add_to_cart_link_describedby_2595\" data-quantity=\"1\" class=\"button product_type_variable add_to_cart_button \" data-product_id=\"2595\" data-product_sku=\"\" aria-label=\"Selecciona opcions per a &ldquo;Massatge amb Pedres Volc\u00e0niques&rdquo;\" rel=\"nofollow\">Comprar<\/a>\t<span id=\"woocommerce_loop_add_to_cart_link_describedby_2595\" class=\"screen-reader-text\">\n\t\tAquest producte t\u00e9 diverses variants. Les opcions es poden triar a la p\u00e0gina del producte\t<\/span>\n<\/div>\t<\/div>\n<\/li>\n\n\n<li class=\" altres rituals experi\u00e8ncies rituals post-2593 product  instock shipping-taxable purchasable product-type-variable\">\n\t<div class=\"uael-woo-product-wrapper uael-prod-auto-align-disabled\">\n\t\t<div class=\"uael-woo-products-thumbnail-wrap\"><div class=\"uael-flash-container \"><\/div><a href=\"https:\/\/www.aracalma.com\/ca\/producto\/ritual-luxury-experience\/\" class=\"woocommerce-LoopProduct-link woocommerce-loop-product__link\"><img loading=\"lazy\" decoding=\"async\" width=\"300\" height=\"300\" src=\"https:\/\/www.aracalma.com\/wp-content\/uploads\/2023\/09\/206009447_m_normal_none-300x300.jpg\" class=\"attachment-woocommerce_thumbnail size-woocommerce_thumbnail\" alt=\"Ritual Luxury Experience en Vilanova i la Geltr\u00fa en Ara Calma\" \/><\/a><\/div><div class=\"uael-woo-products-summary-wrap uael-auto-align-disabled\"><a href=\"https:\/\/www.aracalma.com\/ca\/producto\/ritual-luxury-experience\/\" class=\"uael-loop-product__link\"><h2 class=\"woocommerce-loop-product__title\">Ritual Luxury Experience<\/h2><\/a>\n\t<span class=\"price\"><span class=\"woocommerce-Price-amount amount\" aria-hidden=\"true\"><bdi>135,00<span class=\"woocommerce-Price-currencySymbol\">&euro;<\/span><\/bdi><\/span> <span aria-hidden=\"true\">&ndash;<\/span> <span class=\"woocommerce-Price-amount amount\" aria-hidden=\"true\"><bdi>155,00<span class=\"woocommerce-Price-currencySymbol\">&euro;<\/span><\/bdi><\/span><span class=\"screen-reader-text\">Interval de preus: 135,00&euro; a 155,00&euro;<\/span><\/span>\n<a href=\"https:\/\/www.aracalma.com\/ca\/producto\/ritual-luxury-experience\/\" aria-describedby=\"woocommerce_loop_add_to_cart_link_describedby_2593\" data-quantity=\"1\" class=\"button product_type_variable add_to_cart_button \" data-product_id=\"2593\" data-product_sku=\"\" aria-label=\"Selecciona opcions per a &ldquo;Ritual Luxury Experience&rdquo;\" rel=\"nofollow\">Comprar<\/a>\t<span id=\"woocommerce_loop_add_to_cart_link_describedby_2593\" class=\"screen-reader-text\">\n\t\tAquest producte t\u00e9 diverses variants. Les opcions es poden triar a la p\u00e0gina del producte\t<\/span>\n<\/div>\t<\/div>\n<\/li>\n\n\n<li class=\" altres rituals experi\u00e8ncies rituals post-2591 product  instock shipping-taxable purchasable product-type-variable\">\n\t<div class=\"uael-woo-product-wrapper uael-prod-auto-align-disabled\">\n\t\t<div class=\"uael-woo-products-thumbnail-wrap\"><div class=\"uael-flash-container \"><\/div><a href=\"https:\/\/www.aracalma.com\/ca\/producto\/ritual-mindfulness\/\" class=\"woocommerce-LoopProduct-link woocommerce-loop-product__link\"><img loading=\"lazy\" decoding=\"async\" width=\"300\" height=\"300\" src=\"https:\/\/www.aracalma.com\/wp-content\/uploads\/2023\/09\/masaje-relax-300x300.jpg\" class=\"attachment-woocommerce_thumbnail size-woocommerce_thumbnail\" alt=\"Ritual facial y corporal Mindfullness en Vilanova i la Geltr\u00fa en Ara Calma\" \/><\/a><\/div><div class=\"uael-woo-products-summary-wrap uael-auto-align-disabled\"><a href=\"https:\/\/www.aracalma.com\/ca\/producto\/ritual-mindfulness\/\" class=\"uael-loop-product__link\"><h2 class=\"woocommerce-loop-product__title\">Ritual Mindfulness<\/h2><\/a>\n\t<span class=\"price\"><span class=\"woocommerce-Price-amount amount\" aria-hidden=\"true\"><bdi>100,00<span class=\"woocommerce-Price-currencySymbol\">&euro;<\/span><\/bdi><\/span> <span aria-hidden=\"true\">&ndash;<\/span> <span class=\"woocommerce-Price-amount amount\" aria-hidden=\"true\"><bdi>120,00<span class=\"woocommerce-Price-currencySymbol\">&euro;<\/span><\/bdi><\/span><span class=\"screen-reader-text\">Interval de preus: 100,00&euro; a 120,00&euro;<\/span><\/span>\n<a href=\"https:\/\/www.aracalma.com\/ca\/producto\/ritual-mindfulness\/\" aria-describedby=\"woocommerce_loop_add_to_cart_link_describedby_2591\" data-quantity=\"1\" class=\"button product_type_variable add_to_cart_button \" data-product_id=\"2591\" data-product_sku=\"\" aria-label=\"Selecciona opcions per a &ldquo;Ritual Mindfulness&rdquo;\" rel=\"nofollow\">Comprar<\/a>\t<span id=\"woocommerce_loop_add_to_cart_link_describedby_2591\" class=\"screen-reader-text\">\n\t\tAquest producte t\u00e9 diverses variants. Les opcions es poden triar a la p\u00e0gina del producte\t<\/span>\n<\/div>\t<\/div>\n<\/li>\n\n\n<li class=\" altres rituals experi\u00e8ncies rituals post-2589 product last instock shipping-taxable purchasable product-type-variable\">\n\t<div class=\"uael-woo-product-wrapper uael-prod-auto-align-disabled\">\n\t\t<div class=\"uael-woo-products-thumbnail-wrap\"><div class=\"uael-flash-container \"><\/div><a href=\"https:\/\/www.aracalma.com\/ca\/producto\/ritual-hidratant-facial-corporal\/\" class=\"woocommerce-LoopProduct-link woocommerce-loop-product__link\"><img loading=\"lazy\" decoding=\"async\" width=\"300\" height=\"300\" src=\"https:\/\/www.aracalma.com\/wp-content\/uploads\/2023\/09\/75449557_m_normal_none-300x300.jpg\" class=\"attachment-woocommerce_thumbnail size-woocommerce_thumbnail\" alt=\"Ritual hidratante facial en Vilanova i la Geltr\u00fa en Ara Calma\" \/><\/a><\/div><div class=\"uael-woo-products-summary-wrap uael-auto-align-disabled\"><a href=\"https:\/\/www.aracalma.com\/ca\/producto\/ritual-hidratant-facial-corporal\/\" class=\"uael-loop-product__link\"><h2 class=\"woocommerce-loop-product__title\">Ritual Hidratant Facial &amp; Corporal<\/h2><\/a>\n\t<span class=\"price\"><span class=\"woocommerce-Price-amount amount\" aria-hidden=\"true\"><bdi>95,00<span class=\"woocommerce-Price-currencySymbol\">&euro;<\/span><\/bdi><\/span> <span aria-hidden=\"true\">&ndash;<\/span> <span class=\"woocommerce-Price-amount amount\" aria-hidden=\"true\"><bdi>115,00<span class=\"woocommerce-Price-currencySymbol\">&euro;<\/span><\/bdi><\/span><span class=\"screen-reader-text\">Interval de preus: 95,00&euro; a 115,00&euro;<\/span><\/span>\n<a href=\"https:\/\/www.aracalma.com\/ca\/producto\/ritual-hidratant-facial-corporal\/\" aria-describedby=\"woocommerce_loop_add_to_cart_link_describedby_2589\" data-quantity=\"1\" class=\"button product_type_variable add_to_cart_button \" data-product_id=\"2589\" data-product_sku=\"\" aria-label=\"Selecciona opcions per a &ldquo;Ritual Hidratant Facial &amp; Corporal&rdquo;\" rel=\"nofollow\">Comprar<\/a>\t<span id=\"woocommerce_loop_add_to_cart_link_describedby_2589\" class=\"screen-reader-text\">\n\t\tAquest producte t\u00e9 diverses variants. Les opcions es poden triar a la p\u00e0gina del producte\t<\/span>\n<\/div>\t<\/div>\n<\/li>\n\n\n<li class=\" altres rituals experi\u00e8ncies rituals post-2587 product first instock shipping-taxable purchasable product-type-variable\">\n\t<div class=\"uael-woo-product-wrapper uael-prod-auto-align-disabled\">\n\t\t<div class=\"uael-woo-products-thumbnail-wrap\"><div class=\"uael-flash-container \"><\/div><a href=\"https:\/\/www.aracalma.com\/ca\/producto\/massatge-relaxant-facial-flash\/\" class=\"woocommerce-LoopProduct-link woocommerce-loop-product__link\"><img loading=\"lazy\" decoding=\"async\" width=\"300\" height=\"300\" src=\"https:\/\/www.aracalma.com\/wp-content\/uploads\/2023\/09\/mindfullness-300x300.jpg\" class=\"attachment-woocommerce_thumbnail size-woocommerce_thumbnail\" alt=\"Masaje relajante y Facial Flash en Vilanova i la Geltr\u00fa en Ara Calma\" \/><\/a><\/div><div class=\"uael-woo-products-summary-wrap uael-auto-align-disabled\"><a href=\"https:\/\/www.aracalma.com\/ca\/producto\/massatge-relaxant-facial-flash\/\" class=\"uael-loop-product__link\"><h2 class=\"woocommerce-loop-product__title\">Massatge Relaxant &amp; Facial Flash<\/h2><\/a>\n\t<span class=\"price\"><span class=\"woocommerce-Price-amount amount\" aria-hidden=\"true\"><bdi>80,00<span class=\"woocommerce-Price-currencySymbol\">&euro;<\/span><\/bdi><\/span> <span aria-hidden=\"true\">&ndash;<\/span> <span class=\"woocommerce-Price-amount amount\" aria-hidden=\"true\"><bdi>100,00<span class=\"woocommerce-Price-currencySymbol\">&euro;<\/span><\/bdi><\/span><span class=\"screen-reader-text\">Interval de preus: 80,00&euro; a 100,00&euro;<\/span><\/span>\n<a href=\"https:\/\/www.aracalma.com\/ca\/producto\/massatge-relaxant-facial-flash\/\" aria-describedby=\"woocommerce_loop_add_to_cart_link_describedby_2587\" data-quantity=\"1\" class=\"button product_type_variable add_to_cart_button \" data-product_id=\"2587\" data-product_sku=\"\" aria-label=\"Selecciona opcions per a &ldquo;Massatge Relaxant &amp; Facial Flash&rdquo;\" rel=\"nofollow\">Comprar<\/a>\t<span id=\"woocommerce_loop_add_to_cart_link_describedby_2587\" class=\"screen-reader-text\">\n\t\tAquest producte t\u00e9 diverses variants. Les opcions es poden triar a la p\u00e0gina del producte\t<\/span>\n<\/div>\t<\/div>\n<\/li>\n<\/ul>\n<\/div><\/div>\t\t\t\t<\/div>\n\t\t\t\t<\/div>\n\t\t\t\t<\/div>\n\t\t<div class=\"elementor-element elementor-element-7ef83d0 e-con-full e-flex e-con e-parent\" data-id=\"7ef83d0\" data-element_type=\"container\" id=\"tratamientos\">\n\t\t\t\t<div class=\"elementor-element elementor-element-bdd1f43 elementor-widget elementor-widget-heading\" data-id=\"bdd1f43\" data-element_type=\"widget\" data-widget_type=\"heading.default\">\n\t\t\t\t<div class=\"elementor-widget-container\">\n\t\t\t\t\t<h3 class=\"elementor-heading-title elementor-size-default\">Tractaments Corporals<\/h3>\t\t\t\t<\/div>\n\t\t\t\t<\/div>\n\t\t\t\t<div class=\"elementor-element elementor-element-89813e9 uael-woo--align-center uael-woo-pagination-align-center uael-sale-flash-circle uael-featured-flash-circle elementor-widget elementor-widget-uael-woo-products\" data-id=\"89813e9\" data-element_type=\"widget\" data-settings=\"{&quot;products_columns&quot;:&quot;4&quot;,&quot;products_columns_tablet&quot;:&quot;3&quot;,&quot;products_columns_mobile&quot;:&quot;1&quot;,&quot;pagination_align&quot;:&quot;center&quot;}\" data-widget_type=\"uael-woo-products.grid-default\">\n\t\t\t\t<div class=\"elementor-widget-container\">\n\t\t\t\t\t<div class=\"uael-woocommerce uael-woo-products-grid uael-woo-skin-grid-default uael-woo-query-custom\" data-page=\"2646\" data-skin=\"grid_default\"><div class=\" columns-4 uael-woo-products-inner uael-woo-product__column-4 uael-woo-product__column-tablet-3 uael-woo-product__column-mobile-1\"><ul class=\"products columns-4\">\n\n\n<li class=\" experi\u00e8ncies tractaments corporals post-2603 product first instock shipping-taxable purchasable product-type-variable\">\n\t<div class=\"uael-woo-product-wrapper uael-prod-auto-align-disabled\">\n\t\t<div class=\"uael-woo-products-thumbnail-wrap\"><div class=\"uael-flash-container \"><\/div><a href=\"https:\/\/www.aracalma.com\/ca\/producto\/reafirmant-amb-maderoterapia\/\" class=\"woocommerce-LoopProduct-link woocommerce-loop-product__link\"><img loading=\"lazy\" decoding=\"async\" width=\"300\" height=\"300\" src=\"https:\/\/www.aracalma.com\/wp-content\/uploads\/2023\/09\/anti-cellulite-madero-therapy-massage-2021-08-26-16-53-31-utc-300x300.jpg\" class=\"attachment-woocommerce_thumbnail size-woocommerce_thumbnail\" alt=\"Masaje Detox, Vilanova i la Geltr\u00fa, Ara Calma\" \/><\/a><\/div><div class=\"uael-woo-products-summary-wrap uael-auto-align-disabled\"><a href=\"https:\/\/www.aracalma.com\/ca\/producto\/reafirmant-amb-maderoterapia\/\" class=\"uael-loop-product__link\"><h2 class=\"woocommerce-loop-product__title\">Reafirmant amb Maderoterapia<\/h2><\/a>\n\t<span class=\"price\"><span class=\"woocommerce-Price-amount amount\" aria-hidden=\"true\"><bdi>95,00<span class=\"woocommerce-Price-currencySymbol\">&euro;<\/span><\/bdi><\/span> <span aria-hidden=\"true\">&ndash;<\/span> <span class=\"woocommerce-Price-amount amount\" aria-hidden=\"true\"><bdi>115,00<span class=\"woocommerce-Price-currencySymbol\">&euro;<\/span><\/bdi><\/span><span class=\"screen-reader-text\">Interval de preus: 95,00&euro; a 115,00&euro;<\/span><\/span>\n<a href=\"https:\/\/www.aracalma.com\/ca\/producto\/reafirmant-amb-maderoterapia\/\" aria-describedby=\"woocommerce_loop_add_to_cart_link_describedby_2603\" data-quantity=\"1\" class=\"button product_type_variable add_to_cart_button \" data-product_id=\"2603\" data-product_sku=\"\" aria-label=\"Selecciona opcions per a &ldquo;Reafirmant amb Maderoterapia&rdquo;\" rel=\"nofollow\">Comprar<\/a>\t<span id=\"woocommerce_loop_add_to_cart_link_describedby_2603\" class=\"screen-reader-text\">\n\t\tAquest producte t\u00e9 diverses variants. Les opcions es poden triar a la p\u00e0gina del producte\t<\/span>\n<\/div>\t<\/div>\n<\/li>\n\n\n<li class=\" experi\u00e8ncies tractaments corporals post-2601 product  instock shipping-taxable purchasable product-type-variable\">\n\t<div class=\"uael-woo-product-wrapper uael-prod-auto-align-disabled\">\n\t\t<div class=\"uael-woo-products-thumbnail-wrap\"><div class=\"uael-flash-container \"><\/div><a href=\"https:\/\/www.aracalma.com\/ca\/producto\/tractament-reductor\/\" class=\"woocommerce-LoopProduct-link woocommerce-loop-product__link\"><img loading=\"lazy\" decoding=\"async\" width=\"300\" height=\"300\" src=\"https:\/\/www.aracalma.com\/wp-content\/uploads\/2023\/09\/definitiva-remodelacion-300x300.jpg\" class=\"attachment-woocommerce_thumbnail size-woocommerce_thumbnail\" alt=\"Tratamiento reductor en Vilanova y la Geltr\u00fa, Ara Calma\" \/><\/a><\/div><div class=\"uael-woo-products-summary-wrap uael-auto-align-disabled\"><a href=\"https:\/\/www.aracalma.com\/ca\/producto\/tractament-reductor\/\" class=\"uael-loop-product__link\"><h2 class=\"woocommerce-loop-product__title\">Tractament Reductor<\/h2><\/a>\n\t<span class=\"price\"><span class=\"woocommerce-Price-amount amount\" aria-hidden=\"true\"><bdi>95,00<span class=\"woocommerce-Price-currencySymbol\">&euro;<\/span><\/bdi><\/span> <span aria-hidden=\"true\">&ndash;<\/span> <span class=\"woocommerce-Price-amount amount\" aria-hidden=\"true\"><bdi>115,00<span class=\"woocommerce-Price-currencySymbol\">&euro;<\/span><\/bdi><\/span><span class=\"screen-reader-text\">Interval de preus: 95,00&euro; a 115,00&euro;<\/span><\/span>\n<a href=\"https:\/\/www.aracalma.com\/ca\/producto\/tractament-reductor\/\" aria-describedby=\"woocommerce_loop_add_to_cart_link_describedby_2601\" data-quantity=\"1\" class=\"button product_type_variable add_to_cart_button \" data-product_id=\"2601\" data-product_sku=\"\" aria-label=\"Selecciona opcions per a &ldquo;Tractament Reductor&rdquo;\" rel=\"nofollow\">Comprar<\/a>\t<span id=\"woocommerce_loop_add_to_cart_link_describedby_2601\" class=\"screen-reader-text\">\n\t\tAquest producte t\u00e9 diverses variants. Les opcions es poden triar a la p\u00e0gina del producte\t<\/span>\n<\/div>\t<\/div>\n<\/li>\n\n\n<li class=\" experi\u00e8ncies tractaments corporals post-2599 product  instock shipping-taxable purchasable product-type-variable\">\n\t<div class=\"uael-woo-product-wrapper uael-prod-auto-align-disabled\">\n\t\t<div class=\"uael-woo-products-thumbnail-wrap\"><div class=\"uael-flash-container \"><\/div><a href=\"https:\/\/www.aracalma.com\/ca\/producto\/tractament-drenant-2\/\" class=\"woocommerce-LoopProduct-link woocommerce-loop-product__link\"><img loading=\"lazy\" decoding=\"async\" width=\"300\" height=\"300\" src=\"https:\/\/www.aracalma.com\/wp-content\/uploads\/2023\/09\/definitiva-300x300.jpg\" class=\"attachment-woocommerce_thumbnail size-woocommerce_thumbnail\" alt=\"Tratamiento drenante a Vilanova y la Geltr\u00fa\" \/><\/a><\/div><div class=\"uael-woo-products-summary-wrap uael-auto-align-disabled\"><a href=\"https:\/\/www.aracalma.com\/ca\/producto\/tractament-drenant-2\/\" class=\"uael-loop-product__link\"><h2 class=\"woocommerce-loop-product__title\">Tractament Drenant<\/h2><\/a>\n\t<span class=\"price\"><span class=\"woocommerce-Price-amount amount\" aria-hidden=\"true\"><bdi>95,00<span class=\"woocommerce-Price-currencySymbol\">&euro;<\/span><\/bdi><\/span> <span aria-hidden=\"true\">&ndash;<\/span> <span class=\"woocommerce-Price-amount amount\" aria-hidden=\"true\"><bdi>115,00<span class=\"woocommerce-Price-currencySymbol\">&euro;<\/span><\/bdi><\/span><span class=\"screen-reader-text\">Interval de preus: 95,00&euro; a 115,00&euro;<\/span><\/span>\n<a href=\"https:\/\/www.aracalma.com\/ca\/producto\/tractament-drenant-2\/\" aria-describedby=\"woocommerce_loop_add_to_cart_link_describedby_2599\" data-quantity=\"1\" class=\"button product_type_variable add_to_cart_button \" data-product_id=\"2599\" data-product_sku=\"\" aria-label=\"Selecciona opcions per a &ldquo;Tractament Drenant&rdquo;\" rel=\"nofollow\">Comprar<\/a>\t<span id=\"woocommerce_loop_add_to_cart_link_describedby_2599\" class=\"screen-reader-text\">\n\t\tAquest producte t\u00e9 diverses variants. Les opcions es poden triar a la p\u00e0gina del producte\t<\/span>\n<\/div>\t<\/div>\n<\/li>\n\n\n<li class=\" experi\u00e8ncies tractaments corporals post-2597 product last instock shipping-taxable purchasable product-type-variable\">\n\t<div class=\"uael-woo-product-wrapper uael-prod-auto-align-disabled\">\n\t\t<div class=\"uael-woo-products-thumbnail-wrap\"><div class=\"uael-flash-container \"><\/div><a href=\"https:\/\/www.aracalma.com\/ca\/producto\/exfoliacio-massatge\/\" class=\"woocommerce-LoopProduct-link woocommerce-loop-product__link\"><img loading=\"lazy\" decoding=\"async\" width=\"300\" height=\"300\" src=\"https:\/\/www.aracalma.com\/wp-content\/uploads\/2023\/09\/scrub--300x300.jpg\" class=\"attachment-woocommerce_thumbnail size-woocommerce_thumbnail\" alt=\"Exfoliaci\u00f3n &amp; Masaje a Vilanova y la Geltr\u00fa\" \/><\/a><\/div><div class=\"uael-woo-products-summary-wrap uael-auto-align-disabled\"><a href=\"https:\/\/www.aracalma.com\/ca\/producto\/exfoliacio-massatge\/\" class=\"uael-loop-product__link\"><h2 class=\"woocommerce-loop-product__title\">Exfoliaci\u00f3 &amp; Massatge<\/h2><\/a>\n\t<span class=\"price\"><span class=\"woocommerce-Price-amount amount\" aria-hidden=\"true\"><bdi>95,00<span class=\"woocommerce-Price-currencySymbol\">&euro;<\/span><\/bdi><\/span> <span aria-hidden=\"true\">&ndash;<\/span> <span class=\"woocommerce-Price-amount amount\" aria-hidden=\"true\"><bdi>115,00<span class=\"woocommerce-Price-currencySymbol\">&euro;<\/span><\/bdi><\/span><span class=\"screen-reader-text\">Interval de preus: 95,00&euro; a 115,00&euro;<\/span><\/span>\n<a href=\"https:\/\/www.aracalma.com\/ca\/producto\/exfoliacio-massatge\/\" aria-describedby=\"woocommerce_loop_add_to_cart_link_describedby_2597\" data-quantity=\"1\" class=\"button product_type_variable add_to_cart_button \" data-product_id=\"2597\" data-product_sku=\"\" aria-label=\"Selecciona opcions per a &ldquo;Exfoliaci\u00f3 &amp; Massatge&rdquo;\" rel=\"nofollow\">Comprar<\/a>\t<span id=\"woocommerce_loop_add_to_cart_link_describedby_2597\" class=\"screen-reader-text\">\n\t\tAquest producte t\u00e9 diverses variants. Les opcions es poden triar a la p\u00e0gina del producte\t<\/span>\n<\/div>\t<\/div>\n<\/li>\n<\/ul>\n<\/div><\/div>\t\t\t\t<\/div>\n\t\t\t\t<\/div>\n\t\t\t\t<\/div>\n\t\t<div class=\"elementor-element elementor-element-39117fd e-con-full e-flex e-con e-parent\" data-id=\"39117fd\" data-element_type=\"container\">\n\t\t\t\t<div class=\"elementor-element elementor-element-faa53ea elementor-widget elementor-widget-heading\" data-id=\"faa53ea\" data-element_type=\"widget\" data-widget_type=\"heading.default\">\n\t\t\t\t<div class=\"elementor-widget-container\">\n\t\t\t\t\t<h3 class=\"elementor-heading-title elementor-size-default\">Tractaments Facials<\/h3>\t\t\t\t<\/div>\n\t\t\t\t<\/div>\n\t\t\t\t<div class=\"elementor-element elementor-element-f31ade6 uael-woo--align-center uael-woo-pagination-align-center uael-sale-flash-circle uael-featured-flash-circle elementor-widget elementor-widget-uael-woo-products\" data-id=\"f31ade6\" data-element_type=\"widget\" data-settings=\"{&quot;products_columns&quot;:&quot;4&quot;,&quot;products_columns_tablet&quot;:&quot;3&quot;,&quot;products_columns_mobile&quot;:&quot;1&quot;,&quot;pagination_align&quot;:&quot;center&quot;}\" data-widget_type=\"uael-woo-products.grid-default\">\n\t\t\t\t<div class=\"elementor-widget-container\">\n\t\t\t\t\t<div class=\"uael-woocommerce uael-woo-products-grid uael-woo-skin-grid-default uael-woo-query-custom\" data-page=\"2646\" data-skin=\"grid_default\"><div class=\" columns-4 uael-woo-products-inner uael-woo-product__column-4 uael-woo-product__column-tablet-3 uael-woo-product__column-mobile-1\"><ul class=\"products columns-4\">\n\n\n<li class=\" tractaments facials post-7046 product first instock shipping-taxable purchasable product-type-variable\">\n\t<div class=\"uael-woo-product-wrapper uael-prod-auto-align-disabled\">\n\t\t<div class=\"uael-woo-products-thumbnail-wrap\"><div class=\"uael-flash-container \"><\/div><a href=\"https:\/\/www.aracalma.com\/ca\/producto\/organic-timeless-glowritual-anti-edat-amb-oli-organic\/\" class=\"woocommerce-LoopProduct-link woocommerce-loop-product__link\"><img loading=\"lazy\" decoding=\"async\" width=\"300\" height=\"300\" src=\"https:\/\/www.aracalma.com\/wp-content\/uploads\/2026\/03\/foto-web-AC-facial-300x300.jpg\" class=\"attachment-woocommerce_thumbnail size-woocommerce_thumbnail\" alt=\"Tractament facial org\u00e0nic\" \/><\/a><\/div><div class=\"uael-woo-products-summary-wrap uael-auto-align-disabled\"><a href=\"https:\/\/www.aracalma.com\/ca\/producto\/organic-timeless-glowritual-anti-edat-amb-oli-organic\/\" class=\"uael-loop-product__link\"><h2 class=\"woocommerce-loop-product__title\">Organic Timeless Glow:Ritual Anti-Edat amb Oli Org\u00e0nic<\/h2><\/a>\n\t<span class=\"price\"><span class=\"woocommerce-Price-amount amount\" aria-hidden=\"true\"><bdi>85,00<span class=\"woocommerce-Price-currencySymbol\">&euro;<\/span><\/bdi><\/span> <span aria-hidden=\"true\">&ndash;<\/span> <span class=\"woocommerce-Price-amount amount\" aria-hidden=\"true\"><bdi>105,00<span class=\"woocommerce-Price-currencySymbol\">&euro;<\/span><\/bdi><\/span><span class=\"screen-reader-text\">Interval de preus: 85,00&euro; a 105,00&euro;<\/span><\/span>\n<a href=\"https:\/\/www.aracalma.com\/ca\/producto\/organic-timeless-glowritual-anti-edat-amb-oli-organic\/\" aria-describedby=\"woocommerce_loop_add_to_cart_link_describedby_7046\" data-quantity=\"1\" class=\"button product_type_variable add_to_cart_button \" data-product_id=\"7046\" data-product_sku=\"\" aria-label=\"Selecciona opcions per a &ldquo;Organic Timeless Glow:Ritual Anti-Edat amb Oli Org\u00e0nic&rdquo;\" rel=\"nofollow\">Comprar<\/a>\t<span id=\"woocommerce_loop_add_to_cart_link_describedby_7046\" class=\"screen-reader-text\">\n\t\tAquest producte t\u00e9 diverses variants. Les opcions es poden triar a la p\u00e0gina del producte\t<\/span>\n<\/div>\t<\/div>\n<\/li>\n\n\n<li class=\" experi\u00e8ncies tractaments facials post-5779 product  instock shipping-taxable purchasable product-type-variable\">\n\t<div class=\"uael-woo-product-wrapper uael-prod-auto-align-disabled\">\n\t\t<div class=\"uael-woo-products-thumbnail-wrap\"><div class=\"uael-flash-container \"><\/div><a href=\"https:\/\/www.aracalma.com\/ca\/producto\/tractament-hydra-defense\/\" class=\"woocommerce-LoopProduct-link woocommerce-loop-product__link\"><img loading=\"lazy\" decoding=\"async\" width=\"300\" height=\"300\" src=\"https:\/\/www.aracalma.com\/wp-content\/uploads\/2025\/03\/Tratamiento-Hydra-Defense-300x300.jpg\" class=\"attachment-woocommerce_thumbnail size-woocommerce_thumbnail\" alt=\"Tractament Hydra Defe\u0300nse\" \/><\/a><\/div><div class=\"uael-woo-products-summary-wrap uael-auto-align-disabled\"><a href=\"https:\/\/www.aracalma.com\/ca\/producto\/tractament-hydra-defense\/\" class=\"uael-loop-product__link\"><h2 class=\"woocommerce-loop-product__title\">Tractament Hydra D\u00e9fense<\/h2><\/a>\n\t<span class=\"price\"><span class=\"woocommerce-Price-amount amount\" aria-hidden=\"true\"><bdi>95,00<span class=\"woocommerce-Price-currencySymbol\">&euro;<\/span><\/bdi><\/span> <span aria-hidden=\"true\">&ndash;<\/span> <span class=\"woocommerce-Price-amount amount\" aria-hidden=\"true\"><bdi>513,00<span class=\"woocommerce-Price-currencySymbol\">&euro;<\/span><\/bdi><\/span><span class=\"screen-reader-text\">Interval de preus: 95,00&euro; a 513,00&euro;<\/span><\/span>\n<a href=\"https:\/\/www.aracalma.com\/ca\/producto\/tractament-hydra-defense\/\" aria-describedby=\"woocommerce_loop_add_to_cart_link_describedby_5779\" data-quantity=\"1\" class=\"button product_type_variable add_to_cart_button \" data-product_id=\"5779\" data-product_sku=\"\" aria-label=\"Selecciona opcions per a &ldquo;Tractament Hydra D\u00e9fense&rdquo;\" rel=\"nofollow\">Comprar<\/a>\t<span id=\"woocommerce_loop_add_to_cart_link_describedby_5779\" class=\"screen-reader-text\">\n\t\tAquest producte t\u00e9 diverses variants. Les opcions es poden triar a la p\u00e0gina del producte\t<\/span>\n<\/div>\t<\/div>\n<\/li>\n\n\n<li class=\" experi\u00e8ncies tractaments facials post-2642 product  instock shipping-taxable purchasable product-type-variable\">\n\t<div class=\"uael-woo-product-wrapper uael-prod-auto-align-disabled\">\n\t\t<div class=\"uael-woo-products-thumbnail-wrap\"><div class=\"uael-flash-container \"><\/div><a href=\"https:\/\/www.aracalma.com\/ca\/producto\/aquapure\/\" class=\"woocommerce-LoopProduct-link woocommerce-loop-product__link\"><img loading=\"lazy\" decoding=\"async\" width=\"300\" height=\"300\" src=\"https:\/\/www.aracalma.com\/wp-content\/uploads\/2023\/10\/Aquapure-300x300.jpg\" class=\"attachment-woocommerce_thumbnail size-woocommerce_thumbnail\" alt=\"Tractament d&#039;Aquapure a AraCalma Vilanova i la Geltr\u00fa\" \/><\/a><\/div><div class=\"uael-woo-products-summary-wrap uael-auto-align-disabled\"><a href=\"https:\/\/www.aracalma.com\/ca\/producto\/aquapure\/\" class=\"uael-loop-product__link\"><h2 class=\"woocommerce-loop-product__title\">Aquapure<\/h2><\/a>\n\t<span class=\"price\"><span class=\"woocommerce-Price-amount amount\" aria-hidden=\"true\"><bdi>110,00<span class=\"woocommerce-Price-currencySymbol\">&euro;<\/span><\/bdi><\/span> <span aria-hidden=\"true\">&ndash;<\/span> <span class=\"woocommerce-Price-amount amount\" aria-hidden=\"true\"><bdi>130,00<span class=\"woocommerce-Price-currencySymbol\">&euro;<\/span><\/bdi><\/span><span class=\"screen-reader-text\">Interval de preus: 110,00&euro; a 130,00&euro;<\/span><\/span>\n<a href=\"https:\/\/www.aracalma.com\/ca\/producto\/aquapure\/\" aria-describedby=\"woocommerce_loop_add_to_cart_link_describedby_2642\" data-quantity=\"1\" class=\"button product_type_variable add_to_cart_button \" data-product_id=\"2642\" data-product_sku=\"\" aria-label=\"Selecciona opcions per a &ldquo;Aquapure&rdquo;\" rel=\"nofollow\">Comprar<\/a>\t<span id=\"woocommerce_loop_add_to_cart_link_describedby_2642\" class=\"screen-reader-text\">\n\t\tAquest producte t\u00e9 diverses variants. Les opcions es poden triar a la p\u00e0gina del producte\t<\/span>\n<\/div>\t<\/div>\n<\/li>\n\n\n<li class=\" experi\u00e8ncies tractaments facials post-2617 product last instock shipping-taxable purchasable product-type-variable\">\n\t<div class=\"uael-woo-product-wrapper uael-prod-auto-align-disabled\">\n\t\t<div class=\"uael-woo-products-thumbnail-wrap\"><div class=\"uael-flash-container \"><\/div><a href=\"https:\/\/www.aracalma.com\/ca\/producto\/massatge-floral-amb-pindes\/\" class=\"woocommerce-LoopProduct-link woocommerce-loop-product__link\"><img loading=\"lazy\" decoding=\"async\" width=\"300\" height=\"300\" src=\"https:\/\/www.aracalma.com\/wp-content\/uploads\/2023\/10\/kisaku-masaje-300x300.jpg\" class=\"attachment-woocommerce_thumbnail size-woocommerce_thumbnail\" alt=\"Massatge floral amb pindes, AraCalma Vilanova i la Geltr\u00fa\" \/><\/a><\/div><div class=\"uael-woo-products-summary-wrap uael-auto-align-disabled\"><a href=\"https:\/\/www.aracalma.com\/ca\/producto\/massatge-floral-amb-pindes\/\" class=\"uael-loop-product__link\"><h2 class=\"woocommerce-loop-product__title\">Massatge floral amb pindes<\/h2><\/a>\n\t<span class=\"price\"><span class=\"woocommerce-Price-amount amount\" aria-hidden=\"true\"><bdi>65,00<span class=\"woocommerce-Price-currencySymbol\">&euro;<\/span><\/bdi><\/span> <span aria-hidden=\"true\">&ndash;<\/span> <span class=\"woocommerce-Price-amount amount\" aria-hidden=\"true\"><bdi>85,00<span class=\"woocommerce-Price-currencySymbol\">&euro;<\/span><\/bdi><\/span><span class=\"screen-reader-text\">Interval de preus: 65,00&euro; a 85,00&euro;<\/span><\/span>\n<a href=\"https:\/\/www.aracalma.com\/ca\/producto\/massatge-floral-amb-pindes\/\" aria-describedby=\"woocommerce_loop_add_to_cart_link_describedby_2617\" data-quantity=\"1\" class=\"button product_type_variable add_to_cart_button \" data-product_id=\"2617\" data-product_sku=\"\" aria-label=\"Selecciona opcions per a &ldquo;Massatge floral amb pindes&rdquo;\" rel=\"nofollow\">Comprar<\/a>\t<span id=\"woocommerce_loop_add_to_cart_link_describedby_2617\" class=\"screen-reader-text\">\n\t\tAquest producte t\u00e9 diverses variants. Les opcions es poden triar a la p\u00e0gina del producte\t<\/span>\n<\/div>\t<\/div>\n<\/li>\n\n\n<li class=\" experi\u00e8ncies tractaments facials post-2615 product first instock shipping-taxable purchasable product-type-variable\">\n\t<div class=\"uael-woo-product-wrapper uael-prod-auto-align-disabled\">\n\t\t<div class=\"uael-woo-products-thumbnail-wrap\"><div class=\"uael-flash-container \"><\/div><a href=\"https:\/\/www.aracalma.com\/ca\/producto\/pell-madura\/\" class=\"woocommerce-LoopProduct-link woocommerce-loop-product__link\"><img loading=\"lazy\" decoding=\"async\" width=\"300\" height=\"300\" src=\"https:\/\/www.aracalma.com\/wp-content\/uploads\/2023\/10\/facial-hombre-300x300.jpg\" class=\"attachment-woocommerce_thumbnail size-woocommerce_thumbnail\" alt=\"Massatge facial per home, AraCalma Vilanova i la Geltr\u00fa\" \/><\/a><\/div><div class=\"uael-woo-products-summary-wrap uael-auto-align-disabled\"><a href=\"https:\/\/www.aracalma.com\/ca\/producto\/pell-madura\/\" class=\"uael-loop-product__link\"><h2 class=\"woocommerce-loop-product__title\">Pell Madura<\/h2><\/a>\n\t<span class=\"price\"><span class=\"woocommerce-Price-amount amount\" aria-hidden=\"true\"><bdi>100,00<span class=\"woocommerce-Price-currencySymbol\">&euro;<\/span><\/bdi><\/span> <span aria-hidden=\"true\">&ndash;<\/span> <span class=\"woocommerce-Price-amount amount\" aria-hidden=\"true\"><bdi>120,00<span class=\"woocommerce-Price-currencySymbol\">&euro;<\/span><\/bdi><\/span><span class=\"screen-reader-text\">Interval de preus: 100,00&euro; a 120,00&euro;<\/span><\/span>\n<a href=\"https:\/\/www.aracalma.com\/ca\/producto\/pell-madura\/\" aria-describedby=\"woocommerce_loop_add_to_cart_link_describedby_2615\" data-quantity=\"1\" class=\"button product_type_variable add_to_cart_button \" data-product_id=\"2615\" data-product_sku=\"\" aria-label=\"Selecciona opcions per a &ldquo;Pell Madura&rdquo;\" rel=\"nofollow\">Comprar<\/a>\t<span id=\"woocommerce_loop_add_to_cart_link_describedby_2615\" class=\"screen-reader-text\">\n\t\tAquest producte t\u00e9 diverses variants. Les opcions es poden triar a la p\u00e0gina del producte\t<\/span>\n<\/div>\t<\/div>\n<\/li>\n\n\n<li class=\" experi\u00e8ncies tractaments facials post-2613 product  instock shipping-taxable purchasable product-type-variable\">\n\t<div class=\"uael-woo-product-wrapper uael-prod-auto-align-disabled\">\n\t\t<div class=\"uael-woo-products-thumbnail-wrap\"><div class=\"uael-flash-container \"><\/div><a href=\"https:\/\/www.aracalma.com\/ca\/producto\/facial-reafirmant-2\/\" class=\"woocommerce-LoopProduct-link woocommerce-loop-product__link\"><img loading=\"lazy\" decoding=\"async\" width=\"300\" height=\"300\" src=\"https:\/\/www.aracalma.com\/wp-content\/uploads\/2023\/10\/beautician-applying-facial-mask-to-woman-at-spa-2022-12-16-09-37-23-utc-300x300.jpg\" class=\"attachment-woocommerce_thumbnail size-woocommerce_thumbnail\" alt=\"Tractament facial reafirmant a Vilanova i la Geltr\u00fa, AraCalma\" \/><\/a><\/div><div class=\"uael-woo-products-summary-wrap uael-auto-align-disabled\"><a href=\"https:\/\/www.aracalma.com\/ca\/producto\/facial-reafirmant-2\/\" class=\"uael-loop-product__link\"><h2 class=\"woocommerce-loop-product__title\">Facial Reafirmant<\/h2><\/a>\n\t<span class=\"price\"><span class=\"woocommerce-Price-amount amount\" aria-hidden=\"true\"><bdi>100,00<span class=\"woocommerce-Price-currencySymbol\">&euro;<\/span><\/bdi><\/span> <span aria-hidden=\"true\">&ndash;<\/span> <span class=\"woocommerce-Price-amount amount\" aria-hidden=\"true\"><bdi>120,00<span class=\"woocommerce-Price-currencySymbol\">&euro;<\/span><\/bdi><\/span><span class=\"screen-reader-text\">Interval de preus: 100,00&euro; a 120,00&euro;<\/span><\/span>\n<a href=\"https:\/\/www.aracalma.com\/ca\/producto\/facial-reafirmant-2\/\" aria-describedby=\"woocommerce_loop_add_to_cart_link_describedby_2613\" data-quantity=\"1\" class=\"button product_type_variable add_to_cart_button \" data-product_id=\"2613\" data-product_sku=\"\" aria-label=\"Selecciona opcions per a &ldquo;Facial Reafirmant&rdquo;\" rel=\"nofollow\">Comprar<\/a>\t<span id=\"woocommerce_loop_add_to_cart_link_describedby_2613\" class=\"screen-reader-text\">\n\t\tAquest producte t\u00e9 diverses variants. Les opcions es poden triar a la p\u00e0gina del producte\t<\/span>\n<\/div>\t<\/div>\n<\/li>\n\n\n<li class=\" experi\u00e8ncies tractaments facials post-2611 product  instock shipping-taxable purchasable product-type-variable\">\n\t<div class=\"uael-woo-product-wrapper uael-prod-auto-align-disabled\">\n\t\t<div class=\"uael-woo-products-thumbnail-wrap\"><div class=\"uael-flash-container \"><\/div><a href=\"https:\/\/www.aracalma.com\/ca\/producto\/tractament-pell-grasa\/\" class=\"woocommerce-LoopProduct-link woocommerce-loop-product__link\"><img loading=\"lazy\" decoding=\"async\" width=\"300\" height=\"300\" src=\"https:\/\/www.aracalma.com\/wp-content\/uploads\/2023\/10\/herbal-facial-300x300.jpg\" class=\"attachment-woocommerce_thumbnail size-woocommerce_thumbnail\" alt=\"Tractament pell grassa a AraCalma Vilanova i la Geltr\u00fa\" \/><\/a><\/div><div class=\"uael-woo-products-summary-wrap uael-auto-align-disabled\"><a href=\"https:\/\/www.aracalma.com\/ca\/producto\/tractament-pell-grasa\/\" class=\"uael-loop-product__link\"><h2 class=\"woocommerce-loop-product__title\">Tractament Pell Grasa<\/h2><\/a>\n\t<span class=\"price\"><span class=\"woocommerce-Price-amount amount\" aria-hidden=\"true\"><bdi>100,00<span class=\"woocommerce-Price-currencySymbol\">&euro;<\/span><\/bdi><\/span> <span aria-hidden=\"true\">&ndash;<\/span> <span class=\"woocommerce-Price-amount amount\" aria-hidden=\"true\"><bdi>120,00<span class=\"woocommerce-Price-currencySymbol\">&euro;<\/span><\/bdi><\/span><span class=\"screen-reader-text\">Interval de preus: 100,00&euro; a 120,00&euro;<\/span><\/span>\n<a href=\"https:\/\/www.aracalma.com\/ca\/producto\/tractament-pell-grasa\/\" aria-describedby=\"woocommerce_loop_add_to_cart_link_describedby_2611\" data-quantity=\"1\" class=\"button product_type_variable add_to_cart_button \" data-product_id=\"2611\" data-product_sku=\"\" aria-label=\"Selecciona opcions per a &ldquo;Tractament Pell Grasa&rdquo;\" rel=\"nofollow\">Comprar<\/a>\t<span id=\"woocommerce_loop_add_to_cart_link_describedby_2611\" class=\"screen-reader-text\">\n\t\tAquest producte t\u00e9 diverses variants. Les opcions es poden triar a la p\u00e0gina del producte\t<\/span>\n<\/div>\t<\/div>\n<\/li>\n\n\n<li class=\" experi\u00e8ncies tractaments facials post-2609 product last instock shipping-taxable purchasable product-type-variable\">\n\t<div class=\"uael-woo-product-wrapper uael-prod-auto-align-disabled\">\n\t\t<div class=\"uael-woo-products-thumbnail-wrap\"><div class=\"uael-flash-container \"><\/div><a href=\"https:\/\/www.aracalma.com\/ca\/producto\/tractament-drenant\/\" class=\"woocommerce-LoopProduct-link woocommerce-loop-product__link\"><img loading=\"lazy\" decoding=\"async\" width=\"300\" height=\"300\" src=\"https:\/\/www.aracalma.com\/wp-content\/uploads\/2023\/10\/facial-detox-300x300.jpg\" class=\"attachment-woocommerce_thumbnail size-woocommerce_thumbnail\" alt=\"Tractament facial detox a AraCalma Vilanova i la Geltr\u00fa\" \/><\/a><\/div><div class=\"uael-woo-products-summary-wrap uael-auto-align-disabled\"><a href=\"https:\/\/www.aracalma.com\/ca\/producto\/tractament-drenant\/\" class=\"uael-loop-product__link\"><h2 class=\"woocommerce-loop-product__title\">Tractament Drenant<\/h2><\/a>\n\t<span class=\"price\"><span class=\"woocommerce-Price-amount amount\" aria-hidden=\"true\"><bdi>85,00<span class=\"woocommerce-Price-currencySymbol\">&euro;<\/span><\/bdi><\/span> <span aria-hidden=\"true\">&ndash;<\/span> <span class=\"woocommerce-Price-amount amount\" aria-hidden=\"true\"><bdi>105,00<span class=\"woocommerce-Price-currencySymbol\">&euro;<\/span><\/bdi><\/span><span class=\"screen-reader-text\">Interval de preus: 85,00&euro; a 105,00&euro;<\/span><\/span>\n<a href=\"https:\/\/www.aracalma.com\/ca\/producto\/tractament-drenant\/\" aria-describedby=\"woocommerce_loop_add_to_cart_link_describedby_2609\" data-quantity=\"1\" class=\"button product_type_variable add_to_cart_button \" data-product_id=\"2609\" data-product_sku=\"\" aria-label=\"Selecciona opcions per a &ldquo;Tractament Drenant&rdquo;\" rel=\"nofollow\">Comprar<\/a>\t<span id=\"woocommerce_loop_add_to_cart_link_describedby_2609\" class=\"screen-reader-text\">\n\t\tAquest producte t\u00e9 diverses variants. Les opcions es poden triar a la p\u00e0gina del producte\t<\/span>\n<\/div>\t<\/div>\n<\/li>\n\n\n<li class=\" experi\u00e8ncies tractaments facials post-2607 product first instock shipping-taxable purchasable product-type-variable\">\n\t<div class=\"uael-woo-product-wrapper uael-prod-auto-align-disabled\">\n\t\t<div class=\"uael-woo-products-thumbnail-wrap\"><div class=\"uael-flash-container \"><\/div><a href=\"https:\/\/www.aracalma.com\/ca\/producto\/hygiene-parfaite\/\" class=\"woocommerce-LoopProduct-link woocommerce-loop-product__link\"><img loading=\"lazy\" decoding=\"async\" width=\"300\" height=\"300\" src=\"https:\/\/www.aracalma.com\/wp-content\/uploads\/2023\/10\/Higiene-perfecta-300x300.jpg\" class=\"attachment-woocommerce_thumbnail size-woocommerce_thumbnail\" alt=\"Higiene facial perfecte a AraCalma Vilanova i la Geltr\u00fa\" \/><\/a><\/div><div class=\"uael-woo-products-summary-wrap uael-auto-align-disabled\"><a href=\"https:\/\/www.aracalma.com\/ca\/producto\/hygiene-parfaite\/\" class=\"uael-loop-product__link\"><h2 class=\"woocommerce-loop-product__title\">Hygiene Parfaite<\/h2><\/a>\n\t<span class=\"price\"><span class=\"woocommerce-Price-amount amount\" aria-hidden=\"true\"><bdi>95,00<span class=\"woocommerce-Price-currencySymbol\">&euro;<\/span><\/bdi><\/span> <span aria-hidden=\"true\">&ndash;<\/span> <span class=\"woocommerce-Price-amount amount\" aria-hidden=\"true\"><bdi>115,00<span class=\"woocommerce-Price-currencySymbol\">&euro;<\/span><\/bdi><\/span><span class=\"screen-reader-text\">Interval de preus: 95,00&euro; a 115,00&euro;<\/span><\/span>\n<a href=\"https:\/\/www.aracalma.com\/ca\/producto\/hygiene-parfaite\/\" aria-describedby=\"woocommerce_loop_add_to_cart_link_describedby_2607\" data-quantity=\"1\" class=\"button product_type_variable add_to_cart_button \" data-product_id=\"2607\" data-product_sku=\"\" aria-label=\"Selecciona opcions per a &ldquo;Hygiene Parfaite&rdquo;\" rel=\"nofollow\">Comprar<\/a>\t<span id=\"woocommerce_loop_add_to_cart_link_describedby_2607\" class=\"screen-reader-text\">\n\t\tAquest producte t\u00e9 diverses variants. Les opcions es poden triar a la p\u00e0gina del producte\t<\/span>\n<\/div>\t<\/div>\n<\/li>\n\n\n<li class=\" experi\u00e8ncies tractaments facials post-2605 product  instock shipping-taxable purchasable product-type-variable\">\n\t<div class=\"uael-woo-product-wrapper uael-prod-auto-align-disabled\">\n\t\t<div class=\"uael-woo-products-thumbnail-wrap\"><div class=\"uael-flash-container \"><\/div><a href=\"https:\/\/www.aracalma.com\/ca\/producto\/higiene-facial\/\" class=\"woocommerce-LoopProduct-link woocommerce-loop-product__link\"><img loading=\"lazy\" decoding=\"async\" width=\"300\" height=\"300\" src=\"https:\/\/www.aracalma.com\/wp-content\/uploads\/2023\/10\/higiene-facial--300x300.jpg\" class=\"attachment-woocommerce_thumbnail size-woocommerce_thumbnail\" alt=\"Higiene facial a Vilanova i la Geltr\u00fa, Ara Calma\" \/><\/a><\/div><div class=\"uael-woo-products-summary-wrap uael-auto-align-disabled\"><a href=\"https:\/\/www.aracalma.com\/ca\/producto\/higiene-facial\/\" class=\"uael-loop-product__link\"><h2 class=\"woocommerce-loop-product__title\">Higiene Facial<\/h2><\/a>\n\t<span class=\"price\"><span class=\"woocommerce-Price-amount amount\" aria-hidden=\"true\"><bdi>75,00<span class=\"woocommerce-Price-currencySymbol\">&euro;<\/span><\/bdi><\/span> <span aria-hidden=\"true\">&ndash;<\/span> <span class=\"woocommerce-Price-amount amount\" aria-hidden=\"true\"><bdi>95,00<span class=\"woocommerce-Price-currencySymbol\">&euro;<\/span><\/bdi><\/span><span class=\"screen-reader-text\">Interval de preus: 75,00&euro; a 95,00&euro;<\/span><\/span>\n<a href=\"https:\/\/www.aracalma.com\/ca\/producto\/higiene-facial\/\" aria-describedby=\"woocommerce_loop_add_to_cart_link_describedby_2605\" data-quantity=\"1\" class=\"button product_type_variable add_to_cart_button \" data-product_id=\"2605\" data-product_sku=\"\" aria-label=\"Selecciona opcions per a &ldquo;Higiene Facial&rdquo;\" rel=\"nofollow\">Comprar<\/a>\t<span id=\"woocommerce_loop_add_to_cart_link_describedby_2605\" class=\"screen-reader-text\">\n\t\tAquest producte t\u00e9 diverses variants. Les opcions es poden triar a la p\u00e0gina del producte\t<\/span>\n<\/div>\t<\/div>\n<\/li>\n<\/ul>\n<\/div><\/div>\t\t\t\t<\/div>\n\t\t\t\t<\/div>\n\t\t\t\t<\/div>\n\t\t<div class=\"elementor-element elementor-element-c0ef773 e-con-full e-flex e-con e-parent\" data-id=\"c0ef773\" data-element_type=\"container\">\n\t\t\t\t<div class=\"elementor-element elementor-element-e25d6c2 elementor-widget elementor-widget-heading\" data-id=\"e25d6c2\" data-element_type=\"widget\" data-widget_type=\"heading.default\">\n\t\t\t\t<div class=\"elementor-widget-container\">\n\t\t\t\t\t<h3 class=\"elementor-heading-title elementor-size-default\">Sauna<\/h3>\t\t\t\t<\/div>\n\t\t\t\t<\/div>\n\t\t\t\t<div class=\"elementor-element elementor-element-55069ee uael-woo--align-center uael-woo-pagination-align-center uael-sale-flash-circle uael-featured-flash-circle elementor-widget elementor-widget-uael-woo-products\" data-id=\"55069ee\" data-element_type=\"widget\" data-settings=\"{&quot;products_columns&quot;:&quot;4&quot;,&quot;products_columns_tablet&quot;:&quot;3&quot;,&quot;products_columns_mobile&quot;:&quot;1&quot;,&quot;pagination_align&quot;:&quot;center&quot;}\" data-widget_type=\"uael-woo-products.grid-default\">\n\t\t\t\t<div class=\"elementor-widget-container\">\n\t\t\t\t\t<div class=\"uael-woocommerce uael-woo-products-grid uael-woo-skin-grid-default uael-woo-query-custom\" data-page=\"2646\" data-skin=\"grid_default\"><div class=\" columns-4 uael-woo-products-inner uael-woo-product__column-4 uael-woo-product__column-tablet-3 uael-woo-product__column-mobile-1\"><ul class=\"products columns-4\">\n\n\n<li class=\" experi\u00e8ncies sauna post-2643 product first instock virtual purchasable product-type-simple\">\n\t<div class=\"uael-woo-product-wrapper uael-prod-auto-align-disabled\">\n\t\t<div class=\"uael-woo-products-thumbnail-wrap\"><div class=\"uael-flash-container \"><\/div><a href=\"https:\/\/www.aracalma.com\/ca\/producto\/sauna-finlandesa-vilanova-i-la-geltru\/\" class=\"woocommerce-LoopProduct-link woocommerce-loop-product__link\"><img loading=\"lazy\" decoding=\"async\" width=\"300\" height=\"300\" src=\"https:\/\/www.aracalma.com\/wp-content\/uploads\/2023\/06\/sauna-botiga-300x300.jpg\" class=\"attachment-woocommerce_thumbnail size-woocommerce_thumbnail\" alt=\"Sauna Finlandesa a Vilanova i la Geltr\u00fa, AraCalma\" \/><\/a><\/div><div class=\"uael-woo-products-summary-wrap uael-auto-align-disabled\"><a href=\"https:\/\/www.aracalma.com\/ca\/producto\/sauna-finlandesa-vilanova-i-la-geltru\/\" class=\"uael-loop-product__link\"><h2 class=\"woocommerce-loop-product__title\">Sauna Finlandesa Vilanova i la Geltr\u00fa<\/h2><\/a>\n\t<span class=\"price\"><span class=\"woocommerce-Price-amount amount\"><bdi>175,00<span class=\"woocommerce-Price-currencySymbol\">&euro;<\/span><\/bdi><\/span><\/span>\n<a href=\"https:\/\/www.aracalma.com\/ca\/producto\/sauna-finlandesa-vilanova-i-la-geltru\/\" rel=\"nofollow\" data-product_id=\"2643\" data-product_sku=\"\" class=\"button add_to_cart_button product_type_variable\">Comprar<\/a>\t<span id=\"woocommerce_loop_add_to_cart_link_describedby_2643\" class=\"screen-reader-text\">\n\t\t\t<\/span>\n<\/div>\t<\/div>\n<\/li>\n<\/ul>\n<\/div><\/div>\t\t\t\t<\/div>\n\t\t\t\t<\/div>\n\t\t\t\t<\/div>\n\t\t<div class=\"elementor-element elementor-element-bfc5d2b e-con-full e-flex e-con e-parent\" data-id=\"bfc5d2b\" data-element_type=\"container\">\n\t\t\t\t<div class=\"elementor-element elementor-element-6ece9cb elementor-widget elementor-widget-heading\" data-id=\"6ece9cb\" data-element_type=\"widget\" data-widget_type=\"heading.default\">\n\t\t\t\t<div class=\"elementor-widget-container\">\n\t\t\t\t\t<h2 class=\"elementor-heading-title elementor-size-default\">Especialitats<\/h2>\t\t\t\t<\/div>\n\t\t\t\t<\/div>\n\t\t\t\t<div class=\"elementor-element elementor-element-54a2af0 elementor-widget elementor-widget-heading\" data-id=\"54a2af0\" data-element_type=\"widget\" data-widget_type=\"heading.default\">\n\t\t\t\t<div class=\"elementor-widget-container\">\n\t\t\t\t\t<h3 class=\"elementor-heading-title elementor-size-default\">Rejoveniment<\/h3>\t\t\t\t<\/div>\n\t\t\t\t<\/div>\n\t\t\t\t<div class=\"elementor-element elementor-element-81df0b7 uael-woo--align-center uael-woo-pagination-align-center uael-sale-flash-circle uael-featured-flash-circle elementor-widget elementor-widget-uael-woo-products\" data-id=\"81df0b7\" data-element_type=\"widget\" data-settings=\"{&quot;products_columns&quot;:&quot;4&quot;,&quot;products_columns_tablet&quot;:&quot;3&quot;,&quot;products_columns_mobile&quot;:&quot;1&quot;,&quot;pagination_align&quot;:&quot;center&quot;}\" data-widget_type=\"uael-woo-products.grid-default\">\n\t\t\t\t<div class=\"elementor-widget-container\">\n\t\t\t\t\t<div class=\"uael-woocommerce uael-woo-products-grid uael-woo-skin-grid-default uael-woo-query-custom\" data-page=\"2646\" data-skin=\"grid_default\"><div class=\" columns-4 uael-woo-products-inner uael-woo-product__column-4 uael-woo-product__column-tablet-3 uael-woo-product__column-mobile-1\"><ul class=\"products columns-4\">\n\n\n<li class=\" age treatments solutions rejoveniment post-6100 product first instock shipping-taxable purchasable product-type-variable\">\n\t<div class=\"uael-woo-product-wrapper uael-prod-auto-align-disabled\">\n\t\t<div class=\"uael-woo-products-thumbnail-wrap\"><div class=\"uael-flash-container \"><\/div><a href=\"https:\/\/www.aracalma.com\/ca\/producto\/skinretin-xpert\/\" class=\"woocommerce-LoopProduct-link woocommerce-loop-product__link\"><img loading=\"lazy\" decoding=\"async\" width=\"300\" height=\"300\" src=\"https:\/\/www.aracalma.com\/wp-content\/uploads\/2025\/05\/Skinretin-Tratamiento-300x300.jpg\" class=\"attachment-woocommerce_thumbnail size-woocommerce_thumbnail\" alt=\"Skinretin\" \/><\/a><\/div><div class=\"uael-woo-products-summary-wrap uael-auto-align-disabled\"><a href=\"https:\/\/www.aracalma.com\/ca\/producto\/skinretin-xpert\/\" class=\"uael-loop-product__link\"><h2 class=\"woocommerce-loop-product__title\">Skinretin Xpert<\/h2><\/a>\n\t<span class=\"price\"><span class=\"woocommerce-Price-amount amount\" aria-hidden=\"true\"><bdi>90,00<span class=\"woocommerce-Price-currencySymbol\">&euro;<\/span><\/bdi><\/span> <span aria-hidden=\"true\">&ndash;<\/span> <span class=\"woocommerce-Price-amount amount\" aria-hidden=\"true\"><bdi>405,00<span class=\"woocommerce-Price-currencySymbol\">&euro;<\/span><\/bdi><\/span><span class=\"screen-reader-text\">Interval de preus: 90,00&euro; a 405,00&euro;<\/span><\/span>\n<a href=\"https:\/\/www.aracalma.com\/ca\/producto\/skinretin-xpert\/\" aria-describedby=\"woocommerce_loop_add_to_cart_link_describedby_6100\" data-quantity=\"1\" class=\"button product_type_variable add_to_cart_button \" data-product_id=\"6100\" data-product_sku=\"\" aria-label=\"Selecciona opcions per a &ldquo;Skinretin Xpert&rdquo;\" rel=\"nofollow\">Comprar<\/a>\t<span id=\"woocommerce_loop_add_to_cart_link_describedby_6100\" class=\"screen-reader-text\">\n\t\tAquest producte t\u00e9 diverses variants. Les opcions es poden triar a la p\u00e0gina del producte\t<\/span>\n<\/div>\t<\/div>\n<\/li>\n\n\n<li class=\" age treatments solutions rejuvenecimiento post-6082 product  instock shipping-taxable purchasable product-type-variable\">\n\t<div class=\"uael-woo-product-wrapper uael-prod-auto-align-disabled\">\n\t\t<div class=\"uael-woo-products-thumbnail-wrap\"><div class=\"uael-flash-container \"><\/div><a href=\"https:\/\/www.aracalma.com\/ca\/producto\/skinretin-xpert\/\" class=\"woocommerce-LoopProduct-link woocommerce-loop-product__link\"><img loading=\"lazy\" decoding=\"async\" width=\"300\" height=\"300\" src=\"https:\/\/www.aracalma.com\/wp-content\/uploads\/2025\/05\/Skinretin-Tratamiento-300x300.jpg\" class=\"attachment-woocommerce_thumbnail size-woocommerce_thumbnail\" alt=\"Skinretin\" \/><\/a><\/div><div class=\"uael-woo-products-summary-wrap uael-auto-align-disabled\"><a href=\"https:\/\/www.aracalma.com\/ca\/producto\/skinretin-xpert\/\" class=\"uael-loop-product__link\"><h2 class=\"woocommerce-loop-product__title\">Skinretin Xpert (Exosomas)<\/h2><\/a>\n\t<span class=\"price\"><span class=\"woocommerce-Price-amount amount\" aria-hidden=\"true\"><bdi>90,00<span class=\"woocommerce-Price-currencySymbol\">&euro;<\/span><\/bdi><\/span> <span aria-hidden=\"true\">&ndash;<\/span> <span class=\"woocommerce-Price-amount amount\" aria-hidden=\"true\"><bdi>405,00<span class=\"woocommerce-Price-currencySymbol\">&euro;<\/span><\/bdi><\/span><span class=\"screen-reader-text\">Interval de preus: 90,00&euro; a 405,00&euro;<\/span><\/span>\n<a href=\"https:\/\/www.aracalma.com\/ca\/producto\/skinretin-xpert\/\" aria-describedby=\"woocommerce_loop_add_to_cart_link_describedby_6082\" data-quantity=\"1\" class=\"button product_type_variable add_to_cart_button \" data-product_id=\"6082\" data-product_sku=\"\" aria-label=\"Selecciona opcions per a &ldquo;Skinretin Xpert (Exosomas)&rdquo;\" rel=\"nofollow\">Comprar<\/a>\t<span id=\"woocommerce_loop_add_to_cart_link_describedby_6082\" class=\"screen-reader-text\">\n\t\tAquest producte t\u00e9 diverses variants. Les opcions es poden triar a la p\u00e0gina del producte\t<\/span>\n<\/div>\t<\/div>\n<\/li>\n\n\n<li class=\" age treatments solutions rejoveniment post-5762 product  instock shipping-taxable purchasable product-type-variable\">\n\t<div class=\"uael-woo-product-wrapper uael-prod-auto-align-disabled\">\n\t\t<div class=\"uael-woo-products-thumbnail-wrap\"><div class=\"uael-flash-container \"><\/div><a href=\"https:\/\/www.aracalma.com\/ca\/producto\/tractament-facial-amb-hyalgen\/\" class=\"woocommerce-LoopProduct-link woocommerce-loop-product__link\"><img loading=\"lazy\" decoding=\"async\" width=\"300\" height=\"300\" src=\"https:\/\/www.aracalma.com\/wp-content\/uploads\/2025\/03\/Tratamiento-Hyalgen-300x300.jpg\" class=\"attachment-woocommerce_thumbnail size-woocommerce_thumbnail\" alt=\"Tractament Hyalgen\" \/><\/a><\/div><div class=\"uael-woo-products-summary-wrap uael-auto-align-disabled\"><a href=\"https:\/\/www.aracalma.com\/ca\/producto\/tractament-facial-amb-hyalgen\/\" class=\"uael-loop-product__link\"><h2 class=\"woocommerce-loop-product__title\">Tractament Facial amb Hyalgen<\/h2><\/a>\n\t<span class=\"price\"><span class=\"woocommerce-Price-amount amount\" aria-hidden=\"true\"><bdi>80,00<span class=\"woocommerce-Price-currencySymbol\">&euro;<\/span><\/bdi><\/span> <span aria-hidden=\"true\">&ndash;<\/span> <span class=\"woocommerce-Price-amount amount\" aria-hidden=\"true\"><bdi>435,00<span class=\"woocommerce-Price-currencySymbol\">&euro;<\/span><\/bdi><\/span><span class=\"screen-reader-text\">Interval de preus: 80,00&euro; a 435,00&euro;<\/span><\/span>\n<a href=\"https:\/\/www.aracalma.com\/ca\/producto\/tractament-facial-amb-hyalgen\/\" aria-describedby=\"woocommerce_loop_add_to_cart_link_describedby_5762\" data-quantity=\"1\" class=\"button product_type_variable add_to_cart_button \" data-product_id=\"5762\" data-product_sku=\"\" aria-label=\"Selecciona opcions per a &ldquo;Tractament Facial amb Hyalgen&rdquo;\" rel=\"nofollow\">Comprar<\/a>\t<span id=\"woocommerce_loop_add_to_cart_link_describedby_5762\" class=\"screen-reader-text\">\n\t\tAquest producte t\u00e9 diverses variants. Les opcions es poden triar a la p\u00e0gina del producte\t<\/span>\n<\/div>\t<\/div>\n<\/li>\n\n\n<li class=\" especialitats especifics perioculars rejoveniment post-2628 product last instock virtual purchasable product-type-simple\">\n\t<div class=\"uael-woo-product-wrapper uael-prod-auto-align-disabled\">\n\t\t<div class=\"uael-woo-products-thumbnail-wrap\"><div class=\"uael-flash-container \"><\/div><a href=\"https:\/\/www.aracalma.com\/ca\/producto\/contorn-dels-ulls\/\" class=\"woocommerce-LoopProduct-link woocommerce-loop-product__link\"><img loading=\"lazy\" decoding=\"async\" width=\"300\" height=\"300\" src=\"https:\/\/www.aracalma.com\/wp-content\/uploads\/2023\/10\/ojos-300x300.jpg\" class=\"attachment-woocommerce_thumbnail size-woocommerce_thumbnail\" alt=\"Tractament arrugues i ulleres als ulls a Vilanova i la Geltr\u00fa\" \/><\/a><\/div><div class=\"uael-woo-products-summary-wrap uael-auto-align-disabled\"><a href=\"https:\/\/www.aracalma.com\/ca\/producto\/contorn-dels-ulls\/\" class=\"uael-loop-product__link\"><h2 class=\"woocommerce-loop-product__title\">Contorn dels Ulls<\/h2><\/a>\n\t<span class=\"price\"><span class=\"woocommerce-Price-amount amount\"><bdi>485,00<span class=\"woocommerce-Price-currencySymbol\">&euro;<\/span><\/bdi><\/span><\/span>\n<a href=\"https:\/\/www.aracalma.com\/ca\/producto\/contorn-dels-ulls\/\" rel=\"nofollow\" data-product_id=\"2628\" data-product_sku=\"\" class=\"button add_to_cart_button product_type_variable\">Comprar<\/a>\t<span id=\"woocommerce_loop_add_to_cart_link_describedby_2628\" class=\"screen-reader-text\">\n\t\t\t<\/span>\n<\/div>\t<\/div>\n<\/li>\n\n\n<li class=\" especialitats peelings i dermapen rejoveniment post-2626 product first instock virtual purchasable product-type-simple\">\n\t<div class=\"uael-woo-product-wrapper uael-prod-auto-align-disabled\">\n\t\t<div class=\"uael-woo-products-thumbnail-wrap\"><div class=\"uael-flash-container \"><\/div><a href=\"https:\/\/www.aracalma.com\/ca\/producto\/dermapen\/\" class=\"woocommerce-LoopProduct-link woocommerce-loop-product__link\"><img loading=\"lazy\" decoding=\"async\" width=\"300\" height=\"300\" src=\"https:\/\/www.aracalma.com\/wp-content\/uploads\/2023\/10\/dermapen-300x300.jpg\" class=\"attachment-woocommerce_thumbnail size-woocommerce_thumbnail\" alt=\"Dermapen a Vilanova i la Geltr\u00fa, Ara Calma\" \/><\/a><\/div><div class=\"uael-woo-products-summary-wrap uael-auto-align-disabled\"><a href=\"https:\/\/www.aracalma.com\/ca\/producto\/dermapen\/\" class=\"uael-loop-product__link\"><h2 class=\"woocommerce-loop-product__title\">Dermapen<\/h2><\/a>\n\t<span class=\"price\"><span class=\"woocommerce-Price-amount amount\"><bdi>85,00<span class=\"woocommerce-Price-currencySymbol\">&euro;<\/span><\/bdi><\/span><\/span>\n<a href=\"https:\/\/www.aracalma.com\/ca\/producto\/dermapen\/\" rel=\"nofollow\" data-product_id=\"2626\" data-product_sku=\"\" class=\"button add_to_cart_button product_type_variable\">Comprar<\/a>\t<span id=\"woocommerce_loop_add_to_cart_link_describedby_2626\" class=\"screen-reader-text\">\n\t\t\t<\/span>\n<\/div>\t<\/div>\n<\/li>\n\n\n<li class=\" especialitats peelings i dermapen post-2624 product  instock virtual purchasable product-type-simple\">\n\t<div class=\"uael-woo-product-wrapper uael-prod-auto-align-disabled\">\n\t\t<div class=\"uael-woo-products-thumbnail-wrap\"><div class=\"uael-flash-container \"><\/div><a href=\"https:\/\/www.aracalma.com\/ca\/producto\/peelings\/\" class=\"woocommerce-LoopProduct-link woocommerce-loop-product__link\"><img loading=\"lazy\" decoding=\"async\" width=\"300\" height=\"300\" src=\"https:\/\/www.aracalma.com\/wp-content\/uploads\/2023\/10\/peelings-300x300.jpg\" class=\"attachment-woocommerce_thumbnail size-woocommerce_thumbnail\" alt=\"Peelings a Vilanova i la Geltr\u00fa, Ara Calma\" \/><\/a><\/div><div class=\"uael-woo-products-summary-wrap uael-auto-align-disabled\"><a href=\"https:\/\/www.aracalma.com\/ca\/producto\/peelings\/\" class=\"uael-loop-product__link\"><h2 class=\"woocommerce-loop-product__title\">Peelings<\/h2><\/a>\n\t<span class=\"price\"><span class=\"woocommerce-Price-amount amount\"><bdi>80,00<span class=\"woocommerce-Price-currencySymbol\">&euro;<\/span><\/bdi><\/span><\/span>\n<a href=\"https:\/\/www.aracalma.com\/ca\/producto\/peelings\/\" rel=\"nofollow\" data-product_id=\"2624\" data-product_sku=\"\" class=\"button add_to_cart_button product_type_variable\">Comprar<\/a>\t<span id=\"woocommerce_loop_add_to_cart_link_describedby_2624\" class=\"screen-reader-text\">\n\t\t\t<\/span>\n<\/div>\t<\/div>\n<\/li>\n\n\n<li class=\" especialitats rejoveniment tractaments despigmentants post-2644 product  instock virtual purchasable product-type-simple\">\n\t<div class=\"uael-woo-product-wrapper uael-prod-auto-align-disabled\">\n\t\t<div class=\"uael-woo-products-thumbnail-wrap\"><div class=\"uael-flash-container \"><\/div><a href=\"https:\/\/www.aracalma.com\/ca\/producto\/cosmelan\/\" class=\"woocommerce-LoopProduct-link woocommerce-loop-product__link\"><img loading=\"lazy\" decoding=\"async\" width=\"300\" height=\"300\" src=\"https:\/\/www.aracalma.com\/wp-content\/uploads\/2023\/10\/cosmelan-300x300.jpg\" class=\"attachment-woocommerce_thumbnail size-woocommerce_thumbnail\" alt=\"Tractament per taques facials\" \/><\/a><\/div><div class=\"uael-woo-products-summary-wrap uael-auto-align-disabled\"><a href=\"https:\/\/www.aracalma.com\/ca\/producto\/cosmelan\/\" class=\"uael-loop-product__link\"><h2 class=\"woocommerce-loop-product__title\">Cosmelan<\/h2><\/a>\n\t<span class=\"price\"><span class=\"woocommerce-Price-amount amount\"><bdi>1.200,00<span class=\"woocommerce-Price-currencySymbol\">&euro;<\/span><\/bdi><\/span><\/span>\n<a href=\"https:\/\/www.aracalma.com\/ca\/producto\/cosmelan\/\" rel=\"nofollow\" data-product_id=\"2644\" data-product_sku=\"\" class=\"button add_to_cart_button product_type_variable\">Comprar<\/a>\t<span id=\"woocommerce_loop_add_to_cart_link_describedby_2644\" class=\"screen-reader-text\">\n\t\t\t<\/span>\n<\/div>\t<\/div>\n<\/li>\n\n\n<li class=\" age treatments solutions especialitats rejoveniment post-2622 product last instock virtual purchasable product-type-simple\">\n\t<div class=\"uael-woo-product-wrapper uael-prod-auto-align-disabled\">\n\t\t<div class=\"uael-woo-products-thumbnail-wrap\"><div class=\"uael-flash-container \"><\/div><a href=\"https:\/\/www.aracalma.com\/ca\/producto\/facial-pell-madura\/\" class=\"woocommerce-LoopProduct-link woocommerce-loop-product__link\"><img loading=\"lazy\" decoding=\"async\" width=\"300\" height=\"300\" src=\"https:\/\/www.aracalma.com\/wp-content\/uploads\/2023\/10\/tratamiento-antiarrugas-300x300.jpg\" class=\"attachment-woocommerce_thumbnail size-woocommerce_thumbnail\" alt=\"Tractament per arrugues de la cara, Vilanova i la Geltr\u00fa\" \/><\/a><\/div><div class=\"uael-woo-products-summary-wrap uael-auto-align-disabled\"><a href=\"https:\/\/www.aracalma.com\/ca\/producto\/facial-pell-madura\/\" class=\"uael-loop-product__link\"><h2 class=\"woocommerce-loop-product__title\">Facial Pell Madura<\/h2><\/a>\n\t<span class=\"price\"><span class=\"woocommerce-Price-amount amount\"><bdi>85,00<span class=\"woocommerce-Price-currencySymbol\">&euro;<\/span><\/bdi><\/span><\/span>\n<a href=\"https:\/\/www.aracalma.com\/ca\/producto\/facial-pell-madura\/\" rel=\"nofollow\" data-product_id=\"2622\" data-product_sku=\"\" class=\"button add_to_cart_button product_type_variable\">Comprar<\/a>\t<span id=\"woocommerce_loop_add_to_cart_link_describedby_2622\" class=\"screen-reader-text\">\n\t\t\t<\/span>\n<\/div>\t<\/div>\n<\/li>\n\n\n<li class=\" age treatments solutions especialitats rejoveniment post-2620 product first instock virtual purchasable product-type-simple\">\n\t<div class=\"uael-woo-product-wrapper uael-prod-auto-align-disabled\">\n\t\t<div class=\"uael-woo-products-thumbnail-wrap\"><div class=\"uael-flash-container \"><\/div><a href=\"https:\/\/www.aracalma.com\/ca\/producto\/facial-reafirmant\/\" class=\"woocommerce-LoopProduct-link woocommerce-loop-product__link\"><img loading=\"lazy\" decoding=\"async\" width=\"300\" height=\"300\" src=\"https:\/\/www.aracalma.com\/wp-content\/uploads\/2023\/10\/tratamiento-reafirmante-300x300.jpg\" class=\"attachment-woocommerce_thumbnail size-woocommerce_thumbnail\" alt=\"Tractament Facial Reafirmant\" \/><\/a><\/div><div class=\"uael-woo-products-summary-wrap uael-auto-align-disabled\"><a href=\"https:\/\/www.aracalma.com\/ca\/producto\/facial-reafirmant\/\" class=\"uael-loop-product__link\"><h2 class=\"woocommerce-loop-product__title\">Facial Reafirmant<\/h2><\/a>\n\t<span class=\"price\"><span class=\"woocommerce-Price-amount amount\"><bdi>85,00<span class=\"woocommerce-Price-currencySymbol\">&euro;<\/span><\/bdi><\/span><\/span>\n<a href=\"https:\/\/www.aracalma.com\/ca\/producto\/facial-reafirmant\/\" rel=\"nofollow\" data-product_id=\"2620\" data-product_sku=\"\" class=\"button add_to_cart_button product_type_variable\">Comprar<\/a>\t<span id=\"woocommerce_loop_add_to_cart_link_describedby_2620\" class=\"screen-reader-text\">\n\t\t\t<\/span>\n<\/div>\t<\/div>\n<\/li>\n\n\n<li class=\" age treatments solutions especialitats rejoveniment post-2618 product  instock virtual purchasable product-type-simple\">\n\t<div class=\"uael-woo-product-wrapper uael-prod-auto-align-disabled\">\n\t\t<div class=\"uael-woo-products-thumbnail-wrap\"><div class=\"uael-flash-container \"><\/div><a href=\"https:\/\/www.aracalma.com\/ca\/producto\/tractament-amb-vit-c\/\" class=\"woocommerce-LoopProduct-link woocommerce-loop-product__link\"><img loading=\"lazy\" decoding=\"async\" width=\"300\" height=\"300\" src=\"https:\/\/www.aracalma.com\/wp-content\/uploads\/2023\/10\/tratamientos-despigmentantes-300x300.jpg\" class=\"attachment-woocommerce_thumbnail size-woocommerce_thumbnail\" alt=\"Tractament amb Vitamina C\" \/><\/a><\/div><div class=\"uael-woo-products-summary-wrap uael-auto-align-disabled\"><a href=\"https:\/\/www.aracalma.com\/ca\/producto\/tractament-amb-vit-c\/\" class=\"uael-loop-product__link\"><h2 class=\"woocommerce-loop-product__title\">Tractament amb Vit C<\/h2><\/a>\n\t<span class=\"price\"><span class=\"woocommerce-Price-amount amount\"><bdi>85,00<span class=\"woocommerce-Price-currencySymbol\">&euro;<\/span><\/bdi><\/span><\/span>\n<a href=\"https:\/\/www.aracalma.com\/ca\/producto\/tractament-amb-vit-c\/\" rel=\"nofollow\" data-product_id=\"2618\" data-product_sku=\"\" class=\"button add_to_cart_button product_type_variable\">Comprar<\/a>\t<span id=\"woocommerce_loop_add_to_cart_link_describedby_2618\" class=\"screen-reader-text\">\n\t\t\t<\/span>\n<\/div>\t<\/div>\n<\/li>\n<\/ul>\n<\/div><\/div>\t\t\t\t<\/div>\n\t\t\t\t<\/div>\n\t\t\t\t<\/div>\n\t\t<div class=\"elementor-element elementor-element-2a02159 e-con-full e-flex e-con e-parent\" data-id=\"2a02159\" data-element_type=\"container\">\n\t\t\t\t<div class=\"elementor-element elementor-element-ae8c087 elementor-widget elementor-widget-heading\" data-id=\"ae8c087\" data-element_type=\"widget\" data-widget_type=\"heading.default\">\n\t\t\t\t<div class=\"elementor-widget-container\">\n\t\t\t\t\t<h3 class=\"elementor-heading-title elementor-size-default\">Contorn Corporal<\/h3>\t\t\t\t<\/div>\n\t\t\t\t<\/div>\n\t\t\t\t<div class=\"elementor-element elementor-element-32017b6 uael-woo--align-center uael-woo-pagination-align-center uael-sale-flash-circle uael-featured-flash-circle elementor-widget elementor-widget-uael-woo-products\" data-id=\"32017b6\" data-element_type=\"widget\" data-settings=\"{&quot;products_columns&quot;:&quot;4&quot;,&quot;products_columns_tablet&quot;:&quot;3&quot;,&quot;products_columns_mobile&quot;:&quot;1&quot;,&quot;pagination_align&quot;:&quot;center&quot;}\" data-widget_type=\"uael-woo-products.grid-default\">\n\t\t\t\t<div class=\"elementor-widget-container\">\n\t\t\t\t\t<div class=\"uael-woocommerce uael-woo-products-grid uael-woo-skin-grid-default uael-woo-query-custom\" data-page=\"2646\" data-skin=\"grid_default\"><div class=\" columns-4 uael-woo-products-inner uael-woo-product__column-4 uael-woo-product__column-tablet-3 uael-woo-product__column-mobile-1\"><ul class=\"products columns-4\">\n\n\n<li class=\" contorn corporal especialitats indiba corporal post-2638 product first instock virtual purchasable product-type-simple\">\n\t<div class=\"uael-woo-product-wrapper uael-prod-auto-align-disabled\">\n\t\t<div class=\"uael-woo-products-thumbnail-wrap\"><div class=\"uael-flash-container \"><\/div><a href=\"https:\/\/www.aracalma.com\/ca\/producto\/indiba-corporal\/\" class=\"woocommerce-LoopProduct-link woocommerce-loop-product__link\"><img loading=\"lazy\" decoding=\"async\" width=\"300\" height=\"300\" src=\"https:\/\/www.aracalma.com\/wp-content\/uploads\/2023\/10\/indiba-corporal-reafirmante-flacidez-cartucheras-celulitis-estrias2-scaled-1-300x300.jpeg\" class=\"attachment-woocommerce_thumbnail size-woocommerce_thumbnail\" alt=\"Indiba Corporal a ARaCalma Vilanova i la Geltr\u00fa\" \/><\/a><\/div><div class=\"uael-woo-products-summary-wrap uael-auto-align-disabled\"><a href=\"https:\/\/www.aracalma.com\/ca\/producto\/indiba-corporal\/\" class=\"uael-loop-product__link\"><h2 class=\"woocommerce-loop-product__title\">Indiba Corporal<\/h2><\/a>\n\t<span class=\"price\"><span class=\"woocommerce-Price-amount amount\"><bdi>50,00<span class=\"woocommerce-Price-currencySymbol\">&euro;<\/span><\/bdi><\/span><\/span>\n<a href=\"https:\/\/www.aracalma.com\/ca\/producto\/indiba-corporal\/\" rel=\"nofollow\" data-product_id=\"2638\" data-product_sku=\"\" class=\"button add_to_cart_button product_type_variable\">Comprar<\/a>\t<span id=\"woocommerce_loop_add_to_cart_link_describedby_2638\" class=\"screen-reader-text\">\n\t\t\t<\/span>\n<\/div>\t<\/div>\n<\/li>\n\n\n<li class=\" contorn corporal especialitats lpg endermologie post-2634 product  instock shipping-taxable purchasable product-type-variable\">\n\t<div class=\"uael-woo-product-wrapper uael-prod-auto-align-disabled\">\n\t\t<div class=\"uael-woo-products-thumbnail-wrap\"><div class=\"uael-flash-container \"><\/div><a href=\"https:\/\/www.aracalma.com\/ca\/producto\/lpg-alliance\/\" class=\"woocommerce-LoopProduct-link woocommerce-loop-product__link\"><img loading=\"lazy\" decoding=\"async\" width=\"300\" height=\"300\" src=\"https:\/\/www.aracalma.com\/wp-content\/uploads\/2023\/10\/lpg-300x300.jpg\" class=\"attachment-woocommerce_thumbnail size-woocommerce_thumbnail\" alt=\"ELLU M6 Alliance Medical \u2013 LPG Medical a AraCalma Vilanova i la Geltr\u00fa\" \/><\/a><\/div><div class=\"uael-woo-products-summary-wrap uael-auto-align-disabled\"><a href=\"https:\/\/www.aracalma.com\/ca\/producto\/lpg-alliance\/\" class=\"uael-loop-product__link\"><h2 class=\"woocommerce-loop-product__title\">LPG CELLU M6 Alliance<\/h2><\/a>\n\t<span class=\"price\"><span class=\"woocommerce-Price-amount amount\" aria-hidden=\"true\"><bdi>65,00<span class=\"woocommerce-Price-currencySymbol\">&euro;<\/span><\/bdi><\/span> <span aria-hidden=\"true\">&ndash;<\/span> <span class=\"woocommerce-Price-amount amount\" aria-hidden=\"true\"><bdi>675,00<span class=\"woocommerce-Price-currencySymbol\">&euro;<\/span><\/bdi><\/span><span class=\"screen-reader-text\">Interval de preus: 65,00&euro; a 675,00&euro;<\/span><\/span>\n<a href=\"https:\/\/www.aracalma.com\/ca\/producto\/lpg-alliance\/\" aria-describedby=\"woocommerce_loop_add_to_cart_link_describedby_2634\" data-quantity=\"1\" class=\"button product_type_variable add_to_cart_button \" data-product_id=\"2634\" data-product_sku=\"\" aria-label=\"Selecciona opcions per a &ldquo;LPG CELLU M6 Alliance&rdquo;\" rel=\"nofollow\">Comprar<\/a>\t<span id=\"woocommerce_loop_add_to_cart_link_describedby_2634\" class=\"screen-reader-text\">\n\t\tAquest producte t\u00e9 diverses variants. Les opcions es poden triar a la p\u00e0gina del producte\t<\/span>\n<\/div>\t<\/div>\n<\/li>\n\n\n<li class=\" contorn corporal especialitats tractaments espec\u00edfics corporals post-2630 product  instock shipping-taxable purchasable product-type-variable\">\n\t<div class=\"uael-woo-product-wrapper uael-prod-auto-align-disabled\">\n\t\t<div class=\"uael-woo-products-thumbnail-wrap\"><div class=\"uael-flash-container \"><\/div><a href=\"https:\/\/www.aracalma.com\/ca\/producto\/tractaments-especifics-corporals\/\" class=\"woocommerce-LoopProduct-link woocommerce-loop-product__link\"><img loading=\"lazy\" decoding=\"async\" width=\"300\" height=\"300\" src=\"https:\/\/www.aracalma.com\/wp-content\/uploads\/2023\/09\/definitiva-300x300.jpg\" class=\"attachment-woocommerce_thumbnail size-woocommerce_thumbnail\" alt=\"Tratamiento drenante a Vilanova y la Geltr\u00fa\" \/><\/a><\/div><div class=\"uael-woo-products-summary-wrap uael-auto-align-disabled\"><a href=\"https:\/\/www.aracalma.com\/ca\/producto\/tractaments-especifics-corporals\/\" class=\"uael-loop-product__link\"><h2 class=\"woocommerce-loop-product__title\">Tractaments Espec\u00edfics Corporals<\/h2><\/a>\n\t<span class=\"price\"><span class=\"woocommerce-Price-amount amount\" aria-hidden=\"true\"><bdi>50,00<span class=\"woocommerce-Price-currencySymbol\">&euro;<\/span><\/bdi><\/span> <span aria-hidden=\"true\">&ndash;<\/span> <span class=\"woocommerce-Price-amount amount\" aria-hidden=\"true\"><bdi>75,00<span class=\"woocommerce-Price-currencySymbol\">&euro;<\/span><\/bdi><\/span><span class=\"screen-reader-text\">Interval de preus: 50,00&euro; a 75,00&euro;<\/span><\/span>\n<a href=\"https:\/\/www.aracalma.com\/ca\/producto\/tractaments-especifics-corporals\/\" aria-describedby=\"woocommerce_loop_add_to_cart_link_describedby_2630\" data-quantity=\"1\" class=\"button product_type_variable add_to_cart_button \" data-product_id=\"2630\" data-product_sku=\"\" aria-label=\"Selecciona opcions per a &ldquo;Tractaments Espec\u00edfics Corporals&rdquo;\" rel=\"nofollow\">Comprar<\/a>\t<span id=\"woocommerce_loop_add_to_cart_link_describedby_2630\" class=\"screen-reader-text\">\n\t\tAquest producte t\u00e9 diverses variants. Les opcions es poden triar a la p\u00e0gina del producte\t<\/span>\n<\/div>\t<\/div>\n<\/li>\n<\/ul>\n<\/div><\/div>\t\t\t\t<\/div>\n\t\t\t\t<\/div>\n\t\t\t\t<\/div>\n\t\t\t\t<\/div>\n\t\t","protected":false},"excerpt":{"rendered":"<p>Regala AraCalma Experi\u00e8ncies Ara Calma Celebra la bellesa i el benestar amb els regals perfectes del nostre Centre Ara Calma! Si cerques sorprendre a alg\u00fa especial amb un regal \u00fanic i significatiu, els nostres tractaments de cura facial i corporal s\u00f3n l&#8217;elecci\u00f3 ideal. Permet-nos ajudar-te a transmetre el teu amor i estima a trav\u00e9s d&#8217;experi\u00e8ncies [&hellip;]<\/p>\n","protected":false},"author":2,"featured_media":0,"parent":0,"menu_order":0,"comment_status":"closed","ping_status":"closed","template":"","meta":{"site-sidebar-layout":"default","site-content-layout":"page-builder","ast-site-content-layout":"full-width-container","site-content-style":"unboxed","site-sidebar-style":"unboxed","ast-global-header-display":"","ast-banner-title-visibility":"","ast-main-header-display":"","ast-hfb-above-header-display":"","ast-hfb-below-header-display":"","ast-hfb-mobile-header-display":"","site-post-title":"disabled","ast-breadcrumbs-content":"","ast-featured-img":"disabled","footer-sml-layout":"","theme-transparent-header-meta":"","adv-header-id-meta":"","stick-header-meta":"default","header-above-stick-meta":"","header-main-stick-meta":"","header-below-stick-meta":"","astra-migrate-meta-layouts":"set","ast-page-background-enabled":"default","ast-page-background-meta":{"desktop":{"background-color":"","background-image":"","background-repeat":"repeat","background-position":"center center","background-size":"auto","background-attachment":"scroll","background-type":"","background-media":"","overlay-type":"","overlay-color":"","overlay-opacity":"","overlay-gradient":""},"tablet":{"background-color":"","background-image":"","background-repeat":"repeat","background-position":"center center","background-size":"auto","background-attachment":"scroll","background-type":"","background-media":"","overlay-type":"","overlay-color":"","overlay-opacity":"","overlay-gradient":""},"mobile":{"background-color":"","background-image":"","background-repeat":"repeat","background-position":"center center","background-size":"auto","background-attachment":"scroll","background-type":"","background-media":"","overlay-type":"","overlay-color":"","overlay-opacity":"","overlay-gradient":""}},"ast-content-background-meta":{"desktop":{"background-color":"var(--ast-global-color-5)","background-image":"","background-repeat":"repeat","background-position":"center center","background-size":"auto","background-attachment":"scroll","background-type":"","background-media":"","overlay-type":"","overlay-color":"","overlay-opacity":"","overlay-gradient":""},"tablet":{"background-color":"var(--ast-global-color-5)","background-image":"","background-repeat":"repeat","background-position":"center center","background-size":"auto","background-attachment":"scroll","background-type":"","background-media":"","overlay-type":"","overlay-color":"","overlay-opacity":"","overlay-gradient":""},"mobile":{"background-color":"var(--ast-global-color-5)","background-image":"","background-repeat":"repeat","background-position":"center center","background-size":"auto","background-attachment":"scroll","background-type":"","background-media":"","overlay-type":"","overlay-color":"","overlay-opacity":"","overlay-gradient":""}},"footnotes":""},"class_list":["post-2646","page","type-page","status-publish","hentry","desktop-align-left","tablet-align-left","mobile-align-left","ast-product-gallery-layout-horizontal-slider","ast-product-gallery-with-no-image","ast-magnify-disabled","ast-product-single-variable","ast-product-tabs-layout-horizontal"],"yoast_head":"<!-- This site is optimized with the Yoast SEO plugin v25.5 - https:\/\/yoast.com\/wordpress\/plugins\/seo\/ -->\n<title>Regala AraCalma - AraCalma Vilanova i la Geltr\u00fa<\/title>\n<meta name=\"description\" content=\"Regala benestar amb experi\u00e8ncies relaxants d\u2019Ara Calma a Vilanova i la Geltr\u00fa. Tria entre massatges, rituals i tractaments personalitzats.\" \/>\n<meta name=\"robots\" content=\"index, follow, max-snippet:-1, max-image-preview:large, max-video-preview:-1\" \/>\n<link rel=\"canonical\" href=\"https:\/\/www.aracalma.com\/ca\/regala-aracalma\/\" \/>\n<meta property=\"og:locale\" content=\"ca_ES\" \/>\n<meta property=\"og:type\" content=\"article\" \/>\n<meta property=\"og:title\" content=\"Regala AraCalma - AraCalma Vilanova i la Geltr\u00fa\" \/>\n<meta property=\"og:description\" content=\"Regala benestar amb experi\u00e8ncies relaxants d\u2019Ara Calma a Vilanova i la Geltr\u00fa. Tria entre massatges, rituals i tractaments personalitzats.\" \/>\n<meta property=\"og:url\" content=\"https:\/\/www.aracalma.com\/ca\/regala-aracalma\/\" \/>\n<meta property=\"og:site_name\" content=\"AraCalma Vilanova i la Geltr\u00fa\" \/>\n<meta property=\"article:publisher\" content=\"https:\/\/www.facebook.com\/profile.php?id=100094464087030\" \/>\n<meta property=\"article:modified_time\" content=\"2025-03-26T17:14:18+00:00\" \/>\n<meta property=\"og:image\" content=\"https:\/\/www.aracalma.com\/wp-content\/uploads\/2023\/09\/spouses-resting-after-relaxing-massage-therapy-lyi-2022-12-16-07-56-16-utc-3-1-300x300.jpg\" \/>\n<meta name=\"twitter:card\" content=\"summary_large_image\" \/>\n<meta name=\"twitter:label1\" content=\"Temps estimat de lectura\" \/>\n\t<meta name=\"twitter:data1\" content=\"13 minuts\" \/>\n<script type=\"application\/ld+json\" class=\"yoast-schema-graph\">{\"@context\":\"https:\/\/schema.org\",\"@graph\":[{\"@type\":\"WebPage\",\"@id\":\"https:\/\/www.aracalma.com\/ca\/regala-aracalma\/\",\"url\":\"https:\/\/www.aracalma.com\/ca\/regala-aracalma\/\",\"name\":\"Regala AraCalma - AraCalma Vilanova i la Geltr\u00fa\",\"isPartOf\":{\"@id\":\"https:\/\/www.aracalma.com\/ca\/#website\"},\"primaryImageOfPage\":{\"@id\":\"https:\/\/www.aracalma.com\/ca\/regala-aracalma\/#primaryimage\"},\"image\":{\"@id\":\"https:\/\/www.aracalma.com\/ca\/regala-aracalma\/#primaryimage\"},\"thumbnailUrl\":\"https:\/\/www.aracalma.com\/wp-content\/uploads\/2023\/09\/spouses-resting-after-relaxing-massage-therapy-lyi-2022-12-16-07-56-16-utc-3-1-300x300.jpg\",\"datePublished\":\"2023-05-16T15:18:25+00:00\",\"dateModified\":\"2025-03-26T17:14:18+00:00\",\"description\":\"Regala benestar amb experi\u00e8ncies relaxants d\u2019Ara Calma a Vilanova i la Geltr\u00fa. Tria entre massatges, rituals i tractaments personalitzats.\",\"breadcrumb\":{\"@id\":\"https:\/\/www.aracalma.com\/ca\/regala-aracalma\/#breadcrumb\"},\"inLanguage\":\"ca\",\"potentialAction\":[{\"@type\":\"ReadAction\",\"target\":[\"https:\/\/www.aracalma.com\/ca\/regala-aracalma\/\"]}]},{\"@type\":\"ImageObject\",\"inLanguage\":\"ca\",\"@id\":\"https:\/\/www.aracalma.com\/ca\/regala-aracalma\/#primaryimage\",\"url\":\"https:\/\/www.aracalma.com\/wp-content\/uploads\/2023\/09\/spouses-resting-after-relaxing-massage-therapy-lyi-2022-12-16-07-56-16-utc-3-1-300x300.jpg\",\"contentUrl\":\"https:\/\/www.aracalma.com\/wp-content\/uploads\/2023\/09\/spouses-resting-after-relaxing-massage-therapy-lyi-2022-12-16-07-56-16-utc-3-1-300x300.jpg\"},{\"@type\":\"BreadcrumbList\",\"@id\":\"https:\/\/www.aracalma.com\/ca\/regala-aracalma\/#breadcrumb\",\"itemListElement\":[{\"@type\":\"ListItem\",\"position\":1,\"name\":\"Portada\",\"item\":\"https:\/\/www.aracalma.com\/ca\/\"},{\"@type\":\"ListItem\",\"position\":2,\"name\":\"Regala AraCalma\"}]},{\"@type\":\"WebSite\",\"@id\":\"https:\/\/www.aracalma.com\/ca\/#website\",\"url\":\"https:\/\/www.aracalma.com\/ca\/\",\"name\":\"AraCalma Vilanova\",\"description\":\"Espai de Benestar\",\"publisher\":{\"@id\":\"https:\/\/www.aracalma.com\/ca\/#organization\"},\"potentialAction\":[{\"@type\":\"SearchAction\",\"target\":{\"@type\":\"EntryPoint\",\"urlTemplate\":\"https:\/\/www.aracalma.com\/ca\/?s={search_term_string}\"},\"query-input\":{\"@type\":\"PropertyValueSpecification\",\"valueRequired\":true,\"valueName\":\"search_term_string\"}}],\"inLanguage\":\"ca\"},{\"@type\":\"Organization\",\"@id\":\"https:\/\/www.aracalma.com\/ca\/#organization\",\"name\":\"AraCalma Vilanova\",\"url\":\"https:\/\/www.aracalma.com\/ca\/\",\"logo\":{\"@type\":\"ImageObject\",\"inLanguage\":\"ca\",\"@id\":\"https:\/\/www.aracalma.com\/ca\/#\/schema\/logo\/image\/\",\"url\":\"https:\/\/www.aracalma.com\/wp-content\/uploads\/2023\/05\/logo_AraCalma_b_p.png\",\"contentUrl\":\"https:\/\/www.aracalma.com\/wp-content\/uploads\/2023\/05\/logo_AraCalma_b_p.png\",\"width\":250,\"height\":94,\"caption\":\"AraCalma Vilanova\"},\"image\":{\"@id\":\"https:\/\/www.aracalma.com\/ca\/#\/schema\/logo\/image\/\"},\"sameAs\":[\"https:\/\/www.facebook.com\/profile.php?id=100094464087030\",\"https:\/\/www.instagram.com\/aracalmawellness\/\"]}]}<\/script>\n<!-- \/ Yoast SEO plugin. -->","yoast_head_json":{"title":"Regala AraCalma - AraCalma Vilanova i la Geltr\u00fa","description":"Regala benestar amb experi\u00e8ncies relaxants d\u2019Ara Calma a Vilanova i la Geltr\u00fa. Tria entre massatges, rituals i tractaments personalitzats.","robots":{"index":"index","follow":"follow","max-snippet":"max-snippet:-1","max-image-preview":"max-image-preview:large","max-video-preview":"max-video-preview:-1"},"canonical":"https:\/\/www.aracalma.com\/ca\/regala-aracalma\/","og_locale":"ca_ES","og_type":"article","og_title":"Regala AraCalma - AraCalma Vilanova i la Geltr\u00fa","og_description":"Regala benestar amb experi\u00e8ncies relaxants d\u2019Ara Calma a Vilanova i la Geltr\u00fa. Tria entre massatges, rituals i tractaments personalitzats.","og_url":"https:\/\/www.aracalma.com\/ca\/regala-aracalma\/","og_site_name":"AraCalma Vilanova i la Geltr\u00fa","article_publisher":"https:\/\/www.facebook.com\/profile.php?id=100094464087030","article_modified_time":"2025-03-26T17:14:18+00:00","og_image":[{"url":"https:\/\/www.aracalma.com\/wp-content\/uploads\/2023\/09\/spouses-resting-after-relaxing-massage-therapy-lyi-2022-12-16-07-56-16-utc-3-1-300x300.jpg","type":"","width":"","height":""}],"twitter_card":"summary_large_image","twitter_misc":{"Temps estimat de lectura":"13 minuts"},"schema":{"@context":"https:\/\/schema.org","@graph":[{"@type":"WebPage","@id":"https:\/\/www.aracalma.com\/ca\/regala-aracalma\/","url":"https:\/\/www.aracalma.com\/ca\/regala-aracalma\/","name":"Regala AraCalma - AraCalma Vilanova i la Geltr\u00fa","isPartOf":{"@id":"https:\/\/www.aracalma.com\/ca\/#website"},"primaryImageOfPage":{"@id":"https:\/\/www.aracalma.com\/ca\/regala-aracalma\/#primaryimage"},"image":{"@id":"https:\/\/www.aracalma.com\/ca\/regala-aracalma\/#primaryimage"},"thumbnailUrl":"https:\/\/www.aracalma.com\/wp-content\/uploads\/2023\/09\/spouses-resting-after-relaxing-massage-therapy-lyi-2022-12-16-07-56-16-utc-3-1-300x300.jpg","datePublished":"2023-05-16T15:18:25+00:00","dateModified":"2025-03-26T17:14:18+00:00","description":"Regala benestar amb experi\u00e8ncies relaxants d\u2019Ara Calma a Vilanova i la Geltr\u00fa. Tria entre massatges, rituals i tractaments personalitzats.","breadcrumb":{"@id":"https:\/\/www.aracalma.com\/ca\/regala-aracalma\/#breadcrumb"},"inLanguage":"ca","potentialAction":[{"@type":"ReadAction","target":["https:\/\/www.aracalma.com\/ca\/regala-aracalma\/"]}]},{"@type":"ImageObject","inLanguage":"ca","@id":"https:\/\/www.aracalma.com\/ca\/regala-aracalma\/#primaryimage","url":"https:\/\/www.aracalma.com\/wp-content\/uploads\/2023\/09\/spouses-resting-after-relaxing-massage-therapy-lyi-2022-12-16-07-56-16-utc-3-1-300x300.jpg","contentUrl":"https:\/\/www.aracalma.com\/wp-content\/uploads\/2023\/09\/spouses-resting-after-relaxing-massage-therapy-lyi-2022-12-16-07-56-16-utc-3-1-300x300.jpg"},{"@type":"BreadcrumbList","@id":"https:\/\/www.aracalma.com\/ca\/regala-aracalma\/#breadcrumb","itemListElement":[{"@type":"ListItem","position":1,"name":"Portada","item":"https:\/\/www.aracalma.com\/ca\/"},{"@type":"ListItem","position":2,"name":"Regala AraCalma"}]},{"@type":"WebSite","@id":"https:\/\/www.aracalma.com\/ca\/#website","url":"https:\/\/www.aracalma.com\/ca\/","name":"AraCalma Vilanova","description":"Espai de Benestar","publisher":{"@id":"https:\/\/www.aracalma.com\/ca\/#organization"},"potentialAction":[{"@type":"SearchAction","target":{"@type":"EntryPoint","urlTemplate":"https:\/\/www.aracalma.com\/ca\/?s={search_term_string}"},"query-input":{"@type":"PropertyValueSpecification","valueRequired":true,"valueName":"search_term_string"}}],"inLanguage":"ca"},{"@type":"Organization","@id":"https:\/\/www.aracalma.com\/ca\/#organization","name":"AraCalma Vilanova","url":"https:\/\/www.aracalma.com\/ca\/","logo":{"@type":"ImageObject","inLanguage":"ca","@id":"https:\/\/www.aracalma.com\/ca\/#\/schema\/logo\/image\/","url":"https:\/\/www.aracalma.com\/wp-content\/uploads\/2023\/05\/logo_AraCalma_b_p.png","contentUrl":"https:\/\/www.aracalma.com\/wp-content\/uploads\/2023\/05\/logo_AraCalma_b_p.png","width":250,"height":94,"caption":"AraCalma Vilanova"},"image":{"@id":"https:\/\/www.aracalma.com\/ca\/#\/schema\/logo\/image\/"},"sameAs":["https:\/\/www.facebook.com\/profile.php?id=100094464087030","https:\/\/www.instagram.com\/aracalmawellness\/"]}]}},"_links":{"self":[{"href":"https:\/\/www.aracalma.com\/ca\/wp-json\/wp\/v2\/pages\/2646","targetHints":{"allow":["GET"]}}],"collection":[{"href":"https:\/\/www.aracalma.com\/ca\/wp-json\/wp\/v2\/pages"}],"about":[{"href":"https:\/\/www.aracalma.com\/ca\/wp-json\/wp\/v2\/types\/page"}],"author":[{"embeddable":true,"href":"https:\/\/www.aracalma.com\/ca\/wp-json\/wp\/v2\/users\/2"}],"replies":[{"embeddable":true,"href":"https:\/\/www.aracalma.com\/ca\/wp-json\/wp\/v2\/comments?post=2646"}],"version-history":[{"count":16,"href":"https:\/\/www.aracalma.com\/ca\/wp-json\/wp\/v2\/pages\/2646\/revisions"}],"predecessor-version":[{"id":5271,"href":"https:\/\/www.aracalma.com\/ca\/wp-json\/wp\/v2\/pages\/2646\/revisions\/5271"}],"wp:attachment":[{"href":"https:\/\/www.aracalma.com\/ca\/wp-json\/wp\/v2\/media?parent=2646"}],"curies":[{"name":"wp","href":"https:\/\/api.w.org\/{rel}","templated":true}]}}